{"id":34370,"guid":{"rendered":"https:\/\/graf.cat\/?post_type=event&#038;p=34370"},"modified":"2023-11-10T11:42:17","modified_gmt":"2023-11-10T09:42:17","slug":"una-ona-majestuosa-que-arrasa-amb-el-meu-apartament-el-meu-smartwatch-i-les-meves-microsessions-de-mindfulness-2","status":"publish","type":"event","link":"https:\/\/graf.cat\/en\/events\/event\/una-ona-majestuosa-que-arrasa-amb-el-meu-apartament-el-meu-smartwatch-i-les-meves-microsessions-de-mindfulness-2\/","title":{"rendered":"Una ona majestuosa que arrasa amb el meu apartament el meu smartwatch i les meves microsessions de mindfulness"},"content":{"rendered":"","protected":false},"excerpt":{"rendered":"","protected":false},"author":30,"featured_media":34372,"template":"","meta":{"_acf_changed":false,"_monsterinsights_skip_tracking":false,"_monsterinsights_sitenote_active":false,"_monsterinsights_sitenote_note":"","_monsterinsights_sitenote_category":0},"event-venues":[560],"event-tags":[],"class_list":["post-34370","event","type-event","status-publish","has-post-thumbnail","hentry","event-venue-santa-monica","event-category-screening"],"acf":{"title_ca":"Una ona majestuosa que arrasa amb el meu apartament el meu smartwatch i les meves microsessions de mindfulness","title_es":"Una ola majestuosa que arrasa con mi apartamento mi smartwatch y mis microsesiones de mindfulness","title_en":"Una ola majestuosa que arrasa con mi apartamento mi smartwatch y mis microsesiones de mindfulness","desc_ca":"<b>Projecci\u00f3 d'<em><strong>1 ola Majestic en mi balconee<\/strong><\/em> de <a href=\"https:\/\/hamacaonline.net\/authors\/tacoderaya\/\"><strong>tacoderaya<\/strong><\/a> amb l'intervenci\u00f3 de <strong>Marta Echaves<\/strong>.<\/b>\r\n<div class=\"newspaper col-sm-9\">\r\n\r\n<em><strong>1 ola Majestic en mi balconee<\/strong><\/em> de <a href=\"https:\/\/hamacaonline.net\/authors\/tacoderaya\/\"><strong>tacoderaya<\/strong><\/a> \u00e9s una obra que especula entorn de la resist\u00e8ncia de les formes d'oci tardocapitalista en el context dels desastres clim\u00e0tics. Els paisatges de la bombolla immobili\u00e0ria del Mediterrani, en barrejar-se amb la sorra i l'aigua que desdibuixa el seu urbanisme, serveixen com a escenari des del qual reflexionar sobre les defici\u00e8ncies que els processos de subjetivaci\u00f3 neoliberal contemporanis manifesten quan sorgeixen situacions cr\u00edtiques al nivell de la col\u00b7lectivitat. En el v\u00eddeo, la \u2018oralitat\u2019 es descompon en un \u00fas digital i fragmentari del parlat, construint sensaci\u00f3 per\u00f2 mai missatge. <strong>tacoderaya<\/strong> s\u00f3n Jon\u00e1s de Murias i Paula P\u00e9rez-Roda com a col\u00b7lectiu de selecci\u00f3 de veus i sons, de remescla oral i r\u00edtmica i de generaci\u00f3 d'experi\u00e8ncies verb-sensorials. Treballa en els intersticis de la performance, les arts verbals i l'art sonor a trav\u00e9s de diferents t\u00e8cniques de recerca participant.\r\n\r\nEl v\u00eddeo vindr\u00e0 acompanyat de la intervenci\u00f3 de <strong>Marta Echaves<\/strong>, que a partir d'ell abordar\u00e0 q\u00fcestions sobre la medicalitzaci\u00f3 de la vida, el consum de subst\u00e0ncies estimulants i les innovacions del mercat en l'oferta per a obtenir el benestar, aix\u00ed com la necessitat de recuperar una noci\u00f3 de la paraula <em>vida<\/em> que escapa de les estrat\u00e8gies capitalistes de cooptaci\u00f3 de la felicitat m\u00e9s mundana i emancipada.\r\n\r\n<strong>Marta Echaves<\/strong> \u00e9s coordinadora d'activitats a Espanya de l'editorial Caixa Negra. Ha escrit per a cat\u00e0legs i publicacions d'artistes i \u00e9s editora al costat de Mar\u00eda Ruido i Antonio Gomez Villar de <em>Working Dead. Escenarios del postrabajo<\/em> (La virreina Centre de l'Imatge). Recentment ha escrit l'ep\u00edleg per al llibre <em>Raving<\/em> de Mckenzie Wark (Caja Negra, 2023). Interessada en l'escriptura i la recerca historiogr\u00e0fica, els seus projectes es proposen revisitar imatges i met\u00e0fores posant en el centre la viv\u00e8ncia \u00edntima i els anecdotaries com a detonadors de dispositius po\u00e8tics de mem\u00f2ria.\r\n\r\n<strong>Lloc:<\/strong> Santa M\u00f2nica, Espai Bar\r\n<strong>Data i hora:<\/strong> 12 de desembre, 19:00 h\r\nPreu gratu\u00eft, entrada lliure fins a completar aforament\r\n\r\n<em>Una ona majestuosa que arrasa amb el meu apartament el meu smartwatch i les meves microsessions de mindfulness<\/em> \u00e9s part del programa de tardor <strong><a href=\"https:\/\/hamacaonline.net\/projects\/contra-el-feixisme-no-oblidem-la-bellesa\/\"><em>Contra el feixisme, no oblidem la bellesa<\/em><\/a><\/strong>.\r\n\r\nAquesta sessi\u00f3 forma part del programa anual <a href=\"https:\/\/artssantamonica.gencat.cat\/ca\/detall\/Dimarts-de-video-00036\"><em>Dimarts de v\u00eddeo<\/em><\/a> en el Santa M\u00f2nica, on cada mes es projecta una obra\u00a0de l'arxiu Hamaca.\r\n\r\n<\/div>","desc_es":"<b>Proyecci\u00f3n de <em><strong>1 ola Majestic en mi balconee<\/strong><\/em> de <a href=\"https:\/\/hamacaonline.net\/authors\/tacoderaya\/\"><strong>tacoderaya<\/strong><\/a> junto a una intervenci\u00f3n de <strong>Marta Echaves<\/strong>.<\/b>\r\n<div class=\"newspaper col-sm-9\">\r\n\r\n<em><strong>1 ola Majestic en mi balconee<\/strong><\/em> de <a href=\"https:\/\/hamacaonline.net\/authors\/tacoderaya\/\"><strong>tacoderaya<\/strong><\/a> es una obra que especula en torno a la resistencia de las formas de ocio tardocapitalista en el contexto de los desastres clim\u00e1ticos. Los paisajes de la burbuja inmobiliaria del Mediterr\u00e1neo, al mezclarse con la arena y el agua que desdibuja su urbanismo, sirven como escenario desde el que reflexionar sobre las deficiencias que los procesos de subjetivaci\u00f3n neoliberal contempor\u00e1neos manifiestan cuando surgen situaciones cr\u00edticas al nivel de la colectividad. En el v\u00eddeo, la \u2018oralidad\u2019 se descompone en un uso digital y fragmentario de lo hablado, construyendo sensaci\u00f3n pero nunca mensaje. <strong>tacoderaya<\/strong> son Jon\u00e1s de Murias y Paula P\u00e9rez-Roda como colectivo de selecci\u00f3n de voces y sonidos, de remezcla oral y r\u00edtmica y de generaci\u00f3n de experiencias verbo-sensoriales. Trabaja en los intersticios de la performance, las artes verbales y el arte sonoro a trav\u00e9s de diferentes t\u00e9cnicas de investigaci\u00f3n participante.\r\n\r\nEl v\u00eddeo vendr\u00e1 acompa\u00f1ado de la intervenci\u00f3n de <strong>Marta Echaves<\/strong>, que a partir de \u00e9l abordar\u00e1 cuestiones sobre la medicalizaci\u00f3n de la vida, el consumo de sustancias estimulantes y las innovaciones del mercado en la oferta para obtener el bienestar, as\u00ed como la necesidad de recuperar una noci\u00f3n de la palabra <em>vida<\/em> que escapa de las estrategias capitalistas de cooptaci\u00f3n de la felicidad m\u00e1s mundana y emancipada.\r\n\r\n<strong>Marta Echaves<\/strong> es coordinadora de actividades en Espa\u00f1a de la editorial Caja Negra. Ha escrito para cat\u00e1logos y publicaciones de artistas y es editora junto a Mar\u00eda Ruido y Antonio Gomez Villar de <em>Working Dead. Escenarios del postrabajo<\/em> (La virreina Centro de la Imagen). Recientemente ha escrito el ep\u00edlogo para el libro <em>Raving<\/em> de Mckenzie Wark (Caja Negra, 2023). Interesada en la escritura y la investigaci\u00f3n historiogr\u00e1fica, sus proyectos se proponen revisitar im\u00e1genes y met\u00e1foras poniendo en el centro la vivencia \u00edntima y los anecdotarios como detonadores de dispositivos po\u00e9ticos de memoria.\r\n\r\n<strong>Lugar:<\/strong> Santa M\u00f2nica, Espai Bar\r\n<strong>Fecha y hora:<\/strong> 12 de diciembre, 19:00 h\r\nPrecio gratuito, entrada libre hasta completar aforo\r\n\r\n<em>Una ola majestuosa que arrasa con mi apartamento mi smartwatch y mis microsesiones de mindfulness<\/em> forma parte del programa de oto\u00f1o <strong><a href=\"https:\/\/hamacaonline.net\/projects\/contra-el-feixisme-no-oblidem-la-bellesa\/\"><em>Contra el fascismo, no olvidemos la belleza<\/em><\/a><\/strong>.\r\n\r\nEsta sesi\u00f3n forma parte del programa anual de <a href=\"http:\/\/artssantamonica.gencat.cat\/ca\/detall\/Dimarts-de-video-00036\"><em>Martes de v\u00eddeo<\/em><\/a> en el Centro Santa M\u00f2nica.\r\n\r\n<\/div>","desc_en":"","event_category":219,"event_show_only_own_date":true,"_event_confirmed":true,"_event_public":true,"_event_free":true,"_event_price-min":"","_event_price-max":"","_event_web_ca":"https:\/\/hamacaonline.net\/projects\/una-ona-majestuosa-que-arrasa\/","_event_web_es":"https:\/\/hamacaonline.net\/projects\/una-ona-majestuosa-que-arrasa\/","_event_web_en":"https:\/\/hamacaonline.net\/projects\/una-ona-majestuosa-que-arrasa\/","event_contact_email":"info@hamacaonline.net","event_apply_email":"","is_online_event":false,"is_art_nou_event":false,"is_bgw_event":false,"date_text":"12 de diciembre, 19:00 h","register_deadline":null,"altres_organitzadors":null},"abe_event_venue":"Santa M\u00f2nica","abe_event_category":"Screening","start":"2023-12-12 19:00:00","end":"2023-12-12 20:15:00","schedule":"once","schedule_meta":"","frequency":1,"all_day":0,"until":"2023-12-12 19:00:00","include":[],"exclude":[],"_links":{"self":[{"href":"https:\/\/graf.cat\/en\/wp-json\/wp\/v2\/events\/34370","targetHints":{"allow":["GET"]}}],"collection":[{"href":"https:\/\/graf.cat\/en\/wp-json\/wp\/v2\/events"}],"about":[{"href":"https:\/\/graf.cat\/en\/wp-json\/wp\/v2\/types\/event"}],"author":[{"embeddable":true,"href":"https:\/\/graf.cat\/en\/wp-json\/wp\/v2\/users\/30"}],"occurrences":[{"embeddable":true,"href":"https:\/\/graf.cat\/en\/wp-json\/wp\/v2\/events\/34370\/occurrences"}],"acf:term":[{"embeddable":true,"taxonomy":"event-category","href":"https:\/\/graf.cat\/en\/wp-json\/wp\/v2\/event-category\/219"}],"wp:featuredmedia":[{"embeddable":true,"href":"https:\/\/graf.cat\/en\/wp-json\/wp\/v2\/media\/34372"}],"wp:attachment":[{"href":"https:\/\/graf.cat\/en\/wp-json\/wp\/v2\/media?parent=34370"}],"wp:term":[{"taxonomy":"event-venue","embeddable":true,"href":"https:\/\/graf.cat\/en\/wp-json\/wp\/v2\/event-venues?post=34370"},{"taxonomy":"event-tag","embeddable":true,"href":"https:\/\/graf.cat\/en\/wp-json\/wp\/v2\/event-tags?post=34370"}],"curies":[{"name":"wp","href":"https:\/\/api.w.org\/{rel}","templated":true}]}}