{"id":37229,"guid":{"rendered":"https:\/\/graf.cat\/?post_type=event&#038;p=37229"},"modified":"2024-03-18T13:37:38","modified_gmt":"2024-03-18T11:37:38","slug":"la-forca-del-dolor","status":"publish","type":"event","link":"https:\/\/graf.cat\/en\/events\/event\/la-forca-del-dolor\/","title":{"rendered":"La for\u00e7a del dolor"},"content":{"rendered":"","protected":false},"excerpt":{"rendered":"","protected":false},"author":30,"featured_media":37230,"template":"","meta":{"_acf_changed":false,"_monsterinsights_skip_tracking":false,"_monsterinsights_sitenote_active":false,"_monsterinsights_sitenote_note":"","_monsterinsights_sitenote_category":0},"event-venues":[560],"event-tags":[],"class_list":["post-37229","event","type-event","status-publish","has-post-thumbnail","hentry","event-venue-santa-monica","event-category-screening"],"acf":{"title_ca":"La for\u00e7a del dolor","title_es":"La fuerza del dolor","title_en":"La fuerza del dolor","desc_ca":"<b><strong>Projecci\u00f3 d'<em>A permanent provisional situation<\/em> de <a href=\"https:\/\/hamacaonline.net\/authors\/pedro-ortuno\/\">Pedro Ortu\u00f1o<\/a> amb la intervenci\u00f3 de Santiago L\u00f3pez Petit.<\/strong><\/b>\r\n<div class=\"newspaper col-sm-9\">\r\n\r\n<em><strong>A permanent provisional situation<\/strong><\/em> (2008) \u00e9s una pe\u00e7a composta de 96 petites pantalles que configuren un document sobre el cinema palest\u00ed. Mitjan\u00e7ant els testimoniatges en youtube de tres de les seves realitzadoris exiliadis \u2013Maya Sambar, Osama Qashoo i Saeed Taji\u2013, de noticiaris gravats en pantalla, entrevistes i imatges dels llocs i habitants que sofreixen el genocidi\u2013, reflexiona sobre la repetici\u00f3, la visibilitat de les den\u00fancies i sobre com la narrativa \u00e9s redu\u00efda a un tap\u00eds visual i auditiu. El seu autor, <strong><a href=\"https:\/\/hamacaonline.net\/authors\/pedro-ortuno\/\">Pedro Ortu\u00f1o<\/a><\/strong>, afirmava llavors trobar-se \u00abseixanta anys despr\u00e9s de l'inici d'una situaci\u00f3 provisional pol\u00edtica que comen\u00e7a a semblar permanent\u00bb.\r\n\r\nEl genocidi palest\u00ed \u2013especialment alarmant i mediatitzat durant els \u00faltims mesos per\u00f2 arrossegant una hist\u00f2ria de d\u00e8cades\u2013 \u00e9s de nou avui una de les fonts de desesperaci\u00f3 i impot\u00e8ncia per als qui encarem una <em>vida pol\u00edtica<\/em> davant l'ostensible inoper\u00e0ncia de la nostra lluita contra el sofriment que causen els estats i les corporacions. El v\u00eddeo vindr\u00e0 acompanyat de la intervenci\u00f3 de <strong>Santiago L\u00f3pez Petit<\/strong>, la traject\u00f2ria de pensament i escriptura del qual t\u00e9 una profunda relaci\u00f3 amb aquests sentiments d'aflicci\u00f3 i cerca de l'esperan\u00e7a. Santiago planteja: \u00abSi la <strong>vida<\/strong> \u00e9s una paraula, el voler viure \u00e9s un crit. Per\u00f2 perqu\u00e8 el voler viure es converteixi en desafiament es requereix una for\u00e7a de dolor. Nom\u00e9s serem capa\u00e7os d'endinsar-nos en la for\u00e7a de dolor si aprehenem el malestar social com a propi, i el propi mal-estar com un malestar social.\u00bb\r\n\r\n<a href=\"http:\/\/slopezpetit.com\/\"><strong>Santiago L\u00f3pez Petit<\/strong><\/a> (Barcelona 1950) ha estat militant de l'autonomia obrera en els anys setanta, va treballar durant anys com a qu\u00edmic. Posteriorment va estudiar filosofia. Va ser professor de Filosofia Contempor\u00e0nia en la Universitat de Barcelona durant vint anys. Ha participat en molts dels moviments de resist\u00e8ncia posteriors a la crisi del Moviment Obrer. \u00c9s un dels impulsors de la plataforma Espai en Blanc l'objectiu de la qual \u00e9s construir un pensament cr\u00edtic i experimental. Ha publicat entre altres els seg\u00fcents llibres: <em>Entre el Ser y el Poder. Una apuesta por el querer vivir <\/em>(reeditado Madrid 2009), <em>Amar y pensar. El odio del querer vivir<\/em> (Barcelona 2005), <em>La movilizaci\u00f3n global. Breve tratado para atacar la realidad<\/em> (Madrid 2009), <em>Hijos de la noche <\/em>(Barcelona 2014), <em>El gesto absoluto. El caso Pablo Molando: una muerte pol\u00edtica<\/em> (Logro\u00f1o, 2018) i la novel\u00b7la <em>Tan a prop de la vida<\/em> (Barcelona, 2021).\r\n\r\n<a href=\"https:\/\/hamacaonline.net\/authors\/pedro-ortuno\/\"><strong>Pedro Ortu\u00f1o <\/strong><\/a>\u00e9s artista multim\u00e8dia. Combina la seva labor docent amb l'art\u00edstica, investigadora i el comissari d'exposicions audiovisuals. Les seves obres indaguen en la intersecci\u00f3 de les ci\u00e8ncies socials, l'art i els media. Ha participat en diversos projectes d'i+R+D relacionats amb pol\u00edtiques d'identitat i el cinema\/v\u00eddeo underground.\r\n\r\n<strong>Lloc:<\/strong> Santa M\u00f2nica, Espai Bar\r\n<strong>Data i horari: <\/strong>9 d'abril, 19:00 h\r\nPreu gratu\u00eft, entrada lliure fins a completar aforament\r\n\r\n<em>La for\u00e7a del dolor <\/em>\u00e9s part del programa d'hivern <strong><em>Com continuar creient en el poder de la gent<\/em><\/strong>.\r\n\r\nAquesta sessi\u00f3 forma part del programa anual <a href=\"https:\/\/artssantamonica.gencat.cat\/ca\/detall\/Dimarts-de-video-00036\"><em>Dimarts de v\u00eddeo<\/em><\/a> en el Santa M\u00f2nica.\r\n\r\n<\/div>","desc_es":"<b><strong>Proyecci\u00f3n de <em>A permanent provisional situation<\/em> de <a href=\"https:\/\/hamacaonline.net\/authors\/pedro-ortuno\/\">Pedro Ortu\u00f1o<\/a> junto a una intervenci\u00f3n de Santiago L\u00f3pez Petit.<\/strong><\/b>\r\n<div class=\"newspaper col-sm-9\">\r\n\r\n<em><strong>A permanent provisional situation<\/strong><\/em> (2008) es una pieza compuesta de 96 peque\u00f1as pantallas que configuran un documento sobre el cine palestino. Mediante los testimonios en youtube de tres de sus realizadorxs exiliadxs \u2013Maya Sambar, Osama Qashoo y Saeed Taji\u2013, de noticiarios grabados en pantalla, entrevistas e im\u00e1genes de los lugares y habitantes que sufren el genocidio\u2013, reflexiona sobre la repetici\u00f3n, la visibilidad de las denuncias y sobre c\u00f3mo la narrativa es reducida a un tapiz visual y auditivo. Su autor, <strong><a href=\"https:\/\/hamacaonline.net\/authors\/pedro-ortuno\/\">Pedro Ortu\u00f1o<\/a><\/strong>, afirmaba entonces encontrarse \u00absesenta a\u00f1os despu\u00e9s del inicio de una situaci\u00f3n provisional pol\u00edtica que comienza a parecer permanente\u00bb.\r\n\r\nEl genocidio palestino \u2013especialmente alarmante y mediatizado durante los \u00faltimos meses pero arrastrando una historia de d\u00e9cadas\u2013 es de nuevo hoy una de las fuentes de desesperaci\u00f3n e impotencia para quienes encaramos una <em>vida pol\u00edtica<\/em> ante la ostensible inoperancia de nuestra lucha contra el sufrimiento que causan los estados y las corporaciones. El v\u00eddeo vendr\u00e1 acompa\u00f1ado de la intervenci\u00f3n de <strong>Santiago L\u00f3pez Petit<\/strong>, cuya trayectoria de pensamiento y escritura tiene una profunda relaci\u00f3n con estos sentimientos de aflicci\u00f3n y b\u00fasqueda de la esperanza. Santiago plantea: \u00abSi la <strong>vida<\/strong> es una palabra, el querer vivir es un grito. Pero para que el querer vivir se convierta en desaf\u00edo se requiere una fuerza de dolor. S\u00f3lo seremos capaces de adentrarnos en la fuerza de dolor si aprehendemos el malestar social como propio, y el propio mal-estar como un malestar social.\u00bb\r\n\r\n<a href=\"http:\/\/slopezpetit.com\/\"><strong>Santiago L\u00f3pez Petit<\/strong><\/a> (Barcelona 1950) ha sido militante de la autonom\u00eda obrera en los a\u00f1os 70 y ha trabajado durante a\u00f1os como qu\u00edmico. Posteriormente estudi\u00f3 filosof\u00eda. Ha sido profesor de Filosof\u00eda contempor\u00e1nea en la Universidad de Barcelona durante veinte a\u00f1os. Ha participado en muchos de los movimientos de resistencia posteriores a la crisis del Movimiento Obrero. Es uno de los impulsores de la plataforma Espai en Blanc, cuyo objetivo es construir un pensamiento cr\u00edtico y experimental. Ha publicado entre otros los siguientes libros: <em>Entre el Ser y el Poder. Una apuesta por el querer vivir <\/em>(reeditado Madrid 2009), <em>Amar y pensar. El odio del querer vivir<\/em> (Barcelona 2005), <em>La movilizaci\u00f3n global. Breve tratado para atacar la realidad<\/em> (Madrid 2009), <em>Hijos de la noche <\/em>(Barcelona 2014), <em>El gesto absoluto. El caso Pablo Molando: una muerte pol\u00edtica<\/em> (Logro\u00f1o, 2018) y la novela <em>Tan a prop de la vida<\/em> (Barcelona, 2021).\r\n\r\n<a href=\"https:\/\/hamacaonline.net\/authors\/pedro-ortuno\/\"><strong>Pedro Ortu\u00f1o <\/strong><\/a>es artista multimedia. Combina su labor docente con la art\u00edstica, investigadora y el comisario de exposiciones audiovisuales. Sus obras indagan en la intersecci\u00f3n de las ciencias sociales, el arte y los media. Ha participado en varios proyectos de i+I+D relacionados con pol\u00edticas de identidad y el cine\/v\u00eddeo underground.\r\n\r\n<strong>Lugar:<\/strong> Santa M\u00f2nica, Espai Bar\r\n<strong>Fecha y hora: <\/strong>9 de abril, 19:00 h\r\nPrecio gratuito, entrada libre hasta completar aforo\r\n\r\n<em>La fuerza del dolor <\/em>es parte del programa primavera-verano <em><strong>C\u00f3mo seguir creyendo en el poder de la gente<\/strong><\/em>.\r\n\r\nEsta sesi\u00f3n forma parte del programa anual <a href=\"https:\/\/artssantamonica.gencat.cat\/ca\/detall\/Dimarts-de-video-00036\"><em>Martes de v\u00eddeo<\/em><\/a> en el Centro Santa M\u00f2nica.\r\n\r\n<\/div>","desc_en":"<b><strong>Proyecci\u00f3n de <em>A permanent provisional situation<\/em> de <a href=\"https:\/\/hamacaonline.net\/authors\/pedro-ortuno\/\">Pedro Ortu\u00f1o<\/a> junto a una intervenci\u00f3n de Santiago L\u00f3pez Petit.<\/strong><\/b>","event_category":219,"event_show_only_own_date":true,"_event_confirmed":true,"_event_public":true,"_event_free":true,"_event_price-min":"","_event_price-max":"","_event_web_ca":"https:\/\/hamacaonline.net\/projects\/la-forca-del-dolor\/","_event_web_es":"https:\/\/hamacaonline.net\/projects\/la-forca-del-dolor\/","_event_web_en":"https:\/\/hamacaonline.net\/projects\/la-forca-del-dolor\/","event_contact_email":"","event_apply_email":"","is_online_event":false,"is_art_nou_event":false,"is_bgw_event":false,"date_text":"9 de abril, 19:00 h","register_deadline":null,"altres_organitzadors":null},"abe_event_venue":"Santa M\u00f2nica","abe_event_category":"Screening","start":"2024-04-09 19:00:00","end":"2024-04-09 20:15:00","schedule":"once","schedule_meta":"","frequency":1,"all_day":0,"until":"2024-04-09 19:00:00","include":[],"exclude":[],"_links":{"self":[{"href":"https:\/\/graf.cat\/en\/wp-json\/wp\/v2\/events\/37229","targetHints":{"allow":["GET"]}}],"collection":[{"href":"https:\/\/graf.cat\/en\/wp-json\/wp\/v2\/events"}],"about":[{"href":"https:\/\/graf.cat\/en\/wp-json\/wp\/v2\/types\/event"}],"author":[{"embeddable":true,"href":"https:\/\/graf.cat\/en\/wp-json\/wp\/v2\/users\/30"}],"occurrences":[{"embeddable":true,"href":"https:\/\/graf.cat\/en\/wp-json\/wp\/v2\/events\/37229\/occurrences"}],"acf:term":[{"embeddable":true,"taxonomy":"event-category","href":"https:\/\/graf.cat\/en\/wp-json\/wp\/v2\/event-category\/219"}],"wp:featuredmedia":[{"embeddable":true,"href":"https:\/\/graf.cat\/en\/wp-json\/wp\/v2\/media\/37230"}],"wp:attachment":[{"href":"https:\/\/graf.cat\/en\/wp-json\/wp\/v2\/media?parent=37229"}],"wp:term":[{"taxonomy":"event-venue","embeddable":true,"href":"https:\/\/graf.cat\/en\/wp-json\/wp\/v2\/event-venues?post=37229"},{"taxonomy":"event-tag","embeddable":true,"href":"https:\/\/graf.cat\/en\/wp-json\/wp\/v2\/event-tags?post=37229"}],"curies":[{"name":"wp","href":"https:\/\/api.w.org\/{rel}","templated":true}]}}