{"id":37706,"guid":{"rendered":"https:\/\/graf.cat\/?post_type=event&#038;p=37706"},"modified":"2024-04-11T10:31:17","modified_gmt":"2024-04-11T08:31:17","slug":"dimarts-de-video-terrible-sounds-de-philip-rizk","status":"publish","type":"event","link":"https:\/\/graf.cat\/en\/events\/event\/dimarts-de-video-terrible-sounds-de-philip-rizk\/","title":{"rendered":"Dimarts de v\u00eddeo \/ \u201cTerrible sounds\u201d de Philip Rizk"},"content":{"rendered":"","protected":false},"excerpt":{"rendered":"","protected":false},"author":19,"featured_media":37707,"template":"","meta":{"_acf_changed":false,"_monsterinsights_skip_tracking":false,"_monsterinsights_sitenote_active":false,"_monsterinsights_sitenote_note":"","_monsterinsights_sitenote_category":0},"event-venues":[560],"event-tags":[],"class_list":["post-37706","event","type-event","status-publish","has-post-thumbnail","hentry","event-venue-santa-monica","event-category-screening"],"acf":{"title_ca":"Dimarts de v\u00eddeo \/ \u201cTerrible sounds\u201d de Philip Rizk","title_es":"Martes de video \/ \u201cTerrible sounds\u201d de Philip Rizk","title_en":"Tuesday of video \/  \u201cTerrible sounds\u201d by Philip Rizk","desc_ca":"Amb la participaci\u00f3 de\u00a0<strong>Philip Rizk<\/strong>\u00a0i\u00a0<strong>Marta Vallejo<\/strong>\r\n\r\nA c\u00e0rrec de\u00a0<strong>Mostra de Cinema \u00c0rab i Mediterrani de Catalunya\/SODEPAU<\/strong>\r\n\r\nDespr\u00e9s de la projecci\u00f3 conversarem amb Philip Rizk sobre \"Terrible Sounds\" on proposa una reavaluaci\u00f3 de les imatges que van envoltar les obertures de la tomba de Tutankhamon, i la contraposici\u00f3 de dos relats sobre l\u2019\u201dalliberament\u201d nacional d\u2019Egipte. Seguint la seva traject\u00f2ria ens endinsarem en el proc\u00e9s de creaci\u00f3, i explorarem el di\u00e0leg entre imatge, m\u00fasica i hist\u00f2ria.","desc_es":"Con la participaci\u00f3n de\u00a0<strong>Philip Rizk<\/strong>\u00a0y\u00a0<strong>Marta Vallejo<\/strong>\r\n\r\nA cargo de\u00a0<strong>Mostra de Cinema \u00c0rab i Mediterrani de Catalunya\/SODEPAU<\/strong>\r\n\r\nDespu\u00e9s de la proyecci\u00f3n charlaremos con Philip Rizk sobre \u201cTerrible Sounds\u201d donde propone una reevaluaci\u00f3n de las im\u00e1genes que rodearon las aberturas de la tumba de Tutankhamon y la contraposici\u00f3n de dos relatos sobre \u201cla liberaci\u00f3n\u201d nacional de Egipto. Siguiendo su trayectoria nos adentraremos en el proceso de creaci\u00f3n, y exploraremos el di\u00e1logo entre imagen, m\u00fasica e historia.","desc_en":"With the participation of\u00a0<strong>Philip Rizk<\/strong>\u00a0and\u00a0<strong>Marta Vallejo<\/strong>\r\n\r\nBy\u00a0<strong>Mostra de Cinema \u00c0rab i Mediterrani de Catalunya\/SODEPAU<\/strong>\r\n\r\nAfter the screening we will talk with Philip Rizk about \"Terrible Sounds\" where he proposes a re-evaluation of the images that surrounded the openings of Tutankhamun's tomb and the contraposition of two narratives about Egypt's national \"liberation\". Following his trajectory, we will delve into the process of creation, and explore the dialogue between image, music and history.","event_category":219,"event_show_only_own_date":true,"_event_confirmed":true,"_event_public":true,"_event_free":true,"_event_price-min":"","_event_price-max":"","_event_web_ca":"https:\/\/artssantamonica.gencat.cat\/ca\/detall\/Dimarts-de-video-00093","_event_web_es":"https:\/\/artssantamonica.gencat.cat\/es\/detall\/Dimarts-de-video-00093","_event_web_en":"https:\/\/artssantamonica.gencat.cat\/en\/detall\/Dimarts-de-video-00093","event_contact_email":"santamonica@gencat.cat","event_apply_email":"","is_online_event":false,"is_art_nou_event":false,"is_bgw_event":false,"date_text":"","register_deadline":null,"altres_organitzadors":null},"abe_event_venue":"Santa M\u00f2nica","abe_event_category":"Screening","start":"2024-05-21 19:00:00","end":"2024-05-21 20:00:00","schedule":"once","schedule_meta":"","frequency":1,"all_day":0,"until":"2024-05-21 19:00:00","include":[],"exclude":[],"_links":{"self":[{"href":"https:\/\/graf.cat\/en\/wp-json\/wp\/v2\/events\/37706","targetHints":{"allow":["GET"]}}],"collection":[{"href":"https:\/\/graf.cat\/en\/wp-json\/wp\/v2\/events"}],"about":[{"href":"https:\/\/graf.cat\/en\/wp-json\/wp\/v2\/types\/event"}],"author":[{"embeddable":true,"href":"https:\/\/graf.cat\/en\/wp-json\/wp\/v2\/users\/19"}],"occurrences":[{"embeddable":true,"href":"https:\/\/graf.cat\/en\/wp-json\/wp\/v2\/events\/37706\/occurrences"}],"acf:term":[{"embeddable":true,"taxonomy":"event-category","href":"https:\/\/graf.cat\/en\/wp-json\/wp\/v2\/event-category\/219"}],"wp:featuredmedia":[{"embeddable":true,"href":"https:\/\/graf.cat\/en\/wp-json\/wp\/v2\/media\/37707"}],"wp:attachment":[{"href":"https:\/\/graf.cat\/en\/wp-json\/wp\/v2\/media?parent=37706"}],"wp:term":[{"taxonomy":"event-venue","embeddable":true,"href":"https:\/\/graf.cat\/en\/wp-json\/wp\/v2\/event-venues?post=37706"},{"taxonomy":"event-tag","embeddable":true,"href":"https:\/\/graf.cat\/en\/wp-json\/wp\/v2\/event-tags?post=37706"}],"curies":[{"name":"wp","href":"https:\/\/api.w.org\/{rel}","templated":true}]}}