{"id":38326,"guid":{"rendered":"https:\/\/graf.cat\/?post_type=event&#038;p=38326"},"modified":"2024-05-04T13:50:01","modified_gmt":"2024-05-04T11:50:01","slug":"estetiques-transversals-habitar-el-foc","status":"publish","type":"event","link":"https:\/\/graf.cat\/en\/events\/event\/estetiques-transversals-habitar-el-foc\/","title":{"rendered":"EST\u00c8TIQUES TRANSVERSALS \/ HABITAR EL FOC"},"content":{"rendered":"","protected":false},"excerpt":{"rendered":"","protected":false},"author":158,"featured_media":38327,"template":"","meta":{"_acf_changed":false,"_monsterinsights_skip_tracking":false,"_monsterinsights_sitenote_active":false,"_monsterinsights_sitenote_note":"","_monsterinsights_sitenote_category":0},"event-venues":[],"event-tags":[],"class_list":["post-38326","event","type-event","status-publish","has-post-thumbnail","hentry","event-category-convocatories"],"acf":{"title_ca":"EST\u00c8TIQUES TRANSVERSALS \/ HABITAR EL FOC","title_es":"EST\u00c9TICAS TRANSVERSALES \/ HABITAR EL FUEGO","title_en":"TRANSVERSAL AESTHETICS   \/ LIVING ON FIRE","desc_ca":"<strong>Convocat\u00f2ria de dues resid\u00e8ncies h\u00edbrides de recerca i producci\u00f3 art\u00edstica a Huarte i Barcelona\r\n<\/strong>IDENSITAT + Centro Huarte \/2024\r\n\r\nDues resid\u00e8ncies de cinc setmanes per dur a terme un projecte vinculat al context social de Huarte i un altre a Barcelona, entre juliol i novembre del 2024.\r\n\r\n<strong>Recepci\u00f3 de propostes fins al 24 de maig 2024<\/strong>\r\n\r\n<strong>IDENSITAT i CENTRO HUARTE<\/strong>\u00a0activen el programa\u00a0<strong>Est\u00e8tiques Transversals \/ HABITAR EL FOC<\/strong>\u00a0per desenvolupar dos projectes de recerca i producci\u00f3 que es duran a terme respectivament en els contextos del\u00a0<strong>riu Arga en el seu pas per Huarte, Villava i Burlada, i al del riu Bes\u00f2s al seu pas per Barcelona \u2013 Santa Coloma de Gramenet i Sant Adri\u00e0 de Bes\u00f2s.<\/strong>\u00a0Els dos projectes es duen a terme a partir del concepte de resid\u00e8ncia h\u00edbrida, amb l'objectiu de treballar amb les condicions materials o immaterials, temporals o atemporals, reals o imagin\u00e0ries, pr\u00f2pies de l'especificitat de cadascun dels contextos i mitjan\u00e7ant processos relacionats amb l'activaci\u00f3 de l'espai social. Les dues resid\u00e8ncies h\u00edbrides es fonamenten en el treball que combina la pres\u00e8ncia temporal al lloc i el treball previ i posterior que es realitza a dist\u00e0ncia. Els dos projectes se seleccionen mitjan\u00e7ant convocat\u00f2ria conjunta i es duran a terme entre el juliol i el novembre del 2024, de forma separada.\r\n\r\n<strong>INTRODUCCI\u00d3<\/strong>\r\nEst\u00e8tiques Transversals \u00e9s una l\u00ednia de recerca i experimentaci\u00f3 a la cru\u00eflla entre art, mediaci\u00f3 i espai social. Un lloc de conflu\u00e8ncia entre les pr\u00e0ctiques art\u00edstiques com a espai de recerca cr\u00edtica; les accions de mediaci\u00f3 com a espai de producci\u00f3 de contingut, interacci\u00f3 i transfer\u00e8ncia d'aprenentatges; i el context com a espai de relaci\u00f3 entre una tem\u00e0tica de treball i un determinat espai social actiu al seu voltant. Un projecte que es porta a terme a ciutats o barris, que poden ser entesos com a generadors d'espais socials, culturals i mediambientals en el l\u00edmit entre all\u00f2 que \u00e9s natural, rural o urb\u00e0. El projecte es fonamenta en la dimensi\u00f3 transversal de l'art per articular experi\u00e8ncies i accions, que incideixen en elements singulars a partir de tem\u00e0tiques comunes i estrat\u00e8gies compartides entre els diversos agents que hi participen. La l\u00ednia de treball desenvolupada entre Idensitat i Centre Huarte a trav\u00e9s d'Est\u00e8tiques Transversals, s'ha dut a terme en cinc edicions pr\u00e8vies, focalitzant cadascuna en un tema espec\u00edfic: \u201cEcosistemes Perif\u00e8rics\u201d, \u201cEcosistemes de l'Oci\u201d, \u201cEcosistemes de Ficci\u00f3\u201d, \u201cImmunitat ~ Comunitat\u201d, I \u201cEn el Aire\u201d. En aquesta nova edici\u00f3 engeguem un proc\u00e9s que posi en relaci\u00f3 el context del riu Arga (Huarte) i el context del Bes\u00f2s (Barcelona), amb el concepte d\u2019Habitar el Foc com a tema com\u00fa. Amb aquesta idea,\u00a0 obrim una convocat\u00f2ria conjunta per poder seleccionar dos projectes art\u00edstics que abordin concretament la complexitat que suposa, en el context contemporani el concepte Habitar el Foc.\r\n\r\n<strong>HABITAR EL FOC COM A \u00c0MBIT TEM\u00c0TIC\r\n<\/strong>A partir de la convocat\u00f2ria oberta s'ofereix la possibilitat de treballar, des de la pr\u00e0ctica art\u00edstica, en el desenvolupament de projectes que prenguin com a focus d'inter\u00e8s o tema de treball, el\u00a0<strong>foc<\/strong>. El concepte foc es tracta aqu\u00ed des de m\u00faltiples possibilitats d'interpretaci\u00f3, on els contextos (relacionats amb els rius Arga i Bes\u00f2s) emmarquin el projecte, podent visibilitzar-ne tant la condici\u00f3 vinculada a la pot\u00e8ncia i l'energia, com la seva capacitat devastadora.\r\n\r\nEl foc \u00e9s un element que evoca una \u00e0mplia gamma d'emocions i significats a l'experi\u00e8ncia humana. Des del seu paper vital a la nostra superviv\u00e8ncia quotidiana fins a la seva capacitat transformadora i destructora en l'\u00e0mbit simb\u00f2lic, el foc continua sent un dels elements m\u00e9s poderosos i misteriosos de la natura. La seva pres\u00e8ncia ens connecta amb el que \u00e9s primitiu, el que \u00e9s salvatge, la tradici\u00f3 celebrat\u00f2ria o la festa, i ens evoca en la mateixa mesura la nostra capacitat per crear i destruir.\r\n\r\nDes del simb\u00f2lic el foc \u00e9s, sovint, vist com un agent de transformaci\u00f3, al\u00b7ludeix a la capacitat de destruir el que \u00e9s vell per permetre el creixement d'alguna cosa nova. A l'alqu\u00edmia, el foc \u00e9s s\u00edmbol de la purificaci\u00f3 i el proc\u00e9s de transmutaci\u00f3 de la mat\u00e8ria.\r\n\r\n\u00c9s tamb\u00e9 un s\u00edmbol de poder i energia. A moltes cultures representa la for\u00e7a vital, la passi\u00f3 i la determinaci\u00f3. En diverses mitologies, les de\u00eftats associades amb el foc solen ser considerades com a figures poderoses i divines que posseeixen un gran poder creatiu i destructor. En moltes tradicions i ritus tant pagans com religiosos, el foc es fa servir com un mitj\u00e0 de purificaci\u00f3 i protecci\u00f3. Des de les antigues cerim\u00f2nies de foc sagrat fins a les espelmes enceses en rituals religiosos, el foc es considera un agent que neteja i protegeix de les energies negatives.\r\n\r\nDes del que \u00e9s metaf\u00f2ric, el foc representa la llum de la saviesa que dissipa la ignor\u00e0ncia i la foscor del desconeixement, es converteix en un s\u00edmbol d'il\u00b7luminaci\u00f3 i coneixement. En el context de les relacions humanes, el foc pot representar la calidesa de l'amor i la connexi\u00f3 emocional entre les persones, per\u00f2 tamb\u00e9 la ira, el desig o l'energia creativa impulsiva.\r\n\r\nRevoluci\u00f3, canvi, destrucci\u00f3, viol\u00e8ncia, control, manipulaci\u00f3 (\u2026) el foc pot tenir diverses implicacions pol\u00edtiques, des del seu \u00fas com a s\u00edmbol de canvi i resist\u00e8ncia fins al seu paper en la destrucci\u00f3 i la manipulaci\u00f3.\r\n\r\nEl projecte\u00a0<strong>Est\u00e8tiques Transversals \/ HABITAR EL FOC,<\/strong>\u00a0planteja treballar a partir de les tensions, paradoxes o connexions que es generen a trav\u00e9s del concepte\u00a0<strong>FOC<\/strong>, que s\u00f3n al seu torn posades en relaci\u00f3 amb el riu o la seva configuraci\u00f3 urbana modelada a partir del recorregut del\u00a0<strong>Riu Arga<\/strong>\u00a0al seu pas per les poblacions de\u00a0<strong>Huarte, Villava i Burlada,\u00a0<\/strong>o de la desembocadura del riu\u00a0<strong>Bes\u00f2s<\/strong>\u00a0al seu pas per barris i poblacions de l\u2019<strong>\u00e0rea metropolitana de Barcelona<\/strong>. En cadascun d'aquests contextos, s'activar\u00e0 un projecte espec\u00edfic, que tracti d'aportar una opci\u00f3 creativa a la tensi\u00f3 que genera aquest concepte, per contribuir a configurar una mirada nova o renovada.\r\n\r\nEns interessa el foc pels seus m\u00faltiples imaginaris, com a ess\u00e8ncia de vida en el que \u00e9s quotidi\u00e0, com a element transformador i purificador en el que \u00e9s simb\u00f2lic, o com a agent potencialment devastador i exterminador. El foc necessita l'aire per poder existir, i juntament amb l'aire, l'aigua i la terra formava part dels quatre elements de la tradici\u00f3 cl\u00e0ssica, encara que en la complexitat contempor\u00e0nia el foc ha passat a ser la part visible del proc\u00e9s de transformaci\u00f3 de la mat\u00e8ria combustible en el seu estat incandescent. El foc continua present a les celebracions, festes i tradicions, per\u00f2 tamb\u00e9 a les cat\u00e0strofes, algunes naturals i moltes altres provocades pels humans en forma de guerres, incendis i altres formats de destrucci\u00f3 planificada. El foc, en temps de canvis clim\u00e0tics i sist\u00e8mics, esdev\u00e9 articulador de pol\u00edtiques que, des del present, volen modelar el futur. Ens interessa habitar el foc com una forma politico-po\u00e8tica per ampliar la mirada en la seva relaci\u00f3 amb el context, m\u00e9s enll\u00e0 (encara que tamb\u00e9) amb l'aire, l'aigua i la terra.\r\n\r\n<strong>CONTEXTES DE TREBALL<\/strong><strong>\r\n<\/strong><strong>HUARTE.<\/strong>\u00a0La poblaci\u00f3 de Huarte, on se situa el Centro de Arte Contempor\u00e1neo de Huarte, es troba al costat de Burlada i Villava a la perif\u00e8ria de Pamplona. Les tres localitats segueixen el curs del riu Arga, el que ha generat entre elles enlla\u00e7os hist\u00f2rics i culturals. En els darrers anys en aquestes poblacions s'han modificat els l\u00edmits entre el que \u00e9s natural, rural i urb\u00e0, a causa del creixement urban\u00edstic i poblacional, a la conversi\u00f3 d'hortes en espais d'oci, als fluxos i desbordaments del riu. Aquest enclavament geogr\u00e0fic, emmarcat pel flux del riu en connexi\u00f3 amb els seus ecosistemes naturals i urbans, defineix el context espec\u00edfic de treball.\r\n\r\n<strong>BARCELONA.<\/strong>\u00a0El context de treball proposat per a aquest projecte \u00e9s la zona conformada per barris de l'\u00e0rea metropolitana propers a la desembocadura del riu Bes\u00f2s (Trinitat Vella, Bon Pastor, Bar\u00f3 de Viver, La Sagrera, Sant Andreu). Barris que es troben als l\u00edmits de la ciutat en una zona caracteritzada per les m\u00faltiples vies de connexi\u00f3 amb la zona nord de l'\u00e0rea metropolitana. Una zona densament poblada que, amb la recuperaci\u00f3 del riu com a espai natural, ha incrementat la seva relaci\u00f3 amb ell, constituint-se com una de les principals zones verdes tant dels barris com de la ciutat metropolitana (Barcelona, Sant Coloma de Gramenet, Sant Adri\u00e0 de Bes\u00f2s i Montcada i Reixac). En aquest cas, la desembocadura del Bes\u00f2s, en tocar diversos enclavaments urbans, defineix el context de treball a Barcelona.\r\n\r\n<strong>METODOLOGIA<\/strong><strong>\r\n<\/strong>Els treballs que es duen a terme en el marc d' Est\u00e8tiques Transversals es defineixen a partir de tres eixos comuns: l'articulaci\u00f3 d'una resid\u00e8ncia art\u00edstica temporal mitjan\u00e7ant la participaci\u00f3 d'un\/a artista o col\u00b7lectiu com a creador i investigador en el context, la configuraci\u00f3 d'un node local que compta amb la implicaci\u00f3 de diferents agents actius al territori, i l'articulaci\u00f3 de transfer\u00e8ncia de coneixements i aprenentatges vinculats a altres \u00e0mbits o tem\u00e0tiques, que anomenem dispositius d\u2019accions de mediaci\u00f3. Aquests tres eixos es poden creuar, unificar o coexistir de manera paral\u00b7lela, de manera que almenys dos convisquin en un mateix projecte.\r\n\r\nEls nodes locals poden ser una suma d'agents, entitats o persones interessades a participar-hi o que estiguin vinculades a la tem\u00e0tica treballada des de l'\u00e0mbit social, art\u00edstic o de l'\u00e0mbit de la recerca. Es formen pr\u00e8viament al desenvolupament del projecte art\u00edstic o accions de mediaci\u00f3, poden variar o incrementar-se durant el projecte. L'artista o col\u00b7lectiu ha de plantejar un projecte i sumar els seus propis agents a la xarxa, que es poden vincular m\u00e9s o menys depenent de la funci\u00f3 que ocupin dins aquest sistema. D'aquesta manera, el projecte es duu a terme de forma triangular, plantejant activitats o intervencions a l'espai p\u00fablic, presentacions obertes i producci\u00f3 de resultats.\r\nEls projectes que es duen a terme, han d\u2019investigar i explorar aspectes relacionats amb el context per activar processos de treball que s'abordin en relaci\u00f3 amb el referit a l'\u00e0mbit tem\u00e0tic. Des d'imaginar altres ecosistemes possibles fins a analitzar els ecosistemes existents per abordar certes realitats o construir ficcions que generin altres realitats possibles. El node territorial o grup d'agents involucrats, i les accions de mediaci\u00f3 s'activen des de col\u00b7lectius locals i persones interessades a vincular-se I compartir el focus d'inter\u00e8s. El projecte seleccionat desenvolupar\u00e0 el seu treball a partir d'aquest context i tem\u00e0tica predefinida.\r\n\r\n<hr \/>\r\n\r\n<strong>BASES DE LA CONVOCAT\u00d2RIA<\/strong>\r\n<strong>IDENSITAT i<a href=\"http:\/\/www.centrohuarte.es\/\">\u00a0CENTRE HUARTE<\/a><\/strong>\u00a0ofereixen dues resid\u00e8ncies a artistes o col\u00b7lectius per desenvolupar un projecte en el context social de Huarte, i un a Barcelona. Les resid\u00e8ncies es plantegen de manera h\u00edbrida, combinant la presencialitat amb el treball a dist\u00e0ncia necessari per completar el projecte. El per\u00edode presencial t\u00e9 una temporalitat aproximada de cinc setmanes de durada a desenvolupar entre juliol i novembre de 2024, que es concretar\u00e0 entre la disponibilitat de l'artista o col\u00b7lectiu seleccionat i les organitzacions impulsores, en funci\u00f3 del projecte.\r\n\r\n<strong>A QUI S'ADRE\u00c7A<\/strong>\r\nLa convocat\u00f2ria est\u00e0 adre\u00e7ada a artistes o col\u00b7lectius interessats a desenvolupar un projecte art\u00edstic en els contextos socials on s'inscriu la proposta i la tem\u00e0tica plantejada. Es valorar\u00e0 positivament el domini del castell\u00e0, catal\u00e0 o basc. En cas que l'idioma sigui l'angl\u00e8s, caldr\u00e0 contemplar la traducci\u00f3 com a part de la producci\u00f3, en les activitats que ho requereixin.\r\n\r\n<strong>QU\u00c8 S'OFEREIX<\/strong>\r\nCadascuna de les propostes seleccionades comptar\u00e0 amb 2.300 euros en concepte d'honoraris i dietes, i un m\u00e0xim de 1.400 euros en concepte de producci\u00f3. L\u2019organitzaci\u00f3 cobreix l\u2019allotjament, i ofereix un ajut de fins a 400 euros per viatges.\r\n\r\n<strong>PER A QU\u00c8<\/strong>\r\nMitjan\u00e7ant aquesta convocat\u00f2ria se seleccionaran dues propostes per fer dues resid\u00e8ncies temporals, una a Huarte i una altra a Barcelona. L'objectiu de cada resid\u00e8ncia \u00e9s definir un projecte de recerca i creaci\u00f3 que es formalitzi a partir de la tem\u00e0tica plantejada. Els resultats es poden presentar p\u00fablicament en cadascun dels contextos treballats, ajustant-se a la naturalesa de cada projecte.\r\n\r\n<strong>DOCUMENTACI\u00d3 A PRESENTAR<\/strong>\r\nEl proc\u00e9s de selecci\u00f3 es realitzar\u00e0 en dues fases. La primera consisteix a presentar un projecte, per seleccionar. Entre les propostes rebudes, un m\u00ednim de quatre que passaran a una segona fase. La segona fase consisteix en una entrevista que es far\u00e0 amb l'objectiu de con\u00e8ixer millor la motivaci\u00f3, la proposta i les afinitats amb la tem\u00e0tica i el marc de treball que l'organitzaci\u00f3 ofereix. A partir d'aquesta segona fase s'escolliran els projectes que es convidaran a fer a les resid\u00e8ncies a Huarte i a Barcelona. En el proc\u00e9s de selecci\u00f3 hi participaran un membre de cada entitat organitzadora (Idensitat i Centre Huarte) i\u00a0 Alfonso Borragan com agent extern convidat.\r\n\r\n<strong>1\u00aa Fase<\/strong><strong>\r\n<\/strong>Les propostes s'han de remetre en format digital utilitzant el formulari espec\u00edfic, emplenant cadascun dels camps i adjuntant en un \u00fanic document en format PDF (m\u00e0xim 8 MB) que inclogui:\r\n\r\n\u2013 Proposta. Document escrit que defineixi les l\u00ednies b\u00e0siques del projecte (m\u00e0xim 3 p\u00e0gines amb imatges incloses), indicant una metodologia de treball que tingui en compte els elements assenyalats, objectius, accions, possibilitats de formalitzaci\u00f3 i calendari de treball.\r\n\r\n- Un dossier amb una selecci\u00f3 d'un m\u00e0xim de 4 projectes o treballs previs contextualitzant cadascun mitjan\u00e7ant textos i imatges, per facilitar-ne la comprensi\u00f3. (sempre que calgui es podr\u00e0 complementar amb enlla\u00e7os web).\r\n\r\n- Text breu que respongui a la pregunta: - Quina \u00e9s la teva motivaci\u00f3 per participar en aquest projecte? (1 p\u00e0gina)\r\n\r\n- Curr\u00edculum resumit de la persona o membres que formin part de la proposta de projecte, destacant aquells aspectes rellevants que es relacionin amb la proposta. En cas de col\u00b7lectius cal especificar un representant (m\u00e0xim 2 p\u00e0gines per persona).\r\n\r\n- Dades de contacte (nom, tel\u00e8fon, e-mail i adre\u00e7a postal).\r\n\r\n<strong>2a fase<\/strong><strong>\r\n<\/strong>- Entrevista amb els membres del comit\u00e8 de selecci\u00f3. En aquest cas poden participar m\u00e9s d'un membre de cada organitzaci\u00f3, a m\u00e9s de la persona externa convidada.\r\n\r\nLa data de l'entrevista es comunicar\u00e0 als preseleccionats en el termini m\u00e0xim d'un mes a partir del tancament de la convocat\u00f2ria.\r\n\r\n<strong><a href=\"https:\/\/www.idensitat.net\/ca\/projectes-en-proces\/estetiques-transversals-2\/idensitat-centro-huarte\/1802-estetiques-transversals-habitar-el-foc\/?option=com_rsform&amp;view=rsform&amp;formId=57\">&gt; ACC\u00c9S AL FORMULARI D'INSCRIPCI\u00d3<\/a>\r\nLa primera fase de la convocat\u00f2ria \u00e9s oberta fins al\u00a024\/05\/2024. \/ 23:59H (ESP)\r\n<\/strong>El projecte cal que estigui redactat en castell\u00e0, basc, catal\u00e0 o angl\u00e8s.\r\n\r\n<strong>CRITERIS DE VALORACI\u00d3<\/strong><strong>\r\n<\/strong>La selecci\u00f3 dels projectes es far\u00e0 entre IDENSITAT i el Centro de Arte Contempor\u00e1neo de Huarte, m\u00e9s una persona externa convidada. Es tindr\u00e0 en compte:\r\n\r\n\u2013 La qualitat, claredat i viabilitat de la proposta.\r\n\r\n- La singularitat en relaci\u00f3 amb la tem\u00e0tica plantejada.\r\n\r\n- La capacitat d'adaptabilitat de la proposta als contextos de treball.\r\n\r\n- La coher\u00e8ncia de la proposta dins la traject\u00f2ria del sol\u00b7licitant\/s\r\n\r\n<strong>DATES<\/strong>\r\nEl projecte es dur\u00e0 a terme a partir d'una resid\u00e8ncia de cinc setmanes de durada dividida en dos moments, una primera estada d'una o dues setmanes i una segona de 3 o 4 setmanes, a desenvolupar entre setembre i desembre 2024, a concretar entre la disponibilitat de l'artista o col\u00b7lectiu seleccionat i les organitzacions impulsores.\r\n\r\n<strong>Huarte:\u00a0<\/strong><strong>La resid\u00e8ncia es dur\u00e0 a terme entre la segona quinzena d\u2019agost i novembre 2024.\u00a0<\/strong>Els espais disponibles per a la presentaci\u00f3 de resultats i la celebraci\u00f3 d'activitats relacionades amb el projecte s\u00f3n, a banda del mateix Centre Huarte, els equipaments gestionats per la Mancomunidad de la Comarca de Pamplona: el Bat\u00e1n i el Molino de San Andr\u00e9s (Atarrabia-Villava).\r\n\r\n<strong>Barcelona:\u00a0<\/strong><strong>La resid\u00e8ncia es dur\u00e0 a terme entre juliol i novembre 2024 (excepte agost)\r\n<\/strong>Idensitat posar\u00e0 a disposici\u00f3 el seu espai de treball a Fabra i Coats F\u00e0brica de Creaci\u00f3, on en funci\u00f3 de la disponibilitat, es podran celebrar activitats relacionades.\r\n\r\nDepenent de la naturalesa dels projectes, les entitats organitzadores podran proposar trobades entre les dues propostes seleccionades fora de les dates de la resid\u00e8ncia.\r\n\r\n<strong>TERMES I CONDICIONS<\/strong><strong>\r\n<\/strong>El fet de presentar-se a aquesta convocat\u00f2ria implica recon\u00e8ixer l'acceptaci\u00f3 de les presents bases. Els treballs seleccionats seran propietat de l'autor o autores. IDENSITAT i el Centro de Arte Contempor\u00e1neo de Huarte com a organitzacions impulsores d' EST\u00c8TIQUES TRANSVERSALS \u2013 HABITAR EL FOC, podran reproduir i divulgar mitjan\u00e7ant publicacions en l\u00ednia o en format paper la totalitat o part del programa, sempre citant les respectives autories i agents col\u00b7laboradors. IDENSITAT i Centro de Arte Contempor\u00e1neo de Huarte arxivaran tota la documentaci\u00f3 que es generi a partir d'aquesta convocat\u00f2ria i del desenvolupament del projecte \u00edntegrament.","desc_es":"<strong>Residencias h\u00edbridas de investigaci\u00f3n y producci\u00f3n art\u00edsticas en Huarte y Barcelona\r\n<\/strong>IDENSITAT + Centro Huarte \/2024\r\n\r\n<strong>Dos residencias de cinco semanas para desarrollar un proyecto con el contexto social. Una a desarrollar en Huarte y otra en Barcelona, entre julio y noviembre de 2024.\u00a0<\/strong>\r\n\r\n<strong>Recepci\u00f3n de propuestas hasta el 24 de mayo 2024<\/strong>\r\n\r\n<strong>IDENSITAT\u00a0<\/strong>y<a href=\"http:\/\/www.centrohuarte.es\/\"><strong>\u00a0CENTRO HUARTE<\/strong><\/a>\u00a0activan el programa<strong>\u00a0Est\u00e9ticas Transversales \/ HABITAR EL FUEGO\u00a0<\/strong>para desarrollar dos proyectos de investigaci\u00f3n y producci\u00f3n que se llevar\u00e1n a cabo respectivamente en los contextos del\u00a0<strong>r\u00edo Arga<\/strong>\u00a0en su paso por Huarte, Villava y Burlada, y en el del\u00a0<strong>r\u00edo Bes\u00f3s<\/strong>\u00a0en su paso por Barcelona - Santa Coloma de Gramenet y Sant Adri\u00e0 de Bes\u00f2s. Los dos proyectos se llevan a cabo a partir del concepto de residencia h\u00edbrida, con el objetivo de trabajar con las condiciones materiales o inmateriales, temporales o atemporales, reales o imaginarios, propios de la especificidad de cada uno de los contextos, y mediante procesos relacionados con la activaci\u00f3n del espacio social. Las dos residencias h\u00edbridas se fundamentan en el trabajo que combina la presencia temporal en el lugar y el trabajo previo y posterior que se realiza a distancia. Los dos proyectos se seleccionan mediante convocatoria conjunta y se llevar\u00e1n a cabo entre julio y noviembre de 2024, de forma separada.\r\n\r\n<strong>INTRODUCCI\u00d3N\r\n<\/strong><strong>Est\u00e9ticas Transversales<\/strong>\u00a0es una l\u00ednea de investigaci\u00f3n y experimentaci\u00f3n en el cruce entre arte, mediaci\u00f3n y espacio social. Un lugar de confluencia entre\u00a0<strong>las pr\u00e1cticas art\u00edsticas<\/strong>\u00a0como espacio de investigaci\u00f3n cr\u00edtica;<strong>\u00a0las acciones de mediaci\u00f3n<\/strong>\u00a0como espacio de producci\u00f3n de contenido, de interacci\u00f3n y de transferencia de aprendizajes; y\u00a0<strong>el contexto<\/strong>\u00a0como espacio de relaci\u00f3n entre una tem\u00e1tica de trabajo y un determinado espacio social activo alrededor de ella. Un proyecto que se lleva a cabo en\u00a0<strong>ciudades o barrios<\/strong>, que pueden ser entendidos como generadores de espacios sociales, culturales y medioambientales en el l\u00edmite entre lo natural, lo rural y lo urbano. El proyecto se fundamenta en la dimensi\u00f3n transversal del arte para articular experiencias y acciones, que inciden en elementos singulares a partir de tem\u00e1ticas comunes y estrategias compartidas entre los diversos agentes que participan en \u00e9l. La l\u00ednea de trabajo desarrollada entre\u00a0<strong>Idensitat<\/strong>\u00a0y\u00a0<strong>Centro Huarte<\/strong>\u00a0a trav\u00e9s de\u00a0<strong>Est\u00e9ticas Transversales<\/strong>, se ha llevado a cabo a trav\u00e9s de cinco ediciones previas, donde en cada cada una de ellas se ha focalizado en un tema espec\u00edfico:\u00a0<strong>\u201cEcosistemas Perif\u00e9ricos\u201d, \u201cEcosistemas del Ocio\u201d, \u201cEcosistemas de Ficci\u00f3n\u201d<\/strong>,\u00a0<strong>\u201cInmunidad ~ Comunidad\u201d y \u201cEn el Aire\u201d<\/strong>. En esta nueva edici\u00f3n planteamos abrir un proceso que ponga en relaci\u00f3n el contexto del r\u00edo Arga (Huarte) y el contexto del r\u00edo Bes\u00f2s (Barcelona), para tratar la idea\u00a0<strong>\u201chabitar el Fuego\u201d<\/strong>\u00a0como elemento, met\u00e1fora, o concepto com\u00fan.\r\n\r\nDesde esta perspectiva abrimos una convocatoria conjunta para poder seleccionar dos proyectos art\u00edsticos que aborden de una manera concreta la complejidad que supone, en el contexto contempor\u00e1neo el concepto\u00a0<strong>HABITAR EL FUEGO<\/strong>.\r\n\r\n<strong>HABITAR EL FUEGO COMO \u00c1MBITO TEM\u00c1TICO\r\n<\/strong>A partir de la convocatoria abierta se ofrece la posibilidad de trabajar, desde la pr\u00e1ctica art\u00edstica, en el desarrollo de proyectos que tomen como foco de inter\u00e9s o tema de trabajo el\u00a0<strong>fuego<\/strong>. El concepto fuego se trae aqu\u00ed desde m\u00faltiples posibilidades de interpretaci\u00f3n, donde los contextos (relacionados con los r\u00edos Arga y Bes\u00f2s) enmarquen el proyecto, pudiendo visibilizar tanto su condici\u00f3n vinculada a la potencia y energ\u00eda, como su capacidad devastadora.\r\n\r\nEl fuego es un elemento que evoca una amplia gama de emociones y significados en la experiencia humana. Desde su papel vital en nuestra supervivencia cotidiana hasta su capacidad transformadora y destructora en el \u00e1mbito simb\u00f3lico, el fuego sigue siendo uno de los elementos m\u00e1s poderosos y misteriosos de la naturaleza. Su presencia nos conecta con lo primitivo, lo salvaje, la tradici\u00f3n celebratoria o la fiesta, y nos evoca en igual medida nuestra capacidad para crear y destruir.\r\n\r\nDesde lo simb\u00f3lico \u200b\u200bel fuego es, a menudo, visto como un agente de transformaci\u00f3n, alude a la capacidad de destruir lo viejo para permitir el crecimiento de algo nuevo. En la alquimia, el fuego es s\u00edmbolo de la purificaci\u00f3n y el proceso de transmutaci\u00f3n de la materia.\r\n\r\nEs tambi\u00e9n un s\u00edmbolo de poder y energ\u00eda. En muchas culturas representa la fuerza vital, la pasi\u00f3n y la determinaci\u00f3n. En diversas mitolog\u00edas, las deidades asociadas con el fuego suelen ser consideradas como figuras poderosas y divinas que poseen un gran poder creativo y destructor. En muchas tradiciones y ritos tanto paganos como religiosos, el fuego se utiliza como un medio de purificaci\u00f3n y protecci\u00f3n. Desde las antiguas ceremonias de fuego sagrado hasta las velas encendidas en rituales religiosos, el fuego se considera un agente que limpia y protege de las energ\u00edas negativas.\r\n\r\nDesde lo metaf\u00f3rico, el fuego representa la luz de la sabidur\u00eda que disipa la ignorancia y la oscuridad del desconocimiento, se convierte en un s\u00edmbolo de iluminaci\u00f3n y conocimiento. En el contexto de las relaciones humanas, el fuego puede representar el ardor del amor y la conexi\u00f3n emocional entre las personas, pero tambi\u00e9n la ira, el deseo o la energ\u00eda creativa impulsiva.\r\n\r\nRevoluci\u00f3n, cambio, destrucci\u00f3n, violencia, control, manipulaci\u00f3n (\u2026) el fuego puede tener varias implicaciones pol\u00edticas, desde su uso como s\u00edmbolo de cambio y resistencia hasta su papel en la destrucci\u00f3n y la manipulaci\u00f3n.\r\n\r\nEl proyecto\u00a0<strong>Est\u00e9ticas Transversales \/ HABITAR EL FUEGO,<\/strong>\u00a0plantea trabajar a partir de las tensiones, paradojas o conexiones que se generan a trav\u00e9s del concepto\u00a0<strong>FUEGO<\/strong>, que son a su vez puestos en relaci\u00f3n con el r\u00edo o su configuraci\u00f3n urbana modelada a partir del recorrido del\u00a0<strong>R\u00edo Arga<\/strong>\u00a0en su paso por las poblaciones de\u00a0<strong>Huarte, Villava y Burlada,\u00a0<\/strong>o de la desembocadura del r\u00edo<strong>\u00a0Bes\u00f2s<\/strong>\u00a0en su paso por barrios y poblaciones del\u00a0<strong>\u00e1rea metropolitana de Barcelona<\/strong>. En cada uno de estos contextos, se activar\u00e1 un proyecto espec\u00edfico, que trate de aportar una opci\u00f3n creativa a la tensi\u00f3n que este concepto genera, para contribuir a configurar una mirada nueva o renovada.\r\n\r\nNos interesa el fuego por sus m\u00faltiples imaginarios, como esencia de vida en lo cotidiano, como elemento transformador y purificador en lo simb\u00f3lico, o como agente potencialmente devastador y exterminador. El fuego necesita del aire para poder existir, y junto con el aire, el agua y la tierra, formaba parte de los cuatro elementos de la tradici\u00f3n cl\u00e1sica, aunque en la complejidad contempor\u00e1nea el fuego ha pasado a ser la parte visible del proceso de transformaci\u00f3n de la materia combustible en su estado incandescente. Sigue presente en las celebraciones, festejos y tradiciones, pero tambi\u00e9n en las cat\u00e1strofes, algunas naturales y otras muchas provocadas por los humanos en forma de guerras, incendios y otros formatos de destrucci\u00f3n planificada. El fuego en tiempos de cambios clim\u00e1ticos y sist\u00e9micos, deviene articulador de pol\u00edticas que, desde lo presente, quiere moldear el futuro. Nos interesa\u00a0<strong>habitar el fuego<\/strong>\u00a0como una forma pol\u00edtico-po\u00e9tica para ampliar la mirada en su relaci\u00f3n con el contexto, m\u00e1s all\u00e1 (aunque tambi\u00e9n) con el aire, el agua y la tierra.\r\n\r\n[+info sobre ediciones anteriores:\u00a0<a href=\"https:\/\/www.idensitat.net\/es\/proyectos-en-proceso\/esteticas-transversales-2\/idensitat-centro-huarte\">https:\/\/www.idensitat.net\/es\/proyectos-en-proceso\/esteticas-transversales-2\/idensitat-centro-huarte<\/a>].\r\n\r\n<strong>CONTEXTOS DE TRABAJO\r\n<\/strong><strong>HUARTE.<\/strong>\u00a0La poblaci\u00f3n de Huarte, donde se sit\u00faa el Centro de Arte Contempor\u00e1neo de Huarte, se encuentra junto a Burlada y Villava en la periferia de Pamplona. Las tres localidades siguen el curso del r\u00edo<strong>\u00a0Arga<\/strong>, lo que ha generado entre ellas v\u00ednculos hist\u00f3ricos y culturales. En los \u00faltimos a\u00f1os en estas poblaciones se han modificado los l\u00edmites entre lo natural, lo rural y lo urbano, debido al crecimiento urban\u00edstico y poblacional, a la conversi\u00f3n de huertas en espacios de ocio, a los flujos y desbordamientos del r\u00edo. Este enclave geogr\u00e1fico, enmarcado por el flujo del r\u00edo en conexi\u00f3n con sus ecosistemas naturales y urbanos, define el contexto espec\u00edfico de trabajo.\r\n\r\n<strong>BARCELONA.<\/strong>\u00a0El contexto de trabajo propuesto para este proyecto es la zona conformada por barrios del \u00e1rea metropolitana pr\u00f3ximos a la desembocadura del r\u00edo\u00a0<strong>Bes\u00f2s<\/strong>\u00a0(Trinitat Vella, Bon Pastor, Bar\u00f3 de Viver, La Sagrera, Sant Andreu). Barrios que se encuentran en los l\u00edmites de la ciudad en una zona caracterizada por las m\u00faltiples v\u00edas de conexi\u00f3n con la zona norte del \u00e1rea metropolitana. Una zona densamente poblada que, con la recuperaci\u00f3n del r\u00edo como espacio natural, ha incrementado su relaci\u00f3n con \u00e9l, constituy\u00e9ndose como una de las principales zonas verdes tanto de los barrios como de la ciudad metropolitana (Barcelona, Santa Coloma de Gramenet, Sant Adri\u00e0 de Bes\u00f2s y Montcada i Reixac). En este caso, la desembocadura del Bes\u00f3s, en su paso por los diversos enclaves urbanos, define el contexto de trabajo en Barcelona.\r\n\r\n<strong>METODOLOG\u00cdA\r\n<\/strong>Los trabajos que se llevan a cabo en el marco de Est\u00e9ticas Transversales se definen a partir de\u00a0<strong>tres ejes comunes:<\/strong>\u00a0la articulaci\u00f3n de una residencia art\u00edstica temporal mediante la participaci\u00f3n de un\/a artista o colectivo como creador e investigador en el contexto, la configuraci\u00f3n de un nodo local que cuenta con la implicaci\u00f3n de diferentes agentes activos en el territorio, y la articulaci\u00f3n de transferencia de conocimientos y aprendizajes vinculados a otros \u00e1mbitos o tem\u00e1ticas, que denominamos dispositivos de acciones de mediaci\u00f3n.\u00a0<strong>Estos tres ejes pueden cruzarse, unificarse o coexistir de manera paralela<\/strong>, de manera que al menos dos de ellos convivan en un mismo proyecto.\r\n\r\nLos nodos locales pueden ser una suma de agentes, entidades o personas interesadas en participar o que est\u00e9n vinculadas a la tem\u00e1tica trabajada desde lo social, lo art\u00edstico o del \u00e1mbito de la investigaci\u00f3n. Se forman previamente al desarrollo del proyecto art\u00edstico y\/o acciones de mediaci\u00f3n, pudiendo variar o incrementarse durante el proyecto.\u00a0<strong>El\/la artista o colectivo debe plantear un proyecto y sumar sus propios agentes a la red<\/strong>, que se pueden vincular m\u00e1s o menos dependiendo de la funci\u00f3n que ocupen dentro de este sistema. De este modo, el proyecto\u00a0<strong>se lleva a cabo de forma triangular<\/strong>, planteando actividades o intervenciones en el espacio p\u00fablico, presentaciones abiertas y producci\u00f3n de resultados.\r\n\r\nLos proyectos que se llevan a cabo, deben investigar y explorar aspectos relacionados con el contexto para activar procesos de trabajo que se aborden en relaci\u00f3n a lo referido en el \u00e1mbito tem\u00e1tico. Desde imaginar otros ecosistemas posibles, hasta analizar los ecosistemas existentes para abordar ciertas realidades o construir ficciones que generen otras realidades posibles. El\u00a0<strong>nodo territorial<\/strong>\u00a0o grupo de agentes involucrados, y las\u00a0<strong>acciones de mediaci\u00f3n<\/strong>\u00a0se activan desde colectivos locales y personas interesadas en vincularse a este foco de inter\u00e9s. El proyecto seleccionado desarrollar\u00e1 su trabajo a partir de este contexto y tem\u00e1tica predefinida.\r\n\r\n<hr \/>\r\n\r\n<strong>BASES DE LA CONVOCATORIA\r\n<\/strong><strong>IDENSITAT\u00a0<\/strong>y<a href=\"http:\/\/www.centrohuarte.es\/\"><strong>\u00a0CENTRO HUARTE<\/strong><\/a><strong>\u00a0ofrecen dos residencias a un\/a artista o colectivo<\/strong>\u00a0para desarrollar un proyecto con el contexto social de la poblaci\u00f3n bien de Huarte o bien de Barcelona. Las residencias se plantean de forma h\u00edbrida, combinando la presencialidad con el trabajo a distancia necesario para completar el proyecto. El periodo presencial tiene una temporalidad aproximada de\u00a0<strong>cinco semanas de duraci\u00f3n a desarrollar entre julio y noviembre de 2024<\/strong>, que se concretar\u00e1 entre la disponibilidad del\/la artista o colectivo seleccionado y las organizaciones impulsoras, en funci\u00f3n del proyecto.\r\n\r\n<strong>A QUI\u00c9N SE DIRIGE\r\n<\/strong>La convocatoria est\u00e1 dirigida a\u00a0<strong>artistas o colectivos\u00a0<\/strong>interesados en desarrollar un proyecto art\u00edstico en los contextos sociales donde se inscribe la propuesta y sobre la tem\u00e1tica planteada. Se valorar\u00e1 positivamente el dominio del castellano, catal\u00e1n y\/o euskera. En caso de que el idioma sea el ingl\u00e9s, se deber\u00e1 contemplar la traducci\u00f3n como parte de la producci\u00f3n, en aquellas actividades que lo requieran.\r\n\r\n<strong>QU\u00c9 SE OFRECE\r\n<\/strong>Cada una de las propuestas seleccionadas contar\u00e1 con\u00a0<strong>2.300 euros<\/strong>\u00a0en concepto de honorarios y dietas, y un m\u00e1ximo de\u00a0<strong>1.400 euros<\/strong>\u00a0en concepto de producci\u00f3n. Se cubre el alojamiento y hay una ayuda de viaje de hasta\u00a0<strong>400 euros<\/strong>.\r\n\r\n<strong>PARA QU\u00c9\r\n<\/strong>Mediante esta convocatoria se seleccionar\u00e1n dos propuestas para realizar dos residencias temporales, una en Huarte y otra en Barcelona. El objetivo de cada residencia es definir un proyecto de investigaci\u00f3n y creaci\u00f3n que se formalice a partir de la tem\u00e1tica planteada. Los resultados podr\u00e1n presentarse p\u00fablicamente en cada uno de los contextos trabajados, ajust\u00e1ndose a la naturaleza de cada proyecto.\r\n\r\n<strong>DOCUMENTACI\u00d3N A PRESENTAR\r\n<\/strong>El proceso de selecci\u00f3n se realizar\u00e1 en base a\u00a0<strong>dos fases<\/strong>. La\u00a0<strong>primera\u00a0<\/strong>consiste en presentar un proyecto, para seleccionar, entre aquellas propuestas recibidas, un m\u00ednimo de cuatro que pasar\u00e1n a una segunda fase. La<strong>\u00a0segunda fase<\/strong>\u00a0consiste en una entrevista que se realizar\u00e1 con el objetivo de conocer mejor la motivaci\u00f3n, la propuesta y las afinidades con la tem\u00e1tica y marco de trabajo que la organizaci\u00f3n ofrece. A partir de esta segunda fase se escoger\u00e1n los proyectos que se invitar\u00e1n a realizar en las residencias en Huarte y en Barcelona. En el proceso de selecci\u00f3n participar\u00e1n un miembro de cada entidad organizadora (Idensitat y Centro Huarte) y alfonso borragan como agente externo invitado.\r\n\r\n<strong>1\u00aa Fase<\/strong>\r\nLas propuestas deber\u00e1n remitirse en formato digital utilizando el formulario espec\u00edfico, rellenando cada uno de los campos y adjuntando en un \u00fanico documento en formato PDF (m\u00e1ximo 8 Mb) que incluya:\r\n\r\n- Propuesta. Documento escrito que defina las l\u00edneas b\u00e1sicas del proyecto (m\u00e1ximo 3 p\u00e1ginas con im\u00e1genes incluidas), indicando una metodolog\u00eda de trabajo que tenga en cuenta los elementos se\u00f1alados, objetivos, acciones, posibilidades de formalizaci\u00f3n y calendario de trabajo.\r\n\r\n- Un dossier con una selecci\u00f3n de un m\u00e1ximo de 4 proyectos o trabajos previos contextualizando cada una de ellos mediante textos e im\u00e1genes, para facilitar su comprensi\u00f3n. (siempre que sea necesario se podr\u00e1 complementar con enlaces web).\r\n\r\n- Texto breve que responda a la pregunta: - \u00bfCu\u00e1l es tu motivaci\u00f3n para participar en este proyecto? (1 p\u00e1gina)\r\n\r\n- Curr\u00edculum resumido de la persona o miembros que formen parte de la propuesta de proyecto, destacando aquellos aspectos relevantes que se relacionen con la propuesta. En caso de colectivos hay que especificar un representante (m\u00e1ximo 2 p\u00e1ginas por persona).\r\n\r\n- Datos de contacto (nombre, tel\u00e9fono, e-mail y direcci\u00f3n postal).\r\n\r\n<strong>2\u00aa Fase\r\n<\/strong>- Entrevista con los miembros del comit\u00e9 de selecci\u00f3n, pudiendo en este caso participar m\u00e1s de un miembro de cada organizaci\u00f3n, adem\u00e1s de la persona externa invitada.\r\n\r\n<strong>La primera fase de la convocatoria est\u00e1 abierta hasta el 24\/05\/2024. \/ 23:59h (ESP)\r\n<\/strong><strong>La fecha de la entrevista se comunicar\u00e1 a los\/as preseleccionados\/as en el plazo m\u00e1ximo de un mes a partir del cierre de la convocatoria.<\/strong>\r\n\r\n<strong><a href=\"https:\/\/www.idensitat.net\/es\/proyectos-en-proceso\/esteticas-transversales-2\/idensitat-centro-huarte\/1804-esteticas-transversales-habitar-el-fuego\/?option=com_rsform&amp;view=rsform&amp;formId=57\">&gt; ACCESO AL FORMULARIO DE INSCRIPCI\u00d3N<\/a>\u00a0<\/strong>\r\nProyecto redactado en castellano, euskera, catal\u00e1n o ingl\u00e9s.\r\n\r\n<strong>CRITERIOS DE VALORACI\u00d3N\r\n<\/strong>La selecci\u00f3n de los proyectos se realizar\u00e1 entre IDENSITAT y el Centro de Arte Contempor\u00e1neo Huarte, m\u00e1s una persona externa invitada. Se tendr\u00e1 en cuenta:\r\n\r\n- La calidad, claridad y viabilidad de la propuesta.\r\n\r\n- La singularidad en relaci\u00f3n a la tem\u00e1tica planteada.\r\n\r\n- La capacidad de adaptabilidad de la propuesta a los contextos.\r\n\r\n- La coherencia de la propuesta con la trayectoria del\/as solicitante\/s\r\n\r\n<strong>FECHAS\r\n<\/strong>El proyecto se realizar\u00e1 en una residencia de\u00a0<strong>cinco semanas de duraci\u00f3n dividida en dos momentos, una primera estancia de una o dos semanas y una segunda de 3 o 4 semanas,<\/strong>\u00a0a concretar entre la disponibilidad del\/la artista o colectivo seleccionado y las organizaciones impulsoras.\r\n\r\n<strong>En Huarte:\u00a0<\/strong><strong>La residencia se desarrollar\u00e1 entre la segunda quincena de agosto y noviembre 2024\r\n<\/strong>Los espacios disponibles para la presentaci\u00f3n de resultados y la celebraci\u00f3n de actividades relacionadas con el proyecto son, a parte del propio Centro Huarte, los equipamientos gestionados por la Mancomunidad de la Comarca de Pamplona: el Bat\u00e1n y el Molino de San Andr\u00e9s (Atarrabia-Villava).\r\n\r\n<strong>En Barcelona:\u00a0<\/strong><strong>La residencia se desarrollar\u00e1 entre julio y noviembre 2024 (excepto agosto)\r\n<\/strong>Idensitat pondr\u00e1 a disposici\u00f3n su espacio de trabajo en Fabra i Coats F\u00e0brica de Creaci\u00f3, donde en funci\u00f3n de su disponibilidad, se podr\u00e1n celebrar actividades relacionadas.\r\n\r\n<strong>Dependiendo de la naturaleza de los proyectos, las entidades organizadoras podr\u00e1n proponer encuentros entre las dos propuestas seleccionadas fuera de las fechas de la residencia.<\/strong>\r\n\r\n<strong>T\u00c9RMINOS Y CONDICIONES\r\n<\/strong>El hecho de presentarse a esta convocatoria implica reconocer la aceptaci\u00f3n de las presentes bases. Los trabajos seleccionados ser\u00e1n propiedad del autor\/a o autoras\/es. IDENSITAT y el CENTRO DE ARTE CONTEMPOR\u00c1NEO HUARTE como organizaciones impulsoras de EST\u00c9TICAS TRANSVERSALES - AIRE, podr\u00e1n reproducir y divulgar mediante publicaciones on-line o en formato papel la totalidad o parte del programa, siempre citando las respectivas autor\u00edas y agentes colaboradores. IDENSITAT y CENTRO DE ARTE CONTEMPOR\u00c1NEO HUARTE archivar\u00e1n toda la documentaci\u00f3n que se genere a partir de esta convocatoria y del desarrollo del proyecto en su totalidad.","desc_en":"<strong>Residencies of research and artistic production at Huarte and Barcelona<\/strong>\r\nIDENSITAT + Centro Huarte \/2024\r\n\r\n<strong>Two five-week arts project residencies within the social contexts of Huarte and Barcelona, to take place between the months of July and November 2024.<\/strong>\r\n\r\n<strong>Deadline for submissions: 24th May 2024.<\/strong>\r\n\r\n<strong>IDENSITAT and CENTRO HUARTE<\/strong>\u00a0announce an open call for submissions for two investigation and production projects within the\u00a0<strong>Transversal Aesthetics \/ LIVING IN FIRE programme,<\/strong>\u00a0one in the local context of the\u00a0<strong>river Arga as it passes through Huarte, Villava and Burlada, and one in the local context of the river Bes\u00f3s as it passes through Barcelona - Santa Coloma de Gramenet and Sant Adri\u00e0 de Bes\u00f2s.<\/strong>\u00a0The projects will take place within hybrid residencies, exploring material or immaterial, temporal or atemporal, real or imaginary conditions, and the specific nature of these local contexts making use of processes which activate social space. Each residency will combine an on-site presence, and previous and subsequent remote work. The two projects will be selected in an open call for submissions. and the residencies will take place between July and November 2024.\r\n\r\n<strong>INTRODUCTION<\/strong>\r\nTransversal Aesthetics is a programme for investigation and experimentation on the intersection between art, mediation and social space; establishing a place of confluence between artistic practices as a vehicle for critical research; mediation activities as a vehicle for the production of content, interaction and learning transfer; and the urban context as a vehicle for connecting specific themes of work to a specific active social space relevant to these themes. Transversal Aesthetics takes shape in medium-sized urban contexts, understood as generators of social, cultural and environmental spaces at the boundary between rural and urban; a programme founded upon the cross-disciplinary dimension of art, in order to combine experiences and activities which impact upon unique elements on the basis of common themes and strategies shared among various participating agents.\u00a0 There have been five previous editions of the Transversal Aesthetics programme by Idensitat and Centro Huarte, each of them focusing on a specific theme: \"<em>Peripheral Ecosystems<\/em>\", \"<em>Ecosystems of Leisure<\/em>\", \"<em>Ecosystems of Fiction<\/em>\", and \"<em>Immunity ~ Community<\/em>\", and \u201cIn the Air\u201d. This new edition will explore the idea of \"Living In Fire\" as a metaphorical element or common theme. making a connection between the local context of the Arga river (Huarte) and that of the river Bes\u00f2s (Barcelona).\r\n\r\nIdensitat and Centro Huarte are issuing a joint open call for submissions in order to select two artistic projects which specifically address the complexity of dealing with the concept of Living In Fire in contemporary thought.\r\n\r\n<strong>THE KEY THEMES OF LIVING IN FIRE\r\n<\/strong>This open call offers applicants the possibility of exploring and developing artistic projects which focus upon the concept of fire as a working theme. The concept of fire here is subject to multiple interpretations, in which the rivers Arga and Bes\u00f2s contextualise the projects, which manifests fire both as an energetic element, and as a devastating force.\r\n\r\nFire evokes a wide range of emotions and meanings in the human experience. From its vital role in our daily survival to its transformative and destructive capacity in the symbolic realm, fire remains one of the most powerful and mysterious elements in nature. Its presence connects us to the primitive, wild, celebratory festival tradition, and evinces, in equal measure, our capacity to create and destroy.\r\n\r\nSymbolically, fire is often seen as an agent of transformation, alluding to its ability to destroy the old in order that the new may grow. In alchemy, fire is a symbol of purification and the process of transmutation of matter.\r\n\r\nIn many cultures, fire represents the life force, passion and determination. In various mythologies, the deities associated with fire are often regarded as possessing great creative and destructive power. In many traditions and religious rites, fire is used as a means of purification and protection. From ancient sacred fire ceremonies to candles lit in religious rituals, fire is seen as an agent that cleanses and protects against negative energies.\r\n\r\nMetaphorically, fire represents the light of wisdom that dispels the darkness of ignorance, becoming a symbol of enlightenment and knowledge. In the context of human relationships, fire can represent the ardour of love and emotional connection between people, but also anger, desire, or impulsive creative energy.\r\n\r\nRevolution, change, destruction, violence, control, manipulation \u2026 Fire may take on various political implications, from its use as a symbol of change and resistance, to its role in destruction and manipulation.\r\n\r\nTransversal Aesthetics \/ LIVING IN FIRE examines the tensions, paradoxes or connections generated by the concept FIRE, while also associating these concept with a river, or its urban configuration; following the course of the river Arga as it passes through the towns of Huarte, Villava and Burlada; or the mouth of the River Bes\u00f2s as it flows into the Mediterranean, passing neighbourhoods and towns in the metropolitan area of Barcelona. In each area, a specific project will be activated providing a creative approach, and contributing a new perspective to resolve the tension generated within the key theme of \u201cLiving in Fire\u201d.\r\n\r\nWe are interested in the multiple imaginaries of fire; as the essence of everyday life, as a symbolic element of transformation and purification, or as a potential agent of devastation and extermination. Fire needs air in order to exist, and together with air, water, and earth, it formed part of the four elements of the classical tradition, although in contemporary complexity, fire is considered to be the visible part of the process of transformation of combustible matter in its incandescent state. It remains present in celebrations, festivities and traditions, but also in natural and many human-induced conflagrations, such as wars, deliberate arson attacks, and other forms of planned destruction. In these times of climate change, policies related to fire have become central, with a general will of shaping a better future. We would like to open up the perspective of \u201cLiving in Fire\u201d, to a political-poetic approach to build our relationship with the local environment, beyond (but also with) air, water, and earth.\r\n\r\n<strong>WORKING LOCATIONS\r\nPAMPLONA:<\/strong>\u00a0The town of Huarte, where the Huarte Contemporary Art Centre is located, stands next to the towns of Burlada and Villava on the outskirts of Pamplona. The three localities follow the course of the river Arga, which has generated historical and cultural links between the three towns. In recent years, the boundaries between natural, rural and urban areas in these towns have been modified, due to urban spread and population growth, the conversion of allotment gardens into leisure spaces, and the flow and periodic overspills of the river.\u00a0 This geographical enclave, framed by the flow of the river in connection with its natural and urban ecosystems, defines the specific working context.\r\n\r\n<strong>BARCELONA:<\/strong>\u00a0The working context for this project is the area which comprises neighbourhoods in the metropolitan area near the mouth of the Bes\u00f2s river (Trinitat Vella, Bon Pastor, Bar\u00f3 de Viver, La Sagrera, Sant Andreu). These neighbourhoods are located on the edge of the city in an area characterised by multiple connections to the north of the metropolitan zone. A densely populated area which has deepened its relationship with the river since its recovery as a natural space, becoming one of the main green areas of both the neighbourhoods and the metropole (Barcelona, Santa Coloma de Gramenet, Sant Adri\u00e0 de Bes\u00f2s and Montcada i Reixac). In this case, the mouth of the Bes\u00f3s, as it touches upon the various urban enclaves, defines the working context in Barcelona.\r\n\r\n<strong>METHODOLOGY\r\n<\/strong>Transversal Aesthetics will follow three common strands; organising a temporary artistic residence, with the participation of an artist or a collective as creator and researcher within the context; setting up a local node involving various regional agents and associations; and organising a transfer of knowledge and learning related to other fields and subjects, in a suite of measures which we will denominate as Mediation Activities. These three strands may cross over, they may work in unison, or they may run in parallel, so that at least two of them will work together on the same project.\r\n\r\nThe local nodes may comprise a number of agents, organisations or individuals with an interest in participating in the project, or who are associated with the social, artistic or research aspects of the theme. These nodes will be formed prior to the development of the artistic project and\/or mediation activities, and may vary in character, or may expand as time goes on. The artist or collective must propose a project involving the node, and must add their own agents to the network, who may become more or less involved, depending upon their role within the project\u2019s framework. The project will be carried out in a triangular fashion, proposing activities or interventions in public space, open presentations, and production of results.\r\n\r\nSelected projects must investigate and explore aspects relevant to the context in order to activate working processes which address the reference points of the thematic field; from imagining other possible ecosystems, to analysing existing ecosystems in order to address certain realities, or to construct fictions that generate other possible realities. The territorial node, and activities of mediation, will involve local collectives and individuals interested in working within the proposed thematic field. The selected projects will develop their work from this predefined local contexts and theme.\r\n\r\n<hr \/>\r\n\r\n<strong>OPEN CALL FOR SUBMISSIONS\r\n<\/strong>IDENSITAT and CENTRO HUARTE will each offer a residency to an artist or a collective to develop a project within the social contexts of Huarte and Barcelona. The residencies have been conceived as hybrid, combining on-site presence with any off-site work to ensure the completion of the project. The on-site period will last approximately five weeks, to be carried out between July and November 2024, t.b.d. according to the availability of the selected artist or collective and the promoting organisations, depending on the project.\r\n\r\n<strong>ELIGIBILITY<\/strong>\r\nThe call is aimed at artists interested in developing an artistic project within the social contexts in which the proposal is set, and on the specific theme proposed. Proficiency in Spanish and \/ or Basque will be valued positively. In the event that English should be the main language used in the project, translation should be considered as part of the production in those activities that may require translation services.\r\n\r\n<strong>GRANTS<\/strong>\r\nThe selected proposals will each be granted 2300 euros in fees and expenses, and up to 1400 euros for production. Organisation covers accommodation, and there are travel grants available up to 400\u20ac.\r\n\r\n<strong>OBJECTIVE<\/strong>\r\nFrom this call for submissions, two proposals will be selected for the two temporary residencies, one in Huarte and the other in Barcelona. The aim of each residency is to define a research and creation project based on the proposed theme. The results may be presented publicly in each of the working contexts, according to the nature of each project.\r\n\r\n<strong>DOCUMENTATION TO BE SUBMITTED<\/strong>\r\nThe selection process will be carried out in two phases. The first phase will consist of the submission of proposals, from which a minimum of four will advance to the second phase of selection. The second phase will consist of an interview with the shortlisted artists in order to find out more about the motivation for applying, the proposal itself, and the proposal\u2019s affinities with the thematic field and the framework offered by the organisers. From this second phase, two projects will be selected, and the successful applicants will be invited to take part in the residencies in Huarte and Barcelona. The panel for the selection process will include a member of each organisation, and Alfonso Borragan as guest panellist.\r\n\r\n<strong>Phase 1<\/strong>\r\nProposals should be sent in digital format using the specific form, filling in each of the required fields, attached in a single document using PDF format (maximum 8 MB), which must\u00a0 include:\r\n\r\n- Proposal \/ pre-project: a written document defining the basic lines of the project (3 page max), indicating a working methodology which takes into account the bases indicated above, objectives, actions, possibilities for formalisation and timetable of work.\r\n\r\n- A portfolio with a selection of a maximum of 4 previous projects or artworks, contextualising each of them through texts and images, to facilitate their understanding (if necessary, including links to websites).\r\n\r\n- Short text answering the question, \u201cWhat is your motivation for participating in this project?\u201d\r\n\r\n- Summary CV(s) of person(s) involved in the project proposal, highlighting relevant aspects related to the proposal. In the case of groups, a representative must be specified (maximum 2 pages per person).\r\n\r\n- Contact details (name, telephone number, e-mail and postal address).\r\n\r\n<strong>Phase 2\r\n<\/strong>- Interview with the members of the selection panel, which may include more than one member of each organising body, in addition to the guest panellist.\r\n\r\n<strong>The deadline for the first phase of the open call is 24\/05\/2024 \/ 23:59 (SPA)<\/strong>\r\n\r\nThe date of the interview will be communicated to the shortlisted applicants no later than one month after the closing date of the call for applications.\r\n\r\n<strong><a href=\"https:\/\/www.idensitat.net\/en\/current-projects\/transversal-aesthetics-2\/idensitat-centro-huarte\/1803-transversal-aesthetics-living-on-fire\/?option=com_rsform&amp;view=rsform&amp;formId=57\">&gt; CLICK HERE FOR APPLICATION FORM\r\n<\/a><\/strong>Proposals may be written in Spanish, Basque, Catalan or English.\r\n\r\n<strong>SELECTION CRITERIA<\/strong>\r\nAccording to these rules, the selection of projects will be made between Idensitat and Centro de Arte Contempor\u00e1neo de Huarte with one external guest. Points to be considered:\r\n\r\nThe quality, the clarity, and the relevance of the proposal\r\n\r\nOriginality in accordance with the main theme of the open call\r\n\r\nThe adaptability of the proposal to the specific local contexts\r\n\r\nHow this project fits into the applicants career path\r\n\r\n<strong>DATES<\/strong>\r\nThe project will be carried out within a five-week residency, divided into one stay of 1 or 2 weeks, and a later period of 3 or 4 weeks\u2019 stay, the details to be specified taking into consideration the availability of the selected artist or group and the promoting organisations.\r\n\r\n<strong>HUARTE<\/strong>\r\nThe residency will take place between 15th of August and the end of November 2024. The spaces available for the activities and presentation of results of the project will be, apart from the Centro Huarte itself, the venues managed by the Mancomunidad de la Comarca de Pamplona: the Bat\u00e1n, and the Molino de San Andr\u00e9s (Atarrabia- Villava).\r\n\r\n<strong>BARCELONA<\/strong>\r\nThe residency will take place between July and November 2024 (excluding the month of August)\r\n\r\nIdensitat will make its workspace at Fabra i Coats- F\u00e0brica de Creaci\u00f3 available for the duration of the residency. Activities and presentations within the premises may be subject to the availability of the centre spaces.\r\n\r\nDepending on the nature of the projects, the organising bodies may propose meetings between the two selected artists outside the residency dates.\r\n\r\n<strong>TERMS AND CONDITIONS\r\n<\/strong>Submitting the entry form indicates that you agree with the terms and conditions outlined within this open call.\r\nThe selected artworks will remain the intellectual property of the artist(s). IDENSITAT and Centro de Arte Contempor\u00e1neo de Huarte, as promoters of TRANSVERSAL AESTHETICS \u2013 LIVING IN FIRE,\u00a0 may reproduce and distribute, by means of on-line publications or in paper format, the whole or part of the programme, while always citing the corresponding credits for creators and participating agents. IDENSITAT and Centro de Arte Contempor\u00e1neo de Huarte will archive all documentation generated as part of this open call, as well as that arising from the development of the project as a whole.","event_category":77,"event_show_only_own_date":true,"_event_confirmed":true,"_event_public":true,"_event_free":false,"_event_price-min":"","_event_price-max":"","_event_web_ca":"https:\/\/www.idensitat.net\/ca\/projectes-en-proces\/estetiques-transversals-2\/idensitat-centro-huarte\/1802-estetiques-transversals-habitar-el-foc","_event_web_es":"https:\/\/www.idensitat.net\/es\/proyectos-en-proceso\/esteticas-transversales-2\/idensitat-centro-huarte\/1804-esteticas-transversales-habitar-el-fuego","_event_web_en":"https:\/\/www.idensitat.net\/en\/current-projects\/transversal-aesthetics-2\/idensitat-centro-huarte\/1803-transversal-aesthetics-living-on-fire","event_contact_email":"idensitat@idensitat.net","event_apply_email":"https:\/\/www.idensitat.net\/ca\/projectes-en-proces\/estetiques-transversals-2\/idensitat-centro-huarte\/1802-estetiques-transversals-habitar-el-foc\/?option=com_rsform&amp;view=rsform&amp;formId=57","is_online_event":false,"is_art_nou_event":false,"is_bgw_event":false,"date_text":"","register_deadline":null,"altres_organitzadors":[158]},"abe_event_venue":null,"abe_event_category":"Convocat\u00f2ries","start":"2024-04-24 00:00:00","end":"2024-05-24 23:59:00","schedule":"once","schedule_meta":"","frequency":1,"all_day":1,"until":"2024-04-24 00:00:00","include":[],"exclude":[],"_links":{"self":[{"href":"https:\/\/graf.cat\/en\/wp-json\/wp\/v2\/events\/38326","targetHints":{"allow":["GET"]}}],"collection":[{"href":"https:\/\/graf.cat\/en\/wp-json\/wp\/v2\/events"}],"about":[{"href":"https:\/\/graf.cat\/en\/wp-json\/wp\/v2\/types\/event"}],"author":[{"embeddable":true,"href":"https:\/\/graf.cat\/en\/wp-json\/wp\/v2\/users\/158"}],"occurrences":[{"embeddable":true,"href":"https:\/\/graf.cat\/en\/wp-json\/wp\/v2\/events\/38326\/occurrences"}],"acf:user":[{"embeddable":true,"href":"https:\/\/graf.cat\/en\/wp-json\/wp\/v2\/users\/158"}],"acf:term":[{"embeddable":true,"taxonomy":"event-category","href":"https:\/\/graf.cat\/en\/wp-json\/wp\/v2\/event-category\/77"}],"wp:featuredmedia":[{"embeddable":true,"href":"https:\/\/graf.cat\/en\/wp-json\/wp\/v2\/media\/38327"}],"wp:attachment":[{"href":"https:\/\/graf.cat\/en\/wp-json\/wp\/v2\/media?parent=38326"}],"wp:term":[{"taxonomy":"event-venue","embeddable":true,"href":"https:\/\/graf.cat\/en\/wp-json\/wp\/v2\/event-venues?post=38326"},{"taxonomy":"event-tag","embeddable":true,"href":"https:\/\/graf.cat\/en\/wp-json\/wp\/v2\/event-tags?post=38326"}],"curies":[{"name":"wp","href":"https:\/\/api.w.org\/{rel}","templated":true}]}}