{"id":38426,"guid":{"rendered":"https:\/\/graf.cat\/?post_type=event&#038;p=38426"},"modified":"2024-05-21T08:09:22","modified_gmt":"2024-05-21T06:09:22","slug":"panoptic","status":"publish","type":"event","link":"https:\/\/graf.cat\/en\/events\/event\/panoptic\/","title":{"rendered":"Pan\u00f2ptic. Festival de cinema, arts visuals i pensament"},"content":{"rendered":"","protected":false},"excerpt":{"rendered":"","protected":false},"author":159,"featured_media":38427,"template":"","meta":{"_acf_changed":false,"_monsterinsights_skip_tracking":false,"_monsterinsights_sitenote_active":false,"_monsterinsights_sitenote_note":"","_monsterinsights_sitenote_category":0},"event-venues":[635],"event-tags":[],"class_list":["post-38426","event","type-event","status-publish","has-post-thumbnail","hentry","event-venue-mac-preso","event-category-festival"],"acf":{"title_ca":"Pan\u00f2ptic. Festival de cinema, arts visuals i pensament","title_es":"Pan\u00f2ptic. Festival de cinema, arts visuals i pensament","title_en":"Pan\u00f2ptic. Festival de cinema, arts visuals i pensament","desc_ca":"<p align=\"justify\"><span lang=\"ca-ES\"><strong>PROGRAMA<\/strong><\/span><\/p>\r\n<p align=\"justify\"><span lang=\"ca-ES\"><strong>DIMECRES<\/strong><\/span><span lang=\"ca-ES\"><strong>\u00a0<\/strong><\/span><span lang=\"ca-ES\"><strong>29<\/strong><\/span><span lang=\"ca-ES\"><strong>\u00a0DE MAIG<\/strong><\/span>\r\n<span lang=\"ca-ES\">20.30\u00a0<\/span><span lang=\"ca-ES\">h |\u00a0<\/span><span lang=\"ca-ES\"><strong>Inauguraci\u00f3 del Festival Pan\u00f2ptic amb\u00a0<\/strong><\/span><span lang=\"ca-ES\"><strong>la\u00a0<\/strong><\/span><span lang=\"ca-ES\"><strong>projecci\u00f3\u00a0<\/strong><\/span><span lang=\"ca-ES\"><strong>de<\/strong><\/span><span lang=\"ca-ES\"><strong>\u00a0<em>Tiempos modernos<\/em><\/strong><\/span>\r\nPel\u00b7l\u00edcula de Charles Chaplin | EEUU | 1936 | 87 minuts<span lang=\"ca-ES\"><strong>\r\n<\/strong><\/span><span lang=\"ca-ES\">Tret de sortida de la programaci\u00f3 del festival\u00a0<\/span><span lang=\"ca-ES\">amb el cl\u00e0ssic\u00a0<\/span><span lang=\"ca-ES\">estatunidenc de Charles Chaplin.\u00a0<\/span><\/p>\r\n<p align=\"left\">La projecci\u00f3, protagonitzada per Charlot, relata el treball obrer dins una f\u00e0brica de caragols. El treball repetitiu i en cadena acaben per tornar al protagonista boig, fins a tal punt que decideix renunciar i viure al carrer acompanyat d'una nena orfe. Plegats, afrontaran les dificultats de la vida.<\/p>\r\n<p align=\"left\"><span lang=\"ca-ES\">Lloc:\u00a0<\/span><span lang=\"ca-ES\">Foment Mataron\u00ed<\/span><span lang=\"ca-ES\">\r\nActivitat gratu\u00efta<\/span><\/p>\r\n<p lang=\"ca-ES\" align=\"justify\"><strong>DIJOUS 30 DE MAIG\u00a0<\/strong>\r\n16.30 h |\u00a0<strong>Pan\u00f2ptic PRO<\/strong>\r\nTrobada entre professionals de l\u2019audiovisual, gestores culturals i creadores amb mirada cr\u00edtica. Amb col\u00b7laboraci\u00f3 de<strong>\u00a0Clack Audiovisual<\/strong>.<\/p>\r\n<p lang=\"ca-ES\" align=\"justify\">Lloc: M|A|C Pres\u00f3\r\nActivitat gratu\u00efta<\/p>\r\n<p lang=\"ca-ES\" align=\"justify\">20.30 h |\u00a0<strong>Inauguraci\u00f3 de l\u2019exposici\u00f3\u00a0<\/strong><em><strong>La f\u00e0brica transparent<\/strong><\/em>\r\nExposici\u00f3 d'arts visuals sobre la relaci\u00f3 entre els videojocs, el treball, el temps i la imaginaci\u00f3. Amb la participaci\u00f3 de les artistes\u00a0<strong>Marta Azparren, Raquel Friera\u00a0<\/strong>i\u00a0<strong>Roc Par\u00e9s<\/strong>, i el comissari\u00a0<strong>Marc Villanueva Mir<\/strong>.<\/p>\r\n<p lang=\"ca-ES\" align=\"justify\">Lloc: M|A|C Pres\u00f3\r\nActivitat gratu\u00efta<\/p>\r\n<p lang=\"ca-ES\" align=\"justify\">21 h |\u00a0<strong>Performance art\u00edstica\u00a0<\/strong><em><strong>Soy el cuerpo extra\u00f1o que mira<\/strong><\/em>\r\nA c\u00e0rrec de l\u2019artista\u00a0<strong>Marta Azparren<\/strong>\u00a0en el marc de l\u2019exposici\u00f3.<\/p>\r\n<p lang=\"ca-ES\" align=\"justify\">Lloc: M|A|C Pres\u00f3\r\nActivitat gratu\u00efta<\/p>\r\n<p lang=\"ca-ES\" align=\"justify\"><strong>DIVENDRES 31 DE MAIG<\/strong><\/p>\r\n<p lang=\"ca-ES\" align=\"justify\">11.30 h |\u00a0<strong>Projecci\u00f3 per a instituts de\u00a0<\/strong><em><strong>Midnight Traveler<\/strong><\/em>\r\nCurtmetratge de Hassan Fazili | EEUU | 2019 | 87 minuts | VOSE<\/p>\r\n<p lang=\"ca-ES\" align=\"justify\"><em>Midnight traveler<\/em>\u00a0\u00e9s un documental de 2019 dirigida per Hassan Fazili. Filmada en tres tel\u00e8fons intel\u00b7ligents per una parella de cineastes afgans i les seves dues filles, narra el viatge de tres anys que van haver de fer des de casa seva a l'Afganistan fins a Europa a la recerca d'asil.<\/p>\r\n<p lang=\"ca-ES\" align=\"justify\"><u>Pel\u00b7l\u00edcula a<\/u><u>pta a partir dels 12 anys<\/u>.\r\nLloc: Foment Mataron\u00ed\r\n<u>A<\/u><u>ctivitat reservada als Instituts de Matar\u00f3.\u00a0<\/u><\/p>\r\n<p lang=\"ca-ES\" align=\"justify\">19.30 h |\u00a0<strong>Club de Videojocs<\/strong>\r\nTrobada per a compartir experi\u00e8ncies laborals relacionades als videojocs. Xerrarem, jugarem i farem pica-pica.<\/p>\r\n<p lang=\"ca-ES\" align=\"justify\">Lloc: M|A|C Pres\u00f3\r\nActivitat gratu\u00efta<\/p>\r\n<p lang=\"ca-ES\" align=\"justify\">21.30 h |\u00a0<strong>Secci\u00f3 Oficial Curtmetratges<\/strong>\r\nProjecci\u00f3 a la fresca dels curmetratges que concursen als\u00a0Premis Pan\u00f2ptic 2024.<\/p>\r\n<p lang=\"ca-ES\" align=\"justify\"><em>Blood Like Water\u00a0<\/em>(Dima Hamdan, Alemanya, 2023, 14 min)\r\n<em>March 8, 2020: A Memoir<\/em>\u00a0(F\u0131rat Y\u00fccel, Turquia, 2023, 15 min)\r\n<em>Escribiendo...<\/em>\u00a0(Pablo Olewski, Espanya, 2024, 3 min)\r\n<em>All we had to do was follow the damn train CJ<\/em>\u00a0(Flesh.Webm, Espanya, 2023, 4 min)\r\n<em>Kumbang<\/em>\u00a0(Gwai Lou, Espanya, 2023, 14 min)\r\n<em>L@ cita<\/em>\u00a0(Itziar Castro, Espanya, 2023, 10 min).<\/p>\r\n<p lang=\"ca-ES\" align=\"justify\">Lloc: M|A|C Pres\u00f3\r\nPreu: 4\u20ac<\/p>\r\n<p lang=\"ca-ES\" align=\"justify\"><strong>DISSABTE 1 DE JUNY<\/strong>\r\n12 h |\u00a0<strong>L\u2019aperitiu amb...\u00a0<\/strong><em><strong>La f\u00e0brica transparent<\/strong><\/em>\r\nVisita a l\u2019exposici\u00f3 amb algunes artistes participants. Inclou aperitiu i vermut.<\/p>\r\n<p lang=\"ca-ES\" align=\"justify\">Lloc: M|A|C Pres\u00f3\r\nActivitat gratu\u00efta<\/p>\r\n<p lang=\"ca-ES\" align=\"justify\">17 h |\u00a0<strong>Projecci\u00f3 per a tots els p\u00fablics\u00a0<\/strong><em><strong>Robot Dreams<\/strong><\/em>\r\nPel\u00b7l\u00edcula de Pablo Berger | Espanya | 2023 | 102 minuts | VO\r\n<em>Robot Dreams<\/em>\u00a0\u00e9s un film d\u2019animaci\u00f3 dirigit pel director Pablo Berger, i inspirat en la novel\u00b7la hom\u00f2nima de Sara Varon. Relata la hist\u00f2ria de Dog, un gos solitari de Manhattan que construeix un amic robot perqu\u00e8 li faci companyia.<\/p>\r\n<p lang=\"ca-ES\" align=\"justify\">Lloc: Caf\u00e8 Nou\r\nPreu: 4\u20ac<\/p>\r\n<p lang=\"ca-ES\" align=\"justify\">18 h |\u00a0<strong>Visita apta per a tots els p\u00fablics a l'exposici\u00f3<\/strong>\r\nRecorregut a l'exposici\u00f3\u00a0<em>La f\u00e0brica transparen<\/em>t a c\u00e0rrec de\u00a0<strong>Cori Mercad\u00e9<\/strong><\/p>\r\n<p lang=\"ca-ES\" align=\"justify\">19.30 h |\u00a0<strong>Projecci\u00f3\u00a0<\/strong><em><strong>Historia de Pastores<\/strong><\/em><strong>\u00a0<\/strong>\r\nPel\u00b7l\u00edcula de Jaime Puertas | Espanya | 2024 | 80 minuts | VO<\/p>\r\n<p lang=\"ca-ES\" align=\"justify\">Lloc: Caf\u00e8 Nou\r\nPreu: 4\u20ac<\/p>\r\n<p lang=\"ca-ES\" align=\"justify\">21.30 h |\u00a0<strong>Festa Pan\u00f2ptic\u00a0<\/strong>\r\nBingo\u00a0<em>patxanga\u00a0<\/em>electr\u00f2nica amb PD Bingos i entrega de premis de la Secci\u00f3 Oficial de Curtmetratges.<\/p>\r\n<p lang=\"ca-ES\" align=\"justify\">Lloc: Bar del Caf\u00e8 Nou\r\nPreu: 3\u20ac, inclou cartr\u00f3 de bingo<\/p>\r\n<p lang=\"ca-ES\" align=\"justify\"><strong>DIUMENGE 2 DE JUNY<\/strong>\r\n11 h |\u00a0<strong>Vermut electr\u00f2nic a c\u00e0rrec d\u2019Aiguamoll Records<\/strong>\r\nSessi\u00f3 electr\u00f2nica per a tots els p\u00fablics<\/p>\r\n<p lang=\"ca-ES\" align=\"justify\">Lloc: M|A|C Pres\u00f3\r\nActivitat gratu\u00efta<\/p>\r\n<p lang=\"ca-ES\" align=\"justify\"><strong>EXPOSICI\u00d3<\/strong>\r\nDel 30 de maig al 23 de juny exposici\u00f3\u00a0<strong><em>La f\u00e0brica transparent<\/em><\/strong><strong>.<\/strong>\u00a0Comissariat de Marc Villanueva Mir amb projectes art\u00edstics de Marta Azparren, Raquel Friera i Roc Par\u00e9s.<\/p>\r\n<p lang=\"ca-ES\" align=\"justify\"><strong>HORARI M|A|C I EXPOSICI\u00d3<\/strong>\r\nDe dimarts a divendres, de 17 a 20 h\r\nDissabte, d\u201911 a 14 h i de 17 a 20 h\r\nDiumenge, d\u201911 a 14 h\r\nDilluns, tancat<\/p>\r\n<p lang=\"ca-ES\" align=\"justify\"><strong>Organitza\u00a0<\/strong>\r\nAssociaci\u00f3 Cultural Pan\u00f2ptic<\/p>\r\n<p lang=\"ca-ES\" align=\"justify\"><strong>Col\u00b7laboradors<\/strong>\r\nM|A|C Matar\u00f3 Art Contemporani -\u00a0Cultura Matar\u00f3\r\nConsell Comarcal del Maresme\r\nDiputaci\u00f3 de Barcelona\r\nAiguamoll M\u00fasica\r\nCapgr\u00f2s Comunicaci\u00f3\r\nBar Caf\u00e8 Nou\r\nNewart<\/p>","desc_es":"","desc_en":"","event_category":481,"event_show_only_own_date":true,"_event_confirmed":true,"_event_public":true,"_event_free":true,"_event_price-min":"","_event_price-max":4,"_event_web_ca":"https:\/\/festivalpanoptic.com\/","_event_web_es":"","_event_web_en":"","event_contact_email":"","event_apply_email":"","is_online_event":false,"is_art_nou_event":false,"is_bgw_event":false,"date_text":"","register_deadline":null,"altres_organitzadors":""},"abe_event_venue":"M|A|C Pres\u00f3","abe_event_category":"Festival","start":"2024-05-29 18:00:00","end":"2024-06-02 14:00:00","schedule":"once","schedule_meta":"","frequency":1,"all_day":0,"until":"2024-05-29 18:00:00","include":[],"exclude":[],"_links":{"self":[{"href":"https:\/\/graf.cat\/en\/wp-json\/wp\/v2\/events\/38426","targetHints":{"allow":["GET"]}}],"collection":[{"href":"https:\/\/graf.cat\/en\/wp-json\/wp\/v2\/events"}],"about":[{"href":"https:\/\/graf.cat\/en\/wp-json\/wp\/v2\/types\/event"}],"author":[{"embeddable":true,"href":"https:\/\/graf.cat\/en\/wp-json\/wp\/v2\/users\/159"}],"occurrences":[{"embeddable":true,"href":"https:\/\/graf.cat\/en\/wp-json\/wp\/v2\/events\/38426\/occurrences"}],"acf:term":[{"embeddable":true,"taxonomy":"event-category","href":"https:\/\/graf.cat\/en\/wp-json\/wp\/v2\/event-category\/481"}],"wp:featuredmedia":[{"embeddable":true,"href":"https:\/\/graf.cat\/en\/wp-json\/wp\/v2\/media\/38427"}],"wp:attachment":[{"href":"https:\/\/graf.cat\/en\/wp-json\/wp\/v2\/media?parent=38426"}],"wp:term":[{"taxonomy":"event-venue","embeddable":true,"href":"https:\/\/graf.cat\/en\/wp-json\/wp\/v2\/event-venues?post=38426"},{"taxonomy":"event-tag","embeddable":true,"href":"https:\/\/graf.cat\/en\/wp-json\/wp\/v2\/event-tags?post=38426"}],"curies":[{"name":"wp","href":"https:\/\/api.w.org\/{rel}","templated":true}]}}