{"id":40027,"guid":{"rendered":"https:\/\/graf.cat\/?post_type=event&#038;p=40027"},"modified":"2024-07-04T10:53:23","modified_gmt":"2024-07-04T08:53:23","slug":"curs-terres-locals-reg-subterrani-amb-atuells-dargila","status":"publish","type":"event","link":"https:\/\/graf.cat\/en\/events\/event\/curs-terres-locals-reg-subterrani-amb-atuells-dargila\/","title":{"rendered":"curs terres locals: reg subterrani amb atuells d&#8217;argila"},"content":{"rendered":"","protected":false},"excerpt":{"rendered":"","protected":false},"author":65,"featured_media":40032,"template":"","meta":{"_acf_changed":false,"_monsterinsights_skip_tracking":false,"_monsterinsights_sitenote_active":false,"_monsterinsights_sitenote_note":"","_monsterinsights_sitenote_category":0},"event-venues":[304],"event-tags":[],"class_list":["post-40027","event","type-event","status-publish","has-post-thumbnail","hentry","event-venue-la-escocesa","event-category-taller"],"acf":{"title_ca":"curs terres locals: reg subterrani amb atuells d'argila","title_es":"curso tierras locales: riego subterr\u00e1neo con vasijas de arcilla","title_en":"local earth course: underground irrigation with clay pots","desc_ca":"Torna el Casal d\u2019Estiu de La Escocesa amb el taller de cer\u00e0mica. Al llarg de 4 sessions modelarem atuells per a la construcci\u00f3 d'un sistema de regadiu que t\u00e9 com a finalitat aprofitar l'aigua de manera eficient i sostenible durant els mesos d'estiu.\r\n\r\nSeran sessions teoricopr\u00e0ctiques on a part de treballar amb les mans busquem documentar i repensar la terrisseria com a tecnologia per a contribuir a la regeneraci\u00f3 i sostenibilitat d'entorns urbans.\r\n\r\nMaria Roy i Jocelyn Mu\u00f1oz seran les responsables de conduir el taller on proposaran una recerca territorial de la terrisseria des de dues mirades i territoris diferents: Catalunya i Valpara\u00edso (Xile).\r\n\r\nS'utilitzaran recursos locals (argiles extretes de solars del Poble Nou) i processos tradicionals.\r\n\r\n&nbsp;\r\n<h4><strong>programa<\/strong><\/h4>\r\n<h5>sessi\u00f3 1<\/h5>\r\n<strong>Dimarts 2 de Juliol de 18 a 21h\r\nSessi\u00f3 teoricopr\u00e0ctica (3h)<\/strong>\r\n\r\n<strong>De 18h a 19h<\/strong>\r\nIntroducci\u00f3 del curs: qu\u00e8 \u00e9s l'argila?, on es troba?, treballarem com identificar l'argila, tipus d'argiles, com classificar-les i com processar-les.\r\n\r\n<strong>De 19h a 21h<\/strong>\r\nRecol\u00b7lecci\u00f3 de terra dels descampats del barri i processament de la terra per a obtenir pastes argilenques.\r\n<h5>sessi\u00f3 2<\/h5>\r\n<strong>Dimarts 9\u00a0de Juliol de 18 a 21h\r\nSessi\u00f3 teoricopr\u00e0ctica (3h)<\/strong>\r\n\r\n<strong>De 18h a 19h<\/strong>\r\nParlarem de l'\u00fas de cer\u00e0mica com a sistema de regadiu, de la seva hist\u00f2ria i veurem exemples en diferents cultures.\r\n\r\n<strong>De 19h a 21h<\/strong>\r\nIntroducci\u00f3 a les dues t\u00e8cnica de modelatge que usarem: t\u00e8cnica del xurro i del pessic.\r\n<h5>sessi\u00f3 3<\/h5>\r\n<strong>Dimarts 16\u00a0de Juliol de 18 a 21h\r\nSessi\u00f3 pr\u00e0ctica (3h)<\/strong>\r\nLa tercera sessi\u00f3 ser\u00e0 totalment pr\u00e0ctica i modelarem els atuells.\r\n<h5>sessi\u00f3 4<\/h5>\r\n<strong>Dimarts 23 de Juliol de 18 a 21h\r\nSessi\u00f3 pr\u00e0ctica (3h)<\/strong>\r\nEn l'\u00faltima sessi\u00f3 ens centrarem en els acabats amb brunyits, terra sigillatas, engalbes, textures i incrustacions.\r\n\r\n&nbsp;\r\n<h4><strong>bios<\/strong><\/h4>\r\n<strong>Maria Roy\u00a0<\/strong>(Barcelona, 1993) \u00e9s\u00a0artista i dissenyadora que treballa amb t\u00e8cniques d'artesania tant tradicionals com experimentals per a explorar i assimilar el m\u00f3n que l'envolta.\u00a0 El seu principal tema d'estudi \u00e9s la terra, com a mat\u00e8ria viva que narra sobre la hist\u00f2ria, la pol\u00edtica i ecologia des del local.\u00a0 Utilitzant els recursos que la terra proporciona, forma escultures cer\u00e0miques que es\u00a0vinculen estretament\u00a0amb\u00a0el context geogr\u00e0fic on\u00a0desenvolupa la seva pr\u00e0ctica. Amb un gran inter\u00e8s per la cer\u00e0mica com a material arqueol\u00f2gic, t\u00e9 com a objectiu recuperar narratives que ens connectin amb el medi ambient a trav\u00e9s d'objectes.\u00a0Durant els \u00faltims anys, Maria ha estat docent\u00a0en el\u00a0<em>Grau d'Arts i Disseny<\/em>\u00a0a l'Escola Massana i imparteix tallers de cer\u00e0mica amb l'objectiu de vincular la comunitat amb l'entorn\u00a0 i\u00a0els seus recursos. A m\u00e9s, comparteix coneixements de cer\u00e0mica a La Escocesa.\r\n\r\n&nbsp;\r\n\r\n<strong>Jocelyn Mu\u00f1oz B\u00e1ez\u00a0<\/strong>Investigadora i productora visual, amb un enfocament transdisciplinari que integra art i etnografia. T\u00e9 una \u00e0mplia experi\u00e8ncia en la gesti\u00f3 d'espais d'art, curadur\u00eda i doc\u00e8ncia. Actualment cursant un m\u00e0ster en Antropologia i Etnografia en la Universitat de Barcelona. T\u00e9 un m\u00e0ster en estudis de cultura visual, on es va centrar en arxiu i pol\u00edtiques de representaci\u00f3. \u00c9s creadora del programa de recerca expandida D\u00e9_Tour [etnografia i derives]: eina metodol\u00f2gica que ha explorat la relaci\u00f3 entre documents visuals, mem\u00f2ria social i pr\u00e0ctiques visuals i pol\u00edtiques a Xile i Llatinoam\u00e8rica.\r\n<h4><\/h4>\r\n<h4><strong>preu del taller<\/strong><\/h4>\r\n30 \u20ac (socies de La Escocesa)\r\n\r\n50 \u20ac (no socies)","desc_es":"Vuelve el Casal d\u2019Estiu de La Escocesa con el taller de cer\u00e1mica. A lo largo de 4 sesiones modelaremos vasijas para la construcci\u00f3n de un sistema de regad\u00edo que tiene como finalidad aprovechar el agua de manera eficiente y sostenible durante los meses de verano.\r\n\r\nSer\u00e1n sesiones te\u00f3rico-pr\u00e1cticas donde aparte de trabajar con las manos buscamos documentar y repensar\u00a0la alfarer\u00eda como tecnolog\u00eda para contribuir a la regeneraci\u00f3n y sostenibilidad de entornos urbanos.\r\n\r\nMaria Roy y Jocelyn Mu\u00f1oz ser\u00e1n las responsables de conducir el taller donde propondr\u00e1n una investigaci\u00f3n territorial de la alfarer\u00eda desde dos miradas y territorios distintos: Catalu\u00f1a y Valpara\u00edso (Chile).\r\n\r\nSe utilizar\u00e1n recursos locales (arcillas extra\u00eddas de solares del Poble Nou)\u00a0y procesos tradicionales.\r\n\r\n&nbsp;\r\n<h4><strong>programa<\/strong><\/h4>\r\n<h5>sesi\u00f3n 1<\/h5>\r\n<strong>Martes 2 de Julio de 18 a 21h\r\nSesi\u00f3n\u00a0te\u00f3rico-pr\u00e1ctica (3h)<\/strong>\r\n\r\n<strong>De 18h a 19h<\/strong>\r\nIntroducci\u00f3n del curso: \u00bfqu\u00e9\u00a0es la arcilla?, \u00bfd\u00f3nde se encuentra?, trabajaremos\u00a0como identificar la arcilla, tipos de arcillas, c\u00f3mo clasificarlas y\u00a0c\u00f3mo procesarlas.\r\n\r\n<strong>De 19h a 21h<\/strong>\r\nRecolecci\u00f3n de tierra de los descampados\u00a0del barrio y procesado de la tierra para obtener pastas arcillosas.\r\n<h5>sesi\u00f3n 2<\/h5>\r\n<strong>Martes 9\u00a0de Julio de 18 a 21h\r\nSesi\u00f3n\u00a0te\u00f3rico-pr\u00e1ctica (3h)<\/strong>\r\n\r\n<strong>De 18h a 19h<\/strong>\r\nHablaremos del uso de cer\u00e1mica como sistema de regad\u00edo, de su historia y veremos ejemplos en diferentes culturas.\r\n\r\n<strong>De 19h a 21h<\/strong>\r\nIntroducci\u00f3n a las dos t\u00e9cnicas de modelado que vamos a usar: t\u00e9cnica del churro y del pellizco.\r\n<h5>sesi\u00f3n 3<\/h5>\r\n<strong>Martes 16\u00a0de Julio de 18 a 21h\r\nSesi\u00f3n pr\u00e1ctica (3h)<\/strong>\r\nLa tercera sesi\u00f3n ser\u00e1 totalmente pr\u00e1ctica y modelaremos las vasijas.\r\n<h5>sesi\u00f3n 4<\/h5>\r\n<strong>Martes 23\u00a0de Julio de 18 a 21h\r\nSesi\u00f3n pr\u00e1ctica (3h)<\/strong>\r\nEn la \u00faltima sesi\u00f3n nos centraremos en los acabados con bru\u00f1idos, tierra sigillatas, engobes, texturas e incrustaciones.\r\n\r\n&nbsp;\r\n<h4><strong>bios<\/strong><\/h4>\r\n<strong>Maria Roy\u00a0<\/strong>(Barcelona, 1993) es\u00a0artista y dise\u00f1adora que trabaja con t\u00e9cnicas de artesan\u00eda tanto tradicionales como experimentales para explorar y asimilar el mundo que la\u00a0rodea. Su principal tema de estudio es la tierra, como materia viva que narra sobre la historia, la pol\u00edtica y ecolog\u00eda desde lo\u00a0local. Utilizando los recursos que la tierra proporciona, forma esculturas cer\u00e1micas que se\u00a0vinculan estrechamente\u00a0con\u00a0el contexto geogr\u00e1fico donde\u00a0desarrolla su pr\u00e1ctica. Con un gran inter\u00e9s por la cer\u00e1mica como material arqueol\u00f3gico, tiene como objetivo recuperar narrativas que nos conecten con el medio ambiente a trav\u00e9s de objetos.\u00a0Durante los \u00faltimos a\u00f1os, Maria ha sido docente\u00a0en el\u00a0<em>Grado de Artes y Dise\u00f1o<\/em>\u00a0en la Escuela Massana e imparte talleres de cer\u00e1mica con el objetivo de vincular la comunidad con el\u00a0entorno y\u00a0sus recursos. Adem\u00e1s, comparte conocimientos de cer\u00e1mica a La Escocesa.\r\n\r\n&nbsp;\r\n\r\n<strong>Jocelyn Mu\u00f1oz B\u00e1ez\u00a0<\/strong>Investigadora y productora visual, con un enfoque transdisciplinario que integra arte y etnograf\u00eda. Tiene una amplia experiencia en la gesti\u00f3n de espacios de arte, curadur\u00eda y docencia. Actualmente cursando un m\u00e1ster en Antropolog\u00eda y Etnograf\u00eda en la Universidad de Barcelona. Tiene un m\u00e1ster en estudios de cultura visual, donde se centr\u00f3\u00a0en archivo y pol\u00edticas de representaci\u00f3n. Es creadora del programa de investigaci\u00f3n expandida D\u00e9_Tour [etnograf\u00eda y derivas]:\u00a0herramienta metodol\u00f3gica que ha explorado la relaci\u00f3n entre documentos visuales, memoria social y pr\u00e1cticas visuales y pol\u00edticas en Chile y Latinoam\u00e9rica.\r\n<h4><\/h4>\r\n<h4><strong>precio del taller<\/strong><\/h4>\r\n30 \u20ac (socies de La Escocesa)\r\n\r\n50 \u20ac (no socies)","desc_en":"La Escocesa Summer camp is back with the pottery workshop. Over 4 sessions we will model pots for the construction of an irrigation system that aims to use water efficiently and sustainably during the summer months.\r\n\r\nThese will be theoretical-practical sessions where, apart from working with our hands, we seek to document and rethink pottery as a technology to contribute to the regeneration and sustainability of urban environments.\r\n\r\nMaria Roy and Jocelyn Mu\u00f1oz will be responsible for leading the workshop where they will propose a territorial investigation of pottery from two different perspectives and territories: Catalonia and Valparaiso (Chile).\r\n\r\nLocal resources (clays extracted from plots of land in Poble Nou) and traditional processes will be used.\r\n\r\n&nbsp;\r\n<h4><strong>program<\/strong><\/h4>\r\n<h5>session 1<\/h5>\r\n<strong>Tuesday 2<sup>nd<\/sup>\u00a0July from 18 to 21h\r\nTheoretical-practical session (3h)<\/strong>\r\n\r\n<strong>From 18h to 19h<\/strong>\r\nIntroduction to the course: what is clay, where is it found, how to identify clay, types of clay, how to classify it and how to process it.\r\n\r\n<strong>From 19h to 21h<\/strong>\r\nCollecting soil from the neighbourhood's wastelands and processing the soil to obtain clay pastes.\r\n<h5>session 2<\/h5>\r\n<strong>Tuesday 9<sup>th<\/sup>\u00a0July from 18 to 21h\r\nTheoretical-practical session (3h)<\/strong>\r\n\r\n<strong>From 18h to 19h<\/strong>\r\nWe will talk about the use of ceramics as an irrigation system, its history and we will see examples in different cultures.\r\n\r\n<strong>From 19h to 21h<\/strong>\r\nIntroduction to the two modelling techniques we will use: churro and pinch technique.\r\n<h5>Session 3<\/h5>\r\n<strong>Tuesday 16<sup>th<\/sup>\u00a0July from 18h to 21h<\/strong>\r\n\r\n<strong>Practical session (3h)<\/strong>\r\nThe third session will be entirely practical and we will model the pots.\r\n<h5>Session 4<\/h5>\r\n<strong>Tuesday 23<sup>rd<\/sup>\u00a0July from 18 to 21h<\/strong>\r\n\r\n<strong>Practical session (3h)<\/strong>\r\nIn the last session we will focus on burnished finishes, earthenware sigillata, engobes, textures and inlays.\r\n\r\n&nbsp;\r\n<h4><strong>bios<\/strong><\/h4>\r\n<strong>Maria Roy<\/strong>\u00a0(Barcelona, 1993) is an artist and designer who works with both traditional and experimental craft techniques to explore and assimilate the world around her. Her main subject of study is the earth, as living matter that narrates about history, politics and ecology from the local. Using the resources that the earth provides, she forms ceramic sculptures that are closely linked to the geographical context in which she develops her practice. With a keen interest in ceramics as an archaeological material, she aims to recover narratives that connect us to the environment through objects. Over the last few years, Maria has been teaching on the Arts and Design Degree at the Massana School and teaches ceramics workshops with the aim of linking the community with the environment and its resources. She also shares her knowledge of ceramics at La Escocesa.\r\n\r\n<strong>Jocelyn Mu\u00f1oz B\u00e1ez<\/strong>\u00a0Researcher and visual producer, with a transdisciplinary approach that integrates art and ethnography. She has extensive experience in the management of art spaces, curatorship and teaching. She is currently studying for a master's degree in Anthropology and Ethnography at the University of Barcelona. She has a master's degree in visual culture studies, where she focused on archiving and politics of representation. She is the creator of the expanded research programme D\u00e9_Tour [ethnography and drifts]: a methodological tool that has explored the relationship between visual documents, social memory and visual and political practices in Chile and Latin America.\r\n\r\n&nbsp;\r\n<h4><strong>price of the workshop<\/strong><\/h4>\r\n30 \u20ac (members of La Escocesa)\r\n\r\n50 \u20ac (no members)","event_category":235,"event_show_only_own_date":true,"_event_confirmed":true,"_event_public":true,"_event_free":false,"_event_price-min":30,"_event_price-max":50,"_event_web_ca":"https:\/\/laescocesa.org\/ca\/view\/curs%2522terreslocals%253A\/3832","_event_web_es":"https:\/\/laescocesa.org\/es\/view\/cursterreslocals%253A\/3832","_event_web_en":"https:\/\/laescocesa.org\/en\/view\/course%2522localsoils%253A\/3832","event_contact_email":"comunicacio@laescocesa.org","event_apply_email":"https:\/\/usem.liberaforms.org\/curs-ceramica-terres-locals","is_online_event":false,"is_art_nou_event":false,"is_bgw_event":false,"date_text":"","register_deadline":null,"altres_organitzadors":[65]},"abe_event_venue":"La Escocesa","abe_event_category":"Taller","start":"2024-07-02 18:00:00","end":"2024-07-02 21:00:00","schedule":"weekly","schedule_meta":["TU"],"frequency":1,"all_day":0,"until":"2024-07-23 18:00:00","include":[],"exclude":[],"_links":{"self":[{"href":"https:\/\/graf.cat\/en\/wp-json\/wp\/v2\/events\/40027","targetHints":{"allow":["GET"]}}],"collection":[{"href":"https:\/\/graf.cat\/en\/wp-json\/wp\/v2\/events"}],"about":[{"href":"https:\/\/graf.cat\/en\/wp-json\/wp\/v2\/types\/event"}],"author":[{"embeddable":true,"href":"https:\/\/graf.cat\/en\/wp-json\/wp\/v2\/users\/65"}],"occurrences":[{"embeddable":true,"href":"https:\/\/graf.cat\/en\/wp-json\/wp\/v2\/events\/40027\/occurrences"}],"acf:user":[{"embeddable":true,"href":"https:\/\/graf.cat\/en\/wp-json\/wp\/v2\/users\/65"}],"acf:term":[{"embeddable":true,"taxonomy":"event-category","href":"https:\/\/graf.cat\/en\/wp-json\/wp\/v2\/event-category\/235"}],"wp:featuredmedia":[{"embeddable":true,"href":"https:\/\/graf.cat\/en\/wp-json\/wp\/v2\/media\/40032"}],"wp:attachment":[{"href":"https:\/\/graf.cat\/en\/wp-json\/wp\/v2\/media?parent=40027"}],"wp:term":[{"taxonomy":"event-venue","embeddable":true,"href":"https:\/\/graf.cat\/en\/wp-json\/wp\/v2\/event-venues?post=40027"},{"taxonomy":"event-tag","embeddable":true,"href":"https:\/\/graf.cat\/en\/wp-json\/wp\/v2\/event-tags?post=40027"}],"curies":[{"name":"wp","href":"https:\/\/api.w.org\/{rel}","templated":true}]}}