{"id":40210,"guid":{"rendered":"https:\/\/graf.cat\/?post_type=event&#038;p=40210"},"modified":"2024-07-01T16:05:04","modified_gmt":"2024-07-01T14:05:04","slug":"lhora-del-pati-2-2-2-2-2-2-2-2","status":"publish","type":"event","link":"https:\/\/graf.cat\/en\/events\/event\/lhora-del-pati-2-2-2-2-2-2-2-2\/","title":{"rendered":"L&#8217;hora del pati | Videoart i m\u00fasica"},"content":{"rendered":"","protected":false},"excerpt":{"rendered":"","protected":false},"author":159,"featured_media":40196,"template":"","meta":{"_acf_changed":false,"_monsterinsights_skip_tracking":false,"_monsterinsights_sitenote_active":false,"_monsterinsights_sitenote_note":"","_monsterinsights_sitenote_category":0},"event-venues":[635],"event-tags":[],"class_list":["post-40210","event","type-event","status-publish","has-post-thumbnail","hentry","event-venue-mac-preso","event-category-festival"],"acf":{"title_ca":"L'hora del pati | Videoart i m\u00fasica","title_es":"L'hora del pati","title_en":"L'hora del pati","desc_ca":"<strong>diumenge 28 de juliol<\/strong>\r\n<strong>21.45 h\r\n<\/strong>(obertura de portes: 21 h)\r\n\r\n<strong>Adrian Melis\r\n<\/strong><strong>Liv Schulman\r\n<\/strong><strong>Abel Jaramillo\r\n<\/strong><strong>Fernando S\u00e1nchez Castillo\r\n<\/strong><strong>Josep Maynou\r\n<\/strong><strong>+ Sorteig gandula solid\u00e0ria\r\n+ Tatsumi&amp;Masako<\/strong>\r\n\r\n&nbsp;\r\n\r\n<strong>Adrian Melis\r\n<\/strong><em>Engagement Rate Formula.<\/em>\u00a02019\r\n10\u2019\r\n\r\nA\u00a0<em>Engagement Rate Formula<\/em>, Melis posa en marxa una iniciativa sense \u00e0nim de lucre que es dedica a transformar els likes, els s\u00edmbols de \u201creacci\u00f3\u201d que s\u2019utilitzen a les plataformes de xarxes socials, en \u201cm\u2019agrada\u201d \u201creals\u201d fets de guix. La iniciativa se centra espec\u00edficament en els likes expressats per a les publicacions que descriuen les lluites i el tracte inhum\u00e0 dels refugiats. La iniciativa arriba a diverses ONG i organitzacions de drets humans per ajudar-les a distribuir aquests likes materials a les persones que ho necessiten. Una s\u00e8rie de converses telef\u00f2niques presenta una realitat absurda i altament problem\u00e0tica en la qual es consideren possibles ajudes per a persones refugiades necessitades. El treball es va inspirar en el fenomen en l\u00ednia del slacktivisme. Els likes s\u00f3n finalment enviats al camp de refugiats de Moria, situat a Lesbos, Gr\u00e8cia.\r\n\r\n<strong>Adrian Melis\r\n<\/strong>(L\u2019Havana, Cuba, 1985)\r\n<a href=\"https:\/\/adrianmelis.com\/\">www.adrianmelis.com<\/a>\r\n\r\n<strong>\r\nLiv Schulman\r\n<\/strong><em>La Resistencia Medieval<\/em>\u00a0(Control Temporada 2 \u2013 Episodio 2), 2011-2016\r\n6\u201953\u2019\u2019\r\n\r\n<em>Control<\/em>\u00a0\u00e9s una s\u00e8rie de televisi\u00f3 sobre art i escriptura en la qual hi ha un personatge recurrent, una esp\u00e8cie de detectiva que deambula entre els episodis intentant establir noves relacions de sentit.\u00a0<em>Control<\/em>\u00a0\u00e9s una s\u00e8rie de misteri, sobre el major misteri de tots: el que es pot protagonitzar sense objecte. En aquest moment,\u00a0<em>Control<\/em>\u00a0compta amb tres temporades completes. Es va rodar a Par\u00eds, Buenos Aires, Mar del Plata, Tel Aviv i Rennes. S\u2019emet en galeries i televisions. En la resist\u00e8ncia medieval l\u2019edat mitjana continua existint en els nostres dies, nom\u00e9s que\u2026 ning\u00fa ho sap.\r\nDirecci\u00f3 i gui\u00f3: Liv Schulman \/ Actors: Osvaldo Stagnaro, Santiago Gasquet, Jorgelina Ramos i Haduken \/ C\u00e0mera: Ivo Aichenbaum \/ So: Analia Schnitman \/ M\u00fasica: Martin Rur.\r\n\r\n<strong>Liv Schulman\r\n<\/strong>(Buenos Aires, Argentina, 1985)\r\n<a href=\"https:\/\/livschulman.com\/\">www.livschulman.com<\/a>\r\n\r\n<strong>\r\nAbel Jaramillo\r\n<\/strong><em>Nocturno (Relato fant\u00e1stico para Celestino Coronado), 2020\r\n<\/em><em>7\u2019<\/em>\r\n\r\nEn 1933, Federico Garc\u00eda Lorca desenvolupa en una confer\u00e8ncia titulada\u00a0<em>Juego y teor\u00eda del Duende<\/em>\u00a0una s\u00e8rie d\u2019idees entorn de la teoria est\u00e8tica i els processos de creaci\u00f3 art\u00edstica, una successi\u00f3 d\u2019elements i refer\u00e8ncies sobre la seva manera d\u2019entendre el \u201cDuende\u201c. En un d\u2019aquests exemples, parla del \u201ccantaor\u201c Manuel Torre, del qual diu que, mentre escoltava el\u00a0<em>Nocturn del Generalife<\/em>\u00a0de Falla, va sentenciar: \u00abTot el que t\u00e9 sons negres t\u00e9 \u201cduende\u201c\u00bb. Nocturn pren aquesta refer\u00e8ncia del \u201cDuende\u201c per abordar la mem\u00f2ria, l\u2019amor i la mort a trav\u00e9s de les vinculacions entre l\u2019obra de Federico Garc\u00eda Lorca i la producci\u00f3 esc\u00e8nica i cinematogr\u00e0fica de Celestino Coronado.\r\n\r\n<strong>Abel Jaramillo\r\n<\/strong>(Badajoz, 1993)\r\n<a href=\"https:\/\/www.abeljaramillo.es\/\">www.abeljaramillo.es<\/a>\r\n\r\n&nbsp;\r\n\r\n<strong>Fernando S\u00e1nchez Castillo\r\n<\/strong><em>La expulsi\u00f3n de los moriscos<\/em>, 2023\r\n5\u2019\r\n\r\nBasant-se en textos i recerques de Palomino i Willian Jordan, l\u2019artista recrea en v\u00eddeo la seva versi\u00f3 d\u2019aquest quadre perdut per sempre, per\u00f2 important\u00edssim en l\u2019imaginari de Vel\u00e1zquez i \u201clo Velazque\u00f1o\u201c. Cremat en l\u2019incendi de 1734 de l\u2019Alc\u00e1zar, nom\u00e9s existeixen un parell de succintes descripcions i el recent descobriment d\u2019un retrat de Felip III utilitzat per a la seva composici\u00f3.\r\nLa imatge sorgeix d\u2019entre unes taques o cremades a la paret com un fantasma que apareix i s\u2019esvaeix. Aquest llen\u00e7 formava part del pla iconogr\u00e0fic de la Monarquia Espanyola del Sal\u00f3 dels Miralls en el qual els Augsburg mostraven les seves vict\u00f2ries enfront de l\u2019islam i mostraven una consci\u00e8ncia imperial de confrontaci\u00f3, exclusi\u00f3 i expulsi\u00f3 de tot el diferent. Alguns autors el situen en una arqueologia del concepte de les dues Espanyes.\r\n\r\n<strong>Fernando S\u00e1nchez Castillo\r\n<\/strong>(Madrid, 1970)\r\n<a href=\"https:\/\/fernandosanchezcastillo.com\/\">www.fernandosanchezcastillo.com<\/a>\r\n\r\n&nbsp;\r\n\r\n<strong>Josep Maynou\r\n<\/strong><em>UNTITLED 2017_2019 (2019)\r\n<\/em><em>10\u2019<\/em>\r\n\r\n<em>Untitled<\/em>\u00a0\u00e9s una recopilaci\u00f3 de l\u2019acci\u00f3 repetida de llan\u00e7ar i apuntar: un moment prec\u00eds en el temps que combina un esfor\u00e7 de c\u00e0lculs complexos i ardu entrenament. La lleugeresa d\u2019aquest gest, sempre en entorns dom\u00e8stics, contrasta amb la meticulositat de la seva preparaci\u00f3. Com en un joc d\u2019obstacles, l\u2019artista crea petits circuits aparentment improvisats que s\u2019activen amb el moviment i es converteixen en mecanismes sorprenents i objectes escult\u00f2rics. Amb el temps, aquesta acumulaci\u00f3 de gestos de l\u2019artista es converteix en una esp\u00e8cie de diari, tant com l\u2019inici d\u2019un nou enfocament en la pr\u00e0ctica escult\u00f2rica.\r\nText: Sira Piz\u00e0\r\n\r\n<strong>Josep Maynou\r\n<\/strong>(Barcelona, 1980)\r\n<a href=\"https:\/\/www.bombonprojects.com\/represented\/josep-maynou\/\">www.bombonprojects.com\/represented\/josep-maynou<\/a>\r\n\r\n<strong>\r\nSorteig de la gandula solid\u00e0ria\r\n<\/strong>Sorteig entre tot el p\u00fablic que hagi comprat n\u00fameros aquest dia d\u2019una de les 9 gandules solid\u00e0ries que han intervingut 9 artistes de manera altru\u00efta. Si us toca, us l\u2019endueu a casa!\r\nPodeu veure els autors i les gandules\u00a0<a href=\"https:\/\/www.mataroartcontemporani.cat\/seccio\/gandules-solidaries-2\/\">aqu\u00ed<\/a>.\r\n\r\n<strong>Tatsumi&amp;Masako\r\n<\/strong>Tatsumi&amp;Masako \u00e9s el projecte del m\u00fasic mataron\u00ed, Ra\u00fcl Sala. Membre del duo electr\u00f2nic Talc\u00f6, fa m\u00e9s de deu anys que produeix m\u00fasica per a documentals, curtmetratges, publicitat i teatre. La seva m\u00fasica transita entre el pop sint\u00e8tic, amb pinzellades IDM, indietr\u00f2nica, ambient i noise, sense deixar de banda l\u2019experimentaci\u00f3, creant una banda sonora atmosf\u00e8rica.\r\n<a href=\"https:\/\/tatsumiandmasako.bandcamp.com\/\">@tatsumiandmasako<\/a>","desc_es":"","desc_en":"","event_category":481,"event_show_only_own_date":false,"_event_confirmed":true,"_event_public":true,"_event_free":true,"_event_price-min":"","_event_price-max":"","_event_web_ca":"https:\/\/www.mataroartcontemporani.cat\/posts_activitats\/lhora-del-pati-2\/","_event_web_es":"","_event_web_en":"","event_contact_email":"","event_apply_email":"","is_online_event":false,"is_art_nou_event":false,"is_bgw_event":false,"date_text":"","register_deadline":null,"altres_organitzadors":""},"abe_event_venue":"M|A|C Pres\u00f3","abe_event_category":"Festival","start":"2024-07-28 21:00:00","end":"2024-07-28 23:55:00","schedule":"once","schedule_meta":"","frequency":1,"all_day":0,"until":"2024-07-28 21:00:00","include":[],"exclude":[],"_links":{"self":[{"href":"https:\/\/graf.cat\/en\/wp-json\/wp\/v2\/events\/40210","targetHints":{"allow":["GET"]}}],"collection":[{"href":"https:\/\/graf.cat\/en\/wp-json\/wp\/v2\/events"}],"about":[{"href":"https:\/\/graf.cat\/en\/wp-json\/wp\/v2\/types\/event"}],"author":[{"embeddable":true,"href":"https:\/\/graf.cat\/en\/wp-json\/wp\/v2\/users\/159"}],"occurrences":[{"embeddable":true,"href":"https:\/\/graf.cat\/en\/wp-json\/wp\/v2\/events\/40210\/occurrences"}],"acf:term":[{"embeddable":true,"taxonomy":"event-category","href":"https:\/\/graf.cat\/en\/wp-json\/wp\/v2\/event-category\/481"}],"wp:featuredmedia":[{"embeddable":true,"href":"https:\/\/graf.cat\/en\/wp-json\/wp\/v2\/media\/40196"}],"wp:attachment":[{"href":"https:\/\/graf.cat\/en\/wp-json\/wp\/v2\/media?parent=40210"}],"wp:term":[{"taxonomy":"event-venue","embeddable":true,"href":"https:\/\/graf.cat\/en\/wp-json\/wp\/v2\/event-venues?post=40210"},{"taxonomy":"event-tag","embeddable":true,"href":"https:\/\/graf.cat\/en\/wp-json\/wp\/v2\/event-tags?post=40210"}],"curies":[{"name":"wp","href":"https:\/\/api.w.org\/{rel}","templated":true}]}}