{"id":40211,"guid":{"rendered":"https:\/\/graf.cat\/?post_type=event&#038;p=40211"},"modified":"2024-07-01T16:09:07","modified_gmt":"2024-07-01T14:09:07","slug":"lhora-del-pati-2-2-2-2-2-2-2-2-2","status":"publish","type":"event","link":"https:\/\/graf.cat\/en\/events\/event\/lhora-del-pati-2-2-2-2-2-2-2-2-2\/","title":{"rendered":"L&#8217;hora del pati | Videoart i m\u00fasica"},"content":{"rendered":"","protected":false},"excerpt":{"rendered":"","protected":false},"author":159,"featured_media":40196,"template":"","meta":{"_acf_changed":false,"_monsterinsights_skip_tracking":false,"_monsterinsights_sitenote_active":false,"_monsterinsights_sitenote_note":"","_monsterinsights_sitenote_category":0},"event-venues":[635],"event-tags":[],"class_list":["post-40211","event","type-event","status-publish","has-post-thumbnail","hentry","event-venue-mac-preso","event-category-festival"],"acf":{"title_ca":"L'hora del pati | Videoart i m\u00fasica","title_es":"L'hora del pati","title_en":"L'hora del pati","desc_ca":"<strong>dilluns 29 de juliol<\/strong>\r\n<strong>21.45 h\r\n<\/strong>(obertura de portes: 21 h)\r\n\r\n<strong>Valentina Alvarado Matos\r\n<\/strong><strong>Arne Hector, Vinicius Lopes, Minze Tummescheit &amp; Luciana Mazeto\r\n+ Sorteig gandula solid\u00e0ria\r\n+ Le\u00f3n Dj<\/strong>\r\n\r\n&nbsp;\r\n\r\n<strong>Valentina Alvarado Matos\r\n<\/strong>\u00bf<em>Se puede deletrear la hoja?<\/em>, 2022\r\n8\u20193\u2019\u2019\r\n\r\nLa pel\u00b7l\u00edcula \u00e9s una exploraci\u00f3 tant del m\u00f3n natural com de l\u2019expressi\u00f3 ling\u00fc\u00edstica. Ambientada en el Reial Jard\u00ed Bot\u00e0nic de Madrid, el film submergeix els espectadors en els detalls minuciosos de la flora i la fauna del jard\u00ed. No obstant aix\u00f2, l\u2019enfocament de l\u2019artista transcendeix els m\u00e8todes documentals o descriptius tradicionals, optant per una t\u00e8cnica experimental que entrella\u00e7a aquestes imatges amb una narraci\u00f3 en off. Aix\u00ed, la cinta serveix com un viatge exploratori tant a trav\u00e9s del jard\u00ed com del llenguatge, examinant com cada un influeix en la percepci\u00f3 i la comprensi\u00f3.\r\nText: Arindan Sen\r\n\r\n<strong>Valentina Alvarado Matos\r\n<\/strong>(Maracaibo, Vene\u00e7uela, 1986)\r\n<a href=\"https:\/\/www.valentinalvaradomatos.com\/\">www.valentinalvaradomatos.com<\/a>\r\n\r\n&nbsp;\r\n\r\n<strong>Arne Hector, Vini\u0301cius Lopes, Minze Tummescheit &amp; Luciana Mazeto\r\n<\/strong><em>Urban solution,\u00a0<\/em>2022\r\n29\u201947\u2019\u2019\r\n\r\nUn artista europeu escriu sobre la seva experi\u00e8ncia en pintar la vida al Brasil durant el per\u00edode colonial. Un porter observa les imatges de les c\u00e0meres de seguretat d\u2019un edifici residencial, mentre reflexiona sobre la seva professi\u00f3 i la relaci\u00f3 amb els seus patrons. Tot sembla estar en el seu lloc. Fins que sorgeixen les imatges retratades per l\u2019artista europeu, i amb elles tots els malsons del passat. \u00c9s nom\u00e9s un malson, o \u00e9s una crida?\r\nDisseny de producci\u00f3:\u00a0<strong>Eder Ramos<\/strong>\u00a0\/ Vestuari:\u00a0<strong>Mariane Collovini<\/strong>\u00a0\/ Disseny de so:\u00a0<strong>Sara Lehn<\/strong>\u00a0i\u00a0<strong>Christian Obermaier<\/strong>\u00a0\/ M\u00fasica:\u00a0<strong>Wilson das Neves<\/strong>\u00a0\/ Actors i actrius:\u00a0<strong>Ivo Alexandre Junior<\/strong>,\u00a0<strong>Ci\u0301cero<\/strong>;\u00a0<strong>Sandra Dani, Silvia; Heinz Limaverde, Joa\u0303o; Ivo Medeiros, Antonio; Alvaro Rosa Costa, Gustavo<\/strong>;\u00a0<strong>Martin Clausen<\/strong>, voice of the European Artist;\u00a0<strong>Ze\u0301 de Paiva<\/strong>, Gustavo\u2019s voice \/ Pa\u00efsos de producci\u00f3: Alemanya i Brasil.\r\n\r\n<strong>Arne Hector\r\n<\/strong>(Hessen, Alemanya, 1970)\r\n<strong>Minze Tummescheit\r\n<\/strong>(Lima, Per\u00fa, 1967)\r\n<strong>Luciana Mazeto\r\n<\/strong>(Porto Alegre, Brasil, 1981)\r\n<strong>Vin\u00edcius Lopes\r\n<\/strong>(Porto Alegre, Brasil, 1985)\r\n<a href=\"http:\/\/www.cinemacopains.org\/\">www.cinemacopains.org<\/a>\r\n\r\n<strong>\r\nSorteig de la gandula solid\u00e0ria\r\n<\/strong>Sorteig entre tot el p\u00fablic que hagi comprat n\u00fameros aquest dia d\u2019una de les 9 gandules solid\u00e0ries que han intervingut 9 artistes de manera altru\u00efta. Si us toca, us l\u2019endueu a casa!\r\nPodeu veure els autors i les gandules\u00a0<a href=\"https:\/\/www.mataroartcontemporani.cat\/seccio\/gandules-solidaries-2\/\">aqu\u00ed<\/a>.\r\n\r\n<strong>\r\nLe\u00f3n Dj\r\n<\/strong>Dj i productor de m\u00fasica electr\u00f2nica, Le\u00f3n Marabotti \u00e9s un apassionat de la m\u00fasica. Fa quatre anys, durant la pand\u00e8mia, va comen\u00e7ar-ne a produir i, actualment, s\u2019est\u00e0 endinsant en el m\u00f3n del DJ i el vinil, buscant ampliar les seves capacitats musicals en diversos \u00e0mbits.\r\n<a href=\"https:\/\/www.instagram.com\/leonmarabotti\/\">@leonmarabotti<\/a>","desc_es":"","desc_en":"","event_category":481,"event_show_only_own_date":false,"_event_confirmed":true,"_event_public":true,"_event_free":true,"_event_price-min":"","_event_price-max":"","_event_web_ca":"https:\/\/www.mataroartcontemporani.cat\/posts_activitats\/lhora-del-pati-2\/","_event_web_es":"","_event_web_en":"","event_contact_email":"","event_apply_email":"","is_online_event":false,"is_art_nou_event":false,"is_bgw_event":false,"date_text":"","register_deadline":null,"altres_organitzadors":""},"abe_event_venue":"M|A|C Pres\u00f3","abe_event_category":"Festival","start":"2024-07-29 21:00:00","end":"2024-07-29 23:55:00","schedule":"once","schedule_meta":"","frequency":1,"all_day":0,"until":"2024-07-29 21:00:00","include":[],"exclude":[],"_links":{"self":[{"href":"https:\/\/graf.cat\/en\/wp-json\/wp\/v2\/events\/40211","targetHints":{"allow":["GET"]}}],"collection":[{"href":"https:\/\/graf.cat\/en\/wp-json\/wp\/v2\/events"}],"about":[{"href":"https:\/\/graf.cat\/en\/wp-json\/wp\/v2\/types\/event"}],"author":[{"embeddable":true,"href":"https:\/\/graf.cat\/en\/wp-json\/wp\/v2\/users\/159"}],"occurrences":[{"embeddable":true,"href":"https:\/\/graf.cat\/en\/wp-json\/wp\/v2\/events\/40211\/occurrences"}],"acf:term":[{"embeddable":true,"taxonomy":"event-category","href":"https:\/\/graf.cat\/en\/wp-json\/wp\/v2\/event-category\/481"}],"wp:featuredmedia":[{"embeddable":true,"href":"https:\/\/graf.cat\/en\/wp-json\/wp\/v2\/media\/40196"}],"wp:attachment":[{"href":"https:\/\/graf.cat\/en\/wp-json\/wp\/v2\/media?parent=40211"}],"wp:term":[{"taxonomy":"event-venue","embeddable":true,"href":"https:\/\/graf.cat\/en\/wp-json\/wp\/v2\/event-venues?post=40211"},{"taxonomy":"event-tag","embeddable":true,"href":"https:\/\/graf.cat\/en\/wp-json\/wp\/v2\/event-tags?post=40211"}],"curies":[{"name":"wp","href":"https:\/\/api.w.org\/{rel}","templated":true}]}}