{"id":40424,"guid":{"rendered":"https:\/\/graf.cat\/?post_type=event&#038;p=40424"},"modified":"2024-08-28T10:59:15","modified_gmt":"2024-08-28T08:59:15","slug":"tallers-oberts-de-la-escocesa-2024","status":"publish","type":"event","link":"https:\/\/graf.cat\/en\/events\/event\/tallers-oberts-de-la-escocesa-2024\/","title":{"rendered":"Tallers Oberts de La Escocesa 2024"},"content":{"rendered":"","protected":false},"excerpt":{"rendered":"","protected":false},"author":65,"featured_media":40896,"template":"","meta":{"_acf_changed":false,"_monsterinsights_skip_tracking":false,"_monsterinsights_sitenote_active":false,"_monsterinsights_sitenote_note":"","_monsterinsights_sitenote_category":0},"event-venues":[304],"event-tags":[],"class_list":["post-40424","event","type-event","status-publish","has-post-thumbnail","hentry","event-venue-la-escocesa","event-category-visita-guiada"],"acf":{"title_ca":"Tallers Oberts de La Escocesa 2024","title_es":"Talleres Abiertos de La Escocesa 2024","title_en":"La Escocesa 2024 Open Studios","desc_ca":"Durant el cap de setmana del\u00a0<strong>14 i 15 de setembre<\/strong>\u00a0La Escocesa obre les seves portes, en aquesta ocasi\u00f3 a part de tenir oberts els tallers de lis artistes residents tindrem tamb\u00e9 un programa d\u2019activitats al llarg de les dues jornades.\r\n\r\nUs deixem a continuaci\u00f3 el programa i si seguiu m\u00e9s a baix veureu una explicaci\u00f3 detallada de cada activitat.\r\n\r\n&nbsp;\r\n<h4><strong>Programa<\/strong><\/h4>\r\n<h4>Dissabte 14<\/h4>\r\n<strong>11:00h \u2013 Obertura de portes<\/strong>\r\n<strong>11:00 a 14:00h \/\u00a016:00 a 18:00h \u2013 Obertura dels tallers de lis artistas residents<\/strong>\r\n\r\n<strong>11:00 a 14:00h \/\u00a016:00 a 18:00h\u00a0<\/strong>\u2013\u00a0<strong>Instalaci\u00f3\u00a0<em>Cocciones varias<\/em><\/strong>\u00a0d\u2019Helena civit, Helena Vinent, Andi Icaza-Largaespada, Julia Gorostidi, Catrina Miralles, Natalia Casta\u00f1eda, B\u00e1rbara S\u00e1nchez Barroso i Maria Roy.\r\n\r\n<strong>12:00 a 14:00h \/\u00a016:00 a 18:00h\u00a0<\/strong>\u2013\u00a0<strong>Visita performativa individual\u00a0<em>Festa horitzontal de dolors i plaers<\/em>\u00a0<\/strong>(8\u2019) de Consol Llupi\u00e0. Hi haur\u00e0 diferents passes per ordre d\u2019arribada\r\n\r\n<strong>12:00 a 14:00h \/\u00a016:00 a 18:00h\u00a0<\/strong>\u2013\u00a0<strong><em>Secreto Ancestral VR<\/em><\/strong>\u00a0(20\u2019) de Mar\u00eda Jos\u00e9 D\u00edaz. Hi haur\u00e0 diferents passes per ordre d\u2019arribada\r\n\r\n&nbsp;\r\n<h5>Projeccions<\/h5>\r\n<strong>11:30h\u00a0<\/strong>-\u00a0<strong><em>Todas las palabras<\/em>\u00a0<\/strong>(18\u2019) de Diana Rangel\r\n\r\n<strong>12:30h\u00a0<\/strong>-\u00a0<strong><em>Una comunitat de llavors i de relats<\/em>\u00a0<\/strong>(10\u2019) \/\u00a0<strong><em>Aiguarir<\/em><\/strong>\u00a0(12\u2019) de B\u00e1rbara S\u00e1nchez Barroso\r\n\r\n<strong>13:20h\u00a0<\/strong>-\u00a0<strong><em>Chigys Mie (Cosas pasadas)<\/em>\u00a0<\/strong>(32\u2019) de Julia Gorostidi\r\n\r\n&nbsp;\r\n<h5>Visites guiades<\/h5>\r\n<strong>11:30 a 12:30h \/\u00a016:30 a 17:30h\u00a0<\/strong>\u2013 Visita guiada en castell\u00e0\r\n\r\n<strong>12:30 a 13:30h<\/strong>\u00a0\u2013 Visita guiada en catal\u00e0\r\n\r\n&nbsp;\r\n\r\n<strong>14:00 a 16:00h \u2013 Menjar popular\u00a0<\/strong>\r\n\r\n&nbsp;\r\n<h5>Projeccions<\/h5>\r\n<strong>16:00h \u2013\u00a0<em>Manual de tejido<\/em>\u00a0<\/strong>(8\u2019) \/\u00a0<em><strong>Entre reflejos<\/strong><\/em>\u00a0(12\u2019) de Laura Arensburg\r\n\r\n<strong>17:00h \u2013\u00a0<em>Un par\u00e1sito<\/em>\u00a0(viviendo bonito)<\/strong>\u00a0(5\u2019) \/\u00a0<strong><em>Recuperar el amanecer<\/em>\u00a0<\/strong>(5\u2019) de Andi Icaza-Largaespada\r\n\r\n<strong>17:45h \u2013\u00a0<em>Sin t\u00edtulo<\/em>\u00a0<\/strong>(7\u2019) de Catarina Botelho\r\n\r\n&nbsp;\r\n<h5>Performance<\/h5>\r\n<strong>18:00h \u2013\u00a0<em>Leyendas Bastardas. Una sesi\u00f3n de cuentos fant\u00e1sticos sobre la ciudad que (tambi\u00e9n) habitamos<\/em><\/strong><em>\u00a0<\/em>(40\u2019) de Julia Gorostidi\r\n\r\n<strong>19:00h \u2013\u00a0<em>Ara \/ n\u00favol \/ eco \/ punt<\/em><\/strong>\u00a0(45\u2019) de Caterina Miralles, Mireia Molina Costa\r\n\r\n<strong>20:00h \u2013\u00a0<em>El ball de la civada jo te\u2019l cantar\u00e9<\/em>\u00a0<\/strong>(30\u2019) de Joana Capella\r\n\r\n<strong>20:45h \u2013\u00a0<em>Posesi\u00f3n _ Baile Enmascarado<\/em>\u00a0<\/strong>(45\u2019) de M0nster.l4b\r\n\r\n&nbsp;\r\n\r\nDurant tota la jornada hi haur\u00e0 habilitat un\u00a0<strong>espai per nenis<\/strong>\u00a0i tamb\u00e9 tindrem a la venda els<strong>\u00a0llibres d\u2019<a href=\"https:\/\/laescocesa.org\/es\/Ediciones%20La%20Escocesa\" target=\"_blank\" rel=\"noopener\">Edicions la Escocesa<\/a>.<\/strong>\r\n\r\n<strong><em>Tendal<\/em>\u00a0<\/strong>de Rae Teitelbaum i Anna Irina Russell El cosit de diversos elements funcionar\u00e0 com a recer del sol en alguns punts de trobada de la comunitat de l'Escocesa, amb la idea de generar un espai m\u00e9s suau i habitable.\r\n\r\n&nbsp;\r\n\r\n<strong>23:00h - Fi de la jornada<\/strong>\r\n\r\n&nbsp;\r\n<h4>Diumenge 15<\/h4>\r\n<strong>11:00h \u2013 Obertura de portes<\/strong>\r\n<strong>11:00 a 14:00h \u2013 Obertura dels tallers de lis artistas residents<\/strong>\r\n\r\n<strong>13:00 a 15:00h \u2013 Performance, pica-pica i vermut\u00a0<em>Comeplantas<\/em>\u00a0<\/strong>de Natalia Carminati i Sonia Villar\r\n\r\n&nbsp;\r\n<h5>Projeccions<\/h5>\r\n<strong>12:00h \u2013\u00a0<em>A la sombra de la luz<\/em>\u00a0<\/strong>(60\u2019) de Mar\u00eda Jos\u00e9 D\u00edaz\r\n\r\n<strong>13:10h \u2013<em>\u00a0Desear como inmortales<\/em><\/strong>\u00a0(8\u2019) de Paula Bruna\r\n\r\n&nbsp;\r\n<h5>Visites guiades<\/h5>\r\n<strong>11:30 a 12:30h \u2013\u00a0<\/strong>Visita guiada en catal\u00e0\r\n\r\n<strong>12:30 a 13:30h \u2013<\/strong>\u00a0Visita guiada en castell\u00e0\r\n\r\n&nbsp;\r\n\r\nDurant tota la jornada hi haur\u00e0 habilitat un\u00a0<strong>espai per nenis<\/strong>\u00a0i tamb\u00e9 tindrem a la venda els\u00a0<strong>llibres d\u2019<a href=\"https:\/\/laescocesa.org\/es\/Ediciones%20La%20Escocesa\" target=\"_blank\" rel=\"noopener\">Edicions la Escocesa<\/a><\/strong>.\r\n\r\n<strong><em>Tendal<\/em>\u00a0<\/strong>de Rae Teitelbaum i Anna Irina Russell El cosit de diversos elements funcionar\u00e0 com a recer del sol en alguns punts de trobada de la comunitat de l'Escocesa, amb la idea de generar un espai m\u00e9s suau i habitable.\r\n\r\n<strong>16:00h \u2013 Fi de la jornada<\/strong>\r\n\r\n&nbsp;\r\n<h5>Tindran el taller obert lis artistes<\/h5>\r\n<a href=\"https:\/\/laescocesa.org\/es\/view\/annairinarussell\/3702\" target=\"_blank\" rel=\"noopener\" data-cke-saved-href=\"https:\/\/laescocesa.org\/es\/view\/annairinarussell\/3702\">Anna Irina Russell<\/a>,\u00a0<a href=\"https:\/\/laescocesa.org\/es\/view\/antonihervas\/3585\" target=\"_blank\" rel=\"noopener\" data-cke-saved-href=\"https:\/\/laescocesa.org\/es\/view\/antonihervas\/3585\">Antoni Herv\u00e0s<\/a>, <a href=\"https:\/\/laescocesa.org\/es\/view\/barbarasanchezbarroso\/3796\" target=\"_blank\" rel=\"noopener\" data-cke-saved-href=\"https:\/\/laescocesa.org\/es\/view\/barbarasanchezbarroso\/3796\">B\u00e1rbara S\u00e1nchez<\/a>, <a href=\"https:\/\/laescocesa.org\/es\/view\/catarinabotelho\/3141\" target=\"_blank\" rel=\"noopener\" data-cke-saved-href=\"https:\/\/laescocesa.org\/es\/view\/catarinabotelho\/3141\">Catarina Botelho<\/a>, <a href=\"https:\/\/laescocesa.org\/es\/view\/consolllupia\/3809\" target=\"_blank\" rel=\"noopener\" data-cke-saved-href=\"https:\/\/laescocesa.org\/es\/view\/consolllupia\/3809\">Consol Llupi\u00e0<\/a>, <a href=\"https:\/\/laescocesa.org\/es\/view\/dennisdizon\/3495\" target=\"_blank\" rel=\"noopener\" data-cke-saved-href=\"https:\/\/laescocesa.org\/es\/view\/dennisdizon\/3495\">Dennis Dizon<\/a>, <a href=\"https:\/\/laescocesa.org\/es\/view\/helenacivitkopeinig\/3705\" target=\"_blank\" rel=\"noopener\" data-cke-saved-href=\"https:\/\/laescocesa.org\/es\/view\/helenacivitkopeinig\/3705\">Helena Civit<\/a>,\u00a0<a href=\"https:\/\/laescocesa.org\/es\/view\/helenavinent\/3261\" target=\"_blank\" rel=\"noopener\" data-cke-saved-href=\"https:\/\/laescocesa.org\/es\/view\/helenavinent\/3261\">Helena Vinent<\/a>, <a href=\"https:\/\/laescocesa.org\/es\/view\/juliaauroraguzman\/3501\" target=\"_blank\" rel=\"noopener\" data-cke-saved-href=\"https:\/\/laescocesa.org\/es\/view\/juliaauroraguzman\/3501\">Julia Aurora Guzm\u00e1n<\/a>, <a href=\"https:\/\/laescocesa.org\/es\/view\/lauraarensburg\/3150\" target=\"_blank\" rel=\"noopener\" data-cke-saved-href=\"https:\/\/laescocesa.org\/es\/view\/lauraarensburg\/3150\">Laura Arensburg<\/a>, <a href=\"https:\/\/laescocesa.org\/es\/view\/M0NSTER.L4B\/3800\" target=\"_blank\" rel=\"noopener\" data-cke-saved-href=\"https:\/\/laescocesa.org\/es\/view\/M0NSTER.L4B\/3800\">M0nster.L4B<\/a>, <a href=\"https:\/\/laescocesa.org\/es\/view\/martavelascovelasco\/3841\" target=\"_blank\" rel=\"noopener\" data-cke-saved-href=\"https:\/\/laescocesa.org\/es\/view\/martavelascovelasco\/3841\">Marta Velasco Velasco<\/a>, <a href=\"https:\/\/laescocesa.org\/es\/view\/nataliacarminati\/3170\" target=\"_blank\" rel=\"noopener\" data-cke-saved-href=\"https:\/\/laescocesa.org\/es\/view\/nataliacarminati\/3170\">Natalia Carminati<\/a>, <a href=\"https:\/\/laescocesa.org\/es\/view\/nataliacastanedaarbelaez\/3149\" target=\"_blank\" rel=\"noopener\" data-cke-saved-href=\"https:\/\/laescocesa.org\/es\/view\/nataliacastanedaarbelaez\/3149\">Natalia Casta\u00f1eda<\/a>, <a href=\"https:\/\/laescocesa.org\/es\/view\/raeteitelbaum\/3801\" target=\"_blank\" rel=\"noopener\" data-cke-saved-href=\"https:\/\/laescocesa.org\/es\/view\/raeteitelbaum\/3801\">Rae Teitelbaum<\/a>, <a href=\"https:\/\/laescocesa.org\/es\/view\/taulunaacosta\/3707\" target=\"_blank\" rel=\"noopener\" data-cke-saved-href=\"https:\/\/laescocesa.org\/es\/view\/taulunaacosta\/3707\">Tau Luna Acosta<\/a> i les residentis del grup d'investigaci\u00f3:\u00a0<a href=\"https:\/\/laescocesa.org\/es\/view\/andiicaza-largaespada\/3701\" target=\"_blank\" rel=\"noopener\" data-cke-saved-href=\"https:\/\/laescocesa.org\/es\/view\/andiicaza-largaespada\/3701\">Andi Icaza-Largaespada<\/a>,\u00a0<a href=\"https:\/\/laescocesa.org\/es\/view\/annaizquierdo\/3799\" target=\"_blank\" rel=\"noopener\" data-cke-saved-href=\"https:\/\/laescocesa.org\/es\/view\/annaizquierdo\/3799\">Anna Izquierdo<\/a>, <a href=\"https:\/\/laescocesa.org\/es\/view\/caterinamiralles\/3704\" target=\"_blank\" rel=\"noopener\" data-cke-saved-href=\"https:\/\/laescocesa.org\/es\/view\/caterinamiralles\/3704\">Caterina Miralles<\/a>, <a href=\"https:\/\/laescocesa.org\/es\/view\/dianarangel\/3839\" target=\"_blank\" rel=\"noopener\" data-cke-saved-href=\"https:\/\/laescocesa.org\/es\/view\/dianarangel\/3839\">Diana Rangel<\/a>, <a href=\"https:\/\/laescocesa.org\/es\/view\/elenamaravillas\/3807\" target=\"_blank\" rel=\"noopener\" data-cke-saved-href=\"https:\/\/laescocesa.org\/es\/view\/elenamaravillas\/3807\">Elena Maravillas<\/a>, <a href=\"https:\/\/laescocesa.org\/es\/view\/juliagorostidi\/3706\" target=\"_blank\" rel=\"noopener\" data-cke-saved-href=\"https:\/\/laescocesa.org\/es\/view\/juliagorostidi\/3706\">Julia Gorostidi<\/a>, <a href=\"https:\/\/laescocesa.org\/es\/view\/mariajosedi%25CC%2581az\/3798\" target=\"_blank\" rel=\"noopener\" data-cke-saved-href=\"https:\/\/laescocesa.org\/es\/view\/mariajosedi%25CC%2581az\/3798\">Mar\u00eda Jos\u00e9 D\u00edaz<\/a>,\u00a0<a href=\"https:\/\/laescocesa.org\/es\/view\/mireiamolinacosta\/3805\" target=\"_blank\" rel=\"noopener\" data-cke-saved-href=\"https:\/\/laescocesa.org\/es\/view\/mireiamolinacosta\/3805\">Mireia Molina Costa<\/a>\u00a0i\u00a0<a href=\"https:\/\/laescocesa.org\/es\/view\/soniavillar\/3505\" target=\"_blank\" rel=\"noopener\" data-cke-saved-href=\"https:\/\/laescocesa.org\/es\/view\/soniavillar\/3505\">Sonia Villar<\/a>.","desc_es":"Durante el fin de semana del\u00a0<strong>14 y 15 de septiembre<\/strong>\u00a0La Escocesa abre sus puertas, en esta ocasi\u00f3n aparte de tener abiertos los talleres de les artistas residentes tendremos tambi\u00e9n un programa de actividades a lo largo de las dos jornadas.\r\n\r\nOs dejamos a continuaci\u00f3n el programa y si segu\u00eds m\u00e1s abajo ver\u00e9is una explicaci\u00f3n detallada de cada actividad.\r\n\r\n&nbsp;\r\n<h4><strong>Programa<\/strong><\/h4>\r\n<h4>S\u00e1bado\u00a014<\/h4>\r\n<strong>11:00h \u2013 Abrimos puertas<\/strong>\r\n<strong>11:00 a 14:00h \/ 16:00 a 18:00h \u2013 Apertura de los talleres de les artistes residentes<\/strong>\r\n\r\n<strong>11:00 a 14:00h \/ 16:00 a 18:00h\u00a0<\/strong>\u2013\u00a0<strong>Instalaci\u00f3n\u00a0<em>Cocciones varias<\/em><\/strong>\u00a0de Helena civit, Helena Vinent, Andi Icaza-Largaespada, Julia Gorostidi, Catrina Miralles, Natalia Casta\u00f1eda, B\u00e1rbara S\u00e1nchez Barroso y\u00a0Maria Roy\r\n\r\n<strong>12:00 a 14:00h \/ 16:00 a 18:00h\u00a0<\/strong>\u2013\u00a0<strong>Visita performativa individual\u00a0<em>Festa horitzontal de dolors i plaers<\/em>\u00a0<\/strong>(8\u2019) de Consol Llupi\u00e0. Habr\u00e1 diferentes pases y se acceder\u00e1 por orden de llegada\r\n\r\n<strong>12:00 a 14:00h \/ 16:00 a 18:00h\u00a0<\/strong>\u2013\u00a0<strong><em>Secreto Ancestral VR<\/em><\/strong>\u00a0(20\u2019) de Mar\u00eda Jos\u00e9 D\u00edaz. Habr\u00e1 diferentes pases y se acceder\u00e1 por orden de llegada\r\n\r\n&nbsp;\r\n<h5>Proyecciones<\/h5>\r\n<strong>11:30h\u00a0<\/strong>-\u00a0<strong><em>Todas las palabras<\/em>\u00a0<\/strong>(18\u2019) de Diana Rangel\r\n\r\n<strong>12:30h\u00a0<\/strong>-\u00a0<strong><em>Una comunitat de llavors i de relats<\/em>\u00a0<\/strong>(10\u2019) \/\u00a0<strong><em>Aiguarir<\/em><\/strong>\u00a0(12\u2019) de B\u00e1rbara S\u00e1nchez Barroso\r\n\r\n<strong>13:20h\u00a0<\/strong>-\u00a0<strong><em>Chigys Mie (Cosas pasadas)<\/em>\u00a0<\/strong>(32\u2019) de Julia Gorostidi\r\n\r\n&nbsp;\r\n<h5>Visitas guiadas<\/h5>\r\n<strong>11:30 a 12:30h \/\u00a016:30 a 17:30h\u00a0<\/strong>\u2013 Visita guiada en castellano\r\n\r\n<strong>12:30 a 13:30h<\/strong>\u00a0\u2013 Visita guiada en catal\u00e1n\r\n\r\n&nbsp;\r\n\r\n<strong>14:00 a 16:00h \u2013 Comida popular<\/strong>\r\n\r\n&nbsp;\r\n<h5>Proyecciones<\/h5>\r\n<strong>16:00h \u2013\u00a0<em>Manual de tejido<\/em>\u00a0<\/strong>(8\u2019) \/\u00a0<em><strong>Entre reflejos<\/strong><\/em>\u00a0(12\u2019) de Laura Arensburg\r\n\r\n<strong>17:00h \u2013\u00a0<em>Un par\u00e1sito<\/em>\u00a0(viviendo bonito)<\/strong>\u00a0(5\u2019) \/\u00a0<strong><em>Recuperar el amanecer<\/em>\u00a0<\/strong>(5\u2019) de Andi Icaza-Largaespada\r\n\r\n<strong>17:45h \u2013\u00a0<em>Sin t\u00edtulo<\/em>\u00a0<\/strong>(7\u2019) de Catarina Botelho\r\n\r\n&nbsp;\r\n<h5>Performance<\/h5>\r\n<strong>18:00h \u2013\u00a0<em>Leyendas Bastardas. Una sesi\u00f3n de cuentos fant\u00e1sticos sobre la ciudad que (tambi\u00e9n) habitamos<\/em><\/strong><em>\u00a0<\/em>(40\u2019) de Julia Gorostidi\r\n\r\n<strong>19:00h \u2013\u00a0<em>Ara \/ n\u00favol \/ eco \/ punt<\/em><\/strong>\u00a0(45\u2019) de Caterina Miralles, Mireia Molina Costa\r\n\r\n<strong>20:00h \u2013\u00a0<em>El ball de la civada jo te\u2019l cantar\u00e9<\/em>\u00a0<\/strong>(30\u2019) de Joana Capella\r\n\r\n<strong>20:45h \u2013\u00a0<em>Posesi\u00f3n _ Baile Enmascarado<\/em>\u00a0<\/strong>(45\u2019) de M0nster.l4b\r\n\r\n&nbsp;\r\n\r\nDurante toda la jornada habr\u00e1 habilitado un<strong>\u00a0espacio para ni\u00f1es<\/strong>\u00a0y tambi\u00e9n tendremos a la venta los\u00a0<strong>libros de\u00a0<a href=\"https:\/\/laescocesa.org\/es\/Ediciones%20La%20Escocesa\" target=\"_blank\" rel=\"noopener\">Edicions la Escocesa<\/a>.<\/strong>\r\n\r\n<em><strong>Toldo<\/strong><\/em>\u00a0de Rae Teitelbaum y Anna Irina Russell Lo cosido de varios elementos funcionar\u00e1 como cobijo del sol en algunos puntos de encuentro de la comunidad de la Escocesa, con la idea de generar un espacio m\u00e1s suave y habitable.\r\n\r\n&nbsp;\r\n\r\n<strong>23:00h - Cierre<\/strong>\r\n\r\n&nbsp;\r\n<h4>Domingo 15<\/h4>\r\n<strong>11:00h \u2013 Abrimos puertas<\/strong>\r\n<strong>11:00 a 14:00h \u2013 Obertura dels tallers de les artistes residents<\/strong>\r\n\r\n<strong>13:00 a 15:00h \u2013 Performance, pica-pica y vermut\u00a0<em>Comeplantas<\/em>\u00a0<\/strong>de Natalia Carminati i Sonia Villar\r\n\r\n&nbsp;\r\n<h5>Proyecciones<\/h5>\r\n<strong>12:00h \u2013\u00a0<em>A la sombra de la luz<\/em>\u00a0<\/strong>(60\u2019) de Mar\u00eda Jos\u00e9 D\u00edaz\r\n\r\n<strong>13:10h \u2013<em>\u00a0Desear como inmortales<\/em><\/strong>\u00a0(8\u2019) de Paula Bruna\r\n\r\n&nbsp;\r\n<h5>Visitas guiadas<\/h5>\r\n<strong>11:30 a 12:30h \u2013\u00a0<\/strong>Visita guiada en catal\u00e1n\r\n\r\n<strong>12:30 a 13:30h \u2013<\/strong>\u00a0Visita guiada en castellano\r\n\r\n&nbsp;\r\n\r\nDurante toda la jornada habr\u00e1 habilitado un<strong>\u00a0espacio para ni\u00f1es<\/strong>\u00a0y tambi\u00e9n tendremos a la venta los\u00a0<strong>libros de\u00a0<a href=\"https:\/\/laescocesa.org\/es\/Ediciones%20La%20Escocesa\" target=\"_blank\" rel=\"noopener\">Edicions la Escocesa<\/a>.<\/strong>\r\n\r\n<em><strong>Toldo<\/strong><\/em>\u00a0de Rae Teitelbaum y Anna Irina Russell Lo cosido de varios elementos funcionar\u00e1 como cobijo del sol en algunos puntos de encuentro de la comunidad de la Escocesa, con la idea de generar un espacio m\u00e1s suave y habitable.\r\n\r\n<strong>16:00h \u2013 Cierre<\/strong>\r\n<h5>Tendr\u00e1n el taller abierto les artistes<\/h5>\r\n<a href=\"https:\/\/laescocesa.org\/es\/view\/annairinarussell\/3702\" target=\"_blank\" rel=\"noopener\" data-cke-saved-href=\"https:\/\/laescocesa.org\/es\/view\/annairinarussell\/3702\">Anna Irina Russell<\/a>,\u00a0<a href=\"https:\/\/laescocesa.org\/es\/view\/antonihervas\/3585\" target=\"_blank\" rel=\"noopener\" data-cke-saved-href=\"https:\/\/laescocesa.org\/es\/view\/antonihervas\/3585\">Antoni Herv\u00e0s<\/a>, <a href=\"https:\/\/laescocesa.org\/es\/view\/barbarasanchezbarroso\/3796\" target=\"_blank\" rel=\"noopener\" data-cke-saved-href=\"https:\/\/laescocesa.org\/es\/view\/barbarasanchezbarroso\/3796\">B\u00e1rbara S\u00e1nchez<\/a>, <a href=\"https:\/\/laescocesa.org\/es\/view\/catarinabotelho\/3141\" target=\"_blank\" rel=\"noopener\" data-cke-saved-href=\"https:\/\/laescocesa.org\/es\/view\/catarinabotelho\/3141\">Catarina Botelho<\/a>, <a href=\"https:\/\/laescocesa.org\/es\/view\/consolllupia\/3809\" target=\"_blank\" rel=\"noopener\" data-cke-saved-href=\"https:\/\/laescocesa.org\/es\/view\/consolllupia\/3809\">Consol Llupi\u00e0<\/a>, <a href=\"https:\/\/laescocesa.org\/es\/view\/dennisdizon\/3495\" target=\"_blank\" rel=\"noopener\" data-cke-saved-href=\"https:\/\/laescocesa.org\/es\/view\/dennisdizon\/3495\">Dennis Dizon<\/a>, <a href=\"https:\/\/laescocesa.org\/es\/view\/helenacivitkopeinig\/3705\" target=\"_blank\" rel=\"noopener\" data-cke-saved-href=\"https:\/\/laescocesa.org\/es\/view\/helenacivitkopeinig\/3705\">Helena Civit<\/a>,\u00a0<a href=\"https:\/\/laescocesa.org\/es\/view\/helenavinent\/3261\" target=\"_blank\" rel=\"noopener\" data-cke-saved-href=\"https:\/\/laescocesa.org\/es\/view\/helenavinent\/3261\">Helena Vinent<\/a>, <a href=\"https:\/\/laescocesa.org\/es\/view\/juliaauroraguzman\/3501\" target=\"_blank\" rel=\"noopener\" data-cke-saved-href=\"https:\/\/laescocesa.org\/es\/view\/juliaauroraguzman\/3501\">Julia Aurora Guzm\u00e1n<\/a>, <a href=\"https:\/\/laescocesa.org\/es\/view\/lauraarensburg\/3150\" target=\"_blank\" rel=\"noopener\" data-cke-saved-href=\"https:\/\/laescocesa.org\/es\/view\/lauraarensburg\/3150\">Laura Arensburg<\/a>, <a href=\"https:\/\/laescocesa.org\/es\/view\/M0NSTER.L4B\/3800\" target=\"_blank\" rel=\"noopener\" data-cke-saved-href=\"https:\/\/laescocesa.org\/es\/view\/M0NSTER.L4B\/3800\">M0nster.L4B<\/a>, <a href=\"https:\/\/laescocesa.org\/es\/view\/martavelascovelasco\/3841\" target=\"_blank\" rel=\"noopener\" data-cke-saved-href=\"https:\/\/laescocesa.org\/es\/view\/martavelascovelasco\/3841\">Marta Velasco Velasco<\/a>, <a href=\"https:\/\/laescocesa.org\/es\/view\/nataliacarminati\/3170\" target=\"_blank\" rel=\"noopener\" data-cke-saved-href=\"https:\/\/laescocesa.org\/es\/view\/nataliacarminati\/3170\">Natalia Carminati<\/a>, <a href=\"https:\/\/laescocesa.org\/es\/view\/nataliacastanedaarbelaez\/3149\" target=\"_blank\" rel=\"noopener\" data-cke-saved-href=\"https:\/\/laescocesa.org\/es\/view\/nataliacastanedaarbelaez\/3149\">Natalia Casta\u00f1eda<\/a>, <a href=\"https:\/\/laescocesa.org\/es\/view\/raeteitelbaum\/3801\" target=\"_blank\" rel=\"noopener\" data-cke-saved-href=\"https:\/\/laescocesa.org\/es\/view\/raeteitelbaum\/3801\">Rae Teitelbaum<\/a>, <a href=\"https:\/\/laescocesa.org\/es\/view\/taulunaacosta\/3707\" target=\"_blank\" rel=\"noopener\" data-cke-saved-href=\"https:\/\/laescocesa.org\/es\/view\/taulunaacosta\/3707\">Tau Luna Acosta<\/a> y les residentes del grupo de investigaci\u00f3n:\u00a0<a href=\"https:\/\/laescocesa.org\/es\/view\/andiicaza-largaespada\/3701\" target=\"_blank\" rel=\"noopener\" data-cke-saved-href=\"https:\/\/laescocesa.org\/es\/view\/andiicaza-largaespada\/3701\">Andi Icaza-Largaespada<\/a>,\u00a0<a href=\"https:\/\/laescocesa.org\/es\/view\/annaizquierdo\/3799\" target=\"_blank\" rel=\"noopener\" data-cke-saved-href=\"https:\/\/laescocesa.org\/es\/view\/annaizquierdo\/3799\">Anna Izquierdo<\/a>, <a href=\"https:\/\/laescocesa.org\/es\/view\/caterinamiralles\/3704\" target=\"_blank\" rel=\"noopener\" data-cke-saved-href=\"https:\/\/laescocesa.org\/es\/view\/caterinamiralles\/3704\">Caterina Miralles<\/a>, <a href=\"https:\/\/laescocesa.org\/es\/view\/dianarangel\/3839\" target=\"_blank\" rel=\"noopener\" data-cke-saved-href=\"https:\/\/laescocesa.org\/es\/view\/dianarangel\/3839\">Diana Rangel<\/a>, <a href=\"https:\/\/laescocesa.org\/es\/view\/elenamaravillas\/3807\" target=\"_blank\" rel=\"noopener\" data-cke-saved-href=\"https:\/\/laescocesa.org\/es\/view\/elenamaravillas\/3807\">Elena Maravillas<\/a>, <a href=\"https:\/\/laescocesa.org\/es\/view\/juliagorostidi\/3706\" target=\"_blank\" rel=\"noopener\" data-cke-saved-href=\"https:\/\/laescocesa.org\/es\/view\/juliagorostidi\/3706\">Julia Gorostidi<\/a>, <a href=\"https:\/\/laescocesa.org\/es\/view\/mariajosedi%25CC%2581az\/3798\" target=\"_blank\" rel=\"noopener\" data-cke-saved-href=\"https:\/\/laescocesa.org\/es\/view\/mariajosedi%25CC%2581az\/3798\">Mar\u00eda Jos\u00e9 D\u00edaz<\/a>,\u00a0<a href=\"https:\/\/laescocesa.org\/es\/view\/mireiamolinacosta\/3805\" target=\"_blank\" rel=\"noopener\" data-cke-saved-href=\"https:\/\/laescocesa.org\/es\/view\/mireiamolinacosta\/3805\">Mireia Molina Costa<\/a> y\u00a0<a href=\"https:\/\/laescocesa.org\/es\/view\/soniavillar\/3505\" target=\"_blank\" rel=\"noopener\" data-cke-saved-href=\"https:\/\/laescocesa.org\/es\/view\/soniavillar\/3505\">Sonia Villar<\/a>.","desc_en":"During the weekend of\u00a0<strong>September 14 and 15<\/strong>\u00a0La Escocesa opens its doors, this time apart from having open the workshops of the resident artists we will also have a program of activities throughout the two days.\r\n\r\nWe leave below the program and if you continue below you will see a detailed explanation of each activity.\r\n\r\n&nbsp;\r\n<h4><strong>Program<\/strong><\/h4>\r\n<h4>Saturday 14th<\/h4>\r\n<strong>11:00h \u2013 Doors Open<\/strong>\r\n<strong>11:00 a 14:00h \/ 16:00 a 18:00h\u00a0\u2013 Opening of the resident artists' workshops<\/strong>\r\n\r\n<strong>11:00 a 14:00h \/ 16:00 a 18:00h\u00a0<\/strong>\u2013\u00a0<strong>Installation\u00a0<em>Cocciones varias<\/em><\/strong>\u00a0by\u00a0Helena civit, Helena Vinent, Andi Icaza-Largaespada, Julia Gorostidi, Catrina Miralles, Natalia Casta\u00f1eda, B\u00e1rbara S\u00e1nchez Barroso and\u00a0Maria Roy\r\n\r\n<strong>12:00 a 14:00h \/ 16:00 a 18:00h\u00a0<\/strong>\u2013\u00a0<strong>Individual performative visit\u00a0<em>Festa horitzontal de dolors i plaers<\/em>\u00a0<\/strong>(8\u2019) by\u00a0Consol Llupi\u00e0. There will be different passes and access will be on a first come, first served basis.\r\n\r\n<strong>12:00 a 14:00h \/ 16:00 a 18:00h\u00a0<\/strong>\u2013\u00a0<strong><em>Secreto Ancestral VR<\/em><\/strong>\u00a0(20\u2019) by\u00a0Mar\u00eda Jos\u00e9 D\u00edaz. There will be different passes and access will be on a first come, first served basis.\r\n\r\n&nbsp;\r\n<h5>Screenings<\/h5>\r\n<strong>11:30h\u00a0<\/strong>-\u00a0<strong><em>Todas las palabras<\/em>\u00a0<\/strong>(18\u2019) by\u00a0Diana Rangel\r\n\r\n<strong>12:30h\u00a0<\/strong>-\u00a0<strong><em>Una comunitat de llavors i de relats<\/em>\u00a0<\/strong>(10\u2019) \/\u00a0<strong><em>Aiguarir<\/em><\/strong>\u00a0(12\u2019) by\u00a0B\u00e1rbara S\u00e1nchez Barroso\r\n\r\n<strong>13:20h\u00a0<\/strong>-\u00a0<strong><em>Chigys Mie (Cosas pasadas)<\/em>\u00a0<\/strong>(32\u2019) by\u00a0Julia Gorostidi\r\n\r\n&nbsp;\r\n<h5>Guided tours<\/h5>\r\n<strong>11:30 a 12:30h \/\u00a016:30 a 17:30h\u00a0<\/strong>\u2013 Guided tour in Spanish\r\n\r\n<strong>12:30 a 13:30h<\/strong>\u00a0\u2013 Guided tour in Catalan\r\n\r\n&nbsp;\r\n\r\n<strong>14:00 a 16:00h \u2013 Popular lunch<\/strong>\r\n\r\n&nbsp;\r\n<h5>Screenings<\/h5>\r\n<strong>16:00h \u2013\u00a0<em>Manual de tejido<\/em>\u00a0<\/strong>(8\u2019) \/\u00a0<em><strong>Entre reflejos<\/strong><\/em>\u00a0(12\u2019) by\u00a0Laura Arensburg\r\n\r\n<strong>17:00h \u2013\u00a0<em>Un par\u00e1sito<\/em>\u00a0(viviendo bonito)<\/strong>\u00a0(5\u2019) \/\u00a0<strong><em>Recuperar el amanecer<\/em>\u00a0<\/strong>(5\u2019) by\u00a0Andi Icaza-Largaespada\r\n\r\n<strong>17:45h \u2013\u00a0<em>Sin t\u00edtulo<\/em>\u00a0<\/strong>(7\u2019) by\u00a0Catarina Botelho\r\n\r\n&nbsp;\r\n<h5>Performance program<\/h5>\r\n<strong>18:00h \u2013\u00a0<em>Leyendas Bastardas. Una sesi\u00f3n de cuentos fant\u00e1sticos sobre la ciudad que (tambi\u00e9n) habitamos<\/em><\/strong><em>\u00a0<\/em>(40\u2019) by\u00a0Julia Gorostidi\r\n\r\n<strong>19:00h \u2013\u00a0<em>Ara \/ n\u00favol \/ eco \/ punt<\/em><\/strong>\u00a0(45\u2019) by\u00a0Caterina Miralles, Mireia Molina Costa\r\n\r\n<strong>20:00h \u2013\u00a0<em>El ball de la civada jo te\u2019l cantar\u00e9<\/em>\u00a0<\/strong>(30\u2019) by\u00a0Joana Capella\r\n\r\n<strong>20:45h \u2013\u00a0<em>Posesi\u00f3n _ Baile Enmascarado<\/em>\u00a0<\/strong>(45\u2019) by\u00a0M0nster.l4b\r\n\r\n&nbsp;\r\n\r\nThroughout the day there will be a\u00a0<strong>space for children<\/strong>\u00a0and we will have for sale the<strong>\u00a0books of\u00a0<a href=\"https:\/\/laescocesa.org\/es\/Ediciones%20La%20Escocesa\" target=\"_blank\" rel=\"noopener\">Edicions la Escocesa<\/a><\/strong>.\r\n\r\n<em><strong>Awning<\/strong><\/em>\u00a0by Rae Teitelbaum and Anna Irina Russell The stitching of various elements will function as shelter from the sun in some meeting points of the Escocesa community, with the idea of generating a softer and more livable space.\r\n\r\n&nbsp;\r\n\r\n<strong>23:00h - Closure<\/strong>\r\n\r\n&nbsp;\r\n<h4>Domingo 15<\/h4>\r\n<strong>11:00h \u2013 Doors Open<\/strong>\r\n<strong>11:00 a 14:00h \u2013 Opening of the resident artists' workshops<\/strong>\r\n\r\n<strong>13:00 a 15:00h \u2013 Performance, snacks and vermouth\u00a0<em>Comeplantas<\/em>\u00a0<\/strong>by\u00a0Natalia Carminati i Sonia Villar\r\n\r\n&nbsp;\r\n<h5>Screenings<\/h5>\r\n<strong>12:00h \u2013\u00a0<em>A la sombra de la luz<\/em>\u00a0<\/strong>(60\u2019) by\u00a0Mar\u00eda Jos\u00e9 D\u00edaz\r\n\r\n<strong>13:10h \u2013<em>\u00a0Desear como inmortales<\/em><\/strong>\u00a0(8\u2019) by\u00a0Paula Bruna\r\n\r\n&nbsp;\r\n<h5>Guided tours<\/h5>\r\n<strong>11:30 a 12:30h \u2013\u00a0<\/strong>Guided tour in Catalan\r\n\r\n<strong>12:30 a 13:30h \u2013<\/strong>\u00a0Guided tour in Spanish\r\n\r\n&nbsp;\r\n\r\nThroughout the day there will be a\u00a0<strong>space for children<\/strong>\u00a0and we will have for sale the<strong>\u00a0books of\u00a0<a href=\"https:\/\/laescocesa.org\/es\/Ediciones%20La%20Escocesa\" target=\"_blank\" rel=\"noopener\">Edicions la Escocesa<\/a><\/strong>.\r\n\r\n<em><strong>Awning<\/strong><\/em>\u00a0by Rae Teitelbaum and Anna Irina Russell The stitching of various elements will function as shelter from the sun in some meeting points of the Escocesa community, with the idea of generating a softer and more livable space.\r\n\r\n<strong>16:00h \u2013 Closure<\/strong>\r\n\r\n&nbsp;\r\n<h5>The workshop will be open to artists<\/h5>\r\n<a href=\"https:\/\/laescocesa.org\/es\/view\/annairinarussell\/3702\" target=\"_blank\" rel=\"noopener\" data-cke-saved-href=\"https:\/\/laescocesa.org\/es\/view\/annairinarussell\/3702\">Anna Irina Russell<\/a>,\u00a0<a href=\"https:\/\/laescocesa.org\/es\/view\/antonihervas\/3585\" target=\"_blank\" rel=\"noopener\" data-cke-saved-href=\"https:\/\/laescocesa.org\/es\/view\/antonihervas\/3585\">Antoni Herv\u00e0s<\/a>, <a href=\"https:\/\/laescocesa.org\/es\/view\/barbarasanchezbarroso\/3796\" target=\"_blank\" rel=\"noopener\" data-cke-saved-href=\"https:\/\/laescocesa.org\/es\/view\/barbarasanchezbarroso\/3796\">B\u00e1rbara S\u00e1nchez<\/a>, <a href=\"https:\/\/laescocesa.org\/es\/view\/catarinabotelho\/3141\" target=\"_blank\" rel=\"noopener\" data-cke-saved-href=\"https:\/\/laescocesa.org\/es\/view\/catarinabotelho\/3141\">Catarina Botelho<\/a>, <a href=\"https:\/\/laescocesa.org\/es\/view\/consolllupia\/3809\" target=\"_blank\" rel=\"noopener\" data-cke-saved-href=\"https:\/\/laescocesa.org\/es\/view\/consolllupia\/3809\">Consol Llupi\u00e0<\/a>, <a href=\"https:\/\/laescocesa.org\/es\/view\/dennisdizon\/3495\" target=\"_blank\" rel=\"noopener\" data-cke-saved-href=\"https:\/\/laescocesa.org\/es\/view\/dennisdizon\/3495\">Dennis Dizon<\/a>, <a href=\"https:\/\/laescocesa.org\/es\/view\/helenacivitkopeinig\/3705\" target=\"_blank\" rel=\"noopener\" data-cke-saved-href=\"https:\/\/laescocesa.org\/es\/view\/helenacivitkopeinig\/3705\">Helena Civit<\/a>,\u00a0<a href=\"https:\/\/laescocesa.org\/es\/view\/helenavinent\/3261\" target=\"_blank\" rel=\"noopener\" data-cke-saved-href=\"https:\/\/laescocesa.org\/es\/view\/helenavinent\/3261\">Helena Vinent<\/a>, <a href=\"https:\/\/laescocesa.org\/es\/view\/juliaauroraguzman\/3501\" target=\"_blank\" rel=\"noopener\" data-cke-saved-href=\"https:\/\/laescocesa.org\/es\/view\/juliaauroraguzman\/3501\">Julia Aurora Guzm\u00e1n<\/a>, <a href=\"https:\/\/laescocesa.org\/es\/view\/lauraarensburg\/3150\" target=\"_blank\" rel=\"noopener\" data-cke-saved-href=\"https:\/\/laescocesa.org\/es\/view\/lauraarensburg\/3150\">Laura Arensburg<\/a>, <a href=\"https:\/\/laescocesa.org\/es\/view\/M0NSTER.L4B\/3800\" target=\"_blank\" rel=\"noopener\" data-cke-saved-href=\"https:\/\/laescocesa.org\/es\/view\/M0NSTER.L4B\/3800\">M0nster.L4B<\/a>, <a href=\"https:\/\/laescocesa.org\/es\/view\/martavelascovelasco\/3841\" target=\"_blank\" rel=\"noopener\" data-cke-saved-href=\"https:\/\/laescocesa.org\/es\/view\/martavelascovelasco\/3841\">Marta Velasco Velasco<\/a>, <a href=\"https:\/\/laescocesa.org\/es\/view\/nataliacarminati\/3170\" target=\"_blank\" rel=\"noopener\" data-cke-saved-href=\"https:\/\/laescocesa.org\/es\/view\/nataliacarminati\/3170\">Natalia Carminati<\/a>, <a href=\"https:\/\/laescocesa.org\/es\/view\/nataliacastanedaarbelaez\/3149\" target=\"_blank\" rel=\"noopener\" data-cke-saved-href=\"https:\/\/laescocesa.org\/es\/view\/nataliacastanedaarbelaez\/3149\">Natalia Casta\u00f1eda<\/a>, <a href=\"https:\/\/laescocesa.org\/es\/view\/raeteitelbaum\/3801\" target=\"_blank\" rel=\"noopener\" data-cke-saved-href=\"https:\/\/laescocesa.org\/es\/view\/raeteitelbaum\/3801\">Rae Teitelbaum<\/a>, <a href=\"https:\/\/laescocesa.org\/es\/view\/taulunaacosta\/3707\" target=\"_blank\" rel=\"noopener\" data-cke-saved-href=\"https:\/\/laescocesa.org\/es\/view\/taulunaacosta\/3707\">Tau Luna Acosta<\/a> and residents of the research group:\u00a0<a href=\"https:\/\/laescocesa.org\/es\/view\/andiicaza-largaespada\/3701\" target=\"_blank\" rel=\"noopener\" data-cke-saved-href=\"https:\/\/laescocesa.org\/es\/view\/andiicaza-largaespada\/3701\">Andi Icaza-Largaespada<\/a>,\u00a0<a href=\"https:\/\/laescocesa.org\/es\/view\/annaizquierdo\/3799\" target=\"_blank\" rel=\"noopener\" data-cke-saved-href=\"https:\/\/laescocesa.org\/es\/view\/annaizquierdo\/3799\">Anna Izquierdo<\/a>, <a href=\"https:\/\/laescocesa.org\/es\/view\/caterinamiralles\/3704\" target=\"_blank\" rel=\"noopener\" data-cke-saved-href=\"https:\/\/laescocesa.org\/es\/view\/caterinamiralles\/3704\">Caterina Miralles<\/a>, <a href=\"https:\/\/laescocesa.org\/es\/view\/dianarangel\/3839\" target=\"_blank\" rel=\"noopener\" data-cke-saved-href=\"https:\/\/laescocesa.org\/es\/view\/dianarangel\/3839\">Diana Rangel<\/a>, <a href=\"https:\/\/laescocesa.org\/es\/view\/elenamaravillas\/3807\" target=\"_blank\" rel=\"noopener\" data-cke-saved-href=\"https:\/\/laescocesa.org\/es\/view\/elenamaravillas\/3807\">Elena Maravillas<\/a>, <a href=\"https:\/\/laescocesa.org\/es\/view\/juliagorostidi\/3706\" target=\"_blank\" rel=\"noopener\" data-cke-saved-href=\"https:\/\/laescocesa.org\/es\/view\/juliagorostidi\/3706\">Julia Gorostidi<\/a>, <a href=\"https:\/\/laescocesa.org\/es\/view\/mariajosedi%25CC%2581az\/3798\" target=\"_blank\" rel=\"noopener\" data-cke-saved-href=\"https:\/\/laescocesa.org\/es\/view\/mariajosedi%25CC%2581az\/3798\">Mar\u00eda Jos\u00e9 D\u00edaz<\/a>,\u00a0<a href=\"https:\/\/laescocesa.org\/es\/view\/mireiamolinacosta\/3805\" target=\"_blank\" rel=\"noopener\" data-cke-saved-href=\"https:\/\/laescocesa.org\/es\/view\/mireiamolinacosta\/3805\">Mireia Molina Costa<\/a>\u00a0and\u00a0<a href=\"https:\/\/laescocesa.org\/es\/view\/soniavillar\/3505\" target=\"_blank\" rel=\"noopener\" data-cke-saved-href=\"https:\/\/laescocesa.org\/es\/view\/soniavillar\/3505\">Sonia Villar<\/a>.","event_category":245,"event_show_only_own_date":false,"_event_confirmed":true,"_event_public":true,"_event_free":true,"_event_price-min":"","_event_price-max":"","_event_web_ca":"https:\/\/laescocesa.org\/ca\/view\/TallersOberts\/3843","_event_web_es":"https:\/\/laescocesa.org\/es\/view\/TalleresAbiertos\/3843","_event_web_en":"https:\/\/laescocesa.org\/en\/view\/OpenStudio\/3843","event_contact_email":"info@laescocesa.org","event_apply_email":"","is_online_event":false,"is_art_nou_event":false,"is_bgw_event":false,"date_text":"","register_deadline":null,"altres_organitzadors":""},"abe_event_venue":"La Escocesa","abe_event_category":"Visita guiada","start":"2024-09-14 11:00:00","end":"2024-09-15 16:00:00","schedule":"once","schedule_meta":"","frequency":1,"all_day":0,"until":"2024-09-14 11:00:00","include":[],"exclude":[],"_links":{"self":[{"href":"https:\/\/graf.cat\/en\/wp-json\/wp\/v2\/events\/40424","targetHints":{"allow":["GET"]}}],"collection":[{"href":"https:\/\/graf.cat\/en\/wp-json\/wp\/v2\/events"}],"about":[{"href":"https:\/\/graf.cat\/en\/wp-json\/wp\/v2\/types\/event"}],"author":[{"embeddable":true,"href":"https:\/\/graf.cat\/en\/wp-json\/wp\/v2\/users\/65"}],"occurrences":[{"embeddable":true,"href":"https:\/\/graf.cat\/en\/wp-json\/wp\/v2\/events\/40424\/occurrences"}],"acf:term":[{"embeddable":true,"taxonomy":"event-category","href":"https:\/\/graf.cat\/en\/wp-json\/wp\/v2\/event-category\/245"}],"wp:featuredmedia":[{"embeddable":true,"href":"https:\/\/graf.cat\/en\/wp-json\/wp\/v2\/media\/40896"}],"wp:attachment":[{"href":"https:\/\/graf.cat\/en\/wp-json\/wp\/v2\/media?parent=40424"}],"wp:term":[{"taxonomy":"event-venue","embeddable":true,"href":"https:\/\/graf.cat\/en\/wp-json\/wp\/v2\/event-venues?post=40424"},{"taxonomy":"event-tag","embeddable":true,"href":"https:\/\/graf.cat\/en\/wp-json\/wp\/v2\/event-tags?post=40424"}],"curies":[{"name":"wp","href":"https:\/\/api.w.org\/{rel}","templated":true}]}}