{"id":40951,"guid":{"rendered":"https:\/\/graf.cat\/?post_type=event&#038;p=40951"},"modified":"2024-08-30T12:19:44","modified_gmt":"2024-08-30T10:19:44","slug":"la-marche-des-femmes-a-hendaye-les-meres-espagnoles-lluites-collectives-films-feministes-dels-anys-70-i-80-a-franca","status":"publish","type":"event","link":"https:\/\/graf.cat\/en\/events\/event\/la-marche-des-femmes-a-hendaye-les-meres-espagnoles-lluites-collectives-films-feministes-dels-anys-70-i-80-a-franca\/","title":{"rendered":"La marche des femmes \u00e0 Hendaye | Les m\u00e8res espagnoles. Lluites col\u00b7lectives, films feministes dels anys 70 i 80 a Fran\u00e7a"},"content":{"rendered":"","protected":false},"excerpt":{"rendered":"","protected":false},"author":155,"featured_media":40952,"template":"","meta":{"_acf_changed":false,"_monsterinsights_skip_tracking":false,"_monsterinsights_sitenote_active":false,"_monsterinsights_sitenote_note":"","_monsterinsights_sitenote_category":0},"event-venues":[437],"event-tags":[],"class_list":["post-40951","event","type-event","status-publish","has-post-thumbnail","hentry","event-venue-filmoteca-de-catalunya","event-category-screening"],"acf":{"title_ca":"La marche des femmes \u00e0 Hendaye | Les m\u00e8res espagnoles. Lluites col\u00b7lectives, films feministes dels anys 70 i 80 a Fran\u00e7a","title_es":"La marche des femmes \u00e0 Hendaye | Les m\u00e8res espagnoles. Lluites col\u00b7lectives, films feministes dels anys 70 i 80 a Fran\u00e7a","title_en":"La marche des femmes \u00e0 Hendaye | Les m\u00e8res espagnoles. Lluites col\u00b7lectives, films feministes dels anys 70 i 80 a Fran\u00e7a","desc_ca":"*La sessi\u00f3 compta amb el di\u00e0leg entre Ros Murray (King's College London) i Arantza Santesteban (historiadora i cineasta)\r\n\r\n<em><strong>La marche des femmes \u00e0 Hendaye<\/strong><\/em> (La marcha de las mujeres en Hendaya<em>)<\/em>\r\nC.Roussopoulos, I.Wieder, 1975. Fran\u00e7a, 28'.\r\nUn miler de dones de tot Fran\u00e7a es reuneixen a Hendaia el diumenge 5 d'octubre de 1975 per protestar contra les execucions d'activistes basques per part del r\u00e8gim franquista. Les dones espanyoles exiliades que participen en la marxa parlen de les seves condicions de vida a Fran\u00e7a i de les relacions entre homes i dones.\r\n\r\n<em><strong>Les m\u00e8res espagnoles<\/strong> <\/em>(Las madres espa\u00f1olas)\r\nC.Roussopoulos, I.Wieder, 1975. Fran\u00e7a-Su\u00efssa, 59'.\r\nEspanya, 27 de setembre de 1975. Dos membres d'ETA i tres del FRAP s\u00f3n executats pel r\u00e8gim franquista. Carole Roussopoulos i Ioana Wieder entrevisten els seus familiars i plasmen, amb altres imatges, l'abast internacional de les mobilitzacions contra la dictadura espanyola.\r\n\r\n_\r\n\r\nLa sessi\u00f3 forma part del cicle de cinema <a href=\"https:\/\/www.filmoteca.cat\/web\/ca\/film\/la-marche-des-femmes-hendaye-les-meres-espagnoles\"><strong><em>Lluites col\u00b7lectives, films feministes dels anys 70 i 80 a Fran\u00e7a<\/em><\/strong><\/a> vinculat a l'exposici\u00f3 <strong>Precursores: feminismes, c\u00e0mera en m\u00e0 i arxiu a l'espatlla<\/strong>, que es pot visitar a l'espai expositiu de la Filmoteca fins al 17 de novembre de 2024.\r\n\r\nEl cicle de cinema, dedicat als v\u00eddeoactivismes dels anys 70 i 80, inclou t\u00edtols realitzat per <em>Les Insoumuses<\/em>, el col\u00b7lectiu feminista format per Delphine Seyrig, Carole Roussopoulos i Ioana Wieder, les quals van escriure un cap\u00edtol cabdal en la hist\u00f2ria del feminisme mitjan\u00e7ant l\u2019\u00fas innovador del v\u00eddeo com a eina de protesta i conscienciaci\u00f3 social.","desc_es":"*La sessi\u00f3 compta amb el di\u00e0leg entre Ros Murray (King's College London) i Arantza Santesteban (historiadora i cineasta)\r\n\r\n<em><strong>La marche des femmes \u00e0 Hendaye<\/strong><\/em> (La marcha de las mujeres en Hendaya<em>)<\/em>\r\nC.Roussopoulos, I.Wieder, 1975. Fran\u00e7a, 28'.\r\nUn miler de dones de tot Fran\u00e7a es reuneixen a Hendaia el diumenge 5 d'octubre de 1975 per protestar contra les execucions d'activistes basques per part del r\u00e8gim franquista. Les dones espanyoles exiliades que participen en la marxa parlen de les seves condicions de vida a Fran\u00e7a i de les relacions entre homes i dones.\r\n\r\n<em><strong>Les m\u00e8res espagnoles<\/strong><\/em> (Las madres espa\u00f1olas)\r\nC.Roussopoulos, I.Wieder, 1975. Fran\u00e7a-Su\u00efssa, 59'.\r\nEspanya, 27 de setembre de 1975. Dos membres d'ETA i tres del FRAP s\u00f3n executats pel r\u00e8gim franquista. Carole Roussopoulos i Ioana Wieder entrevisten els seus familiars i plasmen, amb altres imatges, l'abast internacional de les mobilitzacions contra la dictadura espanyola.\r\n\r\n_\r\n\r\nLa sessi\u00f3 forma part del cicle de cinema <a href=\"https:\/\/www.filmoteca.cat\/web\/ca\/film\/la-marche-des-femmes-hendaye-les-meres-espagnoles\"><strong><em>Lluites col\u00b7lectives, films feministes dels anys 70 i 80 a Fran\u00e7a<\/em><\/strong><\/a> vinculat a l'exposici\u00f3 <strong>Precursores: feminismes, c\u00e0mera en m\u00e0 i arxiu a l'espatlla<\/strong>, que es pot visitar a l'espai expositiu de la Filmoteca fins al 17 de novembre de 2024.\r\n\r\nEl cicle de cinema, dedicat als v\u00eddeoactivismes dels anys 70 i 80, inclou t\u00edtols realitzat per <em>Les Insoumuses<\/em>, el col\u00b7lectiu feminista format per Delphine Seyrig, Carole Roussopoulos i Ioana Wieder, les quals van escriure un cap\u00edtol cabdal en la hist\u00f2ria del feminisme mitjan\u00e7ant l\u2019\u00fas innovador del v\u00eddeo com a eina de protesta i conscienciaci\u00f3 social.","desc_en":"*La sessi\u00f3 compta amb el di\u00e0leg entre Ros Murray (King's College London) i Arantza Santesteban (historiadora i cineasta)\r\n\r\n<em><strong>La marche des femmes \u00e0 Hendaye<\/strong><\/em> (La marcha de las mujeres en Hendaya)\r\nC.Roussopoulos, I.Wieder, 1975. Fran\u00e7a, 28'.\r\nUn miler de dones de tot Fran\u00e7a es reuneixen a Hendaia el diumenge 5 d'octubre de 1975 per protestar contra les execucions d'activistes basques per part del r\u00e8gim franquista. Les dones espanyoles exiliades que participen en la marxa parlen de les seves condicions de vida a Fran\u00e7a i de les relacions entre homes i dones.\r\n\r\n<em><strong>Les m\u00e8res espagnoles<\/strong><\/em> (Las madres espa\u00f1olas)\r\nC.Roussopoulos, I.Wieder, 1975. Fran\u00e7a-Su\u00efssa, 59'.\r\nEspanya, 27 de setembre de 1975. Dos membres d'ETA i tres del FRAP s\u00f3n executats pel r\u00e8gim franquista. Carole Roussopoulos i Ioana Wieder entrevisten els seus familiars i plasmen, amb altres imatges, l'abast internacional de les mobilitzacions contra la dictadura espanyola.\r\n\r\n_\r\n\r\nLa sessi\u00f3 forma part del cicle de cinema <a href=\"https:\/\/www.filmoteca.cat\/web\/ca\/film\/la-marche-des-femmes-hendaye-les-meres-espagnoles\"><strong><em>Lluites col\u00b7lectives, films feministes dels anys 70 i 80 a Fran\u00e7a<\/em><\/strong><\/a> vinculat a l'exposici\u00f3 <strong>Precursores: feminismes, c\u00e0mera en m\u00e0 i arxiu a l'espatlla<\/strong>, que es pot visitar a l'espai expositiu de la Filmoteca fins al 17 de novembre de 2024.\r\n\r\nEl cicle de cinema, dedicat als v\u00eddeoactivismes dels anys 70 i 80, inclou t\u00edtols realitzat per <em>Les Insoumuses<\/em>, el col\u00b7lectiu feminista format per Delphine Seyrig, Carole Roussopoulos i Ioana Wieder, les quals van escriure un cap\u00edtol cabdal en la hist\u00f2ria del feminisme mitjan\u00e7ant l\u2019\u00fas innovador del v\u00eddeo com a eina de protesta i conscienciaci\u00f3 social.","event_category":219,"event_show_only_own_date":true,"_event_confirmed":true,"_event_public":true,"_event_free":false,"_event_price-min":3,"_event_price-max":4,"_event_web_ca":"https:\/\/www.filmoteca.cat\/web\/ca\/film\/la-marche-des-femmes-hendaye-les-meres-espagnoles","_event_web_es":"https:\/\/www.filmoteca.cat\/web\/ca\/film\/la-marche-des-femmes-hendaye-les-meres-espagnoles","_event_web_en":"https:\/\/www.filmoteca.cat\/web\/ca\/film\/la-marche-des-femmes-hendaye-les-meres-espagnoles","event_contact_email":"esthervila@gencat.cat","event_apply_email":"","is_online_event":false,"is_art_nou_event":false,"is_bgw_event":false,"date_text":"18 h","register_deadline":null,"altres_organitzadors":""},"abe_event_venue":"Filmoteca de Catalunya","abe_event_category":"Screening","start":"2024-09-19 18:00:00","end":"2024-09-19 20:00:00","schedule":"once","schedule_meta":"","frequency":1,"all_day":0,"until":"2024-09-19 18:00:00","include":[],"exclude":[],"_links":{"self":[{"href":"https:\/\/graf.cat\/en\/wp-json\/wp\/v2\/events\/40951","targetHints":{"allow":["GET"]}}],"collection":[{"href":"https:\/\/graf.cat\/en\/wp-json\/wp\/v2\/events"}],"about":[{"href":"https:\/\/graf.cat\/en\/wp-json\/wp\/v2\/types\/event"}],"author":[{"embeddable":true,"href":"https:\/\/graf.cat\/en\/wp-json\/wp\/v2\/users\/155"}],"occurrences":[{"embeddable":true,"href":"https:\/\/graf.cat\/en\/wp-json\/wp\/v2\/events\/40951\/occurrences"}],"acf:term":[{"embeddable":true,"taxonomy":"event-category","href":"https:\/\/graf.cat\/en\/wp-json\/wp\/v2\/event-category\/219"}],"wp:featuredmedia":[{"embeddable":true,"href":"https:\/\/graf.cat\/en\/wp-json\/wp\/v2\/media\/40952"}],"wp:attachment":[{"href":"https:\/\/graf.cat\/en\/wp-json\/wp\/v2\/media?parent=40951"}],"wp:term":[{"taxonomy":"event-venue","embeddable":true,"href":"https:\/\/graf.cat\/en\/wp-json\/wp\/v2\/event-venues?post=40951"},{"taxonomy":"event-tag","embeddable":true,"href":"https:\/\/graf.cat\/en\/wp-json\/wp\/v2\/event-tags?post=40951"}],"curies":[{"name":"wp","href":"https:\/\/api.w.org\/{rel}","templated":true}]}}