{"id":42350,"guid":{"rendered":"https:\/\/graf.cat\/?post_type=event&#038;p=42350"},"modified":"2024-10-10T13:06:56","modified_gmt":"2024-10-10T11:06:56","slug":"festival-barcelona-dibuixa-lentorn-i-el-simbol","status":"publish","type":"event","link":"https:\/\/graf.cat\/en\/events\/event\/festival-barcelona-dibuixa-lentorn-i-el-simbol\/","title":{"rendered":"Festival Barcelona Dibuixa: L\u2019entorn i el s\u00edmbol"},"content":{"rendered":"","protected":false},"excerpt":{"rendered":"","protected":false},"author":32,"featured_media":42352,"template":"","meta":{"_acf_changed":false,"_monsterinsights_skip_tracking":false,"_monsterinsights_sitenote_active":false,"_monsterinsights_sitenote_note":"","_monsterinsights_sitenote_category":0},"event-venues":[679],"event-tags":[],"class_list":["post-42350","event","type-event","status-publish","has-post-thumbnail","hentry","event-venue-fabra-i-coats","event-category-festival"],"acf":{"title_ca":"Festival Barcelona Dibuixa: L\u2019entorn i el s\u00edmbol","title_es":"Festival Barcelona Dibuixa: El entorno y el s\u00edmbolo","title_en":"Festival Barcelona Dibuixa: Surroundings and Symbol","desc_ca":"<p dir=\"ltr\">Taller d\u2019experimentaci\u00f3 del dibuix a trav\u00e9s del cos i en relaci\u00f3 amb l\u2019entorn, a c\u00e0rrec de <strong>Carla Aledo<\/strong>.<\/p>\r\n<p dir=\"ltr\">En aquest taller explorarem la mirada sobre el nostre entorn i jugarem amb els sentits, el paper, el llapis i els s\u00edmbols que ens arribin a trav\u00e9s de la nostra observaci\u00f3. L\u2019activitat es pot fer de manera individual o compartida, i ens podem quedar en el s\u00edmbol i la imatge o anar m\u00e9s enll\u00e0 i introduir text.<\/p>\r\n<p dir=\"ltr\"><em>Dissabte 19 d\u2019octubre, de 16\u202fa 20\u202fh<\/em>\r\n<em>Diumenge 20 d\u2019octubre, de 10 a 14\u202fh<\/em><\/p>","desc_es":"<p dir=\"ltr\">Taller de experimentaci\u00f3n del dibujo a trav\u00e9s del cuerpo y en relaci\u00f3n con el entorno, a cargo de <strong>Carla Aledo<\/strong>.<\/p>\r\n<p dir=\"ltr\">En este taller exploraremos la mirada sobre nuestro entorno y jugaremos con los sentidos, el papel, el l\u00e1piz y los s\u00edmbolos que nos lleguen a trav\u00e9s de nuestra observaci\u00f3n. La actividad puede realizarse de forma individual o compartida, y podemos quedarnos en el s\u00edmbolo y la imagen o ir m\u00e1s all\u00e1 e introducir texto.<\/p>\r\n<p dir=\"ltr\"><em>S\u00e1bado 19 de octubre, de 16\u202fa 20\u202fh<\/em>\r\n<em>Domingo 20 de octubre, de 10 a 14\u202fh<\/em><\/p>","desc_en":"<p dir=\"ltr\">Workshop for experimenting with drawing through the body and in relation to surroundings, with <strong>Carla Aledo<\/strong>.<\/p>\r\n<p dir=\"ltr\">\u200bIn this workshop, we will explore the way we look at our surroundings and play with the senses, paper, pencils and the symbols that reach us through observation. This activity can be done individually or together and we can focus on the symbol and the image or go further by adding text.<\/p>\r\n<p dir=\"ltr\"><em>Saturday 19 October from 16.00 to 20.00<\/em>\r\n<em>Sunday 20 October from 10.00 to 14.00<\/em><\/p>","event_category":481,"event_show_only_own_date":true,"_event_confirmed":true,"_event_public":true,"_event_free":true,"_event_price-min":"","_event_price-max":"","_event_web_ca":"https:\/\/www.barcelona.cat\/fabraicoats\/centredart\/ca\/content\/festival-barcelona-dibuixa","_event_web_es":"https:\/\/www.barcelona.cat\/fabraicoats\/centredart\/es\/content\/festival-barcelona-dibuixa","_event_web_en":"https:\/\/www.barcelona.cat\/fabraicoats\/centredart\/en\/content\/festival-barcelona-dibuixa","event_contact_email":"","event_apply_email":"","is_online_event":false,"is_art_nou_event":false,"is_bgw_event":false,"date_text":"","register_deadline":null,"altres_organitzadors":""},"abe_event_venue":"La Fabra Centre d'Art Contemporani","abe_event_category":"Festival","start":"2024-10-19 16:00:00","end":"2024-10-19 20:00:00","schedule":"once","schedule_meta":"","frequency":1,"all_day":0,"until":"2024-10-19 16:00:00","include":[],"exclude":[],"_links":{"self":[{"href":"https:\/\/graf.cat\/en\/wp-json\/wp\/v2\/events\/42350","targetHints":{"allow":["GET"]}}],"collection":[{"href":"https:\/\/graf.cat\/en\/wp-json\/wp\/v2\/events"}],"about":[{"href":"https:\/\/graf.cat\/en\/wp-json\/wp\/v2\/types\/event"}],"author":[{"embeddable":true,"href":"https:\/\/graf.cat\/en\/wp-json\/wp\/v2\/users\/32"}],"occurrences":[{"embeddable":true,"href":"https:\/\/graf.cat\/en\/wp-json\/wp\/v2\/events\/42350\/occurrences"}],"acf:term":[{"embeddable":true,"taxonomy":"event-category","href":"https:\/\/graf.cat\/en\/wp-json\/wp\/v2\/event-category\/481"}],"wp:featuredmedia":[{"embeddable":true,"href":"https:\/\/graf.cat\/en\/wp-json\/wp\/v2\/media\/42352"}],"wp:attachment":[{"href":"https:\/\/graf.cat\/en\/wp-json\/wp\/v2\/media?parent=42350"}],"wp:term":[{"taxonomy":"event-venue","embeddable":true,"href":"https:\/\/graf.cat\/en\/wp-json\/wp\/v2\/event-venues?post=42350"},{"taxonomy":"event-tag","embeddable":true,"href":"https:\/\/graf.cat\/en\/wp-json\/wp\/v2\/event-tags?post=42350"}],"curies":[{"name":"wp","href":"https:\/\/api.w.org\/{rel}","templated":true}]}}