{"id":44905,"guid":{"rendered":"https:\/\/graf.cat\/?post_type=event&#038;p=44905"},"modified":"2025-01-23T12:06:50","modified_gmt":"2025-01-23T10:06:50","slug":"mes-que-una-visita-amb-vero-cendoya","status":"publish","type":"event","link":"https:\/\/graf.cat\/en\/events\/event\/mes-que-una-visita-amb-vero-cendoya\/","title":{"rendered":"M\u00e9s que una visita amb&#8230; Vero Cendoya"},"content":{"rendered":"","protected":false},"excerpt":{"rendered":"","protected":false},"author":26,"featured_media":44906,"template":"","meta":{"_acf_changed":false,"_monsterinsights_skip_tracking":false,"_monsterinsights_sitenote_active":false,"_monsterinsights_sitenote_note":"","_monsterinsights_sitenote_category":0},"event-venues":[56],"event-tags":[],"class_list":["post-44905","event","type-event","status-publish","has-post-thumbnail","hentry","event-venue-caixaforum-barcelona","event-category-visita-guiada"],"acf":{"title_ca":"M\u00e9s que una visita amb... Vero Cendoya","title_es":"M\u00e1s que una visita con... Vero Cendoya","title_en":"M\u00e1s que una visita con... Vero Cendoya","desc_ca":"<strong><span class=\"subtitle\">El cos despla\u00e7at<\/span><\/strong>\r\n<div class=\"secondary-text\">\r\n\r\nEn aquesta proposta de visita taller performativa, l\u2019artista Vero Cendoya plantejar\u00e0 una aproximaci\u00f3 a l\u2019exposici\u00f3 \u201cFora de marc. Obres de Rineke Dijkstra i Philippe Parreno\u201d. El seu punt de partida ser\u00e0 la dimensi\u00f3 corporal de la nostra experi\u00e8ncia com a p\u00fablic. Es tracta d\u2019una reflexi\u00f3 que permet prendre consci\u00e8ncia de la pres\u00e8ncia dels assistents, en tant que cossos que habiten l\u2019espai del museu i que es relacionen amb el que s\u2019hi mostra. Alhora, per\u00f2, es converteixen en una instituci\u00f3 muse\u00edstica, en un espai que pot acollir la diversitat del moviment i dels cossos.\r\n\r\n<strong>Vero Cendoya<\/strong>, int\u00e8rpret, professora, pintora, il\u00b7lustradora i core\u00f2grafa. Formada en dansa, ha treballat amb reconegudes figures i companyies, tant nacionals com internacionals. El 2008 va crear la seva pr\u00f2pia companyia de dansa-teatre, Cia. Vero Cendoya.\r\n\r\n<\/div>\r\n<strong>Activitat entorn l'exposici\u00f3 'Fora de marc. Obres de Rineke Dijkstra i Philippe Parreno'.<\/strong>","desc_es":"<strong><span class=\"subtitle\">El cuerpo desplazado<\/span><\/strong>\r\n<div class=\"secondary-text\">\r\n\r\nEn esta propuesta de visita-taller performativa, la artista Vero Cendoya plantear\u00e1 una aproximaci\u00f3n a la exposici\u00f3n \u201cFuera de marco. Obras de Rineke Dijkstra y Philippe Parreno\u201d. Su punto de partida ser\u00e1 la dimensi\u00f3n corporal de nuestra experiencia como p\u00fablico. Se trata de una reflexi\u00f3n que permite tomar conciencia de la presencia de los asistentes, en tanto que cuerpos que habitan el espacio del museo y que se relacionen con lo que se muestra. A la vez, pero, se convierten en una instituci\u00f3n muse\u00edstica, en un espacio que puede acoger la diversidad del movimiento y de los cuerpos.\r\n\r\n<strong>Vero Cendoya<\/strong>,<strong>\u00a0<\/strong>int\u00e9rprete, profesora, pintora, ilustradora y core\u00f3grafa. Formada en danza, ha trabajado con reconocidas figuras y compa\u00f1\u00edas, tanto nacionales como internacionales. El 2008 cre\u00f3 su propia compa\u00f1\u00eda de danza-teatro, Cia. Vero Cendoya.\r\n\r\n<strong>Actividad entorno la exposici\u00f3n 'Fuera de marco. Obras de Rineke Dijkstra y Philippe Parreno'.<\/strong>\r\n\r\n<\/div>","desc_en":"","event_category":245,"event_show_only_own_date":false,"_event_confirmed":true,"_event_public":true,"_event_free":false,"_event_price-min":4,"_event_price-max":4,"_event_web_ca":"https:\/\/caixaforum.org\/ca\/barcelona\/p\/vero-cendoya_a170225717","_event_web_es":"https:\/\/caixaforum.org\/es\/barcelona\/p\/vero-cendoya_a170225717","_event_web_en":"https:\/\/caixaforum.org\/es\/barcelona\/p\/vero-cendoya_a170225717","event_contact_email":"","event_apply_email":"","is_online_event":false,"is_art_nou_event":false,"is_bgw_event":false,"date_text":"","register_deadline":null,"altres_organitzadors":""},"abe_event_venue":"CaixaForum Barcelona","abe_event_category":"Visita guiada","start":"2025-02-19 18:30:00","end":"2025-02-19 19:30:00","schedule":"once","schedule_meta":"","frequency":1,"all_day":0,"until":"2025-02-19 18:30:00","include":[],"exclude":[],"_links":{"self":[{"href":"https:\/\/graf.cat\/en\/wp-json\/wp\/v2\/events\/44905","targetHints":{"allow":["GET"]}}],"collection":[{"href":"https:\/\/graf.cat\/en\/wp-json\/wp\/v2\/events"}],"about":[{"href":"https:\/\/graf.cat\/en\/wp-json\/wp\/v2\/types\/event"}],"author":[{"embeddable":true,"href":"https:\/\/graf.cat\/en\/wp-json\/wp\/v2\/users\/26"}],"occurrences":[{"embeddable":true,"href":"https:\/\/graf.cat\/en\/wp-json\/wp\/v2\/events\/44905\/occurrences"}],"acf:term":[{"embeddable":true,"taxonomy":"event-category","href":"https:\/\/graf.cat\/en\/wp-json\/wp\/v2\/event-category\/245"}],"wp:featuredmedia":[{"embeddable":true,"href":"https:\/\/graf.cat\/en\/wp-json\/wp\/v2\/media\/44906"}],"wp:attachment":[{"href":"https:\/\/graf.cat\/en\/wp-json\/wp\/v2\/media?parent=44905"}],"wp:term":[{"taxonomy":"event-venue","embeddable":true,"href":"https:\/\/graf.cat\/en\/wp-json\/wp\/v2\/event-venues?post=44905"},{"taxonomy":"event-tag","embeddable":true,"href":"https:\/\/graf.cat\/en\/wp-json\/wp\/v2\/event-tags?post=44905"}],"curies":[{"name":"wp","href":"https:\/\/api.w.org\/{rel}","templated":true}]}}