{"id":47415,"guid":{"rendered":"https:\/\/graf.cat\/?post_type=event&#038;p=47415"},"modified":"2025-04-22T12:52:05","modified_gmt":"2025-04-22T10:52:05","slug":"colectivo-deriarectificadora-zeitportrats","status":"publish","type":"event","link":"https:\/\/graf.cat\/en\/events\/event\/colectivo-deriarectificadora-zeitportrats\/","title":{"rendered":"Colectivo deria+rectificadora &#8211; Zeitportr\u00e4ts"},"content":{"rendered":"","protected":false},"excerpt":{"rendered":"","protected":false},"author":86,"featured_media":47416,"template":"","meta":{"_acf_changed":false,"_monsterinsights_skip_tracking":false,"_monsterinsights_sitenote_active":false,"_monsterinsights_sitenote_note":"","_monsterinsights_sitenote_category":0},"event-venues":[],"event-tags":[],"class_list":["post-47415","event","type-event","status-publish","has-post-thumbnail","hentry","event-category-arts-in-viu"],"acf":{"title_ca":"Colectivo deria+rectificadora - Zeitportr\u00e4ts","title_es":"Colectivo deria+rectificadora - Zeitportr\u00e4ts","title_en":"Colectivo deria+rectificadora - Zeitportr\u00e4ts","desc_ca":"<em>Zeitportr\u00e4ts<\/em>\u00a0\u201csom els guardians de la soledat de les altres\u201d L\u2019amistat, finalment, hauria de ser cr\u00edtica i no convertir-se en un altre concepte susceptible de ser transformat en producte de consum pel neoliberalisme. Repensar l\u2019amistat, l\u2019auto-explotaci\u00f3, el frac\u00e0s radical, la solitud conquistada, el buit, els vincles, la fragilitat en l\u2019era de les tecnologies i observar que tal vegada les IAS s\u00f3n el nostre reflex. Capturar l\u2019ess\u00e8ncia del nostre temps tamb\u00e9 a trav\u00e9s d\u2019una alteritat sense cos.\r\n\r\nS\u00f3n 25 anys de creacions del col\u00b7lectiu deria rectificadora, aix\u00f2 No \u00e9s nom\u00e9s una celebraci\u00f3 sin\u00f3 una pr\u00e0ctica de gaudir del desig per celebrar l\u2019acci\u00f3 creativa.\r\n\r\n<hr \/>\r\n\r\n<strong>Colectivo deria+rectificadora<\/strong>. El col\u00b7lectiu es crea amb la necessitat de formar un equip de treball creatiu independent al barri de Gr\u00e0cia: la sala deria (sala moviment) i els rectificadors mec\u00e0nics (creaci\u00f3 m\u00fasica), donant import\u00e0ncia a les jams de contact improvisaci\u00f3.","desc_es":"<em>Zeitportr\u00e4ts<\/em>\u00a0\u201csomos les guardianes de las soledad de les otres\u201d\r\n\r\nLa amistad, por \u00faltimo, deber\u00eda ser cr\u00edtica y no convertirse en otro concepto susceptible de ser transformado en producto de consumo por el neoliberalismo. Repensar la amistad, la auto-explotaci\u00f3n, el fracaso radical, la soledad conquistada, el vac\u00edo, los v\u00ednculos, la fragilidad en la era de las tecnolog\u00edas y observar que tal vez las IAS son nuestro reflejo. Capturar la esencia de nuestro tiempo tambi\u00e9n a trav\u00e9s de una alteridad sin cuerpo.\r\n\r\nSon 25 a\u00f1os, de creaciones en el colectivo deria rectificadora, esto No es s\u00f3lo una celebraci\u00f3n sino una pr\u00e1ctica de disfrutar del deseo por celebrar la acci\u00f3n creativa.\r\n\r\n<hr \/>\r\n\r\n<strong>Colectivo deria+rectificadora<\/strong>. El colectivo se crea en el 2000, con la necesidad de formar un equipo de trabajo creativo independiente en el barrio de Gracia, la sala der\u00eda (sala movimiento) y los rectificadores mec\u00e1nicos (creaci\u00f3n musica), dando importancia a las jams de contact improvisaci\u00f3n.","desc_en":"<em>Zeitportr\u00e4ts<\/em>\u00a0\u201cWe are the guardians of the loneliness of others\u201d.\r\n\r\nFriendship, in the end, should be critical rather than becoming yet another concept susceptible to being transformed into a consumer product by neoliberalism. Rethink friendship, self-exploitation, radical failure, vanquished loneliness, emptiness, bonds, fragility in the age of technologies and observe that perhaps AIs are our reflection. Capturing the essence of our era also through a bodiless otherness.\r\n\r\ncolectivo deria rectificadora have 25 years of creations to their name. This is Not just a celebration; it is the act of enjoying the desire to celebrate creative action.\r\n\r\n<hr \/>\r\n\r\n<strong>Colectivo deria+rectificadora<\/strong>. The collective was created in 2000, inspired by the need to create an independent creative works team in Gracia: the deria theatre (movement) and mechanical rectifiers (music creation) combining to give importance to contact improvisation jams .","event_category":440,"event_show_only_own_date":false,"_event_confirmed":true,"_event_public":true,"_event_free":false,"_event_price-min":11,"_event_price-max":15,"_event_web_ca":"https:\/\/www.anticteatre.com\/events\/event\/zeitportrats-colectivo-deriarectificadora\/","_event_web_es":"https:\/\/www.anticteatre.com\/events\/event\/zeitportrats-colectivo-deriarectificadora\/?lang=es","_event_web_en":"https:\/\/www.anticteatre.com\/events\/event\/zeitportrats-colectivo-deriarectificadora\/?lang=en","event_contact_email":"anticteatre@anticteatre.com","event_apply_email":"","is_online_event":false,"is_art_nou_event":false,"is_bgw_event":false,"date_text":"22 a 25 de maig 2025.","register_deadline":null,"altres_organitzadors":""},"abe_event_venue":null,"abe_event_category":"Arts en Viu","start":"2025-05-22 20:00:00","end":"2025-05-25 20:00:00","schedule":"once","schedule_meta":"","frequency":1,"all_day":0,"until":"2025-05-22 20:00:00","include":[],"exclude":[],"_links":{"self":[{"href":"https:\/\/graf.cat\/en\/wp-json\/wp\/v2\/events\/47415","targetHints":{"allow":["GET"]}}],"collection":[{"href":"https:\/\/graf.cat\/en\/wp-json\/wp\/v2\/events"}],"about":[{"href":"https:\/\/graf.cat\/en\/wp-json\/wp\/v2\/types\/event"}],"author":[{"embeddable":true,"href":"https:\/\/graf.cat\/en\/wp-json\/wp\/v2\/users\/86"}],"occurrences":[{"embeddable":true,"href":"https:\/\/graf.cat\/en\/wp-json\/wp\/v2\/events\/47415\/occurrences"}],"acf:term":[{"embeddable":true,"taxonomy":"event-category","href":"https:\/\/graf.cat\/en\/wp-json\/wp\/v2\/event-category\/440"}],"wp:featuredmedia":[{"embeddable":true,"href":"https:\/\/graf.cat\/en\/wp-json\/wp\/v2\/media\/47416"}],"wp:attachment":[{"href":"https:\/\/graf.cat\/en\/wp-json\/wp\/v2\/media?parent=47415"}],"wp:term":[{"taxonomy":"event-venue","embeddable":true,"href":"https:\/\/graf.cat\/en\/wp-json\/wp\/v2\/event-venues?post=47415"},{"taxonomy":"event-tag","embeddable":true,"href":"https:\/\/graf.cat\/en\/wp-json\/wp\/v2\/event-tags?post=47415"}],"curies":[{"name":"wp","href":"https:\/\/api.w.org\/{rel}","templated":true}]}}