{"id":47840,"guid":{"rendered":"https:\/\/graf.cat\/?post_type=event&#038;p=47840"},"modified":"2025-05-05T23:32:21","modified_gmt":"2025-05-05T21:32:21","slug":"convocatoria-oberta-per-a-propostes-darts-luminiques-festival-stripart","status":"publish","type":"event","link":"https:\/\/graf.cat\/en\/events\/event\/convocatoria-oberta-per-a-propostes-darts-luminiques-festival-stripart\/","title":{"rendered":"CONVOCAT\u00d2RIA OBERTA PER A PROPOSTES D\u2019ARTS LUM\u00cdNIQUES (FESTIVAL STRIPART)"},"content":{"rendered":"","protected":false},"excerpt":{"rendered":"","protected":false},"author":188,"featured_media":47841,"template":"","meta":{"_acf_changed":false,"_monsterinsights_skip_tracking":false,"_monsterinsights_sitenote_active":false,"_monsterinsights_sitenote_note":"","_monsterinsights_sitenote_category":0},"event-venues":[],"event-tags":[],"class_list":["post-47840","event","type-event","status-publish","has-post-thumbnail","hentry","event-category-convocatories"],"acf":{"title_ca":"Convocat\u00f2ria oberta per a propostes d'arts lum\u00edniques (Festival Stripart)","title_es":"Convocatoria abierta para propuestas de artes lum\u00ednicas (Festival Stripart)","title_en":"Open Call for Light Art Proposals (Stripart Festival)","desc_ca":"El <strong>Centre C\u00edvic Guinard\u00f3<\/strong>, dins del marc de l\u2019<strong>Stripart<\/strong>, obre una convocat\u00f2ria adre\u00e7ada a artistes i col\u00b7lectius d\u2019artistes emergents, de fins a 35 anys, que treballin en el camp de les arts lum\u00edniques.\r\nL\u2019objectiu \u00e9s seleccionar una proposta ja produ\u00efda, amb car\u00e0cter m\u00f2bil, que pugui funcionar com a element atraient de p\u00fablic cap a un espai concret, on tindr\u00e0 lloc una acci\u00f3 d\u2019arts esc\u00e8niques.\r\n\r\n<strong>Requisits de participaci\u00f3<\/strong>\r\n\r\n\u2022 Artistes o col\u00b7lectius residents a Catalunya, de fins a 35 anys.\r\n\u2022 Obra ja produ\u00efda en l\u2019\u00e0mbit de les arts lum\u00edniques.\r\n\u2022 La proposta ha de ser m\u00f2bil i apta per a l\u2019espai p\u00fablic.\r\n\u2022 Disponibilitat per intervenir el 27 de juny de 2025, entre les 21.00 i les 00.00 h.\r\n\r\n<strong>Condicions<\/strong>\r\n\r\n\u2022 S\u2019atorgar\u00e0 un premi \u00fanic de 500 euros a la proposta seleccionada.\r\n\u2022 L\u2019organitzaci\u00f3 oferir\u00e0 suport log\u00edstic i t\u00e8cnic b\u00e0sic per a la realitzaci\u00f3 de la proposta.\r\n\u2022 El despla\u00e7ament, muntatge i desmuntatge aniran a c\u00e0rrec de la persona o col\u00b7lectiu\r\nseleccionat.\r\n\r\n<strong>Criteris de selecci\u00f3<\/strong>\r\n\u2022 Qualitat art\u00edstica i conceptual de la proposta.\r\n\u2022 Car\u00e0cter innovador i interacci\u00f3 amb el p\u00fablic.\r\n\r\n<strong>Presentaci\u00f3 de propostes<\/strong>\r\n\r\nLes propostes s\u2019han d\u2019enviar en format PDF a info@stripart.cat abans del 23 de maig del 2025 i han d\u2019incloure:\r\n- Dossier del projecte.\r\n- Curr\u00edculum art\u00edstic.\r\n- C\u00f2pia del DNI o passaport.\r\n- Breu text publicable de, com a m\u00e0xim 100 paraules, amb la descripci\u00f3\r\nconceptual del treball presentat en format text editable.\r\n- Imatge representativa de la proposta en format JPG amb una resoluci\u00f3 m\u00ednima de 300px.\r\n\r\n<strong>Resoluci\u00f3<\/strong>\r\n\r\nLa resoluci\u00f3 es comunicar\u00e0 per correu electr\u00f2nic abans del 30 de maig del 2025. L\u2019organitzaci\u00f3 es reserva el dret de declarar la convocat\u00f2ria deserta si cap proposta compleix els requisits establerts.\r\n\r\n&nbsp;\r\n\r\nPer a qualsevol dubte, podeu contactar amb info@stripart.cat","desc_es":"<p class=\"\" data-start=\"267\" data-end=\"688\"><strong data-start=\"267\" data-end=\"295\">El Centre C\u00edvic Guinard\u00f3<\/strong>, en el marco del <strong data-start=\"313\" data-end=\"325\">Stripart<\/strong>, abre una convocatoria dirigida a artistas y colectivos de artistas emergentes, de hasta 35 a\u00f1os, que trabajen en el campo de las artes lum\u00ednicas.<br data-start=\"472\" data-end=\"475\" \/>El objetivo es seleccionar una propuesta ya producida, de car\u00e1cter m\u00f3vil, que pueda funcionar como elemento de atracci\u00f3n de p\u00fablico hacia un espacio concreto, donde se llevar\u00e1 a cabo una acci\u00f3n de artes esc\u00e9nicas.<\/p>\r\n<p class=\"\" data-start=\"690\" data-end=\"722\"><strong data-start=\"690\" data-end=\"722\">Requisitos de participaci\u00f3n:<\/strong><\/p>\r\n\r\n<ul data-start=\"724\" data-end=\"1010\">\r\n \t<li class=\"\" data-start=\"724\" data-end=\"791\">\r\n<p class=\"\" data-start=\"726\" data-end=\"791\">Artistas o colectivos residentes en Catalu\u00f1a, de hasta 35 a\u00f1os.<\/p>\r\n<\/li>\r\n \t<li class=\"\" data-start=\"792\" data-end=\"850\">\r\n<p class=\"\" data-start=\"794\" data-end=\"850\">Obra ya producida en el \u00e1mbito de las artes lum\u00ednicas.<\/p>\r\n<\/li>\r\n \t<li class=\"\" data-start=\"851\" data-end=\"914\">\r\n<p class=\"\" data-start=\"853\" data-end=\"914\">La propuesta debe ser m\u00f3vil y apta para el espacio p\u00fablico.<\/p>\r\n<\/li>\r\n \t<li class=\"\" data-start=\"915\" data-end=\"1010\">\r\n<p class=\"\" data-start=\"917\" data-end=\"1010\">Disponibilidad para intervenir el <strong data-start=\"951\" data-end=\"974\">27 de junio de 2025<\/strong>, entre las <strong data-start=\"986\" data-end=\"1009\">21:00 y las 00:00 h<\/strong>.<\/p>\r\n<\/li>\r\n<\/ul>\r\n<p class=\"\" data-start=\"1012\" data-end=\"1028\"><strong data-start=\"1012\" data-end=\"1028\">Condiciones:<\/strong><\/p>\r\n\r\n<ul data-start=\"1030\" data-end=\"1305\">\r\n \t<li class=\"\" data-start=\"1030\" data-end=\"1107\">\r\n<p class=\"\" data-start=\"1032\" data-end=\"1107\">Se otorgar\u00e1 un premio \u00fanico de <strong data-start=\"1063\" data-end=\"1076\">500 euros<\/strong> a la propuesta seleccionada.<\/p>\r\n<\/li>\r\n \t<li class=\"\" data-start=\"1108\" data-end=\"1206\">\r\n<p class=\"\" data-start=\"1110\" data-end=\"1206\">La organizaci\u00f3n ofrecer\u00e1 apoyo log\u00edstico y t\u00e9cnico b\u00e1sico para la realizaci\u00f3n de la propuesta.<\/p>\r\n<\/li>\r\n \t<li class=\"\" data-start=\"1207\" data-end=\"1305\">\r\n<p class=\"\" data-start=\"1209\" data-end=\"1305\">El desplazamiento, montaje y desmontaje correr\u00e1n a cargo de la persona o colectivo seleccionado.<\/p>\r\n<\/li>\r\n<\/ul>\r\n<p class=\"\" data-start=\"1307\" data-end=\"1334\"><strong data-start=\"1307\" data-end=\"1334\">Criterios de selecci\u00f3n:<\/strong><\/p>\r\n\r\n<ul data-start=\"1336\" data-end=\"1438\">\r\n \t<li class=\"\" data-start=\"1336\" data-end=\"1387\">\r\n<p class=\"\" data-start=\"1338\" data-end=\"1387\">Calidad art\u00edstica y conceptual de la propuesta.<\/p>\r\n<\/li>\r\n \t<li class=\"\" data-start=\"1388\" data-end=\"1438\">\r\n<p class=\"\" data-start=\"1390\" data-end=\"1438\">Car\u00e1cter innovador e interacci\u00f3n con el p\u00fablico.<\/p>\r\n<\/li>\r\n<\/ul>\r\n<p class=\"\" data-start=\"1440\" data-end=\"1471\"><strong data-start=\"1440\" data-end=\"1471\">Presentaci\u00f3n de propuestas:<\/strong><\/p>\r\n<p class=\"\" data-start=\"1473\" data-end=\"1591\">Las propuestas deben enviarse en formato <strong data-start=\"1514\" data-end=\"1521\">PDF<\/strong> a <strong data-start=\"1524\" data-end=\"1545\"><a class=\"cursor-pointer\" rel=\"noopener\" data-start=\"1526\" data-end=\"1543\">info@stripart.cat<\/a><\/strong> antes del <strong data-start=\"1556\" data-end=\"1578\">23 de mayo de 2025<\/strong> e incluir:<\/p>\r\n\r\n<ul data-start=\"1592\" data-end=\"1905\">\r\n \t<li class=\"\" data-start=\"1592\" data-end=\"1617\">\r\n<p class=\"\" data-start=\"1594\" data-end=\"1617\">Dossier del proyecto.<\/p>\r\n<\/li>\r\n \t<li class=\"\" data-start=\"1618\" data-end=\"1643\">\r\n<p class=\"\" data-start=\"1620\" data-end=\"1643\">Curr\u00edculum art\u00edstico.<\/p>\r\n<\/li>\r\n \t<li class=\"\" data-start=\"1644\" data-end=\"1674\">\r\n<p class=\"\" data-start=\"1646\" data-end=\"1674\">Copia del DNI o pasaporte.<\/p>\r\n<\/li>\r\n \t<li class=\"\" data-start=\"1675\" data-end=\"1814\">\r\n<p class=\"\" data-start=\"1677\" data-end=\"1814\">Breve texto publicable de un m\u00e1ximo de 100 palabras, con la descripci\u00f3n conceptual del trabajo presentado en formato de texto editable.<\/p>\r\n<\/li>\r\n \t<li class=\"\" data-start=\"1815\" data-end=\"1905\">\r\n<p class=\"\" data-start=\"1817\" data-end=\"1905\">Imagen representativa de la propuesta en formato JPG con una resoluci\u00f3n m\u00ednima de 300px.<\/p>\r\n<\/li>\r\n<\/ul>\r\n<p class=\"\" data-start=\"1907\" data-end=\"1922\"><strong data-start=\"1907\" data-end=\"1922\">Resoluci\u00f3n:<\/strong><\/p>\r\n<p class=\"\" data-start=\"1924\" data-end=\"2144\">La resoluci\u00f3n se comunicar\u00e1 por correo electr\u00f3nico antes del <strong data-start=\"1985\" data-end=\"2007\">30 de mayo de 2025<\/strong>. La organizaci\u00f3n se reserva el derecho de declarar desierta la convocatoria si ninguna propuesta cumple con los requisitos establecidos.<\/p>\r\n<p class=\"\" data-start=\"2146\" data-end=\"2209\">Para cualquier duda, pod\u00e9is contactar con <strong data-start=\"2188\" data-end=\"2209\"><a class=\"cursor-pointer\" rel=\"noopener\" data-start=\"2190\" data-end=\"2207\">info@stripart.cat<\/a><\/strong><\/p>","desc_en":"<p class=\"\" data-start=\"2251\" data-end=\"2610\"><strong data-start=\"2251\" data-end=\"2280\">The Guinard\u00f3 Civic Centre<\/strong>, as part of <strong data-start=\"2293\" data-end=\"2305\">Stripart<\/strong>, is launching a call for emerging artists and artist collectives, up to 35 years of age, who work in the field of light arts.<br data-start=\"2431\" data-end=\"2434\" \/>The goal is to select an already-produced, mobile project that can serve as a public attraction element towards a specific space where a performing arts action will take place.<\/p>\r\n<p class=\"\" data-start=\"2612\" data-end=\"2643\"><strong data-start=\"2612\" data-end=\"2643\">Participation Requirements:<\/strong><\/p>\r\n\r\n<ul data-start=\"2645\" data-end=\"2916\">\r\n \t<li class=\"\" data-start=\"2645\" data-end=\"2714\">\r\n<p class=\"\" data-start=\"2647\" data-end=\"2714\">Artists or collectives residing in Catalonia, up to 35 years old.<\/p>\r\n<\/li>\r\n \t<li class=\"\" data-start=\"2715\" data-end=\"2768\">\r\n<p class=\"\" data-start=\"2717\" data-end=\"2768\">Already-produced work in the field of light arts.<\/p>\r\n<\/li>\r\n \t<li class=\"\" data-start=\"2769\" data-end=\"2831\">\r\n<p class=\"\" data-start=\"2771\" data-end=\"2831\">The proposal must be mobile and suitable for public space.<\/p>\r\n<\/li>\r\n \t<li class=\"\" data-start=\"2832\" data-end=\"2916\">\r\n<p class=\"\" data-start=\"2834\" data-end=\"2916\">Availability to participate on <strong data-start=\"2865\" data-end=\"2881\">27 June 2025<\/strong>, between <strong data-start=\"2891\" data-end=\"2915\">9:00 PM and 12:00 AM<\/strong>.<\/p>\r\n<\/li>\r\n<\/ul>\r\n<p class=\"\" data-start=\"2918\" data-end=\"2933\"><strong data-start=\"2918\" data-end=\"2933\">Conditions:<\/strong><\/p>\r\n\r\n<ul data-start=\"2935\" data-end=\"3213\">\r\n \t<li class=\"\" data-start=\"2935\" data-end=\"3012\">\r\n<p class=\"\" data-start=\"2937\" data-end=\"3012\">A single prize of <strong data-start=\"2955\" data-end=\"2968\">500 euros<\/strong> will be awarded to the selected proposal.<\/p>\r\n<\/li>\r\n \t<li class=\"\" data-start=\"3013\" data-end=\"3115\">\r\n<p class=\"\" data-start=\"3015\" data-end=\"3115\">The organisation will provide basic logistical and technical support for implementing the project.<\/p>\r\n<\/li>\r\n \t<li class=\"\" data-start=\"3116\" data-end=\"3213\">\r\n<p class=\"\" data-start=\"3118\" data-end=\"3213\">Travel, setup, and dismantling will be the responsibility of the selected artist or collective.<\/p>\r\n<\/li>\r\n<\/ul>\r\n<p class=\"\" data-start=\"3215\" data-end=\"3238\"><strong data-start=\"3215\" data-end=\"3238\">Selection Criteria:<\/strong><\/p>\r\n\r\n<ul data-start=\"3240\" data-end=\"3341\">\r\n \t<li class=\"\" data-start=\"3240\" data-end=\"3292\">\r\n<p class=\"\" data-start=\"3242\" data-end=\"3292\">Artistic and conceptual quality of the proposal.<\/p>\r\n<\/li>\r\n \t<li class=\"\" data-start=\"3293\" data-end=\"3341\">\r\n<p class=\"\" data-start=\"3295\" data-end=\"3341\">Innovative character and audience interaction.<\/p>\r\n<\/li>\r\n<\/ul>\r\n<p class=\"\" data-start=\"3343\" data-end=\"3367\"><strong data-start=\"3343\" data-end=\"3367\">Proposal Submission:<\/strong><\/p>\r\n<p class=\"\" data-start=\"3369\" data-end=\"3477\">Proposals must be sent in <strong data-start=\"3395\" data-end=\"3409\">PDF format<\/strong> to <strong data-start=\"3413\" data-end=\"3434\"><a class=\"cursor-pointer\" rel=\"noopener\" data-start=\"3415\" data-end=\"3432\">info@stripart.cat<\/a><\/strong> before <strong data-start=\"3442\" data-end=\"3457\">23 May 2025<\/strong> and must include:<\/p>\r\n\r\n<ul data-start=\"3478\" data-end=\"3751\">\r\n \t<li class=\"\" data-start=\"3478\" data-end=\"3498\">\r\n<p class=\"\" data-start=\"3480\" data-end=\"3498\">Project dossier.<\/p>\r\n<\/li>\r\n \t<li class=\"\" data-start=\"3499\" data-end=\"3515\">\r\n<p class=\"\" data-start=\"3501\" data-end=\"3515\">Artistic CV.<\/p>\r\n<\/li>\r\n \t<li class=\"\" data-start=\"3516\" data-end=\"3548\">\r\n<p class=\"\" data-start=\"3518\" data-end=\"3548\">Copy of ID card or passport.<\/p>\r\n<\/li>\r\n \t<li class=\"\" data-start=\"3549\" data-end=\"3660\">\r\n<p class=\"\" data-start=\"3551\" data-end=\"3660\">A short public text (maximum 100 words) with a conceptual description of the work, in editable text format.<\/p>\r\n<\/li>\r\n \t<li class=\"\" data-start=\"3661\" data-end=\"3751\">\r\n<p class=\"\" data-start=\"3663\" data-end=\"3751\">A representative image of the proposal in JPG format with a minimum resolution of 300px.<\/p>\r\n<\/li>\r\n<\/ul>\r\n<p class=\"\" data-start=\"3753\" data-end=\"3764\"><strong data-start=\"3753\" data-end=\"3764\">Result:<\/strong><\/p>\r\n<p class=\"\" data-start=\"3766\" data-end=\"3945\">The decision will be communicated via email before <strong data-start=\"3817\" data-end=\"3832\">30 May 2025<\/strong>. The organisation reserves the right to declare the call void if no proposal meets the established requirements.<\/p>\r\n<p class=\"\" data-start=\"3947\" data-end=\"4003\">For any questions, you can contact <strong data-start=\"3982\" data-end=\"4003\"><a class=\"cursor-pointer\" rel=\"noopener\" data-start=\"3984\" data-end=\"4001\">info@stripart.cat<\/a><\/strong><\/p>","event_category":77,"event_show_only_own_date":false,"_event_confirmed":false,"_event_public":true,"_event_free":true,"_event_price-min":"","_event_price-max":"","_event_web_ca":"https:\/\/stripart.cat\/","_event_web_es":"https:\/\/stripart.cat\/","_event_web_en":"https:\/\/stripart.cat\/","event_contact_email":"info@stripart.cat","event_apply_email":"","is_online_event":false,"is_art_nou_event":false,"is_bgw_event":false,"date_text":"Fins el 23 de maig de 2025","register_deadline":null,"altres_organitzadors":""},"abe_event_venue":null,"abe_event_category":"Convocat\u00f2ries","start":"2025-04-30 00:00:00","end":"2025-05-23 23:59:00","schedule":"once","schedule_meta":"","frequency":1,"all_day":1,"until":"2025-04-30 00:00:00","include":[],"exclude":[],"_links":{"self":[{"href":"https:\/\/graf.cat\/en\/wp-json\/wp\/v2\/events\/47840","targetHints":{"allow":["GET"]}}],"collection":[{"href":"https:\/\/graf.cat\/en\/wp-json\/wp\/v2\/events"}],"about":[{"href":"https:\/\/graf.cat\/en\/wp-json\/wp\/v2\/types\/event"}],"author":[{"embeddable":true,"href":"https:\/\/graf.cat\/en\/wp-json\/wp\/v2\/users\/188"}],"occurrences":[{"embeddable":true,"href":"https:\/\/graf.cat\/en\/wp-json\/wp\/v2\/events\/47840\/occurrences"}],"acf:term":[{"embeddable":true,"taxonomy":"event-category","href":"https:\/\/graf.cat\/en\/wp-json\/wp\/v2\/event-category\/77"}],"wp:featuredmedia":[{"embeddable":true,"href":"https:\/\/graf.cat\/en\/wp-json\/wp\/v2\/media\/47841"}],"wp:attachment":[{"href":"https:\/\/graf.cat\/en\/wp-json\/wp\/v2\/media?parent=47840"}],"wp:term":[{"taxonomy":"event-venue","embeddable":true,"href":"https:\/\/graf.cat\/en\/wp-json\/wp\/v2\/event-venues?post=47840"},{"taxonomy":"event-tag","embeddable":true,"href":"https:\/\/graf.cat\/en\/wp-json\/wp\/v2\/event-tags?post=47840"}],"curies":[{"name":"wp","href":"https:\/\/api.w.org\/{rel}","templated":true}]}}