{"id":48832,"guid":{"rendered":"https:\/\/graf.cat\/?post_type=event&#038;p=48832"},"modified":"2025-05-30T11:45:12","modified_gmt":"2025-05-30T09:45:12","slug":"barcelona-gallery-weekend-2025","status":"publish","type":"event","link":"https:\/\/graf.cat\/en\/events\/event\/barcelona-gallery-weekend-2025\/","title":{"rendered":"Barcelona Gallery Weekend 2025"},"content":{"rendered":"","protected":false},"excerpt":{"rendered":"","protected":false},"author":112,"featured_media":48833,"template":"","meta":{"_acf_changed":false,"_monsterinsights_skip_tracking":false,"_monsterinsights_sitenote_active":false,"_monsterinsights_sitenote_note":"","_monsterinsights_sitenote_category":0},"event-venues":[],"event-tags":[],"class_list":["post-48832","event","type-event","status-publish","has-post-thumbnail","hentry","event-category-festival"],"acf":{"title_ca":"Barcelona Gallery Weekend 2025","title_es":"Barcelona Gallery Weekend 2025","title_en":"Barcelona Gallery Weekend 2025","desc_ca":"<b>Del 18 al 21 de setembre de 2025 celebrem l'11\u00aa edici\u00f3 de Barcelona Gallery Weekend\u00a0en 24 galeries\u00a0<\/b>d'art contemporani i modern a Barcelona i L'Hospitalet de Llobregat, mostrant el treball de m\u00e9s de 30 artistes nacionals i internacionals:\r\n<b>\r\n3 Punts Galeria \u00b7 ADN Galeria \u00b7\u00a0\u00e0ngels barcelona \u00b7 Bombon projects \u00b7\u00a0Chiquita Room \u00b7 Dilalica \u00b7 ethall \u00b7 Fuga \u00b7\u00a0Galer\u00eda Alegr\u00eda \u00b7 Galeria Marc Dom\u00e8nech \u00b7 galeria SENDA \u00b7 House of Chappaz \u00b7\u00a0Mayoral \u00b7 Palmadotze \u00b7 Pigment Gallery \u00b7\u00a0Prats Nogueras Blanchard \u00b7 ProjecteSD \u00b7\u00a0RocioSantaCruz \u00b7 Sala Par\u00e9s \u00b7\u00a0SELTZ by RitterFerrer \u00b7\u00a0Suburbia Contemporary \u00b7 Tach\u00e9 Art Gallery \u00b7\u00a0Victor Lope Arte Contempor\u00e1neo \u00b7 Zielinsky\r\n<\/b>\r\n<b>\u26a1Nou programa FLASH\u26a1<\/b>\r\nEl Programa General d'exposicions es complementar\u00e1 amb el nou\u00a0Programa FLASH, format per propostes que\u00a0<b>nom\u00e9s podrem visitar entre el 18 i el 21 de setembre.<\/b>\r\n\r\nCom cada any, una \u00e0mplia agenda d'activitats acompanyar\u00e0 les mostres:\u00a0<b>trobades, visites comentades, performances, presentacions, ARCO\u00a0<i>GalleryWalks<\/i>, BGW Familiar i molt m\u00e9s!\r\n<\/b>\r\n<b>\u2795 THE COLLECTOR IS PRESENT, 3\u00aa edici\u00f3<\/b>\r\nDel 8 a l'11 de maig\u00a0torna\u00a0<a href=\"https:\/\/barcelonagalleryweekend.com\/theCollectorisPresent.php?lang=cat\" target=\"_blank\" rel=\"noopener\" data-cke-saved-href=\"https:\/\/barcelonagalleryweekend.com\/theCollectorisPresent.php?lang=cat\"><b>The Collector is Present<\/b><\/a>, el programa de BGW<b>\u00a0fruit de la col\u00b7laboraci\u00f3 entre col\u00b7leccionistes i galeristes<\/b>, que durant un cap de setmana desenvoluparan propostes conjuntes en 16 galeries.","desc_es":"<b>Del 18 al 21 de septiembre celebramos la\u00a011\u00aa edici\u00f3n de Barcelona Gallery Weekend\u00a0en 24 galer\u00edas\u00a0<\/b>de arte contempor\u00e1neo y moderno de Barcelona y L'Hospitalet de Llobregat, mostrando el trabajo de m\u00e1s de 30 artistas nacionales e internacionales:\r\n\r\n<b>3 Punts Galeria \u00b7 ADN Galeria \u00b7\u00a0\u00e0ngels barcelona \u00b7 Bombon projects \u00b7\u00a0Chiquita Room \u00b7 Dilalica \u00b7 ethall \u00b7 Fuga \u00b7\u00a0Galer\u00eda Alegr\u00eda \u00b7 Galeria Marc Dom\u00e8nech \u00b7 galeria SENDA \u00b7 House of Chappaz \u00b7\u00a0Mayoral \u00b7 Palmadotze \u00b7 Pigment Gallery \u00b7\u00a0Prats Nogueras Blanchard \u00b7 ProjecteSD \u00b7\u00a0RocioSantaCruz \u00b7 Sala Par\u00e9s \u00b7\u00a0SELTZ by Ritter Ferrer \u00b7\u00a0Suburbia Contemporary \u00b7 Tach\u00e9 Art Gallery \u00b7\u00a0Victor Lope Arte Contempor\u00e1neo \u00b7 Zielinsky\u00a0<\/b>\r\n<b>\r\n\u26a1Nuevo programa FLASH\u26a1<\/b>\r\nEl Programa General de exposiciones se complementar\u00e1 con el nuevo Programa FLASH, formado por propuestas que s\u00f3lo se podr\u00e1n visitar entre el 18 y el 21 de septiembre.\r\n\r\nComo cada a\u00f1o, una amplia\u00a0<b>agenda de actividades<\/b>\u00a0acompa\u00f1ar\u00e1 las muestras: encuentros, visitas comentadas, performances, presentaciones, ARCO\u00a0<i>GalleryWalks<\/i>, BGW Familiar y mucho m\u00e1s!\r\n<b>\r\n\u2795 THE COLLECTOR IS PRESENT, 3\u00aa edici\u00f3n<\/b>\r\nDel 8 al 11 de mayo\u00a0vuelve\u00a0<a href=\"https:\/\/barcelonagalleryweekend.com\/theCollectorisPresent.php?lang=esp\" target=\"_blank\" rel=\"noopener\" data-cke-saved-href=\"https:\/\/barcelonagalleryweekend.com\/theCollectorisPresent.php?lang=esp\"><b>The Collector is Present<\/b><\/a>, el programa de BGW\u00a0<b>fruto de la colaboraci\u00f3n entre coleccionistas y galeristas<\/b>, que durante un fin de semana desarrollar\u00e1n propuestas conjuntas en 16 galer\u00edas.","desc_en":"<b>From 18th to 21st September we celebrate Barcelona Gallery Weekend's 11th edition\u00a0<\/b>in 24 contemporary and modern art galleries in Barcelona and L'Hospitalet, featuring the work of more than 30 national and international artists:\r\n\r\n<b>3 Punts Galeria \u00b7 ADN Galeria \u00b7\u00a0\u00e0ngels barcelona \u00b7 Bombon projects \u00b7\u00a0Chiquita Room \u00b7 Dilalica \u00b7 ethall \u00b7 Fuga \u00b7\u00a0Galer\u00eda Alegr\u00eda \u00b7 Galeria Marc Dom\u00e8nech \u00b7 galeria SENDA \u00b7 House of Chappaz \u00b7\u00a0Mayoral \u00b7 Palmadotze \u00b7 Pigment Gallery \u00b7\u00a0Prats Nogueras Blanchard \u00b7 ProjecteSD \u00b7\u00a0RocioSantaCruz \u00b7 Sala Par\u00e9s \u00b7\u00a0SELTZ by RitterFerrer \u00b7\u00a0Suburbia Contemporary \u00b7 Tach\u00e9 Art Gallery \u00b7\u00a0Victor Lope Arte Contempor\u00e1neo \u00b7 Zielinsky\r\n<\/b>\r\n<b>\u26a1New FLASH programme\u26a1Only from September 18th to 21st!<\/b>\r\nThe General Programme of exhibitions will be complemented by the new FLASH Programme,\u00a0<b>featuring proposals that will only be open to visitors between 18 and 21 September.<\/b>\r\n\r\nA\u00a0wide range of activities will accompany the exhibitions:\u00a0<b>meetings, guided tours, performances, presentations, guided tours, BGW Family and much more!\u00a0<\/b>\r\n\r\n\u2795<b>\u00a0THE COLLECTOR IS PRESENT: 3rd edition<\/b>\r\n<b><a href=\"https:\/\/barcelonagalleryweekend.com\/theCollectorisPresent.php?lang=esp\" target=\"_blank\" rel=\"noopener\" data-cke-saved-href=\"https:\/\/barcelonagalleryweekend.com\/theCollectorisPresent.php?lang=esp\">The Collector is Present<\/a>, the programme resulting from the collaboration between gallerists and collectors<\/b>,\u00a0will be back from\u00a0<b>May 8th to 11th\u00a0<\/b>to show their joint proposals in 16 galleries.","event_category":481,"event_show_only_own_date":true,"_event_confirmed":true,"_event_public":true,"_event_free":true,"_event_price-min":"","_event_price-max":"","_event_web_ca":"https:\/\/barcelonagalleryweekend.com\/new.php?id=27","_event_web_es":"https:\/\/barcelonagalleryweekend.com\/new.php?lang=esp&id=27","_event_web_en":"https:\/\/barcelonagalleryweekend.com\/new.php?lang=eng&id=27","event_contact_email":"","event_apply_email":"","is_online_event":false,"is_art_nou_event":false,"is_bgw_event":true,"date_text":"","register_deadline":null,"altres_organitzadors":""},"abe_event_venue":null,"abe_event_category":"Festival","start":"2025-09-18 12:00:00","end":"2025-09-21 13:00:00","schedule":"once","schedule_meta":"","frequency":1,"all_day":0,"until":"2025-09-18 12:00:00","include":[],"exclude":[],"_links":{"self":[{"href":"https:\/\/graf.cat\/en\/wp-json\/wp\/v2\/events\/48832","targetHints":{"allow":["GET"]}}],"collection":[{"href":"https:\/\/graf.cat\/en\/wp-json\/wp\/v2\/events"}],"about":[{"href":"https:\/\/graf.cat\/en\/wp-json\/wp\/v2\/types\/event"}],"author":[{"embeddable":true,"href":"https:\/\/graf.cat\/en\/wp-json\/wp\/v2\/users\/112"}],"occurrences":[{"embeddable":true,"href":"https:\/\/graf.cat\/en\/wp-json\/wp\/v2\/events\/48832\/occurrences"}],"acf:term":[{"embeddable":true,"taxonomy":"event-category","href":"https:\/\/graf.cat\/en\/wp-json\/wp\/v2\/event-category\/481"}],"wp:featuredmedia":[{"embeddable":true,"href":"https:\/\/graf.cat\/en\/wp-json\/wp\/v2\/media\/48833"}],"wp:attachment":[{"href":"https:\/\/graf.cat\/en\/wp-json\/wp\/v2\/media?parent=48832"}],"wp:term":[{"taxonomy":"event-venue","embeddable":true,"href":"https:\/\/graf.cat\/en\/wp-json\/wp\/v2\/event-venues?post=48832"},{"taxonomy":"event-tag","embeddable":true,"href":"https:\/\/graf.cat\/en\/wp-json\/wp\/v2\/event-tags?post=48832"}],"curies":[{"name":"wp","href":"https:\/\/api.w.org\/{rel}","templated":true}]}}