{"id":48839,"guid":{"rendered":"https:\/\/graf.cat\/?post_type=event&#038;p=48839"},"modified":"2025-05-30T12:49:28","modified_gmt":"2025-05-30T10:49:28","slug":"tot-el-que-cap-en-un-arbre","status":"publish","type":"event","link":"https:\/\/graf.cat\/en\/events\/event\/tot-el-que-cap-en-un-arbre\/","title":{"rendered":"TOT EL QUE CAP EN UN ARBRE"},"content":{"rendered":"","protected":false},"excerpt":{"rendered":"","protected":false},"author":172,"featured_media":48840,"template":"","meta":{"_acf_changed":false,"_monsterinsights_skip_tracking":false,"_monsterinsights_sitenote_active":false,"_monsterinsights_sitenote_note":"","_monsterinsights_sitenote_category":0},"event-venues":[750],"event-tags":[],"class_list":["post-48839","event","type-event","status-publish","has-post-thumbnail","hentry","event-venue-acvic","event-category-taller"],"acf":{"title_ca":"TOT EL QUE CAP EN UN ARBRE","title_es":"TODO LO QUE CABE EN UN \u00c1RBOL","title_en":"EVERYTHING THAT FITS IN A TREE","desc_ca":"<strong>Sobretaules a la pla\u00e7a<\/strong>\r\n\r\nEn el marc de l\u2019exposici\u00f3 ART+ESCOLA+M\u00c0GIA\r\n\r\n<strong>Dissabte 7 de juny <\/strong>\r\n<strong>De 11.00 a 13.30 h<\/strong>\r\nA ACVIC Centre d\u2019Arts Contempor\u00e0nies (Sant Francesc, 1. Vic)\r\n\r\nAquesta activitat s\u2019organitza conjuntament amb <strong>Tap\u00eds<\/strong>.\r\n\r\n<strong>Activitat gratu\u00efta. Cal inscripci\u00f3 pr\u00e8via<\/strong>\r\n\r\nEn aquesta activitat, donarem vida a un llibre d\u2019encanteris, teixit amb els desitjos de transformaci\u00f3 de tots els participants.\r\n\r\nI comen\u00e7arem des de zero, fabricant els fulls de paper reciclat, enquadernant les p\u00e0gines a m\u00e0, folrant la coberta amb teles reutilitzades i donant forma al llibre pas a pas. Per acabar, escriurem petits conjurs per canviar el m\u00f3n inspirant-nos en una de les propostes de l\u2019exposici\u00f3 ART + ESCOLA + M\u00c0GIA.\r\n\r\n<strong><em>Tot el que cap en un arbre<\/em><\/strong>, \u00e9s una activitat emmarcada en el projecte d\u2019ACVIC <strong>Sobretaules a la pla\u00e7a<\/strong>, que t\u00e9 per objectiu obrir el centre d\u2019art al barri i la comunitat i teixir relacions amb les seves entitats i associacions ve\u00efnes.\r\n\r\n<strong>PREU:<\/strong>\r\nActivitat gratu\u00efta. Cal inscripci\u00f3 pr\u00e8via\r\n<a href=\"https:\/\/www.acvic.org\/ca\/?option=com_rsform&amp;view=rsform&amp;formId=117\"><strong>&gt; acc\u00e9s al formulari d'inscripci\u00f3<\/strong><\/a>\r\n\r\n<strong>DIRIGIT A:<\/strong>\r\nActivitat oberta a tota la ciutadania. A partir de 6 anys.","desc_es":"","desc_en":"","event_category":235,"event_show_only_own_date":false,"_event_confirmed":true,"_event_public":true,"_event_free":false,"_event_price-min":"","_event_price-max":"","_event_web_ca":"https:\/\/www.acvic.org\/ca\/programacio-de-cursos\/4282-tot-el-que-cap-en-un-arbre","_event_web_es":"","_event_web_en":"","event_contact_email":"","event_apply_email":"","is_online_event":false,"is_art_nou_event":false,"is_bgw_event":false,"date_text":"","register_deadline":null,"altres_organitzadors":""},"abe_event_venue":"ACVIC","abe_event_category":"Taller","start":"2025-06-07 10:30:00","end":"2025-06-07 13:00:00","schedule":"daily","schedule_meta":"","frequency":1,"all_day":0,"until":"2025-06-07 10:30:00","include":[],"exclude":[],"_links":{"self":[{"href":"https:\/\/graf.cat\/en\/wp-json\/wp\/v2\/events\/48839","targetHints":{"allow":["GET"]}}],"collection":[{"href":"https:\/\/graf.cat\/en\/wp-json\/wp\/v2\/events"}],"about":[{"href":"https:\/\/graf.cat\/en\/wp-json\/wp\/v2\/types\/event"}],"author":[{"embeddable":true,"href":"https:\/\/graf.cat\/en\/wp-json\/wp\/v2\/users\/172"}],"occurrences":[{"embeddable":true,"href":"https:\/\/graf.cat\/en\/wp-json\/wp\/v2\/events\/48839\/occurrences"}],"acf:term":[{"embeddable":true,"taxonomy":"event-category","href":"https:\/\/graf.cat\/en\/wp-json\/wp\/v2\/event-category\/235"}],"wp:featuredmedia":[{"embeddable":true,"href":"https:\/\/graf.cat\/en\/wp-json\/wp\/v2\/media\/48840"}],"wp:attachment":[{"href":"https:\/\/graf.cat\/en\/wp-json\/wp\/v2\/media?parent=48839"}],"wp:term":[{"taxonomy":"event-venue","embeddable":true,"href":"https:\/\/graf.cat\/en\/wp-json\/wp\/v2\/event-venues?post=48839"},{"taxonomy":"event-tag","embeddable":true,"href":"https:\/\/graf.cat\/en\/wp-json\/wp\/v2\/event-tags?post=48839"}],"curies":[{"name":"wp","href":"https:\/\/api.w.org\/{rel}","templated":true}]}}