{"id":48967,"guid":{"rendered":"https:\/\/graf.cat\/?post_type=event&#038;p=48967"},"modified":"2025-07-13T12:47:22","modified_gmt":"2025-07-13T10:47:22","slug":"manual-per-fer-desapareixer-la-veritat","status":"publish","type":"event","link":"https:\/\/graf.cat\/en\/events\/event\/manual-per-fer-desapareixer-la-veritat\/","title":{"rendered":"Manual per fer desapar\u00e8ixer la veritat"},"content":{"rendered":"","protected":false},"excerpt":{"rendered":"","protected":false},"author":172,"featured_media":48968,"template":"","meta":{"_acf_changed":false,"_monsterinsights_skip_tracking":false,"_monsterinsights_sitenote_active":false,"_monsterinsights_sitenote_note":"","_monsterinsights_sitenote_category":0},"event-venues":[750],"event-tags":[],"class_list":["post-48967","event","type-event","status-publish","has-post-thumbnail","hentry","event-venue-acvic","event-category-taller"],"acf":{"title_ca":"Manual per fer desapar\u00e8ixer la veritat","title_es":"Manual para hacer desaparecer la verdad","title_en":"A Guide to Disappearing The Truth","desc_ca":"<strong>Taller d\u2019estiu per a joves de 12 a 16 anys<\/strong>\r\n\r\nActivitat emmarcada en les<strong> <em>Tardes d\u2019estiu al carrer<\/em><\/strong>\r\n\r\nDel 16 al 18 de juliol\r\nDe 17.00 a 19.00 h\r\n\r\nTaller a c\u00e0rrec d\u2019<strong>Arnau Costa<\/strong>, audiovisualista\r\n\r\nGratu\u00eft. Cal inscripci\u00f3 pr\u00e8via\r\n\r\nCom podem discernir la veritat de la mentida?\r\n\r\nL\u2019art contemporani ens permet jugar i alterar el m\u00f3n que ens envolta i sovint, es mou en una corda fluixa entre la realitat i la ficci\u00f3.\r\n\r\nEn aquest taller partirem dels mems i les \u201cfake news\u201d, i descobrirem que cultivar l'esperit cr\u00edtic pot ajudar-nos a destriar dins del mar d\u2019informacions que ens envolten cada dia.\r\n\r\n<strong>INSCRIPCIONS<\/strong>\r\n<strong>Taller gratu\u00eft. Cal inscripci\u00f3 pr\u00e8via<\/strong>\r\nEl per\u00edode d\u2019inscripci\u00f3 estar\u00e0 obert <strong>fins el dijous 10 de juliol.<\/strong> Places limitades. Es reserva pla\u00e7a per ordre d'inscripci\u00f3.\r\n\r\n<a href=\"https:\/\/www.acvic.org\/ca\/?option=com_rsform&amp;view=rsform&amp;formId=118\"><strong>&gt; acc\u00e9s al formulari d'inscripci\u00f3<\/strong><\/a>\r\n\r\n<strong>Per a m\u00e9s informaci\u00f3 <\/strong>\r\n<strong>ACVIC Centre d'Arts Contempor\u00e0nies<\/strong>\r\nDe dimarts a divendres de 10.00 a 13.00 h i de 17.00 a 20.00 h\r\nDissabtes d\u201911.00 a 14.00 h i de 17.00 a 20.00 h\r\nT. + 34 938 853 704 - <span id=\"cloak2db7640d56f22a5ba2d40593ee772d9e\"><a href=\"mailto:educacio@acvic.org\">educacio@acvic.org<\/a><\/span>\r\n\r\n<em>*Imatge: Institut La Plana. Art i Escola 14<\/em>","desc_es":"<strong>Taller de verano para j\u00f3venes de 12 a 16 a\u00f1os<\/strong>\r\n\r\nActividad enmarcada en las <em>Tardes d\u2019estiu al carrer<\/em>\r\n\r\nDel 16 al 18 de julio\r\nDe 17.00 a 19.00 h\r\n\r\nTaller a cargo \u00a0de <strong>Arnau Costa<\/strong>, audiovisualista\r\n\r\nGratuito. Es necesaria inscripci\u00f3n previa\r\n\r\n\u00bfC\u00f3mo podemos discernir la verdad de la mentira?\r\nEl arte contempor\u00e1neo nos permite jugar y alterar el mundo que nos rodea y a menudo es mueve en una cuerda floja entre la realidad y la ficci\u00f3n.\r\nEn ese taller partiremos de los memes y las \u201cfake news\u201d y descubriremos que cultivar el esp\u00edritu cr\u00edtico puede ayudarnos a distinguir dentro del mar de informaciones que nos rodean cada d\u00eda.\r\n\r\n<strong>INSCRIPCIONES<\/strong>\r\n<strong>Taller gratuito. Es necesaria inscripci\u00f3n previa<\/strong>\r\nEl per\u00edodo de inscripci\u00f3n estar\u00e1 abierto <strong>hasta el jueves 10 de julio<\/strong>. Plazas limitadas. Se reserva plaza por orden de inscripci\u00f3n\r\n\r\n<a href=\"https:\/\/www.acvic.org\/ca\/?option=com_rsform&amp;view=rsform&amp;formId=118\"><strong>&gt; acceso al formulario de inscripci\u00f3n<\/strong><\/a>\r\n\r\n<strong>Para m\u00e1s informaci\u00f3n <\/strong>\r\n<strong>ACVIC Centre d'Arts Contempor\u00e0nies<\/strong>\r\nDe martes a viernes de 10.00 a 13.00 h y de 17.00 a 20.00 h\r\nS\u00e1bados de11.00 a 14.00 h y de 17.00 a 20.00 h\r\nT. + 34 938 853 704 - <span id=\"cloak24223d37c8b59f7b71783d3935a15317\"><a href=\"mailto:educacio@acvic.org\">educacio@acvic.org<\/a><\/span>\r\n\r\n<em>*Imagen: Institut La Plana. Arte y Escuela 14<\/em>","desc_en":"<div id=\"ja-main\">\r\n<div class=\"inner clearfix\">\r\n<div id=\"ja-contentwrap\" class=\"clearfix \">\r\n<div id=\"ja-content\" class=\"column\">\r\n<div id=\"ja-current-content\" class=\"column\">\r\n<div id=\"ja-content-main\" class=\"ja-content-main clearfix\">\r\n<div class=\"item-page clearfix\">\r\n\r\n<strong>Summer Workshop for Young People 12 to 16 years old<\/strong>\r\n\r\nJuly 16th to 18th\r\nFrom 5 p.m. to 7 p.m.\r\n\r\nPart of <em>Tardes d'estiu al carrer (Summer afternoons in the street)<\/em>\r\n\r\nWorkshop by <strong>Arnau Costa<\/strong>, audiovisualist\r\n\r\nFree workshop. Prior registration required.\r\n\r\nHow can we discern truth from lies?\r\nContemporary art allows us to play with and to change the world around us, and often, walks the tightrope between reality and fiction.\r\nIn this workshop, participants will start exploring memes and fake news, and will discover the ways in which cultivating the spirit of critical thinking can help us navigate the excessive amount of information which surrounds us every day.\r\n\r\n<strong>BOOKINGS\u00a0<\/strong>\r\n<strong>Free workshop. Prior registration required.<\/strong>\r\nThe registration period will be open until <strong>Thursday 10h of July<\/strong>. Limited places. Places will be reserved in the order of registration.\r\n\r\n<a href=\"https:\/\/www.acvic.org\/ca\/?option=com_rsform&amp;view=rsform&amp;formId=118\"><strong>&gt; access to the registration form<\/strong><\/a>\r\n\r\n<strong>ACVIC Centre d\u2019Arts Contempor\u00e0nies<\/strong>\r\nSant Francesc 1, Vic\r\nTel +34 93 885 37 04 \u2022 <span id=\"cloakd4b6de3bac5041ccd79f0292936edd09\"><\/span><a href=\"mailto:info@acvic.org\">info@acvic.org<\/a>\r\nFrom Tuesday to Friday from 10 a.m. to 1 p.m. and from 5 p.m to 7 p.m\r\nSaturday from 11a.m. to 2 p.m and from 5 p.m to 7 p.m\r\nMonday, Sunday and Holidays closed\r\n\r\n<em>*Image: Institut La Plana. Art i Escola 14<\/em>\r\n\r\n<\/div>\r\n<\/div>\r\n<\/div>\r\n<\/div>\r\n<\/div>\r\n<\/div>\r\n<\/div>\r\n<div id=\"ja-left\" class=\"column sidebar\">\r\n<div class=\"ja-colswrap clearfix ja-l1\">\r\n<div id=\"ja-left1\" class=\"ja-col column\">\r\n<div id=\"Mod55\" class=\"ja-moduletable moduletable_menu clearfix\"><\/div>\r\n<\/div>\r\n<\/div>\r\n<\/div>","event_category":235,"event_show_only_own_date":true,"_event_confirmed":true,"_event_public":true,"_event_free":true,"_event_price-min":"","_event_price-max":"","_event_web_ca":"https:\/\/www.acvic.org\/ca\/programacio-de-cursos\/4285-manual-per-fer-desapar\u00e8ixer-la-veritat","_event_web_es":"","_event_web_en":"","event_contact_email":"info@acvic.org","event_apply_email":"","is_online_event":false,"is_art_nou_event":false,"is_bgw_event":false,"date_text":"","register_deadline":null,"altres_organitzadors":""},"abe_event_venue":"ACVIC","abe_event_category":"Taller","start":"2025-07-16 17:00:00","end":"2025-07-16 19:00:00","schedule":"daily","schedule_meta":"","frequency":1,"all_day":0,"until":"2025-07-16 17:00:00","include":[],"exclude":[],"_links":{"self":[{"href":"https:\/\/graf.cat\/en\/wp-json\/wp\/v2\/events\/48967","targetHints":{"allow":["GET"]}}],"collection":[{"href":"https:\/\/graf.cat\/en\/wp-json\/wp\/v2\/events"}],"about":[{"href":"https:\/\/graf.cat\/en\/wp-json\/wp\/v2\/types\/event"}],"author":[{"embeddable":true,"href":"https:\/\/graf.cat\/en\/wp-json\/wp\/v2\/users\/172"}],"occurrences":[{"embeddable":true,"href":"https:\/\/graf.cat\/en\/wp-json\/wp\/v2\/events\/48967\/occurrences"}],"acf:term":[{"embeddable":true,"taxonomy":"event-category","href":"https:\/\/graf.cat\/en\/wp-json\/wp\/v2\/event-category\/235"}],"wp:featuredmedia":[{"embeddable":true,"href":"https:\/\/graf.cat\/en\/wp-json\/wp\/v2\/media\/48968"}],"wp:attachment":[{"href":"https:\/\/graf.cat\/en\/wp-json\/wp\/v2\/media?parent=48967"}],"wp:term":[{"taxonomy":"event-venue","embeddable":true,"href":"https:\/\/graf.cat\/en\/wp-json\/wp\/v2\/event-venues?post=48967"},{"taxonomy":"event-tag","embeddable":true,"href":"https:\/\/graf.cat\/en\/wp-json\/wp\/v2\/event-tags?post=48967"}],"curies":[{"name":"wp","href":"https:\/\/api.w.org\/{rel}","templated":true}]}}