{"id":48993,"guid":{"rendered":"https:\/\/graf.cat\/?post_type=event&#038;p=48993"},"modified":"2025-06-06T11:18:24","modified_gmt":"2025-06-06T09:18:24","slug":"presentacio-sitesize-a-acvic","status":"publish","type":"event","link":"https:\/\/graf.cat\/en\/events\/event\/presentacio-sitesize-a-acvic\/","title":{"rendered":"PRESENTACI\u00d3 SITESIZE A ACVIC"},"content":{"rendered":"","protected":false},"excerpt":{"rendered":"","protected":false},"author":172,"featured_media":48994,"template":"","meta":{"_acf_changed":false,"_monsterinsights_skip_tracking":false,"_monsterinsights_sitenote_active":false,"_monsterinsights_sitenote_note":"","_monsterinsights_sitenote_category":0},"event-venues":[],"event-tags":[],"class_list":["post-48993","event","type-event","status-publish","has-post-thumbnail","hentry","event-category-presentacio"],"acf":{"title_ca":"PRESENTACI\u00d3 SITESIZE A ACVIC","title_es":"PRESENTACI\u00d3N SITESIZE EN ACVIC","title_en":"SITESIZE PRESENTATION AT ACVIC","desc_ca":"Activadors de consci\u00e8ncia territorial\r\n<strong>Publicacions del Museu Viu de les Conques Metropolitanes<\/strong>\r\n\r\nA c\u00e0rrec de <strong>Sitesize<\/strong>\r\n\r\nDijous 12 de juny de 2025\r\nA les 19.00 h.\r\nA ACVIC Centre d\u2019Arts Contempor\u00e0nies\r\n\r\nEl Museu Viu de les Conques Metropolitanes o la creaci\u00f3 d\u2019un espai bio-cultural t\u00e9 per missi\u00f3 la sedimentaci\u00f3 d\u2019estrats de vida i mem\u00f2ria vinculats a les conques fluvials dels rius Llobregat i Bes\u00f2s. En el reconeixement de la seva riquesa i diversitat el Museu Viu pren una forma poli\u00e8drica que es manifesta en les singularitats dels llocs i dels \u00e9ssers que l\u2019habiten. La seva tasca principal \u00e9s la de fer emergir i prevaldre formes de relaci\u00f3, maneres de fer i biodiversitat creativa en un context de crisi clim\u00e0tica i transformaci\u00f3 accelerada del territori. Al mateix temps el Museu es vertebra com un node comunicatiu amb altres conques bio-regionals d\u2019arreu del m\u00f3n.\r\n\r\nDurant quatre anys el Museu Viu ha activat recerques, creacions col\u00b7lectives i col\u00b7laboracions amb persones i entitats en l'extens territori de la regi\u00f3 metropolitana de Barcelona. Fruit d\u2019aquest treball s\u00f3n els materials gr\u00e0fics i publicacions que presentarem a ACVIC, alguns d\u2019ells funcionen com activadors de la consci\u00e8ncia territorial.\r\n\r\n<a href=\"https:\/\/sitesize.net\/museuviu\/\">https:\/\/sitesize.net\/museuviu\/<\/a>\r\n<h2 class=\"contentheading\"><\/h2>","desc_es":"Activadores de consciencia territorial\r\n<strong>Publicaciones del Museu Viu de les Conques Metropolitanes<\/strong>\r\n\r\nA cargo de<strong> Sitesize<\/strong>\r\n\r\nJueves 12 de junio de 2025\r\nA las 19.00 h.\r\nEn ACVIC Centre d\u2019Arts Contempor\u00e0nies\r\n\r\nEl Museu Viu de les Conques Metropolitanes o la creaci\u00f3n de un espacio bio-cultural tiene por misi\u00f3n la sedimentaci\u00f3n de estratos de vida y memoria vinculados a las cuencas fluviales de los r\u00edos Llobregat y Bes\u00f2s. En el reconocimiento de su riqueza y diversidad el Museu Viu toma una forma poli\u00e9drica que se manifiesta en las singularidades de los lugares y de los seres que lo habitan. Su tarea principal es la de hacer emerger y prevalecer formas de relaci\u00f3n, maneras de hacer y biodiversidad creativa en un contexto de crisis clim\u00e1tica y transformaci\u00f3n acelerada del territorio. Al mismo tiempo el Museu se vertebra como un nodo comunicativo con otras cuencas bio-regionales de todo el mundo.\r\n\r\nDurante cuatro a\u00f1os el Museu Viu ha activado investigaciones, creaciones colectivas y colaboraciones con personas y entidades en el extenso territorio de la regi\u00f3n metropolitana de Barcelona. Fruto de este trabajo son los materiales gr\u00e1ficos y publicaciones que presentaremos en ACVIC, algunos de ellos funcionan como activadores de la conciencia territorial.\r\n\r\n<a href=\"https:\/\/sitesize.net\/museuviu\/\">https:\/\/sitesize.net\/museuviu\/<\/a>","desc_en":"Activating territorial awareness\r\n<strong>Publications from the Living Museum of Metropolitan river Basins<\/strong>\r\n\r\nBy <strong>Sitesize<\/strong>\r\n\r\nThursday, June 12th, 2025\r\nAt 7 p.m.\r\nAt ACVIC Centre d\u2019Arts Contempor\u00e0nies\r\n\r\nThe Living Museum of Metropolitan river Basins in creating a bio-cultural space, has as its mission the sedimentation of strata of life and memory associated with the Llobregat and Bes\u00f2s river basins. In recognition of its rich biodiversity, the Living Museum manifests the same multifaceted shape as the singularity of the places, and of the creatures which inhabit them. Its principal task is to reveal and to foreground relationships, methodologies, and creative biodiversity in a context of accelerated terrain transformation due to climate crisis. At the same time, the Museum is structured as a communication node with other global river basin bio-regions.\r\n\r\nFor four years, the Living Museum has been carrying out research, collective creations, and collaborations with people and organisations in the extended metropolitan region of Barcelona. The results of this work are the graphic materials and publications which we will present at ACVIC, some of which function as activators of territorial awareness.\r\n\r\n<a href=\"https:\/\/sitesize.net\/museuviu\/\">https:\/\/sitesize.net\/museuviu\/<\/a>","event_category":204,"event_show_only_own_date":false,"_event_confirmed":true,"_event_public":true,"_event_free":true,"_event_price-min":"","_event_price-max":"","_event_web_ca":"https:\/\/www.acvic.org\/ca\/135-acviceng\/edufocursos-eng\/4288-presentaci\u00f3-sitesize-a-acvic","_event_web_es":"","_event_web_en":"","event_contact_email":"","event_apply_email":"","is_online_event":false,"is_art_nou_event":false,"is_bgw_event":false,"date_text":"","register_deadline":null,"altres_organitzadors":""},"abe_event_venue":null,"abe_event_category":"Presentaci\u00f3","start":"2025-06-12 19:00:00","end":"2025-06-12 20:30:00","schedule":"daily","schedule_meta":"","frequency":1,"all_day":0,"until":"2025-06-12 19:00:00","include":[],"exclude":[],"_links":{"self":[{"href":"https:\/\/graf.cat\/en\/wp-json\/wp\/v2\/events\/48993","targetHints":{"allow":["GET"]}}],"collection":[{"href":"https:\/\/graf.cat\/en\/wp-json\/wp\/v2\/events"}],"about":[{"href":"https:\/\/graf.cat\/en\/wp-json\/wp\/v2\/types\/event"}],"author":[{"embeddable":true,"href":"https:\/\/graf.cat\/en\/wp-json\/wp\/v2\/users\/172"}],"occurrences":[{"embeddable":true,"href":"https:\/\/graf.cat\/en\/wp-json\/wp\/v2\/events\/48993\/occurrences"}],"acf:term":[{"embeddable":true,"taxonomy":"event-category","href":"https:\/\/graf.cat\/en\/wp-json\/wp\/v2\/event-category\/204"}],"wp:featuredmedia":[{"embeddable":true,"href":"https:\/\/graf.cat\/en\/wp-json\/wp\/v2\/media\/48994"}],"wp:attachment":[{"href":"https:\/\/graf.cat\/en\/wp-json\/wp\/v2\/media?parent=48993"}],"wp:term":[{"taxonomy":"event-venue","embeddable":true,"href":"https:\/\/graf.cat\/en\/wp-json\/wp\/v2\/event-venues?post=48993"},{"taxonomy":"event-tag","embeddable":true,"href":"https:\/\/graf.cat\/en\/wp-json\/wp\/v2\/event-tags?post=48993"}],"curies":[{"name":"wp","href":"https:\/\/api.w.org\/{rel}","templated":true}]}}