{"id":50169,"guid":{"rendered":"https:\/\/graf.cat\/?post_type=event&#038;p=50169"},"modified":"2025-08-06T10:31:16","modified_gmt":"2025-08-06T08:31:16","slug":"flash-al-voltant-de-la-escuela-de-vallecas-de-jose-gutierrez-solana-a-hernando-vines","status":"publish","type":"event","link":"https:\/\/graf.cat\/en\/events\/event\/flash-al-voltant-de-la-escuela-de-vallecas-de-jose-gutierrez-solana-a-hernando-vines\/","title":{"rendered":"BGW. FLASH: Al voltant de la Escuela de Vallecas. De Jos\u00e9 Guti\u00e9rrez Solana a Hernando Vi\u00f1es"},"content":{"rendered":"","protected":false},"excerpt":{"rendered":"","protected":false},"author":132,"featured_media":50170,"template":"","meta":{"_acf_changed":false,"_monsterinsights_skip_tracking":false,"_monsterinsights_sitenote_active":false,"_monsterinsights_sitenote_note":"","_monsterinsights_sitenote_category":0},"event-venues":[595],"event-tags":[],"class_list":["post-50169","event","type-event","status-publish","has-post-thumbnail","hentry","event-venue-galeria-marc-domenech","event-category-exposicio"],"acf":{"title_ca":"BGW. FLASH: Al voltant de la Escuela de Vallecas. De Jos\u00e9 Guti\u00e9rrez Solana a Hernando Vi\u00f1es ","title_es":"BGW. FLASH: Al voltant de la Escuela de Vallecas. De Jos\u00e9 Guti\u00e9rrez Solana a Hernando Vi\u00f1es ","title_en":"BGW. FLASH: Al voltant de la Escuela de Vallecas. De Jos\u00e9 Guti\u00e9rrez Solana a Hernando Vi\u00f1es ","desc_ca":"<div class=\"item text-small\">\r\n\r\n\u26a1FLASH\u26a1<b>: nom\u00e9s del 18 al 21 de setembre<\/b>\r\n<b>\r\nDijous 18 set:<\/b>\u00a012 \u2013 20h\r\nA partir de les 12h: inauguraci\u00f3 PRO\r\nA partir de les 18h: inauguraci\u00f3 per a tots els p\u00fablics\r\n<b>Divendres 19 i dissabte 20 set:<\/b>\u00a012 \u2013 20h\r\n<b>Diumenge 21 set:<\/b>\u00a011 \u2013 15h\r\n\r\n&nbsp;\r\n\r\n<\/div>\r\n<div class=\"item\">\r\n\r\nL\u2019exposici\u00f3 mostra l\u2019ambient art\u00edstic que es va desenvolupar a Espanya al voltant de les dues Escuelas de Vallecas entre el 1927 i el 1942.\r\n\r\nLa intenci\u00f3 \u00e9s contextualitzar l\u2019escena art\u00edstica d\u2019aquella etapa, exposant obres de molts dels artistes m\u00e9s rellevants de l\u2019\u00e8poca com: Manuel \u00c1ngeles Ortiz (1895-1984); Francisco Bores (1898-1972); Germ\u00e1n Cueto (1893-1975); Julio Gonz\u00e1lez (1876-1942); Jos\u00e9 Guti\u00e9rrez Solana (1886-1945); Alberto S\u00e1nchez (1895-1962); Joaqu\u00edn Torres-Garc\u00eda (1874-1949); Hernando Vi\u00f1es (1904-1993).\r\n\r\n<\/div>","desc_es":"<div class=\"item text-small\">\r\n\r\n<b>\u26a1FLASH\u26a1: solo del 18 al 21 de septiembre<\/b>\r\n<b>\r\nJueves 18 sep<\/b>: 12 \u2013 20h\r\nA partir de las 12h: inauguraci\u00f3n PRO\r\nA partir de las 18h: inauguraci\u00f3n para todos los p\u00fablicos\r\n<b>Viernes 19 y s\u00e1bado 20 sep:<\/b>\u00a012 \u2013 20h\r\n<b>Domingo 21 sep:<\/b>\u00a011 \u2013 15h\r\n\r\n<\/div>\r\n<div class=\"item\">\r\n\r\n&nbsp;\r\n\r\nLa exposici\u00f3n muestra el ambiente art\u00edstico que se desarroll\u00f3 en Espa\u00f1a en torno a las dos Escuelas de Vallecas entre 1927 y 1942.\r\n\r\nLa intenci\u00f3n es contextualizar la escena art\u00edstica de aquel periodo, presentando obras de muchos de los artistas m\u00e1s relevantes de la \u00e9poca, como:\u00a0<b>Manuel \u00c1ngeles Ortiz<\/b>\u00a0(1895-1984);\u00a0<b>Francisco Bores<\/b>\u00a0(1898-1972);\u00a0<b>Germ\u00e1n Cueto<\/b>\u00a0(1893-1975);\u00a0<b>Julio Gonz\u00e1lez<\/b>\u00a0(1876-1942);\u00a0<b>Jos\u00e9 Guti\u00e9rrez Solana<\/b>\u00a0(1886-1945);\u00a0<b>Alberto S\u00e1nchez<\/b>\u00a0(1895-1962);\u00a0<b>Joaqu\u00edn Torres-Garc\u00eda<\/b>\u00a0(1874-1949);\u00a0<b>Hernando Vi\u00f1es<\/b>\u00a0(1904-1993).\r\n\r\n<\/div>","desc_en":"<div class=\"item text-small\">\r\n\r\n\u26a1FLASH\u26a1<b>: only from September 18th to 21st<\/b>\r\n<b>\r\nThursday sept 18th:<\/b>\u00a012 \u2013 8pm\r\nFrom 12pm: PRO opening\r\nFrom 6pm: opening for all publics\r\n<b>Fiday sept 19th and Saturday 20th:<\/b>\u00a012 \u2013 8pm\r\n<b>Sunday sept 21st:<\/b>\u00a011am \u2013 3pm\r\n\r\n&nbsp;\r\n\r\n<\/div>\r\n<div class=\"item\">\r\n\r\nThe exhibition explores the artistic environment that developed in Spain around the two Schools of Vallecas between 1927 and 1942.\r\n\r\nIts aim is to contextualise the artistic scene of that period by presenting works by many of the most prominent artists of the time, including: Manuel \u00c1ngeles Ortiz (1895\u20131984); Francisco Bores (1898\u20131972); Germ\u00e1n Cueto (1893\u20131975); Julio Gonz\u00e1lez (1876\u20131942); Jos\u00e9 Guti\u00e9rrez Solana (1886\u20131945); Alberto S\u00e1nchez (1895\u20131962); Joaqu\u00edn Torres-Garc\u00eda (1874\u20131949); Hernando Vi\u00f1es (1904\u20131993).\r\n\r\n<\/div>","event_category":103,"event_show_only_own_date":true,"_event_confirmed":true,"_event_public":true,"_event_free":true,"_event_price-min":"","_event_price-max":"","_event_web_ca":"https:\/\/www.barcelonagalleryweekend.com\/expo.php?lang=cat&id=139","_event_web_es":"https:\/\/barcelonagalleryweekend.com\/expo.php?lang=esp&id=139","_event_web_en":"https:\/\/www.barcelonagalleryweekend.com\/expo.php?lang=eng&id=139","event_contact_email":"","event_apply_email":"","is_online_event":false,"is_art_nou_event":false,"is_bgw_event":true,"date_text":"","register_deadline":null,"altres_organitzadors":""},"abe_event_venue":"Galeria Marc Dom\u00e8nech","abe_event_category":"Exposici\u00f3","start":"2025-09-18 00:00:00","end":"2025-09-21 23:59:00","schedule":"once","schedule_meta":"","frequency":1,"all_day":1,"until":"2025-09-18 00:00:00","include":[],"exclude":[],"_links":{"self":[{"href":"https:\/\/graf.cat\/en\/wp-json\/wp\/v2\/events\/50169","targetHints":{"allow":["GET"]}}],"collection":[{"href":"https:\/\/graf.cat\/en\/wp-json\/wp\/v2\/events"}],"about":[{"href":"https:\/\/graf.cat\/en\/wp-json\/wp\/v2\/types\/event"}],"author":[{"embeddable":true,"href":"https:\/\/graf.cat\/en\/wp-json\/wp\/v2\/users\/132"}],"occurrences":[{"embeddable":true,"href":"https:\/\/graf.cat\/en\/wp-json\/wp\/v2\/events\/50169\/occurrences"}],"acf:term":[{"embeddable":true,"taxonomy":"event-category","href":"https:\/\/graf.cat\/en\/wp-json\/wp\/v2\/event-category\/103"}],"wp:featuredmedia":[{"embeddable":true,"href":"https:\/\/graf.cat\/en\/wp-json\/wp\/v2\/media\/50170"}],"wp:attachment":[{"href":"https:\/\/graf.cat\/en\/wp-json\/wp\/v2\/media?parent=50169"}],"wp:term":[{"taxonomy":"event-venue","embeddable":true,"href":"https:\/\/graf.cat\/en\/wp-json\/wp\/v2\/event-venues?post=50169"},{"taxonomy":"event-tag","embeddable":true,"href":"https:\/\/graf.cat\/en\/wp-json\/wp\/v2\/event-tags?post=50169"}],"curies":[{"name":"wp","href":"https:\/\/api.w.org\/{rel}","templated":true}]}}