{"id":50523,"guid":{"rendered":"https:\/\/graf.cat\/?post_type=event&#038;p=50523"},"modified":"2025-09-03T08:09:21","modified_gmt":"2025-09-03T06:09:21","slug":"jo-tu-mon-simbol-i-univers-2","status":"publish","type":"event","link":"https:\/\/graf.cat\/en\/events\/event\/jo-tu-mon-simbol-i-univers-2\/","title":{"rendered":"Jo, tu, m\u00f3n. S\u00edmbol i univers."},"content":{"rendered":"","protected":false},"excerpt":{"rendered":"","protected":false},"author":8,"featured_media":50520,"template":"","meta":{"_acf_changed":false,"_monsterinsights_skip_tracking":false,"_monsterinsights_sitenote_active":false,"_monsterinsights_sitenote_note":"","_monsterinsights_sitenote_category":0},"event-venues":[734],"event-tags":[],"class_list":["post-50523","event","type-event","status-publish","has-post-thumbnail","hentry","event-venue-museu-tapies","event-category-seminari"],"acf":{"title_ca":"Jo, tu, m\u00f3n. S\u00edmbol i univers.","title_es":"Yo, t\u00fa, mundo: s\u00edmbolo y universo.","title_en":"Seminar I, You, World: Symbol and Universe","desc_ca":"Despr\u00e9s de l\u2019\u00e8xit de la primera edici\u00f3 de les jornades d\u2019estudi \u201cJo, tu, m\u00f3n: s\u00edmbol i univers\u201d, que tingueren lloc l\u2019any passat dintre del programa commemoratiu del centenari del naixement de l\u2019artista, el Museu T\u00e0pies organitza la segona i darrera edici\u00f3 d\u2019aquest programa, amb la voluntat d\u2019acabar d\u2019aprofundir en un dels \u00e0mbits m\u00e9s complexos i essencials de la producci\u00f3 d\u2019Antoni T\u00e0pies: la seva capacitat de construir un llenguatge simb\u00f2lic que transcendeix la materialitat i s\u2019endinsa en l\u2019experi\u00e8ncia \u00edntima i universal alhora.\r\n\r\nAquestes jornades, que han reunit te\u00f2rics de l\u2019art, poetes i especialistes de la imatge, han perm\u00e8s desplegar una lectura renovada i polif\u00f2nica de la s\u00e8rie\u00a0<em>S\u00e8rie Teresa<\/em>\u00a0i de la carpeta\u00a0<em>Cartes per a la Teresa<\/em>, un corpus fonamental per comprendre el di\u00e0leg entre art, escriptura i exist\u00e8ncia en la traject\u00f2ria de l\u2019artista.\r\n\r\nLa producci\u00f3 tapiana s\u2019ent\u00e9n com un assaig viu que articula un univers simb\u00f2lic on la dimensi\u00f3 po\u00e8tica i la materialitat de les formes s\u2019interrelacionen. El treball sobre\u00a0<em>Cartes per a la Teresa<\/em>\u00a0i la\u00a0<em>S\u00e8rie Teresa<\/em>\u00a0posa en evid\u00e8ncia aquesta dial\u00e8ctica entre el signe i el gest, la paraula i l\u2019espai, aix\u00ed com la intersecci\u00f3 entre la vida privada i la construcci\u00f3 p\u00fablica d\u2019una obra. Aquest corpus iconogr\u00e0fic i textual il\u00b7lustra la noci\u00f3 d\u2019un art que no es limita a la mera representaci\u00f3, sin\u00f3 que esdev\u00e9 un proc\u00e9s d\u2019exploraci\u00f3 i construcci\u00f3 d\u2019un univers simb\u00f2lic obert, on l\u2019obra es presenta com una forma de meditaci\u00f3 i de comunicaci\u00f3 que s\u2019expandeix m\u00e9s enll\u00e0 dels l\u00edmits del propi artista.\r\n\r\nL\u2019exposici\u00f3\u00a0<em>Antoni T\u00e0pies. La imaginaci\u00f3 del m\u00f3n<\/em>, que actualment es pot veure al Museu T\u00e0pies, acull una selecci\u00f3 de dotze peces de la carpeta\u00a0<em>Cartes per a la Teresa<\/em>\u00a0(1974), consolida aquesta investigaci\u00f3, oferint al p\u00fablic una oportunitat \u00fanica per endinsar-se en la intersecci\u00f3 entre la correspond\u00e8ncia amorosa, el collage i la litografia, mitjan\u00e7ant un llenguatge que conjuga el gest c\u00f2smic amb la proximitat del quotidi\u00e0. Aquest conjunt il\u00b7lustra la capacitat de T\u00e0pies per desxifrar i reconstruir una experi\u00e8ncia vital compartida, convertint-la en un espai de significaci\u00f3 m\u00faltiple i oberta a interpretacions diverses.\r\n\r\nEn aquesta l\u00ednia, les jornades \u201cJo, tu, m\u00f3n. S\u00edmbol i univers\u201d reafirma la voluntat del Museu T\u00e0pies de situar l\u2019obra de l\u2019artista en un marc interdisciplinari que permeti analitzar-la com un fenomen on conflueixen la hist\u00f2ria personal, la dimensi\u00f3 simb\u00f2lica, la pol\u00edtica i la reflexi\u00f3 est\u00e8tica. Aquest marc te\u00f2ric m\u00e9s ampli evidencia com l\u2019art de T\u00e0pies transcendeix el seu context hist\u00f2ric i cultural per convertir-se en una expressi\u00f3 universal, on la relaci\u00f3 entre signe i m\u00f3n s\u2019amplifica fins a configurar un nou univers.\r\n\r\n&nbsp;\r\n\r\n<strong>PROGRAMA<\/strong>\r\n\r\n&nbsp;\r\n\r\nSESSI\u00d3 1\r\n\r\nData: 30 de setembre del 2025\r\n\r\n18 h. Benvinguda i presentaci\u00f3 de les jornades a c\u00e0rrec d\u2019Imma Prieto\r\n\r\n18.10 h. Confer\u00e8ncia \u201cUna educaci\u00f3 per la pedra\u201d a c\u00e0rrec de Pedro G. Romero\r\n\r\n18.50 h. Confer\u00e8ncia \u201cCartes visuals: desbordaments del llenguatge, mat\u00e8ria, afecte i gest\u201d a c\u00e0rrec d\u2019Andrea Soto Calder\u00f3n\r\n\r\n19.30 h. Lectura po\u00e8tica \u201cPau revolta\u201d a c\u00e0rrec de Blanca Llum Vidal\r\n\r\n20 h. Torn obert de preguntes\r\n\r\n20.30 h. Cloenda\r\n\r\n&nbsp;\r\n\r\nSESSI\u00d3 2\r\n\r\nData: 1 d\u2019octubre del 2025\r\n\r\n18 h. Presentaci\u00f3 de les jornades a c\u00e0rrec de Judith Barn\u00e9s\r\n\r\n18.10 h. Confer\u00e8ncia a c\u00e0rrec de Marie Jos\u00e9 Mondzain (t\u00edtol pendent)\r\n\r\n18.50 h. Confer\u00e8ncia \u201cAssajos sobre l\u2019amor sense hist\u00f2ria\u201d a c\u00e0rrec de Ra\u00fcl Garrigasait\r\n\r\n19.30 h. Lectura po\u00e8tica \u201cEls dies d\u2019estrassa\u201d a c\u00e0rrec d\u2019Eloy Fern\u00e1ndez Porta\r\n\r\n20 h. Torn obert de preguntes\r\n\r\n20.30 h. Cloenda","desc_es":"Tras el \u00e9xito de la primera edici\u00f3n de las jornadas de estudio \u201cYo, t\u00fa, mundo: s\u00edmbolo y universo\u201d, que tuvieron lugar el a\u00f1o pasado dentro del programa conmemorativo del centenario del nacimiento del artista, el Museu T\u00e0pies organiza la segunda y \u00faltima edici\u00f3n de este programa, con la voluntad de acabar de profundizar en uno de los \u00e1mbitos m\u00e1s complejos y esenciales en T\u00e0pies: su capacidad de construir un lenguaje simb\u00f3lico que trasciende la materialidad y se adentra en la experiencia \u00edntima y universal a la vez.\r\n\r\nEstas jornadas, que han reunido a te\u00f3ricos del arte, poetas y especialistas de la imagen, han permitido desplegar una lectura renovada y polif\u00f3nica de la serie\u00a0<i>Serie Teresa<\/i>\u00a0y de la carpeta\u00a0<i>Cartas para Teresa<\/i>, un corpus fundamental para comprender el di\u00e1logo entre arte, escritura y existencia en la trayectoria del artista.\r\n\r\nLa producci\u00f3n tapiana se entiende como un ensayo vivo que articula un universo simb\u00f3lico en el que la dimensi\u00f3n po\u00e9tica y la materialidad de las formas se interrelacionan. El trabajo sobre\u00a0<i>Cartas para Teresa\u00a0<\/i>y\u00a0<i>Serie Teresa<\/i>\u00a0pone en evidencia esta dial\u00e9ctica entre el signo y el gesto, la palabra y el espacio, as\u00ed como la intersecci\u00f3n entre la vida privada y la construcci\u00f3n p\u00fablica de una obra. Este corpus iconogr\u00e1fico y textual ilustra la noci\u00f3n de un arte que no se limita a la mera representaci\u00f3n, sino que se convierte en un proceso de exploraci\u00f3n y construcci\u00f3n de un universo simb\u00f3lico abierto, donde la obra se presenta como una forma de meditaci\u00f3n y comunicaci\u00f3n que se expande m\u00e1s all\u00e1 de los l\u00edmites del propio artista.\r\n\r\nLa exposici\u00f3n\u00a0<i>Antoni T\u00e0pies. La imaginaci\u00f3n del mundo<\/i>, que actualmente se puede ver en el Museu T\u00e0pies, acoge una selecci\u00f3n de doce piezas de la carpeta\u00a0<i>Cartas para Teresa<\/i>\u00a0(1974) y consolida esta investigaci\u00f3n, ofreciendo al p\u00fablico una oportunidad \u00fanica para adentrarse en la intersecci\u00f3n entre la correspondencia amorosa, el collage y la litograf\u00eda, mediante un lenguaje que conjuga el gesto c\u00f3smico con la proximidad de lo cotidiano. Este conjunto ilustra la capacidad de T\u00e0pies para descifrar y reconstruir una experiencia vital compartida, convirti\u00e9ndola en un espacio de significaci\u00f3n m\u00faltiple y abierta a interpretaciones diversas.\r\n\r\nEn esta l\u00ednea, las jornadas \u201cYo, t\u00fa, mundo. S\u00edmbolo y universo\u201d reafirman la voluntad del Museu T\u00e0pies de situar la obra del artista en un marco interdisciplinario que permita analizarla como un fen\u00f3meno donde confluyen la historia personal, la dimensi\u00f3n simb\u00f3lica, la pol\u00edtica y la reflexi\u00f3n est\u00e9tica. Este marco te\u00f3rico m\u00e1s amplio evidencia c\u00f3mo el arte de T\u00e0pies trasciende su contexto hist\u00f3rico y cultural para convertirse en una expresi\u00f3n universal, donde la relaci\u00f3n entre signo y mundo se amplifica hasta configurar un nuevo universo.\r\n\r\n&nbsp;\r\n\r\n<b>PROGRAMA<\/b>\r\n\r\n&nbsp;\r\n\r\nSESI\u00d3N 1\r\n\r\nFecha: 30 de septiembre de 2025\r\n\r\n18 h. Bienvenida y presentaci\u00f3n de las jornadas a cargo de Imma Prieto\r\n\r\n18:10 h. Conferencia \u201cUna educaci\u00f3n por la piedra\u201d a cargo de Pedro G. Romero\r\n\r\n18:50 h. Conferencia \u201cCartas visuales: desbordamientos del lenguaje, materia, cari\u00f1o y gesto\u201d a cargo de Andrea Soto Calder\u00f3n\r\n\r\n19:30 h. Lectura po\u00e9tica \u201cPau revolta\u201d a cargo de Blanca Llum Vidal\r\n\r\n20 h. Turno abierto de preguntas\r\n\r\n20:30 h. Clausura\r\n\r\n&nbsp;\r\n\r\nSESI\u00d3N 2\r\n\r\nFecha: 1 de octubre de 2025\r\n\r\n18 h. Presentaci\u00f3n de las jornadas a cargo de Judith Barn\u00e9s\r\n\r\n18:10 h. Conferencia a cargo de Marie Jos\u00e9 Mondzain (t\u00edtulo pendiente)\r\n\r\n18:50 h. Conferencia \u201cEnsayos sobre el amor sin historia\u201d a cargo de Ra\u00fcl Garrigasait\r\n\r\n19:30 h. Lectura po\u00e9tica \u201cLos d\u00edas de estraza\u201d a cargo de Eloy Fern\u00e1ndez Porta\r\n\r\n20 h. Turno abierto de preguntas\r\n\r\n20:30 h. Clausura","desc_en":"Following on from the success of the first edition of the\u00a0<i>I, You, World: Symbol and Universe\u00a0<\/i>study days, held last year as part of the programme marking the centenary of the artist\u2019s birth, the Museu T\u00e0pies now presents the second and final edition of these study days. The aim is to delve into one of the most complex and essential aspects of Antoni T\u00e0pies\u2019 work: his ability to create a symbolic language that transcends material form and enters a realm that is both deeply personal and universally resonant.\r\n\r\nBy bringing together art theorists, poets and image specialists, those sessions spurred the development of fresh insights and multivoiced readings of T\u00e0pies\u2019\u00a0<i>S\u00e8rie Teresa\u00a0<\/i>[Teresa\u2019s Series] (1966) and\u00a0<i>Cartes per a la Teresa<\/i>\u00a0[Letters to Teresa] (1974), two key works for understanding the dialogue between art, writing and existence in his career.\r\n\r\nT\u00e0pies\u2019 oeuvre can be seen as a living essay that shapes a symbolic universe in which poetic vision and material form are in constant interplay. The focus on his\u00a0<i>Cartes per a la Teresa<\/i>\u00a0portfolio and\u00a0<i>S\u00e8rie Teresa<\/i>\u00a0series brought to light the dialectic between sign and gesture, word and space, and the intersection of private life with the public construction of an artwork. This body of images and texts embodies an idea of art not merely limited to representation, but as an open process of exploration and symbolic creation, where each work becomes both meditation and communication extending beyond the artist himself.\r\n\r\nThe exhibition\u00a0<i>Antoni T\u00e0pies: The Imagination of the World<\/i>, currently on view at the Museu T\u00e0pies, presents a selection of twelve works from\u00a0<i>Cartes per a la Teresa<\/i>. Building on research shared in these study days, the show offers visitors a rare opportunity to explore the intersection of love letters, collage and lithography, expressed through a language that fuses cosmic gestures with the intimacy of the everyday. This ensemble reflects T\u00e0pies\u2019 gift for decoding and reconstructing shared life experiences, transforming them into spaces rich in meaning and open to multiple interpretations.\r\n\r\nIn this spirit, the\u00a0<i>I, You, World: Symbol and Universe\u00a0<\/i>study days reaffirm the Museu T\u00e0pies\u2019 commitment to placing the artist\u2019s work within an interdisciplinary framework that allows it to be understood as a meeting point of personal history, symbolic vision, politics and aesthetic reflection. This broader perspective reveals how T\u00e0pies\u2019 art transcends its historical and cultural origins to become a universal expression in which the relationship between sign and world expands into the creation of a new universe.\r\n\r\n&nbsp;\r\n\r\n<b>PROGRAMME<\/b>\r\n\r\n&nbsp;\r\n\r\nSESSION 1\r\n\r\nDate: 30 September 2025\r\n\r\n6\u00a0pm. Welcome and introduction by Imma Prieto\r\n\r\n6.10\u00a0pm. Talk: \u201cAn Education by Stone\u201d, by Pedro G. Romero\r\n\r\n6.50\u00a0pm. Talk: \u201cVisual Letters: Overflowing Language, Matter, Affection and Gesture\u201d, by Andrea Soto Calder\u00f3n\r\n\r\n7.30\u00a0pm. Poetry reading: \u201cUneasy Peace\u201d, by Blanca Llum Vidal\r\n\r\n8\u00a0pm. Open floor for questions\r\n\r\n8.30\u00a0pm. Closing remarks\r\n\r\n&nbsp;\r\n\r\nSESSION 2\r\n\r\nDate: 1 October 2025\r\n\r\n6\u00a0pm. Introduction by Judith Barn\u00e9s\r\n\r\n6.10\u00a0pm. Talk by Marie Jos\u00e9 Mondzain\r\n\r\n6.50\u00a0pm. Talk: \u201cEssays on Love Without History\u201d, by Ra\u00fcl Garrigasait\r\n\r\n7.30\u00a0pm. Poetry reading: \u201cRag Days: Sequentiality, Epistolarity, Abstraction, T\u00e0pies and Millares\u201d, by Eloy Fern\u00e1ndez Porta\r\n\r\n8\u00a0pm. Open floor for questions\r\n\r\n8.30\u00a0pm. Closing remarks","event_category":244,"event_show_only_own_date":true,"_event_confirmed":true,"_event_public":true,"_event_free":false,"_event_price-min":3,"_event_price-max":5,"_event_web_ca":"https:\/\/museutapies.org\/event\/jo-tu-mon-simbol-i-univers-seminari\/","_event_web_es":"https:\/\/museutapies.org\/es\/event\/yo-tu-mundo-simbolo-y-universo-seminario\/","_event_web_en":"https:\/\/museutapies.org\/en\/event\/seminar-i-you-world-symbol-and-universe\/","event_contact_email":"","event_apply_email":"","is_online_event":false,"is_art_nou_event":false,"is_bgw_event":false,"date_text":"","register_deadline":null,"altres_organitzadors":""},"abe_event_venue":"Museu T\u00e0pies","abe_event_category":"Seminari","start":"2025-10-01 18:00:00","end":"2025-10-01 20:30:00","schedule":"once","schedule_meta":"","frequency":1,"all_day":0,"until":"2025-10-01 18:00:00","include":[],"exclude":[],"_links":{"self":[{"href":"https:\/\/graf.cat\/en\/wp-json\/wp\/v2\/events\/50523","targetHints":{"allow":["GET"]}}],"collection":[{"href":"https:\/\/graf.cat\/en\/wp-json\/wp\/v2\/events"}],"about":[{"href":"https:\/\/graf.cat\/en\/wp-json\/wp\/v2\/types\/event"}],"author":[{"embeddable":true,"href":"https:\/\/graf.cat\/en\/wp-json\/wp\/v2\/users\/8"}],"occurrences":[{"embeddable":true,"href":"https:\/\/graf.cat\/en\/wp-json\/wp\/v2\/events\/50523\/occurrences"}],"acf:term":[{"embeddable":true,"taxonomy":"event-category","href":"https:\/\/graf.cat\/en\/wp-json\/wp\/v2\/event-category\/244"}],"wp:featuredmedia":[{"embeddable":true,"href":"https:\/\/graf.cat\/en\/wp-json\/wp\/v2\/media\/50520"}],"wp:attachment":[{"href":"https:\/\/graf.cat\/en\/wp-json\/wp\/v2\/media?parent=50523"}],"wp:term":[{"taxonomy":"event-venue","embeddable":true,"href":"https:\/\/graf.cat\/en\/wp-json\/wp\/v2\/event-venues?post=50523"},{"taxonomy":"event-tag","embeddable":true,"href":"https:\/\/graf.cat\/en\/wp-json\/wp\/v2\/event-tags?post=50523"}],"curies":[{"name":"wp","href":"https:\/\/api.w.org\/{rel}","templated":true}]}}