{"id":50942,"guid":{"rendered":"https:\/\/graf.cat\/?post_type=event&#038;p=50942"},"modified":"2025-09-23T09:37:52","modified_gmt":"2025-09-23T07:37:52","slug":"convocatoria-mirada-pilot-2025","status":"publish","type":"event","link":"https:\/\/graf.cat\/en\/events\/event\/convocatoria-mirada-pilot-2025\/","title":{"rendered":"CONVOCAT\u00d2RIA MIRADA PILOT 2025"},"content":{"rendered":"","protected":false},"excerpt":{"rendered":"","protected":false},"author":188,"featured_media":50943,"template":"","meta":{"_acf_changed":false,"_monsterinsights_skip_tracking":false,"_monsterinsights_sitenote_active":false,"_monsterinsights_sitenote_note":"","_monsterinsights_sitenote_category":0},"event-venues":[],"event-tags":[],"class_list":["post-50942","event","type-event","status-publish","has-post-thumbnail","hentry","event-category-convocatories"],"acf":{"title_ca":"CONVOCAT\u00d2RIA MIRADA PILOT 2025","title_es":"CONVOCATORIA MIRADA PILOTO 2025","title_en":" CALL FOR MIRADA PILOT 2025","desc_ca":"La convocat\u00f2ria oberta a projectes de comissariat emergent de la xarxa que conforma \u201cMirada Pilot\u201d actua com a plataforma de suport a comissaris\/es joves per iniciar-se en el seu cam\u00ed art\u00edstic.\r\n\r\nL\u2019objectiu d\u2019aquesta convocat\u00f2ria 2025 \u00e9s: Fer una proposta curatorial expositiva emergent, composta per 3 itiner\u00e0ncies i 3 activitats paral\u00b7leles, amb el suport d'una dotaci\u00f3 pressupost\u00e0ria.\r\n\r\n<strong>A qui s\u2019adre\u00e7a?<\/strong>\r\nPodran participar en aquesta convocat\u00f2ria de manera individual o col\u00b7lectiva joves comissaris\/es i gestors\/es culturals que compleixin, com a m\u00e0xim, 35 anys durant l\u2019any 2025.\r\n\r\n<strong>Funcionament<\/strong>\r\nEl projecte seleccionat haur\u00e0 de generar un discurs curatorial seleccionant exclusivament 4 artistes participants en l'edici\u00f3 del Festival Stripart 2025 al Centre C\u00edvic Guinard\u00f3 del 27 de juny al 18 de juliol (tamb\u00e9 podeu consultar el cat\u00e0leg a la web www.stripart.cat).\r\nEs realitzar\u00e0 una exposici\u00f3 amb 3 itiner\u00e0ncies en centres de la xarxa (Centre C\u00edvic Barceloneta, Espai Jove Boca Nord i Centre C\u00edvic Sant Andreu), aix\u00ed com 3 activitats complement\u00e0ries. El projecte seleccionat comptar\u00e0 amb l\u2019acompanyament de l\u2019equip t\u00e8cnic de la xarxa.\r\n\r\n&nbsp;\r\n\r\n<strong>Convocat\u00f2ria oberta del 27 de juny al 30 de setembre de 2025<\/strong>. El resultat es donar\u00e0 a con\u00e8ixer a partir del 31 d\u2019octubre de 2025, mitjan\u00e7ant les webs i xarxes socials dels diferents equipaments.\r\n\r\nEl projecte seleccionat ser\u00e0 exposat durant els mesos de:\r\n-Del 5 al 27 de febrer al Centre C\u00edvic Barceloneta.\r\n-Del 5 de mar\u00e7 al 7 d\u2019abril a l\u2019Espai Jove Boca Nord.\r\n-Del 9 d\u2019Abril al 7 de Maig al Centre C\u00edvic Sant Andreu\r\n\r\n&nbsp;\r\n\r\nPodeu consultar m\u00e9s iunformaci\u00f3 a les bases de la convocat\u00f2ria: https:\/\/ajuntament.barcelona.cat\/ccivics\/guinardo\/wp-content\/uploads\/2025\/06\/Bases-convocatoria-2025-2.pdf","desc_es":"La convocatoria abierta a proyectos de comisariado emergente de la red que conforma \u201cMirada Piloto\u201d act\u00faa como plataforma de apoyo a comisarios\/se j\u00f3venes para iniciarse en su camino art\u00edstico.\r\n\r\n\r\nEl objetivo de esta convocatoria 2025 es: Hacer una propuesta curatorial expositiva emergente, compuesta por 3 itinerancias y 3 actividades paralelas, con el apoyo de una dotaci\u00f3n presupuestaria.\r\n\r\n\r\nA quien se dirige?\r\n\r\nPodr\u00e1n participar en esta convocatoria de manera individual o colectiva j\u00f3venes comisarios\/se y gestores\/se culturales que cumplan, como m\u00e1ximo, 35 a\u00f1os durante el a\u00f1o 2025.\r\n\r\n\r\nFuncionamiento\r\n\r\nEl proyecto seleccionado tendr\u00e1 que generar un discurso curatorial seleccionando exclusivamente 4 artistas participantes en la edici\u00f3n del Festival Stripart 2025 en el Centro C\u00edvico Guinard\u00f3 del 27 de junio al 18 de julio (tambi\u00e9n pod\u00e9is consultar el cat\u00e1logo en la web www.stripart.cat). Se realizar\u00e1 una exposici\u00f3n con 3 itinerancias en centros de la red (Centro C\u00edvico Barceloneta, Espai Jove Boca Nord y Centro C\u00edvico San Andreu), as\u00ed como 3 actividades complementarias. El proyecto seleccionado contar\u00e1 con el acompa\u00f1amiento del equipo t\u00e9cnico de la red.\r\n\r\n\r\n\r\n\r\n<strong>Convocatoria abierta del 27 de junio al 30 de septiembre de 2025<\/strong>. El resultado se dar\u00e1 a conocer a partir del 31 de octubre de 2025, mediante las webs y redes sociales de las diferentes equipaciones.\r\n\r\n\r\nEl proyecto seleccionado ser\u00e1 expuesto durante los meses de:\r\n-Del 5 al 27 de febrero en el Centro C\u00edvico Barceloneta.\r\n-Del 5 de marzo al 7 de abril en el Espai Jove Boca Nord.\r\n-Del 9 de Abril al 7 de Mayo en el Centro C\u00edvico San Andreu\r\n\r\n\r\n\r\nPod\u00e9is consultar m\u00e1s iunformaci\u00f3n en las bases de la convocatoria: https:\/\/ajuntament.barcelona.cat\/ccivics\/guinardo\/wp-content\/uploads\/2025\/06\/bases-convocatoria-2025-2.pdf","desc_en":"","event_category":77,"event_show_only_own_date":false,"_event_confirmed":true,"_event_public":true,"_event_free":true,"_event_price-min":"","_event_price-max":"","_event_web_ca":"https:\/\/ajuntament.barcelona.cat\/ccivics\/guinardo\/mirada-pilot-2025\/","_event_web_es":"https:\/\/ajuntament.barcelona.cat\/ccivics\/guinardo\/mirada-pilot-2025\/","_event_web_en":"","event_contact_email":"","event_apply_email":"","is_online_event":false,"is_art_nou_event":false,"is_bgw_event":false,"date_text":"Del 27 de juny al 30 de setembre de 2025","register_deadline":null,"altres_organitzadors":""},"abe_event_venue":null,"abe_event_category":"Convocat\u00f2ries","start":"2025-06-27 00:00:00","end":"2025-09-30 23:59:00","schedule":"once","schedule_meta":"","frequency":1,"all_day":1,"until":"2025-06-27 00:00:00","include":[],"exclude":[],"_links":{"self":[{"href":"https:\/\/graf.cat\/en\/wp-json\/wp\/v2\/events\/50942","targetHints":{"allow":["GET"]}}],"collection":[{"href":"https:\/\/graf.cat\/en\/wp-json\/wp\/v2\/events"}],"about":[{"href":"https:\/\/graf.cat\/en\/wp-json\/wp\/v2\/types\/event"}],"author":[{"embeddable":true,"href":"https:\/\/graf.cat\/en\/wp-json\/wp\/v2\/users\/188"}],"occurrences":[{"embeddable":true,"href":"https:\/\/graf.cat\/en\/wp-json\/wp\/v2\/events\/50942\/occurrences"}],"acf:term":[{"embeddable":true,"taxonomy":"event-category","href":"https:\/\/graf.cat\/en\/wp-json\/wp\/v2\/event-category\/77"}],"wp:featuredmedia":[{"embeddable":true,"href":"https:\/\/graf.cat\/en\/wp-json\/wp\/v2\/media\/50943"}],"wp:attachment":[{"href":"https:\/\/graf.cat\/en\/wp-json\/wp\/v2\/media?parent=50942"}],"wp:term":[{"taxonomy":"event-venue","embeddable":true,"href":"https:\/\/graf.cat\/en\/wp-json\/wp\/v2\/event-venues?post=50942"},{"taxonomy":"event-tag","embeddable":true,"href":"https:\/\/graf.cat\/en\/wp-json\/wp\/v2\/event-tags?post=50942"}],"curies":[{"name":"wp","href":"https:\/\/api.w.org\/{rel}","templated":true}]}}