{"id":51120,"guid":{"rendered":"https:\/\/graf.cat\/?post_type=event&#038;p=51120"},"modified":"2025-09-29T12:23:12","modified_gmt":"2025-09-29T10:23:12","slug":"dimarts-de-video-artefacto-la-ia-i-el-cinema-computacional-jo-volia-fer-un-mem-i-em-va-sortir-un-assaig-filmic","status":"publish","type":"event","link":"https:\/\/graf.cat\/en\/events\/event\/dimarts-de-video-artefacto-la-ia-i-el-cinema-computacional-jo-volia-fer-un-mem-i-em-va-sortir-un-assaig-filmic\/","title":{"rendered":"Dimarts de v\u00eddeo &#8211; ARTEFACTO, la IA i el cinema computacional. Jo volia fer un mem i em va sortir un assaig f\u00edlmic"},"content":{"rendered":"","protected":false},"excerpt":{"rendered":"","protected":false},"author":19,"featured_media":51117,"template":"","meta":{"_acf_changed":false,"_monsterinsights_skip_tracking":false,"_monsterinsights_sitenote_active":false,"_monsterinsights_sitenote_note":"","_monsterinsights_sitenote_category":0},"event-venues":[],"event-tags":[],"class_list":["post-51120","event","type-event","status-publish","has-post-thumbnail","hentry","event-category-arts-in-viu"],"acf":{"title_ca":"Dimarts de v\u00eddeo - ARTEFACTO, la IA i el cinema computacional. Jo volia fer un mem i em va sortir un assaig f\u00edlmic","title_es":"Martes de v\u00eddeo - ARTEFACTO, la IA y el cine computacional. Yo quer\u00eda hacer un meme y me sali\u00f3 un ensayo f\u00edlmico","title_en":"Tuesdays of video - ARTEFACTO, AI and computational cinema. I wanted to make a meme and I came up with a film essay","desc_ca":"DIMARTS DE V\u00cdDEO - SALA BAR\r\nAmb Anna Giralt Gris i Jorge Caballero\r\n\r\nEls cineastes Anna Giralt Gris i Jorge Caballero ens conviden a con\u00e8ixer Artefacto, el seu centre de recerca i producci\u00f3, aix\u00ed com el seu inter\u00e8s pel cinema expandit amb intel\u00b7lig\u00e8ncia artificial (IA). La sessi\u00f3 inclour\u00e0 videoprojeccions de les seves creacions m\u00e9s recents.\r\n\r\nL\u2019activitat abordar\u00e0 una de les contradiccions amb qu\u00e8 treballen: com es pot gestionar la tensi\u00f3 entre una creaci\u00f3 art\u00edstica rigorosa \u2014centrada en la IA i el cinema computacional\u2014 i la recerca de la viralitat pr\u00f2pia del nostre temps?\r\n\r\nPer reflexionar sobre aquesta q\u00fcesti\u00f3, ens compartiran el seu proc\u00e9s creatiu i projectaran dues obres de recent producci\u00f3:\r\n\r\n<i><b>Membrana, volum I,<\/b>\u00a0<\/i>un assaig f\u00edlmic basat en la novel\u00b7la\u00a0<i>Membrana<\/i>, de Jorge Carri\u00f3n.","desc_es":"https:\/\/www.santamonica.cat\/es\/exposicions-i-activitats\/dimarts-de-video\/2025\/artefacto-la-ia-i-el-cinema-computacional","desc_en":"https:\/\/www.santamonica.cat\/en\/exposicions-i-activitats\/dimarts-de-video\/2025\/artefacto-la-ia-i-el-cinema-computacional","event_category":440,"event_show_only_own_date":false,"_event_confirmed":true,"_event_public":true,"_event_free":true,"_event_price-min":"","_event_price-max":"","_event_web_ca":"https:\/\/www.santamonica.cat\/ca\/exposicions-i-activitats\/dimarts-de-video\/2025\/artefacto-la-ia-i-el-cinema-computacional","_event_web_es":"","_event_web_en":"","event_contact_email":"","event_apply_email":"","is_online_event":false,"is_art_nou_event":false,"is_bgw_event":false,"date_text":"","register_deadline":null,"altres_organitzadors":""},"abe_event_venue":null,"abe_event_category":"Arts en Viu","start":"2025-10-28 19:00:00","end":"2025-10-28 20:00:00","schedule":"once","schedule_meta":"","frequency":1,"all_day":0,"until":"2025-10-28 19:00:00","include":[],"exclude":[],"_links":{"self":[{"href":"https:\/\/graf.cat\/en\/wp-json\/wp\/v2\/events\/51120","targetHints":{"allow":["GET"]}}],"collection":[{"href":"https:\/\/graf.cat\/en\/wp-json\/wp\/v2\/events"}],"about":[{"href":"https:\/\/graf.cat\/en\/wp-json\/wp\/v2\/types\/event"}],"author":[{"embeddable":true,"href":"https:\/\/graf.cat\/en\/wp-json\/wp\/v2\/users\/19"}],"occurrences":[{"embeddable":true,"href":"https:\/\/graf.cat\/en\/wp-json\/wp\/v2\/events\/51120\/occurrences"}],"acf:term":[{"embeddable":true,"taxonomy":"event-category","href":"https:\/\/graf.cat\/en\/wp-json\/wp\/v2\/event-category\/440"}],"wp:featuredmedia":[{"embeddable":true,"href":"https:\/\/graf.cat\/en\/wp-json\/wp\/v2\/media\/51117"}],"wp:attachment":[{"href":"https:\/\/graf.cat\/en\/wp-json\/wp\/v2\/media?parent=51120"}],"wp:term":[{"taxonomy":"event-venue","embeddable":true,"href":"https:\/\/graf.cat\/en\/wp-json\/wp\/v2\/event-venues?post=51120"},{"taxonomy":"event-tag","embeddable":true,"href":"https:\/\/graf.cat\/en\/wp-json\/wp\/v2\/event-tags?post=51120"}],"curies":[{"name":"wp","href":"https:\/\/api.w.org\/{rel}","templated":true}]}}