{"id":51144,"guid":{"rendered":"https:\/\/graf.cat\/?post_type=event&#038;p=51144"},"modified":"2025-09-30T12:39:55","modified_gmt":"2025-09-30T10:39:55","slug":"dijous-de-veu-i-paraula-la-sida-dels-gossos-prenem-la-paraula","status":"publish","type":"event","link":"https:\/\/graf.cat\/en\/events\/event\/dijous-de-veu-i-paraula-la-sida-dels-gossos-prenem-la-paraula\/","title":{"rendered":"Dijous de veu i paraula &#8211; LA SIDA DELS GOSSOS, PRENEM LA PARAULA"},"content":{"rendered":"","protected":false},"excerpt":{"rendered":"","protected":false},"author":19,"featured_media":51145,"template":"","meta":{"_acf_changed":false,"_monsterinsights_skip_tracking":false,"_monsterinsights_sitenote_active":false,"_monsterinsights_sitenote_note":"","_monsterinsights_sitenote_category":0},"event-venues":[],"event-tags":[],"class_list":["post-51144","event","type-event","status-publish","has-post-thumbnail","hentry","event-category-arts-in-viu"],"acf":{"title_ca":"Dijous de veu i paraula - LA SIDA DELS GOSSOS, PRENEM LA PARAULA","title_es":"Jueves de voz y palabra - La sida dels gossos, prenem la paraulaThursdays of voice and word","title_en":"Thursdays of voice and word - La sida dels gossos, prenem la paraula","desc_ca":"DIJOUS DE VEU I PARAULA - SALA BAR\r\nAmb Joan Sureda y David Teixid\u00f3\r\n\r\nP\u00f2dcast de com\u00e8dia en catal\u00e0 que t\u00e9 per objectiu suplantar Marc Gir\u00f3 com a gai hegem\u00f2nic del Principat.\r\n\r\nPrenem la paraula per parlar de llenguatge inclusiu i provocar-li un ictus a P\u00e9rez Reverte!\r\n\r\nEn aquesta sessi\u00f3, La sida dels Gossos torna, amb la seva irrever\u00e8ncia habitual, per parlar amb Carla Rovira sobre les realitats no bin\u00e0ries, sobre com ha criat la seva criatura fora del binarisme de g\u00e8nere i on, a partir d'aqu\u00ed, ens petarem les normes per fer-vos riure en catal\u00e0 mentre intentem posar llum en aquest m\u00f3n cada cop m\u00e9s fosc.\r\n\r\nUn Dijous de veu i paraula amb mirada queer per riure fora de la norma.","desc_es":"https:\/\/www.santamonica.cat\/es\/exposicions-i-activitats\/dijous-de-paraula\/2025\/la-sida-dels-gossos-prenem-la-paraula","desc_en":"https:\/\/www.santamonica.cat\/en\/exposicions-i-activitats\/dijous-de-paraula\/2025\/la-sida-dels-gossos-prenem-la-paraula","event_category":440,"event_show_only_own_date":false,"_event_confirmed":true,"_event_public":true,"_event_free":true,"_event_price-min":"","_event_price-max":"","_event_web_ca":"https:\/\/www.santamonica.cat\/ca\/exposicions-i-activitats\/dijous-de-paraula\/2025\/la-sida-dels-gossos-prenem-la-paraula","_event_web_es":"","_event_web_en":"","event_contact_email":"","event_apply_email":"","is_online_event":false,"is_art_nou_event":false,"is_bgw_event":false,"date_text":"","register_deadline":null,"altres_organitzadors":""},"abe_event_venue":null,"abe_event_category":"Arts en Viu","start":"2025-10-30 19:00:00","end":"2025-10-30 20:00:00","schedule":"once","schedule_meta":"","frequency":1,"all_day":0,"until":"2025-10-30 19:00:00","include":[],"exclude":[],"_links":{"self":[{"href":"https:\/\/graf.cat\/en\/wp-json\/wp\/v2\/events\/51144","targetHints":{"allow":["GET"]}}],"collection":[{"href":"https:\/\/graf.cat\/en\/wp-json\/wp\/v2\/events"}],"about":[{"href":"https:\/\/graf.cat\/en\/wp-json\/wp\/v2\/types\/event"}],"author":[{"embeddable":true,"href":"https:\/\/graf.cat\/en\/wp-json\/wp\/v2\/users\/19"}],"occurrences":[{"embeddable":true,"href":"https:\/\/graf.cat\/en\/wp-json\/wp\/v2\/events\/51144\/occurrences"}],"acf:term":[{"embeddable":true,"taxonomy":"event-category","href":"https:\/\/graf.cat\/en\/wp-json\/wp\/v2\/event-category\/440"}],"wp:featuredmedia":[{"embeddable":true,"href":"https:\/\/graf.cat\/en\/wp-json\/wp\/v2\/media\/51145"}],"wp:attachment":[{"href":"https:\/\/graf.cat\/en\/wp-json\/wp\/v2\/media?parent=51144"}],"wp:term":[{"taxonomy":"event-venue","embeddable":true,"href":"https:\/\/graf.cat\/en\/wp-json\/wp\/v2\/event-venues?post=51144"},{"taxonomy":"event-tag","embeddable":true,"href":"https:\/\/graf.cat\/en\/wp-json\/wp\/v2\/event-tags?post=51144"}],"curies":[{"name":"wp","href":"https:\/\/api.w.org\/{rel}","templated":true}]}}