{"id":53657,"guid":{"rendered":"https:\/\/graf.cat\/?post_type=event&#038;p=53657"},"modified":"2026-01-02T15:28:30","modified_gmt":"2026-01-02T13:28:30","slug":"evasio-digital","status":"publish","type":"event","link":"https:\/\/graf.cat\/en\/events\/event\/evasio-digital\/","title":{"rendered":"Evasi\u00f3 Digital"},"content":{"rendered":"","protected":false},"excerpt":{"rendered":"","protected":false},"author":188,"featured_media":53658,"template":"","meta":{"_acf_changed":false,"_monsterinsights_skip_tracking":false,"_monsterinsights_sitenote_active":false,"_monsterinsights_sitenote_note":"","_monsterinsights_sitenote_category":0},"event-venues":[882],"event-tags":[],"class_list":["post-53657","event","type-event","status-publish","has-post-thumbnail","hentry","event-venue-centre-civic-guianrdo","event-category-performance"],"acf":{"title_ca":"Evasi\u00f3 Digital","title_es":"Evasi\u00f3 Digital","title_en":"Evasi\u00f3 Digital","desc_ca":"Performance de X\u00e8nia Ort\u00ed\r\n\r\nEn un m\u00f3n on la\u00a0<em>hiperconnectivitat<\/em>\u00a0s'ha convertit en rutina i el pes d'un\u00a0feed\u00a0d'Instagram sembla tenir m\u00e9s valor que el dels nostres propis principis, Evasi\u00f3 Digital neix com una reflexi\u00f3 sobre la desconnexi\u00f3 emocional en l'era de la immediatesa. La pe\u00e7a q\u00fcestiona la manera com consumim informaci\u00f3, com ens acostumem a veure la viol\u00e8ncia, la injust\u00edcia o el dolor a trav\u00e9s d'una pantalla, sense permetre'ns sentir-los realment. A trav\u00e9s del cos, el so i la imatge, la\u00a0performance\u00a0retrata a una generaci\u00f3 saturada d'est\u00edmuls, que busca consol en el mateix dispositiu que l'a\u00eflla. \u00c9s una invitaci\u00f3 a detenir-se, a observar-se, i a recuperar la connexi\u00f3 entre el que veiem, la qual cosa sentim i el que som.\r\n\r\nDurada: 30 minuts (m\u00e9s col\u00b7loqui post funci\u00f3 amb l\u2019artista)\r\n\r\n- Inscripcions obertes 15 dies abans de l\u2019activitat -","desc_es":"","desc_en":"","event_category":197,"event_show_only_own_date":false,"_event_confirmed":false,"_event_public":true,"_event_free":true,"_event_price-min":"","_event_price-max":"","_event_web_ca":"https:\/\/guinardo.inscripcionscc.com\/MiramModular\/buscador\/buscador.jsp?g=1&amp;c=37&amp;a=3661","_event_web_es":"","_event_web_en":"","event_contact_email":"informacio@ccguinardo.cat","event_apply_email":"","is_online_event":false,"is_art_nou_event":false,"is_bgw_event":false,"date_text":"","register_deadline":null,"altres_organitzadors":""},"abe_event_venue":"Centre C\u00edvic Guianrd\u00f3","abe_event_category":"Performance","start":"2026-01-09 19:30:00","end":"2026-01-09 20:30:00","schedule":"once","schedule_meta":"","frequency":1,"all_day":0,"until":"2026-01-09 19:30:00","include":[],"exclude":[],"_links":{"self":[{"href":"https:\/\/graf.cat\/en\/wp-json\/wp\/v2\/events\/53657","targetHints":{"allow":["GET"]}}],"collection":[{"href":"https:\/\/graf.cat\/en\/wp-json\/wp\/v2\/events"}],"about":[{"href":"https:\/\/graf.cat\/en\/wp-json\/wp\/v2\/types\/event"}],"author":[{"embeddable":true,"href":"https:\/\/graf.cat\/en\/wp-json\/wp\/v2\/users\/188"}],"occurrences":[{"embeddable":true,"href":"https:\/\/graf.cat\/en\/wp-json\/wp\/v2\/events\/53657\/occurrences"}],"acf:term":[{"embeddable":true,"taxonomy":"event-category","href":"https:\/\/graf.cat\/en\/wp-json\/wp\/v2\/event-category\/197"}],"wp:featuredmedia":[{"embeddable":true,"href":"https:\/\/graf.cat\/en\/wp-json\/wp\/v2\/media\/53658"}],"wp:attachment":[{"href":"https:\/\/graf.cat\/en\/wp-json\/wp\/v2\/media?parent=53657"}],"wp:term":[{"taxonomy":"event-venue","embeddable":true,"href":"https:\/\/graf.cat\/en\/wp-json\/wp\/v2\/event-venues?post=53657"},{"taxonomy":"event-tag","embeddable":true,"href":"https:\/\/graf.cat\/en\/wp-json\/wp\/v2\/event-tags?post=53657"}],"curies":[{"name":"wp","href":"https:\/\/api.w.org\/{rel}","templated":true}]}}