{"id":54213,"guid":{"rendered":"https:\/\/graf.cat\/?post_type=event&#038;p=54213"},"modified":"2026-01-22T14:11:06","modified_gmt":"2026-01-22T12:11:06","slug":"la-pregunta-y-la-contradiccion","status":"publish","type":"event","link":"https:\/\/graf.cat\/en\/events\/event\/la-pregunta-y-la-contradiccion\/","title":{"rendered":"la pregunta i la contradicci\u00f3"},"content":{"rendered":"","protected":false},"excerpt":{"rendered":"","protected":false},"author":65,"featured_media":54214,"template":"","meta":{"_acf_changed":false,"_monsterinsights_skip_tracking":false,"_monsterinsights_sitenote_active":false,"_monsterinsights_sitenote_note":"","_monsterinsights_sitenote_category":0},"event-venues":[304],"event-tags":[],"class_list":["post-54213","event","type-event","status-publish","has-post-thumbnail","hentry","event-venue-la-escocesa","event-category-taller"],"acf":{"title_ca":"la pregunta i la contradicci\u00f3","title_es":"la pregunta y la contradicci\u00f3n","title_en":"the question and the contradiction","desc_ca":"<h1>una trobada a c\u00e0rrec de Dani Zelko<\/h1>\r\n&nbsp;\r\n\r\nEntre la incertesa, la censura, la precaritzaci\u00f3 i l'angoixa, semblaria que mai tenim temps, ni psiquis, ni economia per a exercitar maneres-de-fer que sorgeixin del que ens resulta vital, necessari, estimulant. Com desplegar experiments que siguin afins als nostres problemes, a les nostres fascinacions, als nostres mals de panxa, a la nostra imaginaci\u00f3, a la nostra pr\u00f2pia hist\u00f2ria, als nostres somnis pol\u00edtics?\r\n\r\nA trav\u00e9s d'una s\u00e8rie d'exercicis col\u00b7lectius d'escolta i escriptura, aquest taller proposa un espai com\u00fa on esmolar les nostres preguntes i contradiccions. Confiant que la contradicci\u00f3 i la pregunta s\u00f3n claus per a viatjar cap al que \u00e9s important per a nosaltres i pot ser important per a altres. Unes hores d'intimitat compartida on intentar trobar-nos amb el que estem fent i amb el que volem fer, buscant formes de retroalimentaci\u00f3 entre invenci\u00f3 i percepci\u00f3, llibertat i l\u00edmits, intu\u00efci\u00f3 i estrat\u00e8gia.\r\n\r\nTaller obert a artistes de tota mena, escriptoris, activistes, i qualsevol persona que hi vulgui participar.\r\n\r\n&nbsp;\r\n<h4><strong>bio<\/strong><\/h4>\r\n<strong>Dani Zelko <\/strong>va n\u00e9ixer a Buenos Aires al 1990. \u00c9s artista, poeta, editor i m\u00fasic. La seva obra est\u00e0 feta de paraules i persones. A trav\u00e9s de diferents procediments i de viatges a diversos territoris, genera publicacions i trobades que accionen disputes pol\u00edtiques, pr\u00e0ctiques d'escolta i experiments amb el llenguatge. Des de 2015 duu a terme la seva obra <em>Reuni\u00f3n<\/em>, amb la qual va publicar m\u00e9s de deu llibres que van ser tradu\u00efts a diverses lleng\u00fces. Dicta classes i tallers d'art i escriptura en institucions de diferents parts del m\u00f3n. Els seus \u00faltims llibres s\u00f3n <em>Oreja Madre<\/em> (Caja Negra Editora) i <em>Un Texto Camino<\/em> (Eterna Cadencia), tots dos editats a l'Argentina i a Espanya. El seu treball pot con\u00e8ixer-se en <a href=\"https:\/\/reunionreunion.com\/\">ReunionReunion.com<\/a>\r\n\r\n&nbsp;\r\n\r\n<hr \/>\r\n\r\nAquest taller s'emmarca en una l\u00ednia de col\u00b7laboraci\u00f3 amb <a href=\"https:\/\/cajanegraeditora.com.ar\/\" target=\"_blank\" rel=\"noopener\">Caja Negra<\/a> orientada a crear espais de transfer\u00e8ncia de coneixement entre la comunitat d'artistes de La Escocesa i les l\u00ednies de recerca, autoris i pensadoris vinculadis a l'editorial.\r\n\r\n<hr \/>\r\n\r\nSi tens alguna necessitat o pregunta en relaci\u00f3 a l'accessibilitat d'aquesta activitat, visita la nostra p\u00e0gina d\"acc\u00e9s a La Escocesa\" <a href=\"https:\/\/laescocesa.org\/ca\/La%20Escocesa\/accessibilitat\">fent clic aqui<\/a>.","desc_es":"<h1>taller de un encuentro a cargo de Dani Zelko<\/h1>\r\n&nbsp;\r\n\r\nEntre la incertidumbre, la censura, la precarizaci\u00f3n y la angustia, parecer\u00eda que nunca tenemos tiempo, ni psiquis, ni econom\u00eda para ejercitar formas-de-hacer que surjan de lo que nos resulta vital, necesario, estimulante. \u00bfC\u00f3mo desplegar experimentos que sean afines a nuestros problemas, a nuestras fascinaciones, a nuestros dolores de est\u00f3mago, a nuestra imaginaci\u00f3n, a nuestra propia historia, a nuestros sue\u00f1os pol\u00edticos?\r\n\r\nA trav\u00e9s de una serie de ejercicios colectivos de escucha y escritura, este taller propone un espacio com\u00fan donde afilar nuestras preguntas y contradicciones. Confiando en que la contradicci\u00f3n y la pregunta son llaves para viajar hacia lo que es importante para nosotres y puede ser importante para otres. Unas horas de intimidad compartida donde intentar encontrarnos con lo que estamos haciendo y con lo que queremos hacer, buscando formas de retroalimentaci\u00f3n entre invenci\u00f3n y percepci\u00f3n, libertad y l\u00edmites, intuici\u00f3n y estrategia.\r\n\r\nTaller abierto a artistas de todo tipo, personas que escriben, activistas, y cualquier persona que quiera participar.\r\n\r\n&nbsp;\r\n<h4><strong>bio<\/strong><\/h4>\r\n<strong>Dani Zelko<\/strong> naci\u00f3 en Buenos Aires en 1990. Es artista, poeta, editor y m\u00fasico. Su obra est\u00e1 hecha de palabras y personas. A trav\u00e9s de distintos procedimientos y de viajes a diversos territorios, genera publicaciones y encuentros que accionan disputas pol\u00edticas, pr\u00e1cticas de escucha y experimentos con el lenguaje. Desde 2015 lleva a cabo su obra <em>Reuni\u00f3n<\/em>, con la que public\u00f3 m\u00e1s de diez libros que fueron traducidos a varias lenguas. Dicta clases y talleres de arte y escritura en instituciones de distintas partes del mundo. Sus \u00faltimos libros son <em>Oreja Madre<\/em> (Caja Negra Editora) y <em>Un Texto Camino<\/em> (Eterna Cadencia), ambos editados en Argentina y en Espa\u00f1a. Su trabajo puede conocerse en <a href=\"https:\/\/reunionreunion.com\/\" data-tabindex-counter=\"1\" data-tabindex-value=\"none\">ReunionReunion.com<\/a>\r\n\r\n&nbsp;\r\n\r\n<hr \/>\r\n\r\nEste taller se enmarca en una l\u00ednea de colaboraci\u00f3n con <a href=\"https:\/\/cajanegraeditora.com.ar\/\" target=\"_blank\" rel=\"noopener\" data-tabindex-counter=\"1\" data-tabindex-value=\"none\">Caja Negra<\/a> orientada a crear espacios de transferencia de conocimiento entre la comunidad de artistas de La Escocesa y las l\u00edneas de investigaci\u00f3n, autores y pensadores vinculades a la editorial.\r\n\r\n&nbsp;\r\n\r\n<hr \/>\r\n\r\nSi tienes alguna necesidad o pregunta en relaci\u00f3n a la accesibilidad de esta actividad, visita nuestra p\u00e1gina d\"acceso a La Escocesa\" haciendo clic <a href=\"https:\/\/laescocesa.org\/es\/La%20Escocesa\/accesibilidad\">aqui<\/a>.","desc_en":"<h1>workshop led by Dani Zelko<\/h1>\r\n&nbsp;\r\n\r\nAmid uncertainty, censorship, precariousness, and anxiety, it would seem that we never have the time, the mental space, or the financial means to engage in ways of doing things that arise from what we find vital, necessary, and stimulating. How can we carry out experiments that are related to our problems, our fascinations, our stomachaches, our imagination, our own history, our political dreams?\r\n\r\nThrough a series of collective listening and writing exercises, this workshop proposes a common space where we can sharpen our questions and contradictions. Trusting that contradiction and questioning are keys to traveling toward what is important to us and may be important to others. A few hours of shared intimacy where we try to find what we are doing and what we want to do, seeking forms of feedback between invention and perception, freedom and limits, intuition and strategy.\r\n\r\nWorkshop open to artists of all kinds, writers, activists, and anyone who wants to participate.\r\n\r\n&nbsp;\r\n<h4><strong>bio<\/strong><\/h4>\r\n<strong>Dani Zelko<\/strong> was born in Buenos Aires in 1990. He is an artist, poet, editor, and musician. His work is made up of words and people. Through different processes and trips to various places, he creates publications and encounters that spark political debates, listening practices, and experiments with language. Since 2015, he has been working on his project <em>Reuni\u00f3n<\/em>, through which he has published more than ten books that have been translated into several languages. He teaches classes and workshops on art and writing at institutions around the world. His latest books are <em>Oreja Madre<\/em> (Caja Negra Editora) and <em>Un Texto Camino<\/em> (Eterna Cadencia), both published in Argentina and Spain. His work can be found at <a href=\"http:\/\/reunionreunion.com\">ReunionReunion.com<\/a>.\r\n\r\n&nbsp;\r\n\r\n<hr \/>\r\n\r\nThis workshop is part of a line of collaboration with <a href=\"https:\/\/cajanegraeditora.com.ar\/\" target=\"_blank\" rel=\"noopener\">Caja Negra<\/a> aimed at creating spaces for the transfer of knowledge between the community of artists at La Escocesa and the research lines, authors, and thinkers associated with the publisher.\r\n\r\n&nbsp;\r\n\r\n<hr \/>\r\n\r\nIf you have any needs or questions regarding the accessibility of this activity, please visit our page on \"access to La Escocesa\" by clicking <a href=\"https:\/\/laescocesa.org\/en\/La%20Escocesa\/accessibility\">here<\/a>.","event_category":235,"event_show_only_own_date":false,"_event_confirmed":true,"_event_public":true,"_event_free":true,"_event_price-min":"","_event_price-max":"","_event_web_ca":"https:\/\/laescocesa.org\/ca\/view\/lapreguntai\/3968","_event_web_es":"https:\/\/laescocesa.org\/es\/view\/lapreguntay\/3968","_event_web_en":"https:\/\/laescocesa.org\/en\/view\/thequestionand\/3968","event_contact_email":"clarapiazuelo@laescocesa.org","event_apply_email":"","is_online_event":false,"is_art_nou_event":false,"is_bgw_event":false,"date_text":"Activitat p\u00fablica i gratu\u00efta sense necessitat d'inscripci\u00f3 pr\u00e8via.","register_deadline":null,"altres_organitzadors":""},"abe_event_venue":"La Escocesa","abe_event_category":"Taller","start":"2026-02-25 17:30:00","end":"2026-02-25 20:00:00","schedule":"once","schedule_meta":"","frequency":1,"all_day":0,"until":"2026-02-25 17:30:00","include":[],"exclude":[],"_links":{"self":[{"href":"https:\/\/graf.cat\/en\/wp-json\/wp\/v2\/events\/54213","targetHints":{"allow":["GET"]}}],"collection":[{"href":"https:\/\/graf.cat\/en\/wp-json\/wp\/v2\/events"}],"about":[{"href":"https:\/\/graf.cat\/en\/wp-json\/wp\/v2\/types\/event"}],"author":[{"embeddable":true,"href":"https:\/\/graf.cat\/en\/wp-json\/wp\/v2\/users\/65"}],"occurrences":[{"embeddable":true,"href":"https:\/\/graf.cat\/en\/wp-json\/wp\/v2\/events\/54213\/occurrences"}],"acf:term":[{"embeddable":true,"taxonomy":"event-category","href":"https:\/\/graf.cat\/en\/wp-json\/wp\/v2\/event-category\/235"}],"wp:featuredmedia":[{"embeddable":true,"href":"https:\/\/graf.cat\/en\/wp-json\/wp\/v2\/media\/54214"}],"wp:attachment":[{"href":"https:\/\/graf.cat\/en\/wp-json\/wp\/v2\/media?parent=54213"}],"wp:term":[{"taxonomy":"event-venue","embeddable":true,"href":"https:\/\/graf.cat\/en\/wp-json\/wp\/v2\/event-venues?post=54213"},{"taxonomy":"event-tag","embeddable":true,"href":"https:\/\/graf.cat\/en\/wp-json\/wp\/v2\/event-tags?post=54213"}],"curies":[{"name":"wp","href":"https:\/\/api.w.org\/{rel}","templated":true}]}}