{"id":55181,"guid":{"rendered":"https:\/\/graf.cat\/?post_type=event&#038;p=55181"},"modified":"2026-03-04T11:00:42","modified_gmt":"2026-03-04T09:00:42","slug":"cabosanroque-flors-i-viatge","status":"publish","type":"event","link":"https:\/\/graf.cat\/en\/events\/event\/cabosanroque-flors-i-viatge\/","title":{"rendered":"cabosanroque | Flors i viatges"},"content":{"rendered":"<div id=\"attachment_55182\" style=\"width: 1064px\" class=\"wp-caption alignnone\"><img loading=\"lazy\" decoding=\"async\" aria-describedby=\"caption-attachment-55182\" class=\"size-medium wp-image-55182\" src=\"https:\/\/graf.cat\/wp-content\/uploads\/2026\/03\/3U0A9029-Panoramica-1054x960.jpg\" alt=\"\" width=\"1054\" height=\"960\" srcset=\"https:\/\/graf.cat\/wp-content\/uploads\/2026\/03\/3U0A9029-Panoramica-1054x960.jpg 1054w, https:\/\/graf.cat\/wp-content\/uploads\/2026\/03\/3U0A9029-Panoramica-150x137.jpg 150w, https:\/\/graf.cat\/wp-content\/uploads\/2026\/03\/3U0A9029-Panoramica-768x700.jpg 768w, https:\/\/graf.cat\/wp-content\/uploads\/2026\/03\/3U0A9029-Panoramica.jpg 1080w\" sizes=\"auto, (max-width: 1054px) 100vw, 1054px\" \/><p id=\"caption-attachment-55182\" class=\"wp-caption-text\">Teresa Llord\u00e9s<\/p><\/div>\n<div id=\"attachment_55185\" style=\"width: 1090px\" class=\"wp-caption alignnone\"><img loading=\"lazy\" decoding=\"async\" aria-describedby=\"caption-attachment-55185\" class=\"size-full wp-image-55185\" src=\"https:\/\/graf.cat\/wp-content\/uploads\/2026\/03\/3U0A9039-HDR_1.jpg\" alt=\"\" width=\"1080\" height=\"720\" srcset=\"https:\/\/graf.cat\/wp-content\/uploads\/2026\/03\/3U0A9039-HDR_1.jpg 1080w, https:\/\/graf.cat\/wp-content\/uploads\/2026\/03\/3U0A9039-HDR_1-150x100.jpg 150w, https:\/\/graf.cat\/wp-content\/uploads\/2026\/03\/3U0A9039-HDR_1-768x512.jpg 768w\" sizes=\"auto, (max-width: 1080px) 100vw, 1080px\" \/><p id=\"caption-attachment-55185\" class=\"wp-caption-text\">Teresa Llord\u00e9s<\/p><\/div>\n<div id=\"attachment_55188\" style=\"width: 1090px\" class=\"wp-caption alignnone\"><img loading=\"lazy\" decoding=\"async\" aria-describedby=\"caption-attachment-55188\" class=\"size-full wp-image-55188\" src=\"https:\/\/graf.cat\/wp-content\/uploads\/2026\/03\/3U0A9052_2.jpg\" alt=\"\" width=\"1080\" height=\"720\" srcset=\"https:\/\/graf.cat\/wp-content\/uploads\/2026\/03\/3U0A9052_2.jpg 1080w, https:\/\/graf.cat\/wp-content\/uploads\/2026\/03\/3U0A9052_2-150x100.jpg 150w, https:\/\/graf.cat\/wp-content\/uploads\/2026\/03\/3U0A9052_2-768x512.jpg 768w\" sizes=\"auto, (max-width: 1080px) 100vw, 1080px\" \/><p id=\"caption-attachment-55188\" class=\"wp-caption-text\">Teresa Llord\u00e9s<\/p><\/div>\n<div id=\"attachment_55191\" style=\"width: 1090px\" class=\"wp-caption alignnone\"><img loading=\"lazy\" decoding=\"async\" aria-describedby=\"caption-attachment-55191\" class=\"size-full wp-image-55191\" src=\"https:\/\/graf.cat\/wp-content\/uploads\/2026\/03\/3U0A9056.jpg\" alt=\"\" width=\"1080\" height=\"720\" srcset=\"https:\/\/graf.cat\/wp-content\/uploads\/2026\/03\/3U0A9056.jpg 1080w, https:\/\/graf.cat\/wp-content\/uploads\/2026\/03\/3U0A9056-150x100.jpg 150w, https:\/\/graf.cat\/wp-content\/uploads\/2026\/03\/3U0A9056-768x512.jpg 768w\" sizes=\"auto, (max-width: 1080px) 100vw, 1080px\" \/><p id=\"caption-attachment-55191\" class=\"wp-caption-text\">Teresa Llord\u00e9s<\/p><\/div>\n<div id=\"attachment_55194\" style=\"width: 1090px\" class=\"wp-caption alignnone\"><img loading=\"lazy\" decoding=\"async\" aria-describedby=\"caption-attachment-55194\" class=\"size-full wp-image-55194\" src=\"https:\/\/graf.cat\/wp-content\/uploads\/2026\/03\/3U0A9071.jpg\" alt=\"\" width=\"1080\" height=\"720\" srcset=\"https:\/\/graf.cat\/wp-content\/uploads\/2026\/03\/3U0A9071.jpg 1080w, https:\/\/graf.cat\/wp-content\/uploads\/2026\/03\/3U0A9071-150x100.jpg 150w, https:\/\/graf.cat\/wp-content\/uploads\/2026\/03\/3U0A9071-768x512.jpg 768w\" sizes=\"auto, (max-width: 1080px) 100vw, 1080px\" \/><p id=\"caption-attachment-55194\" class=\"wp-caption-text\">Teresa Llord\u00e9s<\/p><\/div>\n<div id=\"attachment_55197\" style=\"width: 1090px\" class=\"wp-caption alignnone\"><img loading=\"lazy\" decoding=\"async\" aria-describedby=\"caption-attachment-55197\" class=\"size-full wp-image-55197\" src=\"https:\/\/graf.cat\/wp-content\/uploads\/2026\/03\/3U0A9274.jpg\" alt=\"\" width=\"1080\" height=\"720\" srcset=\"https:\/\/graf.cat\/wp-content\/uploads\/2026\/03\/3U0A9274.jpg 1080w, https:\/\/graf.cat\/wp-content\/uploads\/2026\/03\/3U0A9274-150x100.jpg 150w, https:\/\/graf.cat\/wp-content\/uploads\/2026\/03\/3U0A9274-768x512.jpg 768w\" sizes=\"auto, (max-width: 1080px) 100vw, 1080px\" \/><p id=\"caption-attachment-55197\" class=\"wp-caption-text\">Teresa Llord\u00e9s<\/p><\/div>\n<div id=\"attachment_55200\" style=\"width: 1090px\" class=\"wp-caption alignnone\"><img loading=\"lazy\" decoding=\"async\" aria-describedby=\"caption-attachment-55200\" class=\"size-full wp-image-55200\" src=\"https:\/\/graf.cat\/wp-content\/uploads\/2026\/03\/3U0A9294.jpg\" alt=\"\" width=\"1080\" height=\"719\" srcset=\"https:\/\/graf.cat\/wp-content\/uploads\/2026\/03\/3U0A9294.jpg 1080w, https:\/\/graf.cat\/wp-content\/uploads\/2026\/03\/3U0A9294-150x100.jpg 150w, https:\/\/graf.cat\/wp-content\/uploads\/2026\/03\/3U0A9294-768x511.jpg 768w\" sizes=\"auto, (max-width: 1080px) 100vw, 1080px\" \/><p id=\"caption-attachment-55200\" class=\"wp-caption-text\">Teresa Llord\u00e9s<\/p><\/div>\n<div id=\"attachment_55203\" style=\"width: 846px\" class=\"wp-caption alignnone\"><img loading=\"lazy\" decoding=\"async\" aria-describedby=\"caption-attachment-55203\" class=\"size-medium wp-image-55203\" src=\"https:\/\/graf.cat\/wp-content\/uploads\/2026\/03\/3U0A9330-Panoramica-836x960.jpg\" alt=\"\" width=\"836\" height=\"960\" srcset=\"https:\/\/graf.cat\/wp-content\/uploads\/2026\/03\/3U0A9330-Panoramica-836x960.jpg 836w, https:\/\/graf.cat\/wp-content\/uploads\/2026\/03\/3U0A9330-Panoramica-150x172.jpg 150w, https:\/\/graf.cat\/wp-content\/uploads\/2026\/03\/3U0A9330-Panoramica-768x882.jpg 768w, https:\/\/graf.cat\/wp-content\/uploads\/2026\/03\/3U0A9330-Panoramica.jpg 1080w\" sizes=\"auto, (max-width: 836px) 100vw, 836px\" \/><p id=\"caption-attachment-55203\" class=\"wp-caption-text\">Teresa Llord\u00e9s<\/p><\/div>\n<div id=\"attachment_55206\" style=\"width: 1090px\" class=\"wp-caption alignnone\"><img loading=\"lazy\" decoding=\"async\" aria-describedby=\"caption-attachment-55206\" class=\"size-full wp-image-55206\" src=\"https:\/\/graf.cat\/wp-content\/uploads\/2026\/03\/3U0A9452_edit.jpg\" alt=\"\" width=\"1080\" height=\"720\" srcset=\"https:\/\/graf.cat\/wp-content\/uploads\/2026\/03\/3U0A9452_edit.jpg 1080w, https:\/\/graf.cat\/wp-content\/uploads\/2026\/03\/3U0A9452_edit-150x100.jpg 150w, https:\/\/graf.cat\/wp-content\/uploads\/2026\/03\/3U0A9452_edit-768x512.jpg 768w\" sizes=\"auto, (max-width: 1080px) 100vw, 1080px\" \/><p id=\"caption-attachment-55206\" class=\"wp-caption-text\">Teresa Llord\u00e9s<\/p><\/div>\n<div id=\"attachment_55209\" style=\"width: 1090px\" class=\"wp-caption alignnone\"><img loading=\"lazy\" decoding=\"async\" aria-describedby=\"caption-attachment-55209\" class=\"size-full wp-image-55209\" src=\"https:\/\/graf.cat\/wp-content\/uploads\/2026\/03\/3U0A9468-EDIT.jpg\" alt=\"\" width=\"1080\" height=\"720\" srcset=\"https:\/\/graf.cat\/wp-content\/uploads\/2026\/03\/3U0A9468-EDIT.jpg 1080w, https:\/\/graf.cat\/wp-content\/uploads\/2026\/03\/3U0A9468-EDIT-150x100.jpg 150w, https:\/\/graf.cat\/wp-content\/uploads\/2026\/03\/3U0A9468-EDIT-768x512.jpg 768w\" sizes=\"auto, (max-width: 1080px) 100vw, 1080px\" \/><p id=\"caption-attachment-55209\" class=\"wp-caption-text\">Teresa Llord\u00e9s<\/p><\/div>\n<div id=\"attachment_55212\" style=\"width: 1090px\" class=\"wp-caption alignnone\"><img loading=\"lazy\" decoding=\"async\" aria-describedby=\"caption-attachment-55212\" class=\"size-full wp-image-55212\" src=\"https:\/\/graf.cat\/wp-content\/uploads\/2026\/03\/3U0A9476.jpg\" alt=\"\" width=\"1080\" height=\"720\" srcset=\"https:\/\/graf.cat\/wp-content\/uploads\/2026\/03\/3U0A9476.jpg 1080w, https:\/\/graf.cat\/wp-content\/uploads\/2026\/03\/3U0A9476-150x100.jpg 150w, https:\/\/graf.cat\/wp-content\/uploads\/2026\/03\/3U0A9476-768x512.jpg 768w\" sizes=\"auto, (max-width: 1080px) 100vw, 1080px\" \/><p id=\"caption-attachment-55212\" class=\"wp-caption-text\">Teresa Llord\u00e9s<\/p><\/div>\n<div id=\"attachment_55215\" style=\"width: 970px\" class=\"wp-caption alignnone\"><img loading=\"lazy\" decoding=\"async\" aria-describedby=\"caption-attachment-55215\" class=\"size-medium wp-image-55215\" src=\"https:\/\/graf.cat\/wp-content\/uploads\/2026\/03\/3U0A9491_1-edit-960x960.jpg\" alt=\"\" width=\"960\" height=\"960\" srcset=\"https:\/\/graf.cat\/wp-content\/uploads\/2026\/03\/3U0A9491_1-edit-960x960.jpg 960w, https:\/\/graf.cat\/wp-content\/uploads\/2026\/03\/3U0A9491_1-edit-150x150.jpg 150w, https:\/\/graf.cat\/wp-content\/uploads\/2026\/03\/3U0A9491_1-edit-768x768.jpg 768w, https:\/\/graf.cat\/wp-content\/uploads\/2026\/03\/3U0A9491_1-edit.jpg 1080w\" sizes=\"auto, (max-width: 960px) 100vw, 960px\" \/><p id=\"caption-attachment-55215\" class=\"wp-caption-text\">Teresa Llord\u00e9s<\/p><\/div>\n<div id=\"attachment_55218\" style=\"width: 650px\" class=\"wp-caption alignnone\"><img loading=\"lazy\" decoding=\"async\" aria-describedby=\"caption-attachment-55218\" class=\"size-medium wp-image-55218\" src=\"https:\/\/graf.cat\/wp-content\/uploads\/2026\/03\/3U0A9509-EDIT-640x960.jpg\" alt=\"\" width=\"640\" height=\"960\" srcset=\"https:\/\/graf.cat\/wp-content\/uploads\/2026\/03\/3U0A9509-EDIT-640x960.jpg 640w, https:\/\/graf.cat\/wp-content\/uploads\/2026\/03\/3U0A9509-EDIT-150x225.jpg 150w, https:\/\/graf.cat\/wp-content\/uploads\/2026\/03\/3U0A9509-EDIT-768x1152.jpg 768w, https:\/\/graf.cat\/wp-content\/uploads\/2026\/03\/3U0A9509-EDIT-1024x1536.jpg 1024w, https:\/\/graf.cat\/wp-content\/uploads\/2026\/03\/3U0A9509-EDIT.jpg 1080w\" sizes=\"auto, (max-width: 640px) 100vw, 640px\" \/><p id=\"caption-attachment-55218\" class=\"wp-caption-text\">Teresa Llord\u00e9s<\/p><\/div>\n<div id=\"attachment_55221\" style=\"width: 969px\" class=\"wp-caption alignnone\"><img loading=\"lazy\" decoding=\"async\" aria-describedby=\"caption-attachment-55221\" class=\"size-medium wp-image-55221\" src=\"https:\/\/graf.cat\/wp-content\/uploads\/2026\/03\/3U0A9533-Panoramica_EDIT-B-959x960.jpg\" alt=\"\" width=\"959\" height=\"960\" srcset=\"https:\/\/graf.cat\/wp-content\/uploads\/2026\/03\/3U0A9533-Panoramica_EDIT-B-959x960.jpg 959w, https:\/\/graf.cat\/wp-content\/uploads\/2026\/03\/3U0A9533-Panoramica_EDIT-B-150x150.jpg 150w, https:\/\/graf.cat\/wp-content\/uploads\/2026\/03\/3U0A9533-Panoramica_EDIT-B-768x769.jpg 768w, https:\/\/graf.cat\/wp-content\/uploads\/2026\/03\/3U0A9533-Panoramica_EDIT-B.jpg 1080w\" sizes=\"auto, (max-width: 959px) 100vw, 959px\" \/><p id=\"caption-attachment-55221\" class=\"wp-caption-text\">Teresa Llord\u00e9s<\/p><\/div>\n<div id=\"attachment_55224\" style=\"width: 990px\" class=\"wp-caption alignnone\"><img loading=\"lazy\" decoding=\"async\" aria-describedby=\"caption-attachment-55224\" class=\"size-medium wp-image-55224\" src=\"https:\/\/graf.cat\/wp-content\/uploads\/2026\/03\/3U0A9545-Panoramica_2-EDIT-980x960.jpg\" alt=\"\" width=\"980\" height=\"960\" srcset=\"https:\/\/graf.cat\/wp-content\/uploads\/2026\/03\/3U0A9545-Panoramica_2-EDIT-980x960.jpg 980w, https:\/\/graf.cat\/wp-content\/uploads\/2026\/03\/3U0A9545-Panoramica_2-EDIT-150x147.jpg 150w, https:\/\/graf.cat\/wp-content\/uploads\/2026\/03\/3U0A9545-Panoramica_2-EDIT-768x752.jpg 768w, https:\/\/graf.cat\/wp-content\/uploads\/2026\/03\/3U0A9545-Panoramica_2-EDIT.jpg 1080w\" sizes=\"auto, (max-width: 980px) 100vw, 980px\" \/><p id=\"caption-attachment-55224\" class=\"wp-caption-text\">Teresa Llord\u00e9s<\/p><\/div>\n<div id=\"attachment_55227\" style=\"width: 935px\" class=\"wp-caption alignnone\"><img loading=\"lazy\" decoding=\"async\" aria-describedby=\"caption-attachment-55227\" class=\"size-medium wp-image-55227\" src=\"https:\/\/graf.cat\/wp-content\/uploads\/2026\/03\/3U0A9558-Panoramica_2-925x960.jpg\" alt=\"\" width=\"925\" height=\"960\" srcset=\"https:\/\/graf.cat\/wp-content\/uploads\/2026\/03\/3U0A9558-Panoramica_2-925x960.jpg 925w, https:\/\/graf.cat\/wp-content\/uploads\/2026\/03\/3U0A9558-Panoramica_2-150x156.jpg 150w, https:\/\/graf.cat\/wp-content\/uploads\/2026\/03\/3U0A9558-Panoramica_2-768x797.jpg 768w, https:\/\/graf.cat\/wp-content\/uploads\/2026\/03\/3U0A9558-Panoramica_2.jpg 1080w\" sizes=\"auto, (max-width: 925px) 100vw, 925px\" \/><p id=\"caption-attachment-55227\" class=\"wp-caption-text\">Teresa Llord\u00e9s<\/p><\/div>\n<div id=\"attachment_55230\" style=\"width: 901px\" class=\"wp-caption alignnone\"><img loading=\"lazy\" decoding=\"async\" aria-describedby=\"caption-attachment-55230\" class=\"size-medium wp-image-55230\" src=\"https:\/\/graf.cat\/wp-content\/uploads\/2026\/03\/3U0A9569-Panoramica-891x960.jpg\" alt=\"\" width=\"891\" height=\"960\" srcset=\"https:\/\/graf.cat\/wp-content\/uploads\/2026\/03\/3U0A9569-Panoramica-891x960.jpg 891w, https:\/\/graf.cat\/wp-content\/uploads\/2026\/03\/3U0A9569-Panoramica-150x162.jpg 150w, https:\/\/graf.cat\/wp-content\/uploads\/2026\/03\/3U0A9569-Panoramica-768x828.jpg 768w, https:\/\/graf.cat\/wp-content\/uploads\/2026\/03\/3U0A9569-Panoramica.jpg 1080w\" sizes=\"auto, (max-width: 891px) 100vw, 891px\" \/><p id=\"caption-attachment-55230\" class=\"wp-caption-text\">Teresa Llord\u00e9s<\/p><\/div>\n","protected":false},"excerpt":{"rendered":"","protected":false},"author":159,"featured_media":55172,"template":"","meta":{"_acf_changed":false,"_monsterinsights_skip_tracking":false,"_monsterinsights_sitenote_active":false,"_monsterinsights_sitenote_note":"","_monsterinsights_sitenote_category":0},"event-venues":[635],"event-tags":[],"class_list":["post-55181","event","type-event","status-publish","has-post-thumbnail","hentry","event-venue-mac-preso","event-category-exposicio"],"acf":{"title_ca":"cabosanroque | Flors i viatges","title_es":"cabosanroque | Flors i viatges","title_en":"cabosanroque | Flors i viatges","desc_ca":"<strong>La guerra i les dones de Merc\u00e8 Rodoreda<\/strong>\r\n<div class=\"event-description ta-content\">\r\n\r\nAmb\u00a0<strong>Flors i viatges<\/strong>, cabosanroque tanca la seva trilogia d\u2019instal\u00b7lacions immersives dedicades a la interpretaci\u00f3 lliure de l\u2019obra d\u2019escriptors catalans per abordar temes universals. Despr\u00e9s de Joan Brossa i Jacint Verdaguer, ara han creat un bosc fant\u00e0stic a partir de l\u2019obra\u00a0<em>Viatges i flors<\/em>\u00a0de Merc\u00e8 Rodoreda.\r\n\r\n<strong>Flors i viatges<\/strong>\u00a0 \u00e9s un projecte expositiu d\u2019art sonor que es serveix del llibre de Rodoreda per reflexionar al voltant de la guerra i les seves conseq\u00fc\u00e8ncies des dels ulls de dones i infants; de com el trauma i el pas del temps manipulen la mem\u00f2ria, modificant l\u2019experi\u00e8ncia viscuda per acabar construint alguna cosa que s\u2019acosta molt a la ficci\u00f3.\u00a0I de com, nome\u0301s des de la poesia e\u0301s possible parlar de l\u2019horror. Aquesta exposicio\u0301 proposa noves aproximacions al pensament i la complexitat de l\u2019obra d\u2019una escriptora com e\u0301s Merce\u0300 Rodoreda.\r\n\r\nA m\u00e9s dels llibres i de l\u2019experi\u00e8ncia viscuda per Rodoreda, apareixen els testimonis de dones i nens que van viure la Segona Guerra Mundial, recollits per la premi Nobel Svetlana Aleksi\u00e9vitx.\r\n<div class=\"page\" title=\"Page 1\">\r\n<div class=\"layoutArea\">\r\n<div class=\"column\">\r\n\r\nEl projecte expositiu ha estat produi\u0308t per cabosanroque, el Centre de Cultura Contempora\u0300nia de Barcelona, el Teatro Espan\u0303ol, el Festival Temporada Alta, el Teatre Nacional de Catalunya, el Festival Grec, el The\u0301a\u0302tre Garonne sce\u0300ne europe\u0301enne de Toulouse i la Fundacio\u0301 Llui\u0301s Coromina amb el suport de l\u2019Institut Catala\u0300 d\u2019Empreses Culturals.\r\n\r\nL\u2019adaptaci\u00f3 del projecte ha estat possible gr\u00e0cies a la Direcci\u00f3 General de Promoci\u00f3 Cultural i Biblioteques del Departament de Cultura, en el seu Programa d\u2019Exposicions Itinerants.\r\n\r\n<\/div>\r\n<span style=\"text-decoration: underline\"><strong>Servei educatiu <\/strong><strong>a c\u00e0rrec de Cori Mercad\u00e9<\/strong><\/span>\r\n\r\n<b><span data-contrast=\"none\">27.01.26 | 26.03.26<\/span><\/b><span data-ccp-props=\"{}\">\r\n<\/span><span data-contrast=\"none\">Reserves:\u00a0<\/span><a href=\"mailto:educacultura@ajmataro.cat\"><span data-contrast=\"none\">educacultura@ajmataro.cat<\/span><\/a>\r\n<span data-contrast=\"none\">o al tel. 93 741 29 30 (de\u00a0dilluns\u00a0a\u00a0divendres, de 9 a 14 h)<\/span><span data-ccp-props=\"{}\">\u00a0<\/span>\r\n\r\n<span data-contrast=\"none\"><strong>\r\n<span style=\"text-decoration: underline\">Serveis de mediaci\u00f3 <\/span><\/strong><span style=\"text-decoration: underline\"><strong>a cura de Carla Aledo<\/strong><\/span><\/span>\r\n\r\n<b><span data-contrast=\"none\">24\u00a0DE GENER<\/span><\/b><b><span data-contrast=\"auto\">\u00a0 | 14 DE FEBRER\r\n<\/span><\/b><span data-ccp-props=\"{}\">de 12 a 14 h.\r\n<\/span><b><span data-contrast=\"none\">Servei\u00a0de\u00a0cangur\u00a0\u00a0<\/span><\/b>\r\n<span data-contrast=\"auto\">Taller\u00a0relacionat\u00a0amb\u00a0l\u2019exposici\u00f3, per\u00a0a\u00a0in<\/span><span data-contrast=\"none\">fants\u00a0a partir de 5\u00a0anys.<\/span><span data-ccp-props=\"{}\">\u00a0<\/span>\r\n\r\n<b><span data-contrast=\"none\">25 DE GENER | 8\u00a0i\u00a022 DE FEBRER | 8 i 22 DE MAR\u00c7<\/span><\/b><span data-contrast=\"none\">\r\nd\u201911 a 12 h.<\/span><span data-ccp-props=\"{}\">\r\n<\/span><b><span data-contrast=\"none\">Taller\u00a0<\/span><\/b>\r\n<span data-contrast=\"auto\">P<\/span><span data-contrast=\"none\">er\u00a0a\u00a0nens\/nenes de 5 a 13\u00a0anys\u00a0<\/span>\r\n<span data-contrast=\"none\">Gratu\u00eft\u00a0sense\u00a0reserva\u00a0pr\u00e8via,\u00a0per\u00f2\u00a0amb\u00a0aforament\u00a0limitat.<\/span><span data-ccp-props=\"{}\">\u00a0<\/span>\r\n\r\n<span data-contrast=\"none\"><b>25 DE GENER | 8\u00a0i\u00a022 DE FEBRER | 8 i 22 DE MAR\u00c7\r\n<\/b><\/span><span data-contrast=\"auto\">de<\/span><span data-contrast=\"none\">\u00a0<\/span><span data-contrast=\"none\">12 a 14 h.<\/span><span data-ccp-props=\"{}\">\r\n<\/span><b><span data-contrast=\"none\">Explica\u2019m\u00a0l\u2019exposici\u00f3<\/span><\/b>\r\n<span data-contrast=\"none\">Demana\u00a0a la Carla\u00a0Aledo\u00a0que\u00a0t\u2019expliqui\u00a0l\u2019exposici\u00f3<\/span><span data-contrast=\"none\">.<\/span><span data-ccp-props=\"{}\">\u00a0<\/span>\r\n\r\n<\/div>\r\n<\/div>\r\n<\/div>","desc_es":"<p data-start=\"0\" data-end=\"68\"><strong data-start=\"0\" data-end=\"68\">La guerra y las mujeres de <span class=\"hover:entity-accent entity-underline inline cursor-pointer align-baseline\"><span class=\"whitespace-normal\">Merc\u00e8 Rodoreda<\/span><\/span><\/strong><\/p>\r\n<p data-start=\"70\" data-end=\"488\">Con <em data-start=\"74\" data-end=\"91\">Flors i viatges<\/em>, <span class=\"hover:entity-accent entity-underline inline cursor-pointer align-baseline\"><span class=\"whitespace-normal\">cabosanroque<\/span><\/span> cierra su trilog\u00eda de instalaciones inmersivas dedicadas a la interpretaci\u00f3n libre de la obra de escritores catalanes para abordar temas universales. Despu\u00e9s de <span class=\"hover:entity-accent entity-underline inline cursor-pointer align-baseline\"><span class=\"whitespace-normal\">Joan Brossa<\/span><\/span> y <span class=\"hover:entity-accent entity-underline inline cursor-pointer align-baseline\"><span class=\"whitespace-normal\">Jacint Verdaguer<\/span><\/span>, ahora han creado un bosque fant\u00e1stico a partir de la obra <em data-start=\"429\" data-end=\"446\">Viatges i flors<\/em> de <span class=\"hover:entity-accent entity-underline inline cursor-pointer align-baseline\"><span class=\"whitespace-normal\">Merc\u00e8 Rodoreda<\/span><\/span>.<\/p>\r\n<p data-start=\"490\" data-end=\"1033\"><em data-start=\"490\" data-end=\"507\">Flors i viatges<\/em> es un proyecto expositivo de arte sonoro que se sirve del libro de Rodoreda para reflexionar en torno a la guerra y sus consecuencias desde la mirada de mujeres y ni\u00f1os; sobre c\u00f3mo el trauma y el paso del tiempo manipulan la memoria, modificando la experiencia vivida hasta acabar construyendo algo que se acerca mucho a la ficci\u00f3n. Y sobre c\u00f3mo, solo desde la poes\u00eda, es posible hablar del horror. Esta exposici\u00f3n propone nuevas aproximaciones al pensamiento y la complejidad de la obra de una escritora como Merc\u00e8 Rodoreda.<\/p>\r\n<p data-start=\"1035\" data-end=\"1249\">Adem\u00e1s de los libros y de la experiencia vivida por Rodoreda, aparecen los testimonios de mujeres y ni\u00f1os que vivieron la Segunda Guerra Mundial, recogidos por la premio Nobel <span class=\"hover:entity-accent entity-underline inline cursor-pointer align-baseline\"><span class=\"whitespace-normal\">Svetlana Aleksi\u00e9vitx<\/span><\/span>.<\/p>\r\n<p data-start=\"1251\" data-end=\"1668\">El proyecto expositivo ha sido producido por cabosanroque, el <span class=\"hover:entity-accent entity-underline inline cursor-pointer align-baseline\"><span class=\"whitespace-normal\">Centre de Cultura Contempor\u00e0nia de Barcelona<\/span><\/span>, el <span class=\"hover:entity-accent entity-underline inline cursor-pointer align-baseline\"><span class=\"whitespace-normal\">Teatro Espa\u00f1ol<\/span><\/span>, el <span class=\"hover:entity-accent entity-underline inline cursor-pointer align-baseline\"><span class=\"whitespace-normal\">Festival Temporada Alta<\/span><\/span>, el <span class=\"hover:entity-accent entity-underline inline cursor-pointer align-baseline\"><span class=\"whitespace-normal\">Teatre Nacional de Catalunya<\/span><\/span>, el <span class=\"hover:entity-accent entity-underline inline cursor-pointer align-baseline\"><span class=\"whitespace-normal\">Festival Grec<\/span><\/span>, el <span class=\"hover:entity-accent entity-underline inline cursor-pointer align-baseline\"><span class=\"whitespace-normal\">Th\u00e9\u00e2tre Garonne sc\u00e8ne europ\u00e9enne<\/span><\/span> y la <span class=\"hover:entity-accent entity-underline inline cursor-pointer align-baseline\"><span class=\"whitespace-normal\">Fundaci\u00f3 Llu\u00eds Coromina<\/span><\/span>, con el apoyo del <span class=\"hover:entity-accent entity-underline inline cursor-pointer align-baseline\"><span class=\"whitespace-normal\">Institut Catal\u00e0 d\u2019Empreses Culturals<\/span><\/span>.<\/p>\r\n<p data-start=\"1670\" data-end=\"1852\" data-is-last-node=\"\" data-is-only-node=\"\">La adaptaci\u00f3n del proyecto ha sido posible gracias a la Direcci\u00f3n General de Promoci\u00f3n Cultural y Bibliotecas del Departamento de Cultura, en su Programa de Exposiciones Itinerantes.<\/p>\r\n<p data-start=\"1670\" data-end=\"1852\" data-is-last-node=\"\" data-is-only-node=\"\"><\/p>\r\n<p data-start=\"1670\" data-end=\"1852\" data-is-last-node=\"\" data-is-only-node=\"\"><span style=\"text-decoration: underline\"><strong>Servicio educativo a cargo de Cori Mercad\u00e9<\/strong><\/span><\/p>\r\n<p data-start=\"53\" data-end=\"172\"><strong>27.01.26 | 26.03.26<\/strong><br data-start=\"72\" data-end=\"75\" \/>Reservas: <a class=\"decorated-link cursor-pointer\" href=\"mailto:educacultura@ajmataro.cat\" rel=\"noopener\" data-start=\"85\" data-end=\"110\">educacultura@ajmataro.cat<\/a><br data-start=\"110\" data-end=\"113\" \/>o en el tel. 93 741 29 30 (de lunes a viernes, de 9 a 14 h)<\/p>\r\n<p data-start=\"53\" data-end=\"172\"><\/p>\r\n<p data-start=\"53\" data-end=\"172\"><span style=\"text-decoration: underline\"><strong>Servicios de mediaci\u00f3n comisariados por Carla Aledo<\/strong><\/span><\/p>\r\n<p data-start=\"241\" data-end=\"388\"><strong data-start=\"241\" data-end=\"272\">24 DE ENERO | 14 DE FEBRERO<\/strong><br data-start=\"272\" data-end=\"275\" \/>de 12 a 14 h<br data-start=\"287\" data-end=\"290\" \/><strong>Servicio de canguro<\/strong><br data-start=\"309\" data-end=\"312\" \/>Taller relacionado con la exposici\u00f3n, para ni\u00f1os y ni\u00f1as a partir de 5 a\u00f1os.<\/p>\r\n<p data-start=\"390\" data-end=\"559\"><strong data-start=\"390\" data-end=\"443\">25 DE ENERO | 8 y 22 DE FEBRERO | 8 y 22 DE MARZO<\/strong><br data-start=\"443\" data-end=\"446\" \/>de 11 a 12 h<br data-start=\"458\" data-end=\"461\" \/><strong>Taller<\/strong><br data-start=\"467\" data-end=\"470\" \/>Para ni\u00f1os y ni\u00f1as de 5 a 13 a\u00f1os<br data-start=\"503\" data-end=\"506\" \/>Gratuito sin reserva previa, pero con aforo limitado.<\/p>\r\n<p data-start=\"561\" data-end=\"707\" data-is-last-node=\"\" data-is-only-node=\"\"><strong data-start=\"561\" data-end=\"614\">25 DE ENERO | 8 y 22 DE FEBRERO | 8 y 22 DE MARZO<\/strong><br data-start=\"614\" data-end=\"617\" \/>de 12 a 14 h<br data-start=\"629\" data-end=\"632\" \/><strong>Expl\u00edcame la exposici\u00f3n<\/strong><br data-start=\"655\" data-end=\"658\" \/>Pide a Carla Aledo que te explique la exposici\u00f3n.<\/p>","desc_en":"<p data-start=\"1979\" data-end=\"2065\"><strong data-start=\"1979\" data-end=\"2065\">War and the Women of <span class=\"hover:entity-accent entity-underline inline cursor-pointer align-baseline\"><span class=\"whitespace-normal\">Merc\u00e8 Rodoreda<\/span><\/span><\/strong><\/p>\r\n<p data-start=\"2067\" data-end=\"2494\">With <em data-start=\"2072\" data-end=\"2093\">Flowers and Travels<\/em>, <span class=\"hover:entity-accent entity-underline inline cursor-pointer align-baseline\"><span class=\"whitespace-normal\">cabosanroque<\/span><\/span> concludes its trilogy of immersive installations devoted to the free interpretation of works by Catalan writers in order to address universal themes. After <span class=\"hover:entity-accent entity-underline inline cursor-pointer align-baseline\"><span class=\"whitespace-normal\">Joan Brossa<\/span><\/span> and <span class=\"hover:entity-accent entity-underline inline cursor-pointer align-baseline\"><span class=\"whitespace-normal\">Jacint Verdaguer<\/span><\/span>, they have now created a fantastic forest inspired by <em data-start=\"2429\" data-end=\"2450\">Travels and Flowers<\/em> by <span class=\"hover:entity-accent entity-underline inline cursor-pointer align-baseline\"><span class=\"whitespace-normal\">Merc\u00e8 Rodoreda<\/span><\/span>.<\/p>\r\n<p data-start=\"2496\" data-end=\"2982\"><em data-start=\"2496\" data-end=\"2517\">Flowers and Travels<\/em> is a sound art exhibition project that draws on Rodoreda\u2019s book to reflect on war and its consequences through the eyes of women and children; on how trauma and the passage of time manipulate memory, altering lived experience until it ultimately constructs something very close to fiction. And on how only through poetry is it possible to speak about horror. This exhibition proposes new approaches to the thought and complexity of a writer such as Merc\u00e8 Rodoreda.<\/p>\r\n<p data-start=\"2984\" data-end=\"3212\">In addition to Rodoreda\u2019s books and lived experience, the exhibition incorporates testimonies of women and children who experienced the Second World War, collected by Nobel Prize laureate <span class=\"hover:entity-accent entity-underline inline cursor-pointer align-baseline\"><span class=\"whitespace-normal\">Svetlana Aleksi\u00e9vitx<\/span><\/span>.<\/p>\r\n<p data-start=\"3214\" data-end=\"3654\">The exhibition project has been produced by cabosanroque, the <span class=\"hover:entity-accent entity-underline inline cursor-pointer align-baseline\"><span class=\"whitespace-normal\">Centre de Cultura Contempor\u00e0nia de Barcelona<\/span><\/span>, the <span class=\"hover:entity-accent entity-underline inline cursor-pointer align-baseline\"><span class=\"whitespace-normal\">Teatro Espa\u00f1ol<\/span><\/span>, the <span class=\"hover:entity-accent entity-underline inline cursor-pointer align-baseline\"><span class=\"whitespace-normal\">Festival Temporada Alta<\/span><\/span>, the <span class=\"hover:entity-accent entity-underline inline cursor-pointer align-baseline\"><span class=\"whitespace-normal\">Teatre Nacional de Catalunya<\/span><\/span>, the <span class=\"hover:entity-accent entity-underline inline cursor-pointer align-baseline\"><span class=\"whitespace-normal\">Festival Grec<\/span><\/span>, the <span class=\"hover:entity-accent entity-underline inline cursor-pointer align-baseline\"><span class=\"whitespace-normal\">Th\u00e9\u00e2tre Garonne sc\u00e8ne europ\u00e9enne<\/span><\/span> and the <span class=\"hover:entity-accent entity-underline inline cursor-pointer align-baseline\"><span class=\"whitespace-normal\">Fundaci\u00f3 Llu\u00eds Coromina<\/span><\/span>, with the support of the <span class=\"hover:entity-accent entity-underline inline cursor-pointer align-baseline\"><span class=\"whitespace-normal\">Institut Catal\u00e0 d\u2019Empreses Culturals<\/span><\/span>.<\/p>\r\n<p data-start=\"3656\" data-end=\"3850\" data-is-last-node=\"\" data-is-only-node=\"\">The adaptation of the project was made possible thanks to the Directorate-General for Cultural Promotion and Libraries of the Department of Culture, through its Travelling Exhibitions Programme.<\/p>\r\n<p data-start=\"3656\" data-end=\"3850\" data-is-last-node=\"\" data-is-only-node=\"\"><\/p>\r\n<p data-start=\"3656\" data-end=\"3850\" data-is-last-node=\"\" data-is-only-node=\"\"><span style=\"text-decoration: underline\"><strong>Educational Programme led by Cori Mercad\u00e9<\/strong><\/span><\/p>\r\n<p data-start=\"52\" data-end=\"169\"><strong>27.01.26 | 26.03.26<\/strong><br data-start=\"71\" data-end=\"74\" \/>Bookings: <a class=\"decorated-link cursor-pointer\" href=\"mailto:educacultura@ajmataro.cat\" rel=\"noopener\" data-start=\"84\" data-end=\"109\">educacultura@ajmataro.cat<\/a><br data-start=\"109\" data-end=\"112\" \/>or call +34 93 741 29 30 (Monday to Friday, 9 am to 2 pm)<\/p>\r\n<p data-start=\"52\" data-end=\"169\"><\/p>\r\n<p data-start=\"52\" data-end=\"169\"><span style=\"text-decoration: underline\"><strong>Mediation Services curated by Carla Aledo<\/strong><\/span><\/p>\r\n<p data-start=\"228\" data-end=\"359\"><strong data-start=\"228\" data-end=\"256\">24 JANUARY | 14 FEBRUARY<\/strong><br data-start=\"256\" data-end=\"259\" \/>12 pm \u2013 2 pm<br data-start=\"271\" data-end=\"274\" \/><strong>Childcare Service<\/strong><br data-start=\"291\" data-end=\"294\" \/>Workshop related to the exhibition, for children aged 5 and over.<\/p>\r\n<p data-start=\"361\" data-end=\"522\"><strong data-start=\"361\" data-end=\"408\">25 JANUARY | 8 &amp; 22 FEBRUARY | 8 &amp; 22 MARCH<\/strong><br data-start=\"408\" data-end=\"411\" \/>11 am \u2013 12 pm<br data-start=\"424\" data-end=\"427\" \/><strong>Workshop<\/strong><br data-start=\"435\" data-end=\"438\" \/>For children aged 5 to 13<br data-start=\"463\" data-end=\"466\" \/>Free, no prior booking required, but places are limited.<\/p>\r\n<p data-start=\"524\" data-end=\"669\" data-is-last-node=\"\" data-is-only-node=\"\"><strong data-start=\"524\" data-end=\"571\">25 JANUARY | 8 &amp; 22 FEBRUARY | 8 &amp; 22 MARCH<\/strong><br data-start=\"571\" data-end=\"574\" \/>12 pm \u2013 2 pm<br data-start=\"586\" data-end=\"589\" \/><strong>Tell Me About the Exhibition<\/strong><br data-start=\"617\" data-end=\"620\" \/>Ask Carla Aledo to tell you about the exhibition.<\/p>","event_category":103,"event_show_only_own_date":false,"_event_confirmed":true,"_event_public":true,"_event_free":true,"_event_price-min":"","_event_price-max":"","_event_web_ca":"https:\/\/www.mataroartcontemporani.cat\/posts_exposicions\/cabosanroque-flors-i-viatges\/","_event_web_es":"","_event_web_en":"","event_contact_email":"","event_apply_email":"","is_online_event":false,"is_art_nou_event":false,"is_bgw_event":false,"date_text":"","register_deadline":null,"altres_organitzadors":""},"abe_event_venue":"M|A|C Pres\u00f3","abe_event_category":"Exposici\u00f3","start":"2026-01-24 00:00:00","end":"2026-03-29 23:59:00","schedule":"once","schedule_meta":"","frequency":1,"all_day":1,"until":"2026-01-24 00:00:00","include":[],"exclude":[],"_links":{"self":[{"href":"https:\/\/graf.cat\/en\/wp-json\/wp\/v2\/events\/55181","targetHints":{"allow":["GET"]}}],"collection":[{"href":"https:\/\/graf.cat\/en\/wp-json\/wp\/v2\/events"}],"about":[{"href":"https:\/\/graf.cat\/en\/wp-json\/wp\/v2\/types\/event"}],"author":[{"embeddable":true,"href":"https:\/\/graf.cat\/en\/wp-json\/wp\/v2\/users\/159"}],"occurrences":[{"embeddable":true,"href":"https:\/\/graf.cat\/en\/wp-json\/wp\/v2\/events\/55181\/occurrences"}],"acf:term":[{"embeddable":true,"taxonomy":"event-category","href":"https:\/\/graf.cat\/en\/wp-json\/wp\/v2\/event-category\/103"}],"wp:featuredmedia":[{"embeddable":true,"href":"https:\/\/graf.cat\/en\/wp-json\/wp\/v2\/media\/55172"}],"wp:attachment":[{"href":"https:\/\/graf.cat\/en\/wp-json\/wp\/v2\/media?parent=55181"}],"wp:term":[{"taxonomy":"event-venue","embeddable":true,"href":"https:\/\/graf.cat\/en\/wp-json\/wp\/v2\/event-venues?post=55181"},{"taxonomy":"event-tag","embeddable":true,"href":"https:\/\/graf.cat\/en\/wp-json\/wp\/v2\/event-tags?post=55181"}],"curies":[{"name":"wp","href":"https:\/\/api.w.org\/{rel}","templated":true}]}}