{"id":55234,"guid":{"rendered":"https:\/\/graf.cat\/?post_type=event&#038;p=55234"},"modified":"2026-03-11T12:55:00","modified_gmt":"2026-03-11T10:55:00","slug":"visita-guiada-cabosanroque","status":"publish","type":"event","link":"https:\/\/graf.cat\/en\/events\/event\/visita-guiada-cabosanroque\/","title":{"rendered":"Visita a l&#8217;exposici\u00f3 Flors i viatges a c\u00e0rrec de cabosanroque + Debat lector"},"content":{"rendered":"<div id=\"attachment_55203\" style=\"width: 846px\" class=\"wp-caption alignnone\"><img loading=\"lazy\" decoding=\"async\" aria-describedby=\"caption-attachment-55203\" class=\"size-medium wp-image-55203\" src=\"https:\/\/graf.cat\/wp-content\/uploads\/2026\/03\/3U0A9330-Panoramica-836x960.jpg\" alt=\"\" width=\"836\" height=\"960\" srcset=\"https:\/\/graf.cat\/wp-content\/uploads\/2026\/03\/3U0A9330-Panoramica-836x960.jpg 836w, https:\/\/graf.cat\/wp-content\/uploads\/2026\/03\/3U0A9330-Panoramica-150x172.jpg 150w, https:\/\/graf.cat\/wp-content\/uploads\/2026\/03\/3U0A9330-Panoramica-768x882.jpg 768w, https:\/\/graf.cat\/wp-content\/uploads\/2026\/03\/3U0A9330-Panoramica.jpg 1080w\" sizes=\"auto, (max-width: 836px) 100vw, 836px\" \/><p id=\"caption-attachment-55203\" class=\"wp-caption-text\">Teresa Llord\u00e9s<\/p><\/div>\n","protected":false},"excerpt":{"rendered":"","protected":false},"author":159,"featured_media":55236,"template":"","meta":{"_acf_changed":false,"_monsterinsights_skip_tracking":false,"_monsterinsights_sitenote_active":false,"_monsterinsights_sitenote_note":"","_monsterinsights_sitenote_category":0},"event-venues":[635],"event-tags":[],"class_list":["post-55234","event","type-event","status-publish","has-post-thumbnail","hentry","event-venue-mac-preso","event-category-visita-guiada"],"acf":{"title_ca":"Visita a l'exposici\u00f3 Flors i viatges a c\u00e0rrec de cabosanroque + Debat lector","title_es":"Visita a la exposici\u00f3n Flors i viatges a cargo de cabosanroque + Debate lector","title_en":"Guided tour of the exhibition Flors i viatges by cabosanroque + Readers\u2019 debate","desc_ca":"<strong>18 h.<\/strong>\r\n\r\nVisita a l'exposici\u00f3 <strong><em>Flors i viatges<\/em><\/strong> a c\u00e0rrec de <strong>cabosanroque<\/strong>.\r\n<b><\/b>\r\n\r\n<b><span data-contrast=\"auto\">19 h.<\/span><\/b>\r\n\r\n<b><span data-contrast=\"auto\">Debat lector. <\/span><\/b>Sessi\u00f3 de debat amb lectors de Merc\u00e8 Rodoreda i del seu llibre\u00a0<em>Viatges i flors<\/em>, condu\u00eft per\u00a0<strong>Mart\u00ed Sales<\/strong>, acompanyat per\u00a0<strong>Laia Torrents<\/strong>\u00a0i\u00a0<strong>Roger Aixut<\/strong> a la llibreria <strong><em>d\u00f2ria llibres<\/em><\/strong> <span data-ccp-props=\"{}\">\u00a0(La Riera 100, Matar\u00f3).<\/span>","desc_es":"<p data-start=\"83\" data-end=\"92\"><strong data-start=\"83\" data-end=\"92\">18 h.<\/strong><\/p>\r\n<p data-start=\"94\" data-end=\"184\">Visita a la exposici\u00f3n <strong><em data-start=\"117\" data-end=\"134\">Flors i viatges<\/em><\/strong> a cargo de <strong><span class=\"hover:entity-accent entity-underline inline cursor-pointer align-baseline\"><span class=\"whitespace-normal\">cabosanroque<\/span><\/span><\/strong>.<\/p>\r\n<p data-start=\"186\" data-end=\"195\"><strong data-start=\"186\" data-end=\"195\">19 h.<\/strong><\/p>\r\n<p data-start=\"197\" data-end=\"514\"><strong>Debate lector<\/strong>. Sesi\u00f3n de debate con lectores de <span class=\"hover:entity-accent entity-underline inline cursor-pointer align-baseline\"><span class=\"whitespace-normal\">Merc\u00e8 Rodoreda<\/span><\/span> y de su libro <em data-start=\"297\" data-end=\"314\">Viatges i flors<\/em>, conducida por <strong><span class=\"hover:entity-accent entity-underline inline cursor-pointer align-baseline\"><span class=\"whitespace-normal\">Mart\u00ed Sales<\/span><\/span><\/strong>, acompa\u00f1ado por <strong><span class=\"hover:entity-accent entity-underline inline cursor-pointer align-baseline\"><span class=\"whitespace-normal\">Laia Torrents<\/span><\/span><\/strong> y <strong><span class=\"hover:entity-accent entity-underline inline cursor-pointer align-baseline\"><span class=\"whitespace-normal\">Roger Aixut<\/span><\/span><\/strong> en la librer\u00eda <strong><em>d\u00f2ria llibres<\/em><\/strong> (La Riera 100, Matar\u00f3).<\/p>","desc_en":"<p data-start=\"538\" data-end=\"546\"><strong data-start=\"538\" data-end=\"546\">6 pm<\/strong><\/p>\r\n<p data-start=\"548\" data-end=\"637\">Guided tour of the exhibition <strong><em data-start=\"578\" data-end=\"595\">Flors i viatges<\/em><\/strong> by <strong><span class=\"hover:entity-accent entity-underline inline cursor-pointer align-baseline\"><span class=\"whitespace-normal\">cabosanroque<\/span><\/span><\/strong>.<\/p>\r\n<p data-start=\"639\" data-end=\"647\"><strong data-start=\"639\" data-end=\"647\">7 pm<\/strong><\/p>\r\n<p data-start=\"649\" data-end=\"965\" data-is-last-node=\"\" data-is-only-node=\"\"><strong>Reading group discussion<\/strong>. A debate session with readers of <span class=\"hover:entity-accent entity-underline inline cursor-pointer align-baseline\"><span class=\"whitespace-normal\">Merc\u00e8 Rodoreda<\/span><\/span> and her book <em data-start=\"759\" data-end=\"780\">Travels and Flowers<\/em>, led by <strong><span class=\"hover:entity-accent entity-underline inline cursor-pointer align-baseline\"><span class=\"whitespace-normal\">Mart\u00ed Sales<\/span><\/span><\/strong>, accompanied by <strong><span class=\"hover:entity-accent entity-underline inline cursor-pointer align-baseline\"><span class=\"whitespace-normal\">Laia Torrents<\/span><\/span> <\/strong>and <strong><span class=\"hover:entity-accent entity-underline inline cursor-pointer align-baseline\"><span class=\"whitespace-normal\">Roger Aixut<\/span><\/span><\/strong> at <em><strong>d\u00f2ria llibres<\/strong><\/em> (La Riera 100, Matar\u00f3).<\/p>","event_category":245,"event_show_only_own_date":false,"_event_confirmed":true,"_event_public":true,"_event_free":true,"_event_price-min":"","_event_price-max":"","_event_web_ca":"https:\/\/www.mataroartcontemporani.cat\/seccio\/activitats-al-voltant-de-lexposicio-31\/","_event_web_es":"","_event_web_en":"","event_contact_email":"","event_apply_email":"","is_online_event":false,"is_art_nou_event":false,"is_bgw_event":false,"date_text":"","register_deadline":null,"altres_organitzadors":""},"abe_event_venue":"M|A|C Pres\u00f3","abe_event_category":"Visita guiada","start":"2026-03-18 18:00:00","end":"2026-03-18 20:00:00","schedule":"once","schedule_meta":"","frequency":1,"all_day":0,"until":"2026-03-18 18:00:00","include":[],"exclude":[],"_links":{"self":[{"href":"https:\/\/graf.cat\/en\/wp-json\/wp\/v2\/events\/55234","targetHints":{"allow":["GET"]}}],"collection":[{"href":"https:\/\/graf.cat\/en\/wp-json\/wp\/v2\/events"}],"about":[{"href":"https:\/\/graf.cat\/en\/wp-json\/wp\/v2\/types\/event"}],"author":[{"embeddable":true,"href":"https:\/\/graf.cat\/en\/wp-json\/wp\/v2\/users\/159"}],"occurrences":[{"embeddable":true,"href":"https:\/\/graf.cat\/en\/wp-json\/wp\/v2\/events\/55234\/occurrences"}],"acf:term":[{"embeddable":true,"taxonomy":"event-category","href":"https:\/\/graf.cat\/en\/wp-json\/wp\/v2\/event-category\/245"}],"wp:featuredmedia":[{"embeddable":true,"href":"https:\/\/graf.cat\/en\/wp-json\/wp\/v2\/media\/55236"}],"wp:attachment":[{"href":"https:\/\/graf.cat\/en\/wp-json\/wp\/v2\/media?parent=55234"}],"wp:term":[{"taxonomy":"event-venue","embeddable":true,"href":"https:\/\/graf.cat\/en\/wp-json\/wp\/v2\/event-venues?post=55234"},{"taxonomy":"event-tag","embeddable":true,"href":"https:\/\/graf.cat\/en\/wp-json\/wp\/v2\/event-tags?post=55234"}],"curies":[{"name":"wp","href":"https:\/\/api.w.org\/{rel}","templated":true}]}}