{"id":55824,"guid":{"rendered":"https:\/\/graf.cat\/?post_type=event&#038;p=55824"},"modified":"2026-03-23T10:34:05","modified_gmt":"2026-03-23T08:34:05","slug":"now-27-03-2026","status":"publish","type":"event","link":"https:\/\/graf.cat\/en\/events\/event\/now-27-03-2026\/","title":{"rendered":"NOW 27\/03: Auri Al\u00f3s, Parque Creativo i Tercer Asalto"},"content":{"rendered":"","protected":false},"excerpt":{"rendered":"","protected":false},"author":38,"featured_media":55825,"template":"","meta":{"_acf_changed":false,"_monsterinsights_skip_tracking":false,"_monsterinsights_sitenote_active":false,"_monsterinsights_sitenote_note":"","_monsterinsights_sitenote_category":0},"event-venues":[],"event-tags":[],"class_list":["post-55824","event","type-event","status-publish","has-post-thumbnail","hentry","event-category-performance"],"acf":{"title_ca":"NOW 27\/03: Auri Al\u00f3s, Parque Creativo i Tercer Asalto","title_es":"NOW 27\/03: Auri Al\u00f3s, Parque Creativo y Tercer Asalto","title_en":"NOW 27\/03: Auri Al\u00f3s, Parque Creativo &amp; Tercer Asalto","desc_ca":"NOW \u00e9s un esdeveniment \u00fanic de presentacions art\u00edstiques dels residents d\u2019arts visuals i performance de l\u2019Estruch. \u00c9s un recorregut per diferents espais de la f\u00e0brica de creaci\u00f3 on cada artista mostrar\u00e0 qu\u00e8 ha desenvolupat durant la seva resid\u00e8ncia de creaci\u00f3.\r\n\r\nEl recorregut s'inicia i acaba a la Sala d'Exposicions:\r\n\r\nAuri Al\u00f3s: Condici\u00f3 de caiguda. Sala d'Exposicions\r\nParque Creativo: Mundos babosos. Sala 8\r\nTercer Asalto. Four(some). Teatre de l'Estruch\r\n\r\n<strong>Auri Al\u00f3s: Condici\u00f3 de caiguda. Sala d'Exposicions<\/strong>\r\n\r\nAquesta performance s'activa a les 19h i dura tota la jornada.\r\n\r\nCondici\u00f3 de caiguda \u00e9s una performance en pot\u00e8ncia articulada a partir de la construcci\u00f3 d\u2019un circuit compost per cinc-centes figures meeple, petits cossos humans estandarditzats disposats per caure en cadena com un efecte d\u00f2mino. Tanmateix, l\u2019acci\u00f3 no se situa en la caiguda mateixa, sin\u00f3 en el temps, el treball i la projecci\u00f3 que la precedeixen, aix\u00ed com en la possibilitat estructural que l\u2019esdeveniment no arribi a produir-se, es produeixi de manera immediata o s\u2019interrompi abans de ser percebut.\r\n\r\nL\u2019obra despla\u00e7a la performativitat cap a la preparaci\u00f3 entesa com a acte, situant l\u2019expectativa, la planificaci\u00f3 i el c\u00e0lcul com a veritables espais d\u2019acci\u00f3. Cada figura encarna un cos vulnerable, exposat a m\u00ednimes alteracions de l\u2019entorn que desestabilitzen qualsevol promesa de control. El circuit es configura, aix\u00ed, com una coreografia potencial, sempre a punt d\u2019activar-se i, alhora, constantment amena\u00e7ada pel seu propi col\u00b7lapse.\r\n\r\nDes d\u2019aquest marc, la caiguda \u2014si s\u2019esdev\u00e9\u2014 no constitueix el nucli de l\u2019obra, sin\u00f3 un esdeveniment secundari en relaci\u00f3 amb l\u2019acumulaci\u00f3 de temps invertit en la seva possibilitat. La performance es construeix en el desajust entre durada i esdeveniment, entre preparaci\u00f3 extensa i acci\u00f3 instant\u00e0nia, subratllant la volatilitat del gest performatiu i la seva depend\u00e8ncia absoluta del context.\r\n\r\nLa pe\u00e7a s\u2019inscriu en una l\u00f2gica en qu\u00e8 el frac\u00e0s no opera com a negaci\u00f3, sin\u00f3 com a condici\u00f3 productiva del performance. L\u2019acci\u00f3 no es defineix per la seva consumaci\u00f3, sin\u00f3 per la seva pot\u00e8ncia: per all\u00f2 que pot succeir i, simult\u00e0niament, no succeir. La performance habita un estat de coexist\u00e8ncia entre aparici\u00f3 i desaparici\u00f3, entre estabilitat i col\u00b7lapse, en qu\u00e8 l\u2019esdeveniment no es fixa com a fet clausurat, sin\u00f3 que roman obert, inestable i reversible. En aquesta tensi\u00f3, el performance s\u2019afirma no com a resultat, sin\u00f3 com a exposici\u00f3 continuada al risc, a la p\u00e8rdua i a la impossibilitat d\u2019estabilitzar l\u2019acci\u00f3 en un \u00fanic estat d\u2019exist\u00e8ncia.\r\n\r\nAuri Al\u00f3s (El Prat de Llobregat, 2000) \u00e9s historiadora de l\u2019art especialitzada en arts vives i nous mitjans, a m\u00e9s d\u2019investigadora art\u00edstica, pedagoga cultural i doctoranda en teories de l\u2019art contemporani. \r\nAquesta performance forma part de l'exposici\u00f3 \"Metaxis del precipici\" d'Auri Al\u00f3s i Sarah Coronado.\r\n<strong>\r\nParque Creativo: Mundos Babosos. Sala 8<\/strong>\r\n\r\nMundos Babosos \u00e9s una instal\u00b7laci\u00f3 participativa i un espai de trobada creativa que el col\u00b7lectiu Parque Creatio ha desenvolupat durant la resid\u00e8ncia a l\u2019Estruch. Conviden les participants a compartir un m\u00f3n bab\u00f3s i radicalment cargol\u00ed, per pensar, q\u00fcestionar, jugar i construir juntes una fam\u00edlia subversiva gaster\u00f2poda. \r\n\r\nArtistes participants: Maybuch Victorel i Charlotte Nordgren Sewell\r\n\r\nDurada: 30 min.\r\n\r\nP\u00adarque Crea\u00adtivo \u00e9s un proj\u00adct\u00ade art\u00edstic I e\u00adducatiu amb seu a Barcelona, creat el 2022 per les artistes i educadores Maybuch Victorel (Argentina) i Charlotte Nordgren Sewell (Anglaterra\/Su\u00e8cia).\r\n\r\n<strong>Tercer Asalto. Four(some). Teatre de l'Estruch<\/strong>\r\n\r\nLes Int\u00e8rprets assagen un solo, El Solo. El Solo \u00e9s capritx\u00f3s (est\u00e0 a merc\u00e8 de Les Int\u00e8rprets). El cinema d\u2019exorcismes, Gisselle, les hist\u00e8riques de la Salpetri\u00e8re i Andrew Zulawsky conviuen en una wunderkammer de la hist\u00f2ria dels cossos que es desborden. Seran rescatats per Les Int\u00e8rprets, encarregades d'executar El Solo. -Les Int\u00e8rprets tamb\u00e9 estan a merc\u00e8 de El Solo-\r\n\r\nFent un exercici d\u2019apropiaci\u00f3, unes int\u00e8rprets recreen diverses iconografies femenines de la possessi\u00f3, en un intent condemnat al frac\u00e0s de ser, finalment, posse\u00efdes per elles. Entre el cat\u00e0leg i el reenactment, FOUR(SOME) es desplega com un assaig etern de certs repertoris de l'exaltaci\u00f3 corporal, tra\u00e7ant una genealogia entre diversos repertoris din\u00e0mics del desbordament femen\u00ed en la imatge.\r\n\r\nInterpretaci\u00f3:  Miriam Mart\u00edn, Jana Punsola, Marta Pajares\r\n\r\nDurada: 30 min (work in progress)","desc_es":"NOW es un evento \u00fanico de presentaciones art\u00edsticas de los residentes de artes visuales y performance de l\u2019Estruch. Es un recorrido por diferentes espacios de la f\u00e1brica de creaci\u00f3n donde cada artista mostrar\u00e1 qu\u00e9 ha desarrollado durante su residencia de creaci\u00f3n.\r\n\r\nEl recorrido se inicia y finaliza en la Sala de Exposiciones:\r\n\r\nAuri Al\u00f3s: Condici\u00f3n de ca\u00edda. Sala de Exposiciones\r\nParque Creativo: Mundos babosos. Sala 8\r\nTercer Asalto. Four(some). Teatro de l\u2019Estruch\r\n\r\n<strong>Auri Al\u00f3s: Condici\u00f3n de ca\u00edda. Sala de Exposiciones<\/strong>\r\n\r\nEsta performance se activa a las 19h y dura toda la jornada.\r\n\r\nCondici\u00f3n de ca\u00edda es una performance en potencia articulada a partir de la construcci\u00f3n de un circuito compuesto por quinientas figuras meeple, peque\u00f1os cuerpos humanos estandarizados dispuestos para caer en cadena como un efecto domin\u00f3. Sin embargo, la acci\u00f3n no se sit\u00faa en la ca\u00edda misma, sino en el tiempo, el trabajo y la proyecci\u00f3n que la preceden, as\u00ed como en la posibilidad estructural de que el evento no llegue a producirse, se produzca de manera inmediata o se interrumpa antes de ser percibido.\r\n\r\nLa obra desplaza la performatividad hacia la preparaci\u00f3n entendida como acto, situando la expectativa, la planificaci\u00f3n y el c\u00e1lculo como verdaderos espacios de acci\u00f3n. Cada figura encarna un cuerpo vulnerable, expuesto a m\u00ednimas alteraciones del entorno que desestabilizan cualquier promesa de control. El circuito se configura, as\u00ed, como una coreograf\u00eda potencial, siempre a punto de activarse y, al mismo tiempo, constantemente amenazada por su propio colapso.\r\n\r\nDesde este marco, la ca\u00edda \u2014si ocurre\u2014 no constituye el n\u00facleo de la obra, sino un acontecimiento secundario en relaci\u00f3n con la acumulaci\u00f3n de tiempo invertido en su posibilidad. La performance se construye en el desajuste entre duraci\u00f3n y acontecimiento, entre preparaci\u00f3n extensa y acci\u00f3n instant\u00e1nea, subrayando la volatilidad del gesto performativo y su dependencia absoluta del contexto.\r\n\r\nLa pieza se inscribe en una l\u00f3gica en la que el fracaso no opera como negaci\u00f3n, sino como condici\u00f3n productiva del performance. La acci\u00f3n no se define por su consumaci\u00f3n, sino por su potencia: por aquello que puede suceder y, simult\u00e1neamente, no suceder. La performance habita un estado de coexistencia entre aparici\u00f3n y desaparici\u00f3n, entre estabilidad y colapso, en el que el acontecimiento no se fija como un hecho clausurado, sino que permanece abierto, inestable y reversible. En esta tensi\u00f3n, la performance se afirma no como resultado, sino como exposici\u00f3n continuada al riesgo, a la p\u00e9rdida y a la imposibilidad de estabilizar la acci\u00f3n en un \u00fanico estado de existencia.\r\n\r\nAuri Al\u00f3s (El Prat de Llobregat, 2000) es historiadora del arte especializada en artes vivas y nuevos medios, adem\u00e1s de investigadora art\u00edstica, pedagoga cultural y doctoranda en teor\u00edas del arte contempor\u00e1neo.\r\nEsta performance forma parte de la exposici\u00f3n \"Metaxis del precipicio\" de Auri Al\u00f3s y Sarah Coronado.\r\n\r\n<strong>Parque Creativo: Mundos Babosos. Sala 8<\/strong>\r\n\r\nMundos Babosos es una instalaci\u00f3n participativa y un espacio de encuentro creativo que el colectivo Parque Creativo ha desarrollado durante la residencia en l\u2019Estruch. Invitan a las participantes a compartir un mundo baboso y radicalmente caracolino, para pensar, cuestionar, jugar y construir juntas una familia subversiva gaster\u00f3poda.\r\n\r\nArtistas participantes: Maybuch Victorel y Charlotte Nordgren Sewell\r\n\r\nDuraci\u00f3n: 30 min.\r\n\r\nParque Creativo es un proyecto art\u00edstico y educativo con sede en Barcelona, creado en 2022 por las artistas y educadoras Maybuch Victorel (Argentina) y Charlotte Nordgren Sewell (Inglaterra\/Suecia).\r\n\r\n<strong>Tercer Asalto. Four(some). Teatro de l\u2019Estruch<\/strong>\r\n\r\nLas Int\u00e9rpretes ensayan un solo, El Solo. El Solo es caprichoso (est\u00e1 a merced de Las Int\u00e9rpretes). El cine de exorcismos, Gisselle, las hist\u00e9ricas de la Salp\u00eatri\u00e8re y Andrew \u017bu\u0142awski conviven en una wunderkammer de la historia de los cuerpos que se desbordan. Ser\u00e1n rescatados por Las Int\u00e9rpretes, encargadas de ejecutar El Solo. \u2014Las Int\u00e9rpretes tambi\u00e9n est\u00e1n a merced de El Solo\u2014\r\n\r\nHaciendo un ejercicio de apropiaci\u00f3n, unas int\u00e9rpretes recrean diversas iconograf\u00edas femeninas de la posesi\u00f3n, en un intento condenado al fracaso de ser, finalmente, pose\u00eddas por ellas. Entre el cat\u00e1logo y el reenactment, FOUR(SOME) se despliega como un ensayo eterno de ciertos repertorios de la exaltaci\u00f3n corporal, trazando una genealog\u00eda entre diversos repertorios din\u00e1micos del desbordamiento femenino en la imagen.\r\n\r\nInterpretaci\u00f3n: Miriam Mart\u00edn, Jana Punsola, Marta Pajares\r\n\r\nDuraci\u00f3n: 30 min (work in progress)","desc_en":"","event_category":197,"event_show_only_own_date":false,"_event_confirmed":true,"_event_public":true,"_event_free":true,"_event_price-min":"","_event_price-max":"","_event_web_ca":"https:\/\/lestruch.sabadell.cat\/estruch\/noticies\/4607-presentacions-now-27-03-26-arts-visuals-i-performance","_event_web_es":"","_event_web_en":"","event_contact_email":"comunicacioestruch@ajsabadell.cat","event_apply_email":"","is_online_event":false,"is_art_nou_event":false,"is_bgw_event":false,"date_text":"","register_deadline":null,"altres_organitzadors":""},"abe_event_venue":null,"abe_event_category":"Performance","start":"2026-03-27 19:00:00","end":"2026-03-27 21:00:00","schedule":"once","schedule_meta":"","frequency":1,"all_day":0,"until":"2026-03-27 19:00:00","include":[],"exclude":[],"_links":{"self":[{"href":"https:\/\/graf.cat\/en\/wp-json\/wp\/v2\/events\/55824","targetHints":{"allow":["GET"]}}],"collection":[{"href":"https:\/\/graf.cat\/en\/wp-json\/wp\/v2\/events"}],"about":[{"href":"https:\/\/graf.cat\/en\/wp-json\/wp\/v2\/types\/event"}],"author":[{"embeddable":true,"href":"https:\/\/graf.cat\/en\/wp-json\/wp\/v2\/users\/38"}],"occurrences":[{"embeddable":true,"href":"https:\/\/graf.cat\/en\/wp-json\/wp\/v2\/events\/55824\/occurrences"}],"acf:term":[{"embeddable":true,"taxonomy":"event-category","href":"https:\/\/graf.cat\/en\/wp-json\/wp\/v2\/event-category\/197"}],"wp:featuredmedia":[{"embeddable":true,"href":"https:\/\/graf.cat\/en\/wp-json\/wp\/v2\/media\/55825"}],"wp:attachment":[{"href":"https:\/\/graf.cat\/en\/wp-json\/wp\/v2\/media?parent=55824"}],"wp:term":[{"taxonomy":"event-venue","embeddable":true,"href":"https:\/\/graf.cat\/en\/wp-json\/wp\/v2\/event-venues?post=55824"},{"taxonomy":"event-tag","embeddable":true,"href":"https:\/\/graf.cat\/en\/wp-json\/wp\/v2\/event-tags?post=55824"}],"curies":[{"name":"wp","href":"https:\/\/api.w.org\/{rel}","templated":true}]}}