{"id":56065,"guid":{"rendered":"https:\/\/graf.cat\/?post_type=event&#038;p=56065"},"modified":"2026-04-04T17:00:31","modified_gmt":"2026-04-04T15:00:31","slug":"portabella-agent-provocador-2","status":"publish","type":"event","link":"https:\/\/graf.cat\/en\/events\/event\/portabella-agent-provocador-2\/","title":{"rendered":"PORTABELLA: AGENT PROVOCADOR"},"content":{"rendered":"","protected":false},"excerpt":{"rendered":"","protected":false},"author":100,"featured_media":56062,"template":"","meta":{"_acf_changed":false,"_monsterinsights_skip_tracking":false,"_monsterinsights_sitenote_active":false,"_monsterinsights_sitenote_note":"","_monsterinsights_sitenote_category":0},"event-venues":[567],"event-tags":[],"class_list":["post-56065","event","type-event","status-publish","has-post-thumbnail","hentry","event-venue-centre-de-les-arts-lliures-fundacio-joan-brossa","event-category-altres"],"acf":{"title_ca":"PORTABELLA: AGENT PROVOCADOR","title_es":"PORTABELLA: AGENTE PROVOCADOR","title_en":"PORTABELLA: PROVOCATIVE AGENT","desc_ca":"<strong>UN CICLE A PARTIR DEL LLEGAT CINEMATOGR\u00c0FIC I POL\u00cdTIC DE PERE PORTABELLA\r\ndel 16 d\u2019abril al 18 de juny de 2026<\/strong>\r\n\r\n<strong><em>Exposici\u00f3 de varietats antifeixistes<\/em>\r\nA cura de Marcelo Exp\u00f3sito amb els artistes Joan Brossa, Pere Portabella, Carles Santos, Paula Art\u00e9s, Mabel Palac\u00edn, Abel Jaramillo, N\u00faria G\u00fcell i Daniela Ortiz.\r\n<\/strong>Del 16 d\u2019abril al 27 de setembre\r\nUn dels eixos centrals de la cicle\u00a0<em>Portabella: agent provocador<\/em>.\u00a0Es tracta d\u2019un projecte complet i complex que pren com a punt de partida el\u00a0<em>Concert irregular<\/em>\u00a0(1968), una obra esc\u00e8nica que va constituir la primera creaci\u00f3 conjunta del triangle format per Brossa, Portabella i el m\u00fasic Carles Santos. El\u00a0<em>Concert irregular<\/em>\u00a0es va estrenar a la Fondation Maeght de Saint-Paul-de-Vence \u2014amb motiu del 75\u00e8 aniversari de Joan Mir\u00f3\u2014 i va tenir una segona representaci\u00f3 al Teatre Romea de Barcelona, constituint una obra quintaessencial de les ruptures tant est\u00e8tiques com pol\u00edtiques caracter\u00edstiques de les insurreccions mundials de 1968. L\u2019exposici\u00f3 pren aquest context com a fris per tal de treballar amb artistes contemporanis que segueixen, avui, les actituds radicals de creadors com Portabella, Brossa o Santos.\r\n\r\n<em><strong>Concert de varietats antifeixistes<\/strong><\/em>\r\n<strong>Dirigit per Pere Faura\r\n<\/strong>M\u00c9S INFORMACI\u00d3 PROPERAMENT\r\n\r\nEspectacles:\r\n\r\n<em><strong>Els pol\u00edtics\r\n<\/strong><\/em><strong>de Leonardo V. Granados\u00a0<\/strong>\r\nDel 9 al 26 d\u2019abril\r\n<em>Els pol\u00edtics<\/em>\u00a0\u00e9s un poema teatral que aborda de manera incisiva, ir\u00f2nica i absurda el paper de la pol\u00edtica en la societat contempor\u00e0nia.\u00a0Un dels textos m\u00e9s radicals de Wolfram Lotz del que emergeix una m\u00fasica de paraules que enc\u00e9n l\u2019ess\u00e8ncia del pensament en l\u2019o\u00efda, fins al punt de fer-nos marejar. Una barreja entre un mantra i un flux de pensaments aparentment associatiu que parla de la consci\u00e8ncia que la pol\u00edtica \u00e9s la societat i que nosaltres som els pol\u00edtics.\r\n\r\n<strong><em>Fasting girls\u00a0<\/em><\/strong>\r\n<strong>de Marta Azparren\r\n<\/strong>Del 14 al 16 de maig\r\n<em>Fasting girls<\/em>\u00a0proposa una possible cartografia del dejuni voluntari com un dels s\u00edmptomes de la tend\u00e8ncia contempor\u00e0nia cap a la desaparici\u00f3 en la imatge, des de les\u00a0<em data-start=\"170\" data-end=\"185\">Fasting girls<\/em>\u00a0o \u00abartistes de la fam\u00bb victorianes fins a les \u00abdejunadores\u00bb tiktokers contempor\u00e0nies. Una reflexi\u00f3 sobre la relaci\u00f3 entre la fam i les imatges com a aliment, encara que sigui de manera simb\u00f2lica, per repensar el dejuni voluntari no tant com un diagn\u00f2stic cl\u00ednic d\u2019una malaltia individual, sin\u00f3 com un s\u00edmptoma col\u00b7lectiu\r\n\r\n<strong><em>La felicidad no importa<\/em><\/strong>\r\n<strong>de Tom\u00e0s Aragay i Societat Doctor Alonso\r\n<\/strong>Del 21 al 24 de maig\r\nYo ahora estoy conduciendo al trabajo. Lo veis en la pantalla. La pel\u00edcula es un descenso a los infiernos. El infierno es llegar al trabajo. Durante este viaje hay toda clase de pensamientos que estoy leyendo yo en voz alta. Son estos. Yo empiezo en alg\u00fan lugar, digamos la cama. Y lo primero que pienso es en que me estoy despertando para ir al trabajo, hoy suced\u00eda algo. Algo en plan Godot. Despu\u00e9s los pensamientos mientras me dirijo al trabajo. (Tom\u00e0s Aragay)\r\n\r\n<i><\/i><strong><i>\u00a1Yo me transfor<\/i><em>mo! Strip-conference\r\n<\/em>de Banda Esf\u00e8rica\r\n<\/strong>Confer\u00e8ncia performativa\r\n29 i 30 de maig\r\nUna exploraci\u00f3 esc\u00e8nica sobre la sensualitat, l\u2019er\u00f2tica de la imatge i el moviment que proposa desconstruir la po\u00e8tica de l\u2019striptease relacionant-la amb la narrativa del g\u00e8nere de suspens cinematogr\u00e0fic, per tal de comprendre com la gesti\u00f3 de l\u2019expectativa, el suggeriment i la construcci\u00f3 d\u2019imatges sensorials poden generar noves formes d\u2019expressi\u00f3 i contestaci\u00f3 cultural.\r\n\r\n&nbsp;\r\n\r\n<em><strong>Guerrilla\u00a0<\/strong><\/em>\r\n<strong>d\u2019El Conde de Torrefiel\r\n<\/strong>De l\u201911 al 18 de juny\r\n<i>Guerrilla<\/i>\u00a0presenta l\u2019univers interior, conf\u00fas i contradictori, d\u2019unes persones que conviuen en un mateix temps hist\u00f2ric, es mouen pels carrers de la mateixa ciutat, comparteixen l\u2019imaginari d\u2019un mateix continent i es veuen afectades, en major o menor mesura, per les mateixes conseq\u00fc\u00e8ncies. Tot i aix\u00ed, no saben com enfrontar-se a un m\u00f3n que ha canviat massa des que va comen\u00e7ar el segle XXI i que necessita constantment altres regles, s\u00edmbols i eines per ser interpretat.","desc_es":"<p data-start=\"119\" data-end=\"236\"><strong>UN CICLO A PARTIR DEL LEGADO CINEMATOGR\u00c1FICO Y POL\u00cdTICO DE PERE PORTABELLA<\/strong><br data-start=\"193\" data-end=\"196\" \/>del 16 de abril al 18 de junio de 2026<\/p>\r\n<p data-start=\"238\" data-end=\"1314\"><strong>Exposici\u00f3n de variedades antifascistas<\/strong><br data-start=\"276\" data-end=\"279\" \/><strong>A cargo de Marcelo Exp\u00f3sito con los artistas Joan Brossa, Pere Portabella, Carles Santos, Paula Art\u00e9s, Mabel Palac\u00edn, Abel Jaramillo, N\u00faria G\u00fcell y Daniela Ortiz.<\/strong><br data-start=\"441\" data-end=\"444\" \/>Del 16 de abril al 27 de septiembre<br data-start=\"479\" data-end=\"482\" \/>Uno de los ejes centrales del ciclo Portabella: agente provocador. Se trata de un proyecto completo y complejo que toma como punto de partida el Concert irregular (1968), una obra esc\u00e9nica que constituy\u00f3 la primera creaci\u00f3n conjunta del tri\u00e1ngulo formado por Brossa, Portabella y el m\u00fasico Carles Santos. El Concert irregular se estren\u00f3 en la Fondation Maeght de Saint-Paul-de-Vence \u2014con motivo del 75.\u00ba aniversario de Joan Mir\u00f3\u2014 y tuvo una segunda representaci\u00f3n en el Teatro Romea de Barcelona, constituyendo una obra quintaesencial de las rupturas tanto est\u00e9ticas como pol\u00edticas caracter\u00edsticas de las insurrecciones mundiales de 1968. La exposici\u00f3n toma este contexto como friso para trabajar con artistas contempor\u00e1neos que siguen, hoy, las actitudes radicales de creadores como Portabella, Brossa o Santos.<br data-start=\"1294\" data-end=\"1297\" \/>\r\n<\/p>\r\n<p data-start=\"1316\" data-end=\"1412\"><strong>Concierto de variedades antifascistas<\/strong><br data-start=\"1353\" data-end=\"1356\" \/><strong>Dirigido por Pere Faura<\/strong><br data-start=\"1379\" data-end=\"1382\" \/>\r\n<\/p>\r\n<p data-start=\"1414\" data-end=\"1427\">Espect\u00e1culos:<\/p>\r\n<p data-start=\"1429\" data-end=\"1993\"><strong>Los pol\u00edticos<\/strong><br data-start=\"1442\" data-end=\"1445\" \/><strong>de Leonardo V. Granados<\/strong><br data-start=\"1468\" data-end=\"1471\" \/>Del 9 al 26 de abril<br data-start=\"1491\" data-end=\"1494\" \/>Los pol\u00edticos es un poema teatral que aborda de manera incisiva, ir\u00f3nica y absurda el papel de la pol\u00edtica en la sociedad contempor\u00e1nea. Uno de los textos m\u00e1s radicales de Wolfram Lotz del que emerge una m\u00fasica de palabras que enciende la esencia del pensamiento en el o\u00eddo, hasta el punto de marearnos. Una mezcla entre un mantra y un flujo de pensamientos aparentemente asociativo que habla de la conciencia de que la pol\u00edtica es la sociedad y que nosotros somos los pol\u00edticos.<br data-start=\"1973\" data-end=\"1976\" \/>\r\n<\/p>\r\n<p data-start=\"1995\" data-end=\"2583\"><strong>Fasting girls<\/strong><br data-start=\"2008\" data-end=\"2011\" \/><strong>de Marta Azparren<\/strong><br data-start=\"2028\" data-end=\"2031\" \/>Del 14 al 16 de mayo<br data-start=\"2051\" data-end=\"2054\" \/>Fasting girls propone una posible cartograf\u00eda del ayuno voluntario como uno de los s\u00edntomas de la tendencia contempor\u00e1nea hacia la desaparici\u00f3n en la imagen, desde las Fasting girls o \u00abartistas del hambre\u00bb victorianas hasta las \u00abayunadoras\u00bb tiktokers contempor\u00e1neas. Una reflexi\u00f3n sobre la relaci\u00f3n entre el hambre y las im\u00e1genes como alimento, aunque sea de manera simb\u00f3lica, para repensar el ayuno voluntario no tanto como un diagn\u00f3stico cl\u00ednico de una enfermedad individual, sino como un s\u00edntoma colectivo.<br data-start=\"2563\" data-end=\"2566\" \/>\r\n<\/p>\r\n<p data-start=\"2585\" data-end=\"3160\"><strong>La felicidad no importa<\/strong><br data-start=\"2608\" data-end=\"2611\" \/><strong>de Tom\u00e0s Aragay y Societat Doctor Alonso<\/strong><br data-start=\"2651\" data-end=\"2654\" \/>Del 21 al 24 de mayo<br data-start=\"2674\" data-end=\"2677\" \/>Yo ahora estoy conduciendo al trabajo. Lo veis en la pantalla. La pel\u00edcula es un descenso a los infiernos. El infierno es llegar al trabajo. Durante este viaje hay toda clase de pensamientos que estoy leyendo yo en voz alta. Son estos. Yo empiezo en alg\u00fan lugar, digamos la cama. Y lo primero que pienso es en que me estoy despertando para ir al trabajo, hoy suced\u00eda algo. Algo en plan Godot. Despu\u00e9s los pensamientos mientras me dirijo al trabajo. (Tom\u00e0s Aragay)<br data-start=\"3140\" data-end=\"3143\" \/>\r\n<\/p>\r\n<p data-start=\"3162\" data-end=\"3676\"><strong>\u00a1Yo me transformo! Strip-conference<\/strong><br data-start=\"3197\" data-end=\"3200\" \/><strong>de Banda Esf\u00e8rica<\/strong><br data-start=\"3217\" data-end=\"3220\" \/>Conferencia performativa<br data-start=\"3244\" data-end=\"3247\" \/>29 y 30 de mayo<br data-start=\"3262\" data-end=\"3265\" \/>Una exploraci\u00f3n esc\u00e9nica sobre la sensualidad, la er\u00f3tica de la imagen y el movimiento que propone deconstruir la po\u00e9tica del striptease relacion\u00e1ndola con la narrativa del g\u00e9nero de suspense cinematogr\u00e1fico, con el fin de comprender c\u00f3mo la gesti\u00f3n de la expectativa, la sugerencia y la construcci\u00f3n de im\u00e1genes sensoriales pueden generar nuevas formas de expresi\u00f3n y contestaci\u00f3n cultural.<br data-start=\"3656\" data-end=\"3659\" \/>\r\n<\/p>\r\n<p data-start=\"3678\" data-end=\"4248\"><strong>Guerrilla<\/strong><br data-start=\"3687\" data-end=\"3690\" \/><strong>de El Conde de Torrefiel<\/strong><br data-start=\"3714\" data-end=\"3717\" \/>Del 11 al 18 de junio<br data-start=\"3738\" data-end=\"3741\" \/>Guerrilla presenta el universo interior, confuso y contradictorio, de unas personas que conviven en un mismo tiempo hist\u00f3rico, se mueven por las calles de la misma ciudad, comparten el imaginario de un mismo continente y se ven afectadas, en mayor o menor medida, por las mismas consecuencias. Aun as\u00ed, no saben c\u00f3mo enfrentarse a un mundo que ha cambiado demasiado desde que comenz\u00f3 el siglo XXI y que necesita constantemente otras reglas, s\u00edmbolos y herramientas para ser interpretado.<br data-start=\"4228\" data-end=\"4231\" \/>\r\n<\/p>","desc_en":"<p data-start=\"4267\" data-end=\"4372\"><strong>A CYCLE BASED ON THE CINEMATIC AND POLITICAL LEGACY OF PERE PORTABELLA<\/strong><br data-start=\"4337\" data-end=\"4340\" \/>from April 16 to June 18, 2026<\/p>\r\n<p data-start=\"4374\" data-end=\"5406\"><strong>Antifascist variety exhibition<\/strong><br data-start=\"4404\" data-end=\"4407\" \/><strong>Curated by Marcelo Exp\u00f3sito with artists Joan Brossa, Pere Portabella, Carles Santos, Paula Art\u00e9s, Mabel Palac\u00edn, Abel Jaramillo, N\u00faria G\u00fcell and Daniela Ortiz.<\/strong><br data-start=\"4567\" data-end=\"4570\" \/>From April 16 to September 27<br data-start=\"4599\" data-end=\"4602\" \/>One of the central axes of the cycle Portabella: provoking agent. This is a complete and complex project that takes as its starting point Concert irregular (1968), a stage work that constituted the first joint creation of the triangle formed by Brossa, Portabella and the musician Carles Santos. Concert irregular premiered at the Fondation Maeght in Saint-Paul-de-Vence \u2014on the occasion of Joan Mir\u00f3\u2019s 75th anniversary\u2014 and had a second performance at the Romea Theatre in Barcelona, becoming a quintessential work of the aesthetic and political ruptures characteristic of the global uprisings of 1968. The exhibition takes this context as a frieze in order to work with contemporary artists who today continue the radical attitudes of creators such as Portabella, Brossa or Santos.<br data-start=\"5385\" data-end=\"5388\" \/>\r\n<\/p>\r\n<p data-start=\"5408\" data-end=\"5493\"><strong>Antifascist variety concert<\/strong><br data-start=\"5435\" data-end=\"5438\" \/><strong>Directed by Pere Faura<\/strong><br data-start=\"5460\" data-end=\"5463\" \/>\r\n<\/p>\r\n<p data-start=\"5495\" data-end=\"5508\">Performances:<\/p>\r\n<p data-start=\"5510\" data-end=\"6060\"><strong>The Politicians<\/strong><br data-start=\"5525\" data-end=\"5528\" \/><strong>by Leonardo V. Granados<\/strong><br data-start=\"5551\" data-end=\"5554\" \/>From April 9 to 26<br data-start=\"5572\" data-end=\"5575\" \/>The Politicians is a theatrical poem that addresses, in an incisive, ironic and absurd way, the role of politics in contemporary society. One of the most radical texts by Wolfram Lotz, from which emerges a music of words that ignites the essence of thought in the ear, to the point of making us dizzy. A mixture between a mantra and an apparently associative stream of thoughts that speaks of the awareness that politics is society and that we are the politicians.<br data-start=\"6039\" data-end=\"6042\" \/>\r\n<\/p>\r\n<p data-start=\"6062\" data-end=\"6606\"><strong>Fasting girls<\/strong><br data-start=\"6075\" data-end=\"6078\" \/><strong>by Marta Azparren<\/strong><br data-start=\"6095\" data-end=\"6098\" \/>From May 14 to 16<br data-start=\"6115\" data-end=\"6118\" \/>Fasting girls proposes a possible cartography of voluntary fasting as one of the symptoms of the contemporary tendency toward disappearance in the image, from Victorian Fasting girls or \u201chunger artists\u201d to contemporary TikTok \u201cfasters.\u201d A reflection on the relationship between hunger and images as nourishment, even if only symbolically, in order to rethink voluntary fasting not so much as a clinical diagnosis of an individual illness, but as a collective symptom.<br data-start=\"6585\" data-end=\"6588\" \/>\r\n<\/p>\r\n<p data-start=\"6608\" data-end=\"7135\"><strong>Happiness doesn\u2019t matter<\/strong><br data-start=\"6632\" data-end=\"6635\" \/><strong>by Tom\u00e0s Aragay and Societat Doctor Alonso<\/strong><br data-start=\"6677\" data-end=\"6680\" \/>From May 21 to 24<br data-start=\"6697\" data-end=\"6700\" \/>I am now driving to work. You see it on the screen. The film is a descent into hell. Hell is getting to work. During this journey there are all kinds of thoughts that I am reading aloud. These are them. I start somewhere, let\u2019s say the bed. And the first thing I think is that I am waking up to go to work, today something was happening. Something like Godot. Then the thoughts while I head to work. (Tom\u00e0s Aragay)<br data-start=\"7114\" data-end=\"7117\" \/>\r\n<\/p>\r\n<p data-start=\"7137\" data-end=\"7623\"><strong>I transform myself! Strip-conference<\/strong><br data-start=\"7173\" data-end=\"7176\" \/><strong>by Banda Esf\u00e8rica<\/strong><br data-start=\"7193\" data-end=\"7196\" \/><strong>Performative lecture<\/strong><br data-start=\"7216\" data-end=\"7219\" \/>May 29 and 30<br data-start=\"7232\" data-end=\"7235\" \/>A scenic exploration of sensuality, the eroticism of the image and movement that proposes to deconstruct the poetics of striptease by relating it to the narrative of the cinematic suspense genre, in order to understand how the management of expectation, suggestion and the construction of sensory images can generate new forms of expression and cultural contestation.<br data-start=\"7602\" data-end=\"7605\" \/>MORE INFORMATION<\/p>\r\n<p data-start=\"7625\" data-end=\"8171\"><strong>Guerrilla<\/strong><br data-start=\"7634\" data-end=\"7637\" \/><strong>by El Conde de Torrefiel<\/strong><br data-start=\"7661\" data-end=\"7664\" \/>From June 11 to 18<br data-start=\"7682\" data-end=\"7685\" \/>Guerrilla presents the inner, confused and contradictory universe of people who coexist in the same historical time, move through the streets of the same city, share the imaginary of the same continent and are affected, to a greater or lesser extent, by the same consequences. Even so, they do not know how to face a world that has changed too much since the beginning of the 21st century and that constantly requires new rules, symbols and tools to be interpreted.<br data-start=\"8150\" data-end=\"8153\" \/>\r\n<\/p>","event_category":191,"event_show_only_own_date":true,"_event_confirmed":true,"_event_public":true,"_event_free":false,"_event_price-min":"","_event_price-max":"","_event_web_ca":"https:\/\/fundaciojoanbrossa.cat\/portabella-agent-provocador\/","_event_web_es":"https:\/\/fundaciojoanbrossa.cat\/portabella-agent-provocador\/","_event_web_en":"https:\/\/fundaciojoanbrossa.cat\/portabella-agent-provocador\/","event_contact_email":"","event_apply_email":"","is_online_event":false,"is_art_nou_event":false,"is_bgw_event":false,"date_text":"","register_deadline":null,"altres_organitzadors":""},"abe_event_venue":"Centre de les Arts Lliures - Fundaci\u00f3 Joan Brossa","abe_event_category":"Altres","start":"2026-04-16 00:00:00","end":"2026-06-18 23:59:00","schedule":"once","schedule_meta":"","frequency":1,"all_day":1,"until":"2026-04-16 00:00:00","include":[],"exclude":[],"_links":{"self":[{"href":"https:\/\/graf.cat\/en\/wp-json\/wp\/v2\/events\/56065","targetHints":{"allow":["GET"]}}],"collection":[{"href":"https:\/\/graf.cat\/en\/wp-json\/wp\/v2\/events"}],"about":[{"href":"https:\/\/graf.cat\/en\/wp-json\/wp\/v2\/types\/event"}],"author":[{"embeddable":true,"href":"https:\/\/graf.cat\/en\/wp-json\/wp\/v2\/users\/100"}],"occurrences":[{"embeddable":true,"href":"https:\/\/graf.cat\/en\/wp-json\/wp\/v2\/events\/56065\/occurrences"}],"acf:term":[{"embeddable":true,"taxonomy":"event-category","href":"https:\/\/graf.cat\/en\/wp-json\/wp\/v2\/event-category\/191"}],"wp:featuredmedia":[{"embeddable":true,"href":"https:\/\/graf.cat\/en\/wp-json\/wp\/v2\/media\/56062"}],"wp:attachment":[{"href":"https:\/\/graf.cat\/en\/wp-json\/wp\/v2\/media?parent=56065"}],"wp:term":[{"taxonomy":"event-venue","embeddable":true,"href":"https:\/\/graf.cat\/en\/wp-json\/wp\/v2\/event-venues?post=56065"},{"taxonomy":"event-tag","embeddable":true,"href":"https:\/\/graf.cat\/en\/wp-json\/wp\/v2\/event-tags?post=56065"}],"curies":[{"name":"wp","href":"https:\/\/api.w.org\/{rel}","templated":true}]}}