{"id":56797,"guid":{"rendered":"https:\/\/graf.cat\/?post_type=event&#038;p=56797"},"modified":"2026-04-30T11:24:10","modified_gmt":"2026-04-30T09:24:10","slug":"lo-pedris-viatge-per-terres-de-ponent","status":"publish","type":"event","link":"https:\/\/graf.cat\/en\/events\/event\/lo-pedris-viatge-per-terres-de-ponent\/","title":{"rendered":"Lo pedr\u00eds, viatge per terres de Ponent"},"content":{"rendered":"","protected":false},"excerpt":{"rendered":"","protected":false},"author":8,"featured_media":56798,"template":"","meta":{"_acf_changed":false,"_monsterinsights_skip_tracking":false,"_monsterinsights_sitenote_active":false,"_monsterinsights_sitenote_note":"","_monsterinsights_sitenote_category":0},"event-venues":[734],"event-tags":[],"class_list":["post-56797","event","type-event","status-publish","has-post-thumbnail","hentry","event-venue-museu-tapies","event-category-screening"],"acf":{"title_ca":"Lo pedr\u00eds, viatge per terres de Ponent","title_es":"Lo pedr\u00eds, viatge per terres de Ponent","title_en":"Lo pedr\u00eds, viatge per terres de Ponent","desc_ca":"En el marc de l\u2019exposici\u00f3\u00a0<a href=\"https:\/\/museutapies.org\/exposicio\/angel-jove-de-intactu\/\"><em>\u00c0ngel Jov\u00e9. De intactu\u00a0<\/em><\/a>el Museu T\u00e0pies programar\u00e0 la projecci\u00f3 de\u00a0<em>Lo pedr\u00eds, viatge per terres de Ponent<\/em>\u00a0(1989), realitzat per \u00c0ngel Jov\u00e9, Benet Rossell i Carles Hac Mor. Es tracta d\u2019una pe\u00e7a de llarga durada, fruit d\u2019un extens enregistrament en v\u00eddeo, que documenta un recorregut per la Franja de Ponent i que es configura com un artefacte h\u00edbrid entre cinema, acci\u00f3 i escriptura. Lluny de qualsevol voluntat narrativa convencional, el film desplega una mirada fragment\u00e0ria i experimental sobre el paisatge, entenent-lo com un espai de fricci\u00f3 entre realitat, mem\u00f2ria i llenguatge.\r\n\r\nL\u2019obra permet situar les complicitats intel\u00b7lectuals i creatives entre tres figures fonamentals de l\u2019escena art\u00edstica i liter\u00e0ria catalana de la segona meitat del segle XX, vinculades a pr\u00e0ctiques d\u2019avantguarda i a una concepci\u00f3 expandida de l\u2019art. En aquest sentit, el projecte esdev\u00e9 una clau d\u2019acc\u00e9s privilegiada per entendre com, en el treball de Jov\u00e9, el gest art\u00edstic s\u2019entrella\u00e7a amb la paraula po\u00e8tica i amb una atenci\u00f3 sostinguda al territori com a espai d\u2019experi\u00e8ncia i de pensament. En aquest context, el viatge esdev\u00e9 no nom\u00e9s un despla\u00e7ament f\u00edsic sin\u00f3 tamb\u00e9 un dispositiu po\u00e8tic i conceptual des del qual repensar el llenguatge, la percepci\u00f3 i les formes de representaci\u00f3.\r\n<p class=\"p1\"><span class=\"s1\">Enregistrament en v\u00eddeo (tir de c\u00e0mera), color, so, 12:04:16. La gravaci\u00f3 es divideix en deu v\u00eddeos numerats del 001 al 010 que mai no es van muntar:<\/span><\/p>\r\n\r\n<ul>\r\n \t<li class=\"p1\"><span class=\"s1\">Fragment 001 \u2014 00:21:49<\/span><\/li>\r\n \t<li class=\"p1\"><span class=\"s1\">Fragment 002 \u2014 01:02:08<\/span><\/li>\r\n \t<li class=\"p1\"><span class=\"s1\">Fragment 003 \u2014 01:32:38<\/span><\/li>\r\n \t<li class=\"p1\"><span class=\"s1\">Fragment 004 \u2014 01:02:13<\/span><\/li>\r\n \t<li class=\"p1\"><span class=\"s1\">Fragment 005 \u2014 01:03:15<\/span><\/li>\r\n \t<li class=\"p1\"><span class=\"s1\">Fragment 006 \u2014 01:32:56<\/span><\/li>\r\n \t<li class=\"p1\"><span class=\"s1\">Fragment 007 \u2014 01:32:56<\/span><\/li>\r\n \t<li class=\"p1\"><span class=\"s1\">Fragment 008 \u2014 01:03:02<\/span><\/li>\r\n \t<li class=\"p1\"><span class=\"s1\">Fragment 009 \u2014 01:27:00<\/span><\/li>\r\n \t<li class=\"p1\"><span class=\"s1\">Fragment 010 \u2014 01:53:32<\/span><\/li>\r\n<\/ul>\r\n&nbsp;\r\n\r\nEl film es projectar\u00e0 a l\u2019auditori del Museu T\u00e0pies en les seg\u00fcents dates i horaris:\r\n<ul>\r\n \t<li>Dijous 30 d\u2019abril, de 15 a 19 h<\/li>\r\n \t<li>Divendres 1 de maig, de 10 a 19 h<\/li>\r\n \t<li>Dissabte 2 de maig, de 10 a 19 h<\/li>\r\n \t<li>Diumenge 3 de maig, de 10 a 15 h<\/li>\r\n \t<li>Dimarts 5 de maig, de 15 a 17 h<\/li>\r\n<\/ul>\r\nEl film ha estat cedit pel Museu Morera de Lleida per cortesia de Cristina Giorgi, v\u00eddua de Benet Rossell.\r\n\r\nCom a cloenda, l\u2019activitat\u00a0<a href=\"https:\/\/museutapies.org\/event\/cartografia-dun-viatge-jove-rossell-i-hac-mor\/\"><em>Cartografia d\u2019un viatge: Jov\u00e9, Rossell i Hac Mor,<\/em><\/a>\u00a0programada per al 5 de maig de 2026, a les 18:00 h, aprofundir\u00e0 en el film experimental de Jov\u00e9, Rossell i Hac Mor.\r\n\r\n&nbsp;","desc_es":"<p data-start=\"0\" data-end=\"352\">En el marco de la exposici\u00f3n\u00a0<a href=\"https:\/\/museutapies.org\/es\/exposicio\/angel-jove-de-intactu\/\"><em data-start=\"32\" data-end=\"56\">\u00c0ngel Jov\u00e9. De intactu<\/em><\/a>, el Museu T\u00e0pies programar\u00e1 la proyecci\u00f3n de\u00a0<em>Lo pedr\u00eds, viatge per terres de Ponent<\/em>\u00a0(1989), realizado por \u00c0ngel Jov\u00e9, Benet Rossell y Carles Hac Mor. Se trata de una pieza de larga duraci\u00f3n, fruto de una extensa grabaci\u00f3n en v\u00eddeo, que documenta un recorrido por la Franja de Ponent y que se configura como un artefacto h\u00edbrido entre cine, acci\u00f3n y escritura. Lejos de cualquier voluntad narrativa convencional, la pel\u00edcula despliega una mirada fragmentaria y experimental sobre el paisaje, entendi\u00e9ndolo como un espacio de fricci\u00f3n entre realidad, memoria y lenguaje.<\/p>\r\n<p data-start=\"524\" data-end=\"1802\">La obra permite situar las complicidades intelectuales y creativas entre tres figuras fundamentales de la escena art\u00edstica y literaria catalana de la segunda mitad del siglo XX, vinculadas a pr\u00e1cticas de vanguardia y a una concepci\u00f3n expandida del arte. En este sentido, el proyecto se convierte en una clave de acceso privilegiada para entender c\u00f3mo, en el trabajo de Jov\u00e9, el gesto art\u00edstico se entrelaza con la palabra po\u00e9tica y con una atenci\u00f3n sostenida al territorio como espacio de experiencia y de pensamiento. En este contexto, el viaje se convierte no solo en un desplazamiento f\u00edsico, sino tambi\u00e9n en un dispositivo po\u00e9tico y conceptual desde el cual repensar el lenguaje, la percepci\u00f3n y las formas de representaci\u00f3n.<\/p>\r\n<p class=\"p1\"><span class=\"s1\">Grabaci\u00f3n en v\u00eddeo (toma de c\u00e1mara), color, sonido, 12:04:16.\u00a0<\/span><span class=\"s1\">La grabaci\u00f3n se divide en diez v\u00eddeos numerados del 001 al 010 nunca antes montados:<\/span><\/p>\r\n\r\n<ul>\r\n \t<li class=\"p1\"><span class=\"s1\">Fragmento 001 \u2014 00:21:49<\/span><\/li>\r\n \t<li class=\"p1\"><span class=\"s1\">Fragmento 002 \u2014 01:02:08<\/span><\/li>\r\n \t<li class=\"p1\"><span class=\"s1\">Fragmento 003 \u2014 01:32:38<\/span><\/li>\r\n \t<li class=\"p1\"><span class=\"s1\">Fragmento 004 \u2014 01:02:13<\/span><\/li>\r\n \t<li class=\"p1\"><span class=\"s1\">Fragmento 005 \u2014 01:03:15<\/span><\/li>\r\n \t<li class=\"p1\"><span class=\"s1\">Fragmento 006 \u2014 01:32:56<\/span><\/li>\r\n \t<li class=\"p1\"><span class=\"s1\">Fragmento 007 \u2014 01:32:56<\/span><\/li>\r\n \t<li class=\"p1\"><span class=\"s1\">Fragmento 008 \u2014 01:03:02<\/span><\/li>\r\n \t<li class=\"p1\"><span class=\"s1\">Fragmento 009 \u2014 01:27:00<\/span><\/li>\r\n \t<li class=\"p1\"><span class=\"s1\">Fragmento 010 \u2014 01:53:32<\/span><\/li>\r\n<\/ul>\r\n<p data-start=\"0\" data-end=\"352\">El film se proyectar\u00e1 en el auditorio del Museu T\u00e0pies en las siguientes fechas y horarios:<\/p>\r\n\r\n<ul>\r\n \t<li data-start=\"354\" data-end=\"522\">Jueves 30 de abril, de 15 a 19 h<\/li>\r\n \t<li data-start=\"354\" data-end=\"522\">Viernes 1 de mayo, de 10 a 19 h<\/li>\r\n \t<li data-start=\"354\" data-end=\"522\">S\u00e1bado 2 de mayo, de 10 a 19 h<\/li>\r\n \t<li data-start=\"354\" data-end=\"522\">Domingo 3 de mayo, de 10 a 15 h<\/li>\r\n \t<li data-start=\"354\" data-end=\"522\">Martes 5 de mayo, de 15 a 17 h<\/li>\r\n<\/ul>\r\n&nbsp;\r\n\r\nLa pel\u00edcula ha sido cedida por el Museu Morera de Lleida por cortes\u00eda de Cristina Giorgi, viuda de Benet Rossell.\r\n<p data-start=\"1804\" data-end=\"1917\" data-is-last-node=\"\" data-is-only-node=\"\">Como colof\u00f3n, la actividad\u00a0<a href=\"https:\/\/museutapies.org\/es\/event\/cartografia-de-un-viaje-jove-rossell-y-hac-mor\/\">Cartograf\u00eda de un viaje: Jov\u00e9, Rossell y Hac Mor,<\/a>\u00a0programada para el 5 de mayo de 2026, a las 18:00 h, profundizar\u00e1 en el film experimental de Jov\u00e9, Rossell i Hac Mor.<\/p>","desc_en":"<div class=\"min-h-8 text-message relative flex w-full flex-col items-end gap-2 text-start break-words whitespace-normal outline-none keyboard-focused:focus-ring [.text-message+&amp;]:mt-1\" dir=\"auto\" data-message-author-role=\"assistant\" data-message-id=\"63783687-83bd-4f73-bffe-8d182f9d7008\" data-message-model-slug=\"gpt-5-3\" data-turn-start-message=\"true\">\r\n<div class=\"flex w-full flex-col gap-1 empty:hidden\">\r\n<div class=\"markdown prose dark:prose-invert w-full wrap-break-word light markdown-new-styling\">\r\n<p data-start=\"0\" data-end=\"359\">As an extension of the exhibition\u00a0<a href=\"https:\/\/museutapies.org\/en\/exposicio\/angel-jove-de-intactu\/\"><em data-start=\"34\" data-end=\"58\">\u00c0ngel Jov\u00e9. De intactu<\/em>,<\/a>\u00a0the Museu T\u00e0pies will present a screening of\u00a0<em>Lo pedr\u00eds, viatge per terres de Ponent<\/em>\u00a0(1989),\u00a0created by \u00c0ngel Jov\u00e9, Benet Rossell and Carles Hac Mor. The film is a feature-length piece resulting from extensive video recording. It documents a journey through the Franja de Ponent and takes shape as a hybrid artifact between film, performance, and writing. Far from any conventional narrative intention, the film unfolds a fragmented and experimental perspective on the landscape, understood as a space of friction between reality, memory, and language.<\/p>\r\n<p data-start=\"0\" data-end=\"359\">The work makes it possible to situate the intellectual and creative affinities between three key figures of the Catalan artistic and literary scene of the second half of the 20th century, all linked to avant-garde practices and to an expanded conception of art. In this sense, the project becomes a privileged point of entry for understanding how, in Jov\u00e9\u2019s work, the artistic gesture intertwines with poetic language and with a sustained attention to territory as a space of experience and thought. Within this context, the journey becomes not only a physical displacement, but also a poetic and conceptual device from which to rethink language, perception, and forms of representation.<\/p>\r\n<p data-start=\"0\" data-end=\"359\"><span class=\"s1\">Video recording (camera take), colour, sound, 12:04:16.\u00a0<\/span><span class=\"s1\">The recording is divided into ten videos numbered 001 to 010, never previously edited:<\/span><\/p>\r\n\r\n<\/div>\r\n<\/div>\r\n<\/div>\r\n<ul>\r\n \t<li class=\"p1\"><span class=\"s1\">Fragment 001 \u2014 00:21:49<\/span><\/li>\r\n \t<li class=\"p1\"><span class=\"s1\">Fragment 002 \u2014 01:02:08<\/span><\/li>\r\n \t<li class=\"p1\"><span class=\"s1\">Fragment 003 \u2014 01:32:38<\/span><\/li>\r\n \t<li class=\"p1\"><span class=\"s1\">Fragment 004 \u2014 01:02:13<\/span><\/li>\r\n \t<li class=\"p1\"><span class=\"s1\">Fragment 005 \u2014 01:03:15<\/span><\/li>\r\n \t<li class=\"p1\"><span class=\"s1\">Fragment 006 \u2014 01:32:56<\/span><\/li>\r\n \t<li class=\"p1\"><span class=\"s1\">Fragment 007 \u2014 01:32:56<\/span><\/li>\r\n \t<li class=\"p1\"><span class=\"s1\">Fragment 008 \u2014 01:03:02<\/span><\/li>\r\n \t<li class=\"p1\"><span class=\"s1\">Fragment 009 \u2014 01:27:00<\/span><\/li>\r\n \t<li class=\"p1\"><span class=\"s1\">Fragment 010 \u2014 01:53:32<\/span><\/li>\r\n<\/ul>\r\nThe film will be screened in the auditorium of the Museu T\u00e0pies on the following dates and at the following times:\r\n<div class=\"min-h-8 text-message relative flex w-full flex-col items-end gap-2 text-start break-words whitespace-normal outline-none keyboard-focused:focus-ring [.text-message+&amp;]:mt-1\" dir=\"auto\" data-message-author-role=\"assistant\" data-message-id=\"63783687-83bd-4f73-bffe-8d182f9d7008\" data-message-model-slug=\"gpt-5-3\" data-turn-start-message=\"true\">\r\n<div class=\"flex w-full flex-col gap-1 empty:hidden\">\r\n<div class=\"markdown prose dark:prose-invert w-full wrap-break-word light markdown-new-styling\">\r\n<ul>\r\n \t<li data-start=\"361\" data-end=\"556\">Thursday, April 30, from 3 to 7 p.m.<\/li>\r\n \t<li data-start=\"361\" data-end=\"556\">Friday, May 1, from 10 a.m. to 7 p.m.<\/li>\r\n \t<li data-start=\"361\" data-end=\"556\">Saturday, May 2, from 10 a.m. to 7 p.m.<\/li>\r\n \t<li data-start=\"361\" data-end=\"556\">Sunday, May 3, from 10 a.m. to 3 p.m.<\/li>\r\n \t<li data-start=\"361\" data-end=\"556\">Tuesday, May 5, from 3 to 5 p.m.<\/li>\r\n<\/ul>\r\n&nbsp;\r\n<p data-start=\"1777\" data-end=\"1885\" data-is-last-node=\"\" data-is-only-node=\"\">The film has been loaned by the Museu Morera of Lleida, courtesy of Cristina Giorgi, widow of Benet Rossell.<\/p>\r\n<p data-start=\"558\" data-end=\"1086\">As a closing event, the activity\u00a0<a href=\"https:\/\/museutapies.org\/es\/event\/proyeccion-del-road-movie-sidamun-alamus-almatret-viatge-a-la-franja-de-ponent-1989-de-angel-jove-benet-rossell-y-carles-hac-mor\/\"><em>Cartograf\u00eda de un viaje: Jov\u00e9, Rossel y Hac Mor<\/em><\/a>, scheduled for May 5, 2026 at 6:00 p.m., will further explore the experimental film by Jov\u00e9, Rossell and Hac Mor.<\/p>\r\n\r\n<\/div>\r\n<\/div>\r\n<\/div>","event_category":219,"event_show_only_own_date":true,"_event_confirmed":true,"_event_public":true,"_event_free":true,"_event_price-min":"","_event_price-max":"","_event_web_ca":"https:\/\/museutapies.org\/event\/projeccio-del-road-movie-sidamun-alamus-almatret-viatge-a-la-franja-de-ponent-1989-dangel-jove-benet-rossell-i-carles-hac-mor\/","_event_web_es":"https:\/\/museutapies.org\/es\/event\/proyeccion-del-road-movie-sidamun-alamus-almatret-viatge-a-la-franja-de-ponent-1989-de-angel-jove-benet-rossell-y-carles-hac-mor\/","_event_web_en":"https:\/\/museutapies.org\/en\/event\/screening-of-the-road-movie-sidamun-alamus-almatret-viatge-a-la-franja-de-ponent-1989-by-angel-jove-benet-rossell-and-carles-hac-mor\/","event_contact_email":"","event_apply_email":"","is_online_event":false,"is_art_nou_event":false,"is_bgw_event":false,"date_text":"","register_deadline":null,"altres_organitzadors":""},"abe_event_venue":"Museu T\u00e0pies","abe_event_category":"Screening","start":"2026-04-30 15:00:00","end":"2026-05-05 17:00:00","schedule":"once","schedule_meta":"","frequency":1,"all_day":0,"until":"2026-04-30 15:00:00","include":[],"exclude":[],"_links":{"self":[{"href":"https:\/\/graf.cat\/en\/wp-json\/wp\/v2\/events\/56797","targetHints":{"allow":["GET"]}}],"collection":[{"href":"https:\/\/graf.cat\/en\/wp-json\/wp\/v2\/events"}],"about":[{"href":"https:\/\/graf.cat\/en\/wp-json\/wp\/v2\/types\/event"}],"author":[{"embeddable":true,"href":"https:\/\/graf.cat\/en\/wp-json\/wp\/v2\/users\/8"}],"occurrences":[{"embeddable":true,"href":"https:\/\/graf.cat\/en\/wp-json\/wp\/v2\/events\/56797\/occurrences"}],"acf:term":[{"embeddable":true,"taxonomy":"event-category","href":"https:\/\/graf.cat\/en\/wp-json\/wp\/v2\/event-category\/219"}],"wp:featuredmedia":[{"embeddable":true,"href":"https:\/\/graf.cat\/en\/wp-json\/wp\/v2\/media\/56798"}],"wp:attachment":[{"href":"https:\/\/graf.cat\/en\/wp-json\/wp\/v2\/media?parent=56797"}],"wp:term":[{"taxonomy":"event-venue","embeddable":true,"href":"https:\/\/graf.cat\/en\/wp-json\/wp\/v2\/event-venues?post=56797"},{"taxonomy":"event-tag","embeddable":true,"href":"https:\/\/graf.cat\/en\/wp-json\/wp\/v2\/event-tags?post=56797"}],"curies":[{"name":"wp","href":"https:\/\/api.w.org\/{rel}","templated":true}]}}