{"id":56824,"guid":{"rendered":"https:\/\/graf.cat\/?post_type=event&#038;p=56824"},"modified":"2026-04-30T12:28:13","modified_gmt":"2026-04-30T10:28:13","slug":"nova-sessio-del-cicle-seguint-el-sol-amb-blanca-tolsa-i-albert-tarrats-microdesfase","status":"publish","type":"event","link":"https:\/\/graf.cat\/en\/events\/event\/nova-sessio-del-cicle-seguint-el-sol-amb-blanca-tolsa-i-albert-tarrats-microdesfase\/","title":{"rendered":"Nova sessi\u00f3 del cicle &#8220;Seguint el sol&#8221; amb Blanca Tols\u00e1 i Albert Tarrats: microdesfase"},"content":{"rendered":"","protected":false},"excerpt":{"rendered":"","protected":false},"author":8,"featured_media":56828,"template":"","meta":{"_acf_changed":false,"_monsterinsights_skip_tracking":false,"_monsterinsights_sitenote_active":false,"_monsterinsights_sitenote_note":"","_monsterinsights_sitenote_category":0},"event-venues":[734],"event-tags":[],"class_list":["post-56824","event","type-event","status-publish","has-post-thumbnail","hentry","event-venue-museu-tapies","event-category-altres"],"acf":{"title_ca":"Nova sessi\u00f3 del cicle \"Seguint el sol\" amb Blanca Tols\u00e1 i Albert Tarrats: microdesfase","title_es":"Blanca Tols\u00e1 y Albert Tarrats. microdesfase","title_en":"Blanca Tols\u00e1 & Albert Tarrats. microdesfase","desc_ca":"Amb\u00a0<em>microdesfase<\/em>, Blanca Tols\u00e0 i Albert Tarrats transformen l\u2019escalinata d\u2019acc\u00e9s a la terrassa del Museu T\u00e0pies en un organisme sonor i coreogr\u00e0fic. A trav\u00e9s del moviment, la veu i la seva modulaci\u00f3 en directe, activen un di\u00e0leg amb l\u2019ac\u00fastica reverberant de l\u2019espai i generen un paisatge calidosc\u00f2pic on cos, so i tecnologia s\u2019afecten m\u00fatuament.\r\n\r\nLa pe\u00e7a parteix d\u2019un to lleugerament inestable, una insist\u00e8ncia que obre pas a microdespla\u00e7aments i tensions harm\u00f2niques: tonalitats que emergeixen com un relleu org\u00e0nic, un miratge auditiu que desafia la percepci\u00f3 i convida a una certa forma d\u2019al\u00b7lucinaci\u00f3.\r\n\r\nEl so, injectat a l\u2019espai, retorna transformat: l\u2019arquitectura respira, respon de manera imprevisible i revifa la seva mem\u00f2ria. Deixa de ser un contenidor inert per convertir-se en un cos por\u00f3s i compartit. L\u2019activaci\u00f3 de l\u2019entorn \u2014que vol fer-se ress\u00f2 de la pr\u00e0ctica del mateix Antoni T\u00e0pies, que cercava real\u00e7ar la quotidianitat com a dimensi\u00f3 potencialment m\u00e0gica\u2014 posa en valor els gestos subtils, els microdespla\u00e7aments i els ecos que persisteixen quan el so principal s\u2019esvaeix.\r\n\r\nCom l\u2019artista, que mirava fixament un mur per assolir una forma d\u2019il\u00b7luminaci\u00f3 inspirant-se en la pr\u00e0ctica zen,\u00a0<em>microdesfase<\/em>\u00a0proposa una experi\u00e8ncia contemplativa en qu\u00e8 l\u2019escolta atenta revela la riquesa oculta d\u2019all\u00f2 que \u00e9s aparentment insignificant.\r\n\r\nSituada en un espai de pas, de cam\u00ed cap al\u00a0<em>Mitj\u00f3\u00a0<\/em>(l\u2019escultura de T\u00e0pies), la performance convida el p\u00fablic a habitar un territori d\u2019il\u00b7lusi\u00f3 auditiva i d\u2019alteraci\u00f3 sensorial. Aqu\u00ed, la visi\u00f3 es difumina i l\u2019escolta esdev\u00e9 el centre d\u2019una experi\u00e8ncia alhora col\u00b7lectiva i \u00edntima, en qu\u00e8 el so sembla provenir tant del cos com de l\u2019aire que l\u2019envolta i desdibuixa els l\u00edmits entre emissi\u00f3, eco i reflex.","desc_es":"Con microdesfase, Blanca Tols\u00e0 y Albert Tarrats transforman la escalinata de acceso a la terraza del Museo T\u00e0pies en un organismo sonoro y coreogr\u00e1fico. A trav\u00e9s del movimiento, la voz y su modulaci\u00f3n en directo, activan un di\u00e1logo con la ac\u00fastica reverberante del espacio y generan un paisaje caleidosc\u00f3pico donde cuerpo, sonido y tecnolog\u00eda se afectan mutuamente.\r\n\r\nLa pieza parte de un tono ligeramente inestable, una insistencia que da paso a microdesplazamientos y tensiones arm\u00f3nicas: tonalidades que emergen como un relieve org\u00e1nico, un espejismo auditivo que desaf\u00eda la percepci\u00f3n e invita a una cierta forma de alucinaci\u00f3n.\r\n\r\nEl sonido, inyectado en el espacio, retorna transformado: la arquitectura respira, responde de forma imprevisible y reaviva su memoria. Deja de ser un contenedor inerte para convertirse en un cuerpo poroso y compartido. La activaci\u00f3n del entorno \u2014que quiere hacerse eco de la pr\u00e1ctica del propio Antoni T\u00e0pies, quien buscaba realzar la cotidianidad como una dimensi\u00f3n potencialmente m\u00e1gica\u2014 pone en valor los gestos sutiles, los microdesplazamientos y los ecos que persisten cuando el sonido principal se desvanece.\r\n\r\nComo el artista, que miraba fijamente un muro para alcanzar una forma de iluminaci\u00f3n inspirada en la pr\u00e1ctica zen, microdesfase propone una experiencia contemplativa en la que la escucha atenta revela la riqueza oculta de lo aparentemente insignificante.\r\n\r\nSituada en un espacio de paso, de camino hacia la escultura de T\u00e0pies\u00a0<em>Mitj\u00f3<\/em>\u00a0(Calcet\u00edn), la performance invita al p\u00fablico a habitar un territorio de ilusi\u00f3n auditiva y alteraci\u00f3n sensorial. Aqu\u00ed, la visi\u00f3n se difumina y la escucha se convierte en el centro de una experiencia a la vez colectiva e \u00edntima, en la que el sonido parece provenir tanto del cuerpo como del aire que lo rodea y desdibuja los l\u00edmites entre emisi\u00f3n, eco y reflejo.\r\n\r\n&nbsp;","desc_en":"With\u00a0<em>microdesfase<\/em>\u00a0[micro-gap], Blanca Tols\u00e0 and Albert Tarrats transform the access stairway to the terrace of the Museu T\u00e0pies into a sonorous, choreographic organism. Through movement, voice and live modulation, they activate a dialogue with the reverberating acoustics of the space, creating a kaleidoscopic landscape where the body, sound and technology mutually alter each other.\r\n\r\nThe piece begins with a marginally unstable tone, insisting on it until it gives way to tiny shifts and harmonic tensions: tonalities that emerge like an organic relief, an auditory mirage that defies perceptions, encouraging a certain kind of hallucination.\r\n\r\nThe sound injected into the space returns transformed: the architecture breathes, responding in an unexpected way, enlivening its own memory. It is no longer an inert container, but converts itself into a shared, porous body. The activation of the surroundings\u2014seeking to refer to the practice of Antoni T\u00e0pies himself, reviving the everyday as a potentially magical dimension\u2014emphasises subtle gestures, miniscule shifts and the echoes that persist when the main sound fades.\r\n\r\nJust like T\u00e0pies, who gazed intently at a wall to achieve some degree of illumination inspired in Zen practice,\u00a0<em>microdesfase<\/em>\u00a0proposes a contemplative experience where careful listening reveals the concealed bounty of what apparently seem insignificant.\r\n\r\nLocated in a transition space, on the way to the T\u00e0pies\u2019\u00a0<em>Mitj\u00f3\u00a0<\/em>[Sock] sculpture, the performance calls on the public to inhabit a space of auditory illusion and sensorial alteration. In this case, vision is blurred and listening becomes the focal point of an experience that is at once collective and intimate, where sound seems to arise both out of the body and out of the air surrounding it, erasing the boundaries between emission, echo and reflex.","event_category":191,"event_show_only_own_date":true,"_event_confirmed":true,"_event_public":true,"_event_free":false,"_event_price-min":5,"_event_price-max":"","_event_web_ca":"https:\/\/museutapies.org\/event\/blanca-tolsa-i-albert-tarrats-microdesfase\/","_event_web_es":"https:\/\/museutapies.org\/es\/event\/blanca-tolsa-y-albert-tarrats-microdesfase\/","_event_web_en":"https:\/\/museutapies.org\/en\/event\/blanca-tolsa-and-albert-tarrats-microdesfase\/","event_contact_email":"","event_apply_email":"","is_online_event":false,"is_art_nou_event":false,"is_bgw_event":false,"date_text":"","register_deadline":null,"altres_organitzadors":""},"abe_event_venue":"Museu T\u00e0pies","abe_event_category":"Altres","start":"2026-05-16 12:00:00","end":"2026-05-16 14:00:00","schedule":"once","schedule_meta":"","frequency":1,"all_day":0,"until":"2026-05-16 12:00:00","include":[],"exclude":[],"_links":{"self":[{"href":"https:\/\/graf.cat\/en\/wp-json\/wp\/v2\/events\/56824","targetHints":{"allow":["GET"]}}],"collection":[{"href":"https:\/\/graf.cat\/en\/wp-json\/wp\/v2\/events"}],"about":[{"href":"https:\/\/graf.cat\/en\/wp-json\/wp\/v2\/types\/event"}],"author":[{"embeddable":true,"href":"https:\/\/graf.cat\/en\/wp-json\/wp\/v2\/users\/8"}],"occurrences":[{"embeddable":true,"href":"https:\/\/graf.cat\/en\/wp-json\/wp\/v2\/events\/56824\/occurrences"}],"acf:term":[{"embeddable":true,"taxonomy":"event-category","href":"https:\/\/graf.cat\/en\/wp-json\/wp\/v2\/event-category\/191"}],"wp:featuredmedia":[{"embeddable":true,"href":"https:\/\/graf.cat\/en\/wp-json\/wp\/v2\/media\/56828"}],"wp:attachment":[{"href":"https:\/\/graf.cat\/en\/wp-json\/wp\/v2\/media?parent=56824"}],"wp:term":[{"taxonomy":"event-venue","embeddable":true,"href":"https:\/\/graf.cat\/en\/wp-json\/wp\/v2\/event-venues?post=56824"},{"taxonomy":"event-tag","embeddable":true,"href":"https:\/\/graf.cat\/en\/wp-json\/wp\/v2\/event-tags?post=56824"}],"curies":[{"name":"wp","href":"https:\/\/api.w.org\/{rel}","templated":true}]}}