{"id":59609,"guid":{"rendered":"https:\/\/graf.cat\/?post_type=event&#038;p=59609"},"modified":"2026-09-01T11:52:30","modified_gmt":"2026-09-01T09:52:30","slug":"taula-rodona-portes-endins-els-arxius-dels-altres-amb-felix-perez-hita-jordi-baron-i-natasha-christia","status":"publish","type":"event","link":"https:\/\/graf.cat\/en\/events\/event\/taula-rodona-portes-endins-els-arxius-dels-altres-amb-felix-perez-hita-jordi-baron-i-natasha-christia\/","title":{"rendered":"Taula rodona &#8220;Portes endins, els arxius dels altres&#8221; amb F\u00e8lix P\u00e9rez-Hita, Jordi Baron i Natasha Christia"},"content":{"rendered":"","protected":false},"excerpt":{"rendered":"","protected":false},"author":205,"featured_media":59606,"template":"","meta":{"_acf_changed":false,"_monsterinsights_skip_tracking":false},"event-venues":[898],"event-tags":[],"class_list":["post-59609","event","type-event","status-publish","has-post-thumbnail","hentry","event-venue-museu-palau-solterra","event-category-xerrada"],"acf":{"title_ca":"Taula rodona 'Portes endins, els arxius dels altres' amb F\u00e8lix P\u00e9rez-Hita, Jordi Baron i Natasha Christia","title_es":"Mesa redonda 'Puertas adentro, los archivos ajenos' con F\u00e8lix P\u00e9rez-Hita, Jordi Baron y Natasha Christia","title_en":"Roundtable discussion 'Behind closed doors' with F\u00e8lix P\u00e9rez-Hita, Jordi Baron and Natasha Christia","desc_ca":"A partir de l\u2019exposici\u00f3 de la col\u00b7lecci\u00f3 de fotografia de Jordi Baron 'Portes endins, els arxius dels altres' sorgeixen preguntes a respondre que connecten amb la pr\u00e0ctica fotogr\u00e0fica i amb el fet de col\u00b7leccionar. Quin inter\u00e8s tenen les fotografies familiars, m\u00e9s enll\u00e0 de ser receptacles de mem\u00f2ries \u00edntimes i relats de la vida di\u00e0ria? Tenim dret a apropiar-nos d\u2019arxius aliens, d\u2019imatges que no s\u00f3n nostres? Salvant els \u00e0lbums i troballes en paper, quin \u00e9s el futur de la mem\u00f2ria i de la fotografia familiar?\r\n\r\nAmb la participaci\u00f3 de\u00a0<strong>F\u00e8lix P\u00e9rez-Hita<\/strong>, comissari de l\u2019exposici\u00f3;\u00a0<strong>Jordi Baron<\/strong>, col\u00b7leccionista; i\u00a0<strong>Natasha Christia<\/strong>, curadora.","desc_es":"A partir de la exposici\u00f3n de la colecci\u00f3n de fotograf\u00eda de Jordi Baron 'Puertas adentro, los archivos ajenos' surgen preguntas a responder que conectan con la pr\u00e1ctica fotogr\u00e1fica y con el hecho de coleccionar. \u00bfQu\u00e9 inter\u00e9s tienen las fotograf\u00edas familiares, m\u00e1s all\u00e1 de ser recept\u00e1culos de memorias \u00edntimas y relatos de la vida diaria? \u00bfTenemos derecho a apropiarnos de archivos ajenos, de im\u00e1genes que no son nuestras? Salvo los \u00e1lbumes y hallazgos en papel, \u00bfcu\u00e1l es el futuro de la memoria y de la fotograf\u00eda familiar?\r\n\r\nCon la participaci\u00f3n de\u00a0<strong>F\u00e8lix P\u00e9rez-Hita<\/strong>, comisario de la exposici\u00f3n;\u00a0<strong>Jordi\u00a0Baron<\/strong>, coleccionista; y\u00a0<strong>Natasha Christia<\/strong>, curadora.","desc_en":"The exhibition of Jordi Baron\u2019s photography collection 'Behind closed doors, other people's archive' raises questions that connect to the practice of photography and the act of collecting. What significance do family photographs hold, beyond serving as repositories of intimate memories and stories of daily life? Do we have the right to appropriate others\u2019 archives\u2014images that do not belong to us? Aside from albums and found paper photographs, what is the future of memory and family photography?\r\n\r\nFeaturing\u00a0<strong>F\u00e8lix P\u00e9rez-Hita<\/strong>, exhibition curator;\u00a0<strong>Jordi Baron<\/strong>, collector; and\u00a0<strong>Natasha Christia<\/strong>, curator.","event_category":305,"event_show_only_own_date":true,"_event_confirmed":true,"_event_public":true,"_event_free":true,"_event_price-min":"","_event_price-max":"","_event_web_ca":"https:\/\/www.fundaciovilacasas.com\/ca\/a\/taula-rodona-amb-felix-perez-hita-jordi-baron-i-natasha-christia","_event_web_es":"https:\/\/fundaciovilacasas.com\/es\/a\/mesa-redonda-con-felix-perez-hita-jordi-baron-y-natasha-christia","_event_web_en":"https:\/\/fundaciovilacasas.com\/en\/a\/roundtable-discussion-with-felix-perez-hita-jordi-baron-and-natasha-christia","event_contact_email":"","event_apply_email":"","is_online_event":false,"is_art_nou_event":false,"is_bgw_event":false,"date_text":"","register_deadline":null,"altres_organitzadors":""},"abe_event_venue":"Museu Palau Solterra","abe_event_category":"Xerrada","start":"2026-09-19 18:00:00","end":"2026-09-19 19:00:00","schedule":"once","schedule_meta":"","frequency":1,"all_day":0,"until":"2026-09-19 18:00:00","include":[],"exclude":[],"_links":{"self":[{"href":"https:\/\/graf.cat\/en\/wp-json\/wp\/v2\/events\/59609","targetHints":{"allow":["GET"]}}],"collection":[{"href":"https:\/\/graf.cat\/en\/wp-json\/wp\/v2\/events"}],"about":[{"href":"https:\/\/graf.cat\/en\/wp-json\/wp\/v2\/types\/event"}],"author":[{"embeddable":true,"href":"https:\/\/graf.cat\/en\/wp-json\/wp\/v2\/users\/205"}],"occurrences":[{"embeddable":true,"href":"https:\/\/graf.cat\/en\/wp-json\/wp\/v2\/events\/59609\/occurrences"}],"acf:term":[{"embeddable":true,"taxonomy":"event-category","href":"https:\/\/graf.cat\/en\/wp-json\/wp\/v2\/event-category\/305"}],"wp:featuredmedia":[{"embeddable":true,"href":"https:\/\/graf.cat\/en\/wp-json\/wp\/v2\/media\/59606"}],"wp:attachment":[{"href":"https:\/\/graf.cat\/en\/wp-json\/wp\/v2\/media?parent=59609"}],"wp:term":[{"taxonomy":"event-venue","embeddable":true,"href":"https:\/\/graf.cat\/en\/wp-json\/wp\/v2\/event-venues?post=59609"},{"taxonomy":"event-tag","embeddable":true,"href":"https:\/\/graf.cat\/en\/wp-json\/wp\/v2\/event-tags?post=59609"}],"curies":[{"name":"wp","href":"https:\/\/api.w.org\/{rel}","templated":true}]}}