{"id":59617,"guid":{"rendered":"https:\/\/graf.cat\/?post_type=event&#038;p=59617"},"modified":"2026-09-02T11:28:49","modified_gmt":"2026-09-02T09:28:49","slug":"video-t-convocatoria-de-recerca-2026","status":"publish","type":"event","link":"https:\/\/graf.cat\/en\/events\/event\/video-t-convocatoria-de-recerca-2026\/","title":{"rendered":"Video-t | Convocat\u00f2ria de recerca 2026"},"content":{"rendered":"","protected":false},"excerpt":{"rendered":"","protected":false},"author":30,"featured_media":59614,"template":"","meta":{"_acf_changed":false,"_monsterinsights_skip_tracking":false},"event-venues":[],"event-tags":[],"class_list":["post-59617","event","type-event","status-publish","has-post-thumbnail","hentry","event-category-convocatories"],"acf":{"title_ca":"Video-t | Convocat\u00f2ria de recerca 2026","title_es":"Video-t | Convocatoria de investigaci\u00f3n 2026","title_en":"Video-t | Research Call for Applications 2026","desc_ca":"<b>Termini d'inscripci\u00f3: 14\u00a0de setembre \u2013 12\u00a0d'octubre\u00a02026<\/b>\r\n\r\nLa plataforma audiovisual experimental Hamaca llan\u00e7a la quarta\u00a0<strong>convocat\u00f2ria V\u00eddeo-t<\/strong>, destinada a la <strong>recerca entorn de l'imatge i el v\u00eddeo experimental<\/strong> sense restricci\u00f3 quant a la tipologia de les propostes.\r\n\r\nLa convocat\u00f2ria t\u00e9 com a objectiu finan\u00e7ar <strong>1 projecte de recerca i escriptura experimental<\/strong> que atengui, des d'una perspectiva cr\u00edtica i\/o te\u00f2rica, a processos situats en l'\u00e0mbit en qu\u00e8 Hamaca opera. El projecte, de car\u00e0cter reflexiu i propositiu, haur\u00e0 de pensar el present i futur de l'audiovisual experimental des de la cr\u00edtica, l'especulaci\u00f3, l'an\u00e0lisi de cas, la tecnologia o la historiografia. La recerca haur\u00e0 de <strong>donar resultat a un text<\/strong>. La participaci\u00f3 est\u00e0 <strong>oberta a professionals del sector<\/strong> (realitzadors\/as, acad\u00e8mics\/as i te\u00f2rics\/as, comissaris\/as i programadors\/as, estudiants i t\u00e8cnics\/as entre altres), individuals o col\u00b7lectius, activis en l'estat espanyol, amb un projecte de major escala en marxa o interesadis a obrir noves l\u00ednies de recerca. Els projectes hauran de ser originals. Es prioritzaran aquelles idees que nodreixin el pensament sobre el v\u00eddeo experimental per a enfortir la teoria i divulgaci\u00f3 del mitj\u00e0.\r\n\r\nEl projecte seleccionat en aquesta convocat\u00f2ria rebr\u00e0 una <strong>dotaci\u00f3 econ\u00f2mica de 1500 euros<\/strong>. Aquesta quantitat est\u00e0 subjecta a la retenci\u00f3 que estipula la legislaci\u00f3 vigent, que ser\u00e0 retreta d'aquesta dotaci\u00f3 econ\u00f2mica, i ser\u00e0 abonada per HAMACA una vegada formalitzat el comprom\u00eds d'acceptaci\u00f3.\r\n\r\nBases: https:\/\/hamacaonline.net\/projects\/video-t-convocatoria-de-recerca-2026\/","desc_es":"<b>Plazo de inscripci\u00f3n: 14\u00a0de septiembre \u2013 12\u00a0de octubre 2026<\/b>\r\n\r\nLa plataforma audiovisual experimental Hamaca lanza la cuarta\u00a0<strong>convocatoria Video-t,<\/strong> destinada a la <strong>investigaci\u00f3n en torno a la imagen y el v\u00eddeo experimental<\/strong> sin restricci\u00f3n en cuanto a la tipolog\u00eda de las propuestas.\r\n\r\nLa convocatoria tiene como objetivo financiar <strong>1 proyecto de investigaci\u00f3n y escritura experimental<\/strong> que atienda, desde una perspectiva cr\u00edtica y\/o te\u00f3rica, a procesos situados en el \u00e1mbito en que Hamaca opera. El proyecto, de car\u00e1cter reflexivo y propositivo, deber\u00e1 pensar el presente y futuro del audiovisual experimental desde la cr\u00edtica, la especulaci\u00f3n, el an\u00e1lisis de caso, la tecnolog\u00eda o la historiograf\u00eda. La investigaci\u00f3n deber\u00e1 <strong>dar resultado a un texto<\/strong>. La participaci\u00f3n est\u00e1 <strong>abierta a profesionales del sector<\/strong> (realizadores\/as, acad\u00e9micos\/as y te\u00f3ricos\/as, comisarios\/as y programadores\/as, estudiantes y t\u00e9cnicos\/as entre otros), individuales o colectivos, actives en el estado espa\u00f1ol, con un proyecto de mayor escala en marcha o interesades en abrir nuevas l\u00edneas de investigaci\u00f3n. Los proyectos deber\u00e1n ser originales. Se priorizar\u00e1n aquellas ideas que nutran el pensamiento acerca del v\u00eddeo experimental para fortalecer la teor\u00eda y divulgaci\u00f3n del medio.\r\n\r\nEl proyecto seleccionado en esta convocatoria recibir\u00e1 una <strong>dotaci\u00f3n econ\u00f3mica de 1500 euros<\/strong>. Esta cantidad est\u00e1 sujeta a la retenci\u00f3n que estipula la legislaci\u00f3n vigente, que ser\u00e1 retra\u00edda de dicha dotaci\u00f3n econ\u00f3mica, y ser\u00e1 abonada por HAMACA una vez formalizado el compromiso de aceptaci\u00f3n mediante factura.\r\n\r\nBases: https:\/\/hamacaonline.net\/projects\/video-t-convocatoria-de-recerca-2026\/","desc_en":"<b>Registration period: September 14 \u2013 October 12\u00a02026<\/b>\r\n\r\nThe experimental audiovisual platform HAMACA is launching the fourth<strong>\u00a0Video-t call for proposals,<\/strong>\u00a0aimed at\u00a0<strong>research into the image and experimental video<\/strong>, with no restrictions on the type of proposals.\r\n\r\nThe call aims to fund\u00a0<strong>1 experimental research and writing project\u00a0<\/strong>that addresses from a critical and\/or theoretical perspective, processes within the field in which HAMACA operates. The project, which should be reflective and proactive in nature, must explore the present and future of experimental audiovisual art through criticism, speculation, case studies, technology, or historiography.\u00a0The research\u00a0<strong>must result in a written text<\/strong>. Participation\u00a0<strong>is open to professionals in the sector\u00a0<\/strong>(filmmakers, academics and theorists, curators and programmers, students, technicians, among others), whether individuals or collectives\u00a0who are active in Spain, have a larger-scale project underway, or are interested in exploring new lines of research. Projects must be original. Priority will be given to ideas that contribute to the discourse on experimental video in order to strengthen the theory and dissemination of the medium.\r\n\r\nThe project selected in this call for proposals will receive a <strong>grant of 1500 euros<\/strong>. This amount is subject to the withholding tax stipulated by current legislation, which will be deducted from the grant and paid by HAMACA once the acceptance agreement has been formalized via invoice.\r\n\r\nall info: https:\/\/hamacaonline.net\/projects\/video-t-convocatoria-de-recerca-2026\/","event_category":77,"event_show_only_own_date":true,"_event_confirmed":true,"_event_public":true,"_event_free":true,"_event_price-min":"","_event_price-max":"","_event_web_ca":"https:\/\/hamacaonline.net\/projects\/video-t-convocatoria-de-recerca-2026\/","_event_web_es":"https:\/\/hamacaonline.net\/projects\/video-t-convocatoria-de-recerca-2026\/","_event_web_en":"https:\/\/hamacaonline.net\/projects\/video-t-convocatoria-de-recerca-2026\/","event_contact_email":"info@hamacaonline.net","event_apply_email":"https:\/\/hamacaonline.net\/projects\/video-t-convocatoria-de-recerca-2026\/","is_online_event":false,"is_art_nou_event":false,"is_bgw_event":false,"date_text":"","register_deadline":null,"altres_organitzadors":""},"abe_event_venue":null,"abe_event_category":"Convocat\u00f2ries","start":"2026-09-14 00:05:00","end":"2026-10-12 23:55:00","schedule":"once","schedule_meta":"","frequency":1,"all_day":0,"until":"2026-09-14 00:05:00","include":[],"exclude":[],"_links":{"self":[{"href":"https:\/\/graf.cat\/en\/wp-json\/wp\/v2\/events\/59617","targetHints":{"allow":["GET"]}}],"collection":[{"href":"https:\/\/graf.cat\/en\/wp-json\/wp\/v2\/events"}],"about":[{"href":"https:\/\/graf.cat\/en\/wp-json\/wp\/v2\/types\/event"}],"author":[{"embeddable":true,"href":"https:\/\/graf.cat\/en\/wp-json\/wp\/v2\/users\/30"}],"occurrences":[{"embeddable":true,"href":"https:\/\/graf.cat\/en\/wp-json\/wp\/v2\/events\/59617\/occurrences"}],"acf:term":[{"embeddable":true,"taxonomy":"event-category","href":"https:\/\/graf.cat\/en\/wp-json\/wp\/v2\/event-category\/77"}],"wp:featuredmedia":[{"embeddable":true,"href":"https:\/\/graf.cat\/en\/wp-json\/wp\/v2\/media\/59614"}],"wp:attachment":[{"href":"https:\/\/graf.cat\/en\/wp-json\/wp\/v2\/media?parent=59617"}],"wp:term":[{"taxonomy":"event-venue","embeddable":true,"href":"https:\/\/graf.cat\/en\/wp-json\/wp\/v2\/event-venues?post=59617"},{"taxonomy":"event-tag","embeddable":true,"href":"https:\/\/graf.cat\/en\/wp-json\/wp\/v2\/event-tags?post=59617"}],"curies":[{"name":"wp","href":"https:\/\/api.w.org\/{rel}","templated":true}]}}