{"id":59652,"guid":{"rendered":"https:\/\/graf.cat\/?post_type=event&#038;p=59652"},"modified":"2026-09-04T11:12:32","modified_gmt":"2026-09-04T09:12:32","slug":"presentacio-del-cataleg-angel-jove-de-intactu","status":"publish","type":"event","link":"https:\/\/graf.cat\/en\/events\/event\/presentacio-del-cataleg-angel-jove-de-intactu\/","title":{"rendered":"Presentaci\u00f3 del cat\u00e0leg \u00c0ngel Jov\u00e9. De intactu"},"content":{"rendered":"","protected":false},"excerpt":{"rendered":"","protected":false},"author":8,"featured_media":59653,"template":"","meta":{"_acf_changed":false,"_monsterinsights_skip_tracking":false},"event-venues":[734],"event-tags":[],"class_list":["post-59652","event","type-event","status-publish","has-post-thumbnail","hentry","event-venue-museu-tapies","event-category-presentacio"],"acf":{"title_ca":"Presentaci\u00f3 del cat\u00e0leg \u00c0ngel Jov\u00e9. De intactu","title_es":"Presentaci\u00f3n del cat\u00e1logo \u00c0ngel Jov\u00e9. De intactu","title_en":"Presentation of the catalogue \u00c0ngel Jov\u00e9. De Intactu","desc_ca":"La presentaci\u00f3 del cat\u00e0leg d\u2019<em>\u00c0ngel Jov\u00e9. De intactu<\/em>\u00a0tanca la programaci\u00f3 p\u00fablica que el Museu T\u00e0pies ha organitzat en el marc de l\u2019exposici\u00f3 temporal, un programa que ha estat marcat per la polifonia, el di\u00e0leg entre disciplines i la voluntat d\u2019obrir noves vies d\u2019aproximaci\u00f3 a l\u2019hora d\u2019abordar la figura d\u2019un creador amb una producci\u00f3 de molts registres.\r\n\r\nM\u00e9s que un registre de l\u2019exposici\u00f3, aquest cat\u00e0leg amplia i desplega l\u2019univers d\u2019\u00c0ngel Jov\u00e9 des d\u2019una pluralitat de perspectives. Aix\u00ed doncs, la publicaci\u00f3 reuneix les aportacions de veus de refer\u00e8ncia dels \u00e0mbits de l\u2019art, la literatura i el pensament, configurant una lectura poli\u00e8drica que dialoga amb la complexitat de la seva obra.\r\n\r\nEls textos d\u2019Enrique Vila-Matas, Hans Ulrich Obrist, Xavier Antich, Jos\u00e9 Luis Coraz\u00f3n, Jes\u00fas Mart\u00ednez Clar\u00e0 i Maria Josep Balsach ofereixen aproximacions complement\u00e0ries a la traject\u00f2ria de Jov\u00e9: des de la dimensi\u00f3 m\u00e9s \u00edntima i liter\u00e0ria fins a la projecci\u00f3 internacional de la seva pr\u00e0ctica; des de la revisi\u00f3 hist\u00f2rica del context art\u00edstic catal\u00e0 dels anys setanta i vuitanta fins a les lectures filos\u00f2fiques, est\u00e8tiques i po\u00e8tiques que travessen conceptes recurrents en la seva obra, com la il\u00b7luminaci\u00f3, el trauma, el crit o l\u2019horitz\u00f3.\r\n\r\nAquesta trobada ser\u00e0 una oportunitat per compartir les claus d\u2019una publicaci\u00f3 que prolonga la recerca iniciada per l\u2019exposici\u00f3 i que contribueix a situar l\u2019obra d\u2019\u00c0ngel Jov\u00e9 des de nous marcs d\u2019interpretaci\u00f3, fent del cat\u00e0leg una obra col\u00b7lectiva que, fidel a l\u2019esperit d\u2019<em>\u00c0ngel Jov\u00e9. De intactu<\/em>, continua obrint preguntes i generant di\u00e0leg.\r\n\r\nL\u2019acte comptar\u00e0 amb la participaci\u00f3 d\u2019Imma Prieto, directora del Museu T\u00e0pies; Maria Josep Balsach, comiss\u00e0ria de l\u2019exposici\u00f3\u00a0<em>\u00c0ngel Jov\u00e9. De intactu<\/em>; i Enrique Vila-Matas, una de les veus que queden recollides en el cat\u00e0leg. Com a colof\u00f3 de l\u2019acte, i de la programaci\u00f3 p\u00fablica vinculada a la mostra, la poeta, narradora i cr\u00edtica liter\u00e0ria Susanna Rafart oferir\u00e0 una lectura de poemes concebuda com una activaci\u00f3 de la constel\u00b7laci\u00f3 po\u00e8tica d\u2019\u00c0ngel Jov\u00e9.","desc_es":"La presentaci\u00f3n del cat\u00e1logo de\u00a0<i>\u00c1ngel Jov\u00e9. De intactu<\/i>\u00a0cierra la programaci\u00f3n p\u00fablica que el Museu T\u00e0pies ha organizado en el marco de la exposici\u00f3n temporal, un programa que ha estado marcado por la polifon\u00eda, el di\u00e1logo entre disciplinas y la voluntad de abrir nuevas v\u00edas de aproximaci\u00f3n a la hora de abordar la figura de un creador con una producci\u00f3n de muchos registros.\r\n\r\nM\u00e1s que un registro de la exposici\u00f3n, este cat\u00e1logo ampl\u00eda y despliega el universo de \u00c0ngel Jov\u00e9 desde una pluralidad de perspectivas. As\u00ed pues, la publicaci\u00f3n re\u00fane las aportaciones de voces de referencia de los \u00e1mbitos del arte, la literatura y el pensamiento, configurando una lectura poli\u00e9drica que dialoga con la complejidad de su obra.\r\n\r\nLos textos de Enrique Vila-Matas, Hans Ulrich Obrist, Javier Antich, Jos\u00e9 Luis Coraz\u00f3n, Jes\u00fas Mart\u00ednez Clar\u00e0 y Maria Josep Balsach ofrecen aproximaciones complementarias a la trayectoria de Jov\u00e9: desde la dimensi\u00f3n m\u00e1s \u00edntima y literaria hasta la proyecci\u00f3n internacional de su pr\u00e1ctica; desde la revisi\u00f3n hist\u00f3rica del contexto art\u00edstico catal\u00e1n de los a\u00f1os setenta y ochenta hasta las lecturas filos\u00f3ficas, est\u00e9ticas y po\u00e9ticas que atraviesan conceptos recurrentes en su obra, como la iluminaci\u00f3n, el trauma, el grito o el horizonte.\r\n\r\nEste encuentro ser\u00e1 una oportunidad para compartir las claves de una publicaci\u00f3n que prolonga la investigaci\u00f3n iniciada por la exposici\u00f3n y que contribuye a situar la obra de \u00c0ngel Jov\u00e9 desde nuevos marcos de interpretaci\u00f3n, haciendo del cat\u00e1logo una obra colectiva que, fiel al esp\u00edritu de\u00a0<i>\u00c1ngel Jov\u00e9. De intactu<\/i>, sigue abriendo preguntas y generando di\u00e1logo.\r\n\r\nEl acto contar\u00e1 con la participaci\u00f3n de Imma Prieto, directora del Museu T\u00e0pies; Maria Josep Balsach, comisaria de la exposici\u00f3n\u00a0<i>\u00c1ngel Jov\u00e9. De intactu<\/i>; y Enrique Vila-Matas, una de las voces que quedan recogidas en el cat\u00e1logo. Como colof\u00f3n del acto, y de la programaci\u00f3n p\u00fablica vinculada a la muestra, la poeta, narradora y cr\u00edtica literaria Susanna Rafart ofrecer\u00e1 una lectura de poemas concebida como una activaci\u00f3n de la constelaci\u00f3n po\u00e9tica de \u00c0ngel Jov\u00e9.","desc_en":"The presentation of the catalogue of\u00a0<em>\u00c0<\/em><i>ngel Jov\u00e9. De Intactu\u00a0<\/i>concludes the public program that the Museu T\u00e0pies has organized within the framework of the temporary exhibition, a program that has been marked by polyphony, dialogue between disciplines and the desire to open new ways of approaching the figure of a creator with a production of many registers.\r\n\r\nMore than a record of the exhibition, this catalogue expands and unfolds the universe of \u00c0ngel Jov\u00e9 from a plurality of perspectives. Thus, the publication brings together contributions from leading voices in the fields of art, literature, and thought, creating a multifaceted reading that engages with the complexity of his work.\r\n\r\nThe texts by Enrique Vila-Matas, Hans Ulrich Obrist, Javier Antich, Jos\u00e9 Luis Coraz\u00f3n, Jes\u00fas Mart\u00ednez Clar\u00e0, and Maria Josep Balsach offer complementary approaches to Jov\u00e9\u2019s trajectory: from the most intimate and literary dimension to the international reach of his practice; from a historical review of the Catalan artistic context of the 1970s and 80s to the philosophical, aesthetic, and poetic readings that explore recurring concepts in his work, such as illumination, trauma, the scream, and the horizon.\r\n\r\nThis meeting will be an opportunity to share the key aspects of a publication that extends the research begun by the exhibition and contributes to situating \u00c0ngel Jov\u00e9\u2019s work from new interpretive frameworks, making the catalogue a collective work that, true to the spirit of<i>\u00a0<em>\u00c0<\/em>ngel Jov\u00e9. De Intactu\u00a0<\/i>continues to raise questions and generate dialogue.\r\n\r\nThe event will feature the participation of Imma Prieto, director of the T\u00e0pies Museum; Maria Josep Balsach, curator of the exhibition<i><em>\u00c0<\/em>ngel Jov\u00e9. De Intactu\u00a0<\/i>and Enrique Vila-Matas, one of the voices included in the catalogue. As the culmination of the event, and of the public program linked to the exhibition, the poet, narrator, and literary critic Susanna Rafart will offer a reading of poems conceived as an activation of \u00c0ngel Jov\u00e9\u2019s poetic constellation.","event_category":204,"event_show_only_own_date":true,"_event_confirmed":true,"_event_public":true,"_event_free":false,"_event_price-min":"","_event_price-max":"","_event_web_ca":"https:\/\/museutapies.org\/event\/presentacio-del-cataleg-angel-jove-de-intactu\/","_event_web_es":"https:\/\/museutapies.org\/es\/event\/presentacion-del-catalogo-angel-jove-de-intactu\/","_event_web_en":"https:\/\/museutapies.org\/en\/event\/presentation-of-the-catalogue-angel-jove-de-intactu\/","event_contact_email":"","event_apply_email":"","is_online_event":false,"is_art_nou_event":false,"is_bgw_event":false,"date_text":"","register_deadline":null,"altres_organitzadors":""},"abe_event_venue":"Museu T\u00e0pies","abe_event_category":"Presentaci\u00f3","start":"2026-09-17 18:30:00","end":"2026-09-17 20:00:00","schedule":"once","schedule_meta":"","frequency":1,"all_day":0,"until":"2026-09-17 18:30:00","include":[],"exclude":[],"_links":{"self":[{"href":"https:\/\/graf.cat\/en\/wp-json\/wp\/v2\/events\/59652","targetHints":{"allow":["GET"]}}],"collection":[{"href":"https:\/\/graf.cat\/en\/wp-json\/wp\/v2\/events"}],"about":[{"href":"https:\/\/graf.cat\/en\/wp-json\/wp\/v2\/types\/event"}],"author":[{"embeddable":true,"href":"https:\/\/graf.cat\/en\/wp-json\/wp\/v2\/users\/8"}],"occurrences":[{"embeddable":true,"href":"https:\/\/graf.cat\/en\/wp-json\/wp\/v2\/events\/59652\/occurrences"}],"acf:term":[{"embeddable":true,"taxonomy":"event-category","href":"https:\/\/graf.cat\/en\/wp-json\/wp\/v2\/event-category\/204"}],"wp:featuredmedia":[{"embeddable":true,"href":"https:\/\/graf.cat\/en\/wp-json\/wp\/v2\/media\/59653"}],"wp:attachment":[{"href":"https:\/\/graf.cat\/en\/wp-json\/wp\/v2\/media?parent=59652"}],"wp:term":[{"taxonomy":"event-venue","embeddable":true,"href":"https:\/\/graf.cat\/en\/wp-json\/wp\/v2\/event-venues?post=59652"},{"taxonomy":"event-tag","embeddable":true,"href":"https:\/\/graf.cat\/en\/wp-json\/wp\/v2\/event-tags?post=59652"}],"curies":[{"name":"wp","href":"https:\/\/api.w.org\/{rel}","templated":true}]}}