{"id":32816,"guid":{"rendered":"https:\/\/graf.cat\/?post_type=event&#038;p=32816"},"modified":"2023-09-08T10:44:52","modified_gmt":"2023-09-08T08:44:52","slug":"ccc71-adaline-anobile-carolina-campos-itxaso-corral","status":"publish","type":"event","link":"https:\/\/graf.cat\/es\/events\/event\/ccc71-adaline-anobile-carolina-campos-itxaso-corral\/","title":{"rendered":"CCC#71. Adaline Anobile, Carolina Campos, Itxaso Corral"},"content":{"rendered":"","protected":false},"excerpt":{"rendered":"","protected":false},"author":70,"featured_media":32817,"template":"","meta":{"_acf_changed":false,"_monsterinsights_skip_tracking":false},"event-venues":[444],"event-tags":[],"class_list":["post-32816","event","type-event","status-publish","has-post-thumbnail","hentry","event-venue-la-caldera","event-category-arts-in-viu"],"acf":{"title_ca":"CCC#71. Adaline Anobile, Carolina Campos, Itxaso Corral","title_es":"CCC#71. Adaline Anobile, Carolina Campos, Itxaso Corral","title_en":"CCC#71. Adaline Anobile, Carolina Campos, Itxaso Corral","desc_ca":"Els estats alterats d'atenci\u00f3, com ara els estats de somni i els estats hipn\u00f2tics, ofereixen una comprensi\u00f3 diferent i\u00a0m\u00e9s \u00e0mplia de la visi\u00f3: difuminant o distorsionant els l\u00edmits del temps, els cossos, els pensaments, els records, els espais, les sensacions i les imatges; els somnis i les anomenades al\u00b7lucinacions participen d'una experi\u00e8ncia perceptiva que fa explotar les normes a les quals estem acostumats. Aquestes\u00a0experi\u00e8ncies pertorben les jerarquies de la perspectiva i la seva domesticaci\u00f3 de la mirada, i permeten\u00a0experi\u00e8ncies de visi\u00f3 m\u00e9s poroses i plurals.\u00a0<em>Mountains grow unnoticed<\/em>\u00a0(les muntanyes creixen desapercebudes) \u00e9s una performance que q\u00fcestiona com succeeixen les visions enmig de les coses. En el proc\u00e9s de treball mirarem\u00a0com els nostres ritmes d'atenci\u00f3 afecten la visi\u00f3. Considerarem veure com una q\u00fcesti\u00f3 de temps.\r\n\r\nEl ritme pot donar acc\u00e9s a altres maneres de veure i relacionar-se amb all\u00f2 que veiem?\r\n\r\n<em>Aquesta activitat \u00e9s fa seguida de la Confer\u00e8ncia <\/em><strong>Lo que nos mueve. La danza y sus incidencias sensibles\u00a0<\/strong><em>d'Andrea Soto Calder\u00f3n<\/em>","desc_es":"Los estados alterados de atenci\u00f3n, como los estados de ensue\u00f1o y los estados hipn\u00f3ticos, ofrecen una comprensi\u00f3n diferente y m\u00e1s amplia de la visi\u00f3n: difuminando o distorsionando los l\u00edmites del tiempo, los cuerpos, los pensamientos, los recuerdos, los espacios, las sensaciones y las im\u00e1genes; los sue\u00f1os y las llamadas alucinaciones participan de una experiencia perceptiva que hace explotar las normas a las que estamos acostumbradas. Estas experiencias perturban las jerarqu\u00edas de la perspectiva y su domesticaci\u00f3n de la mirada, y permiten experiencias de visi\u00f3n m\u00e1s porosas y plurales. <em>Mountains grow unnoticed<\/em> (las monta\u00f1as crecen desapercibidas) es una performance que cuestiona c\u00f3mo suceden las visiones en medio de las cosas. En el proceso de trabajo miraremos c\u00f3mo nuestros ritmos de atenci\u00f3n afectan a la visi\u00f3n. Consideraremos ver como una cuesti\u00f3n de tiempo.\r\n\r\n\u00bfEl ritmo puede dar acceso a otras formas de ver y relacionarse con lo que vemos?\r\n\r\n<em>Esta actividad se hace seguida de la Conferencia <\/em><strong>Lo que nos mueve. La danza y sus incidencias sensibles<\/strong><em> de Andrea Soto Calder\u00f3n<\/em>","desc_en":"This content is not available in English.\r\nYou can consult it in Catalan or Spanish.","event_category":440,"event_show_only_own_date":true,"_event_confirmed":true,"_event_public":true,"_event_free":true,"_event_price-min":"","_event_price-max":"","_event_web_ca":"https:\/\/www.lacaldera.info\/ca\/activitats\/ccc71","_event_web_es":"https:\/\/www.lacaldera.info\/es\/actividades\/ccc71","_event_web_en":"","event_contact_email":"","event_apply_email":"https:\/\/entradium.com\/events\/ccc-71_adaline-anobile","is_online_event":false,"is_art_nou_event":false,"is_bgw_event":false,"date_text":"","register_deadline":null,"altres_organitzadors":null},"abe_event_venue":"La Caldera","abe_event_category":"Arts en Viu","start":"2023-09-29 20:00:00","end":"2023-09-29 21:00:00","schedule":"once","schedule_meta":"","frequency":1,"all_day":0,"until":"2023-09-29 20:00:00","include":[],"exclude":[],"_links":{"self":[{"href":"https:\/\/graf.cat\/es\/wp-json\/wp\/v2\/events\/32816","targetHints":{"allow":["GET"]}}],"collection":[{"href":"https:\/\/graf.cat\/es\/wp-json\/wp\/v2\/events"}],"about":[{"href":"https:\/\/graf.cat\/es\/wp-json\/wp\/v2\/types\/event"}],"author":[{"embeddable":true,"href":"https:\/\/graf.cat\/es\/wp-json\/wp\/v2\/users\/70"}],"occurrences":[{"embeddable":true,"href":"https:\/\/graf.cat\/es\/wp-json\/wp\/v2\/events\/32816\/occurrences"}],"acf:term":[{"embeddable":true,"taxonomy":"event-category","href":"https:\/\/graf.cat\/es\/wp-json\/wp\/v2\/event-category\/440"}],"wp:featuredmedia":[{"embeddable":true,"href":"https:\/\/graf.cat\/es\/wp-json\/wp\/v2\/media\/32817"}],"wp:attachment":[{"href":"https:\/\/graf.cat\/es\/wp-json\/wp\/v2\/media?parent=32816"}],"wp:term":[{"taxonomy":"event-venue","embeddable":true,"href":"https:\/\/graf.cat\/es\/wp-json\/wp\/v2\/event-venues?post=32816"},{"taxonomy":"event-tag","embeddable":true,"href":"https:\/\/graf.cat\/es\/wp-json\/wp\/v2\/event-tags?post=32816"}],"curies":[{"name":"wp","href":"https:\/\/api.w.org\/{rel}","templated":true}]}}