{"id":33489,"guid":{"rendered":"https:\/\/graf.cat\/?post_type=event&#038;p=33489"},"modified":"2023-10-10T11:32:54","modified_gmt":"2023-10-10T09:32:54","slug":"el-mfestival-dos-tercos","status":"publish","type":"event","link":"https:\/\/graf.cat\/es\/events\/event\/el-mfestival-dos-tercos\/","title":{"rendered":"El M|A|C al Festival 2 ter\u00e7os"},"content":{"rendered":"","protected":false},"excerpt":{"rendered":"","protected":false},"author":159,"featured_media":33490,"template":"","meta":{"_acf_changed":false,"_monsterinsights_skip_tracking":false,"_monsterinsights_sitenote_active":false,"_monsterinsights_sitenote_note":"","_monsterinsights_sitenote_category":0},"event-venues":[676],"event-tags":[],"class_list":["post-33489","event","type-event","status-publish","has-post-thumbnail","hentry","event-venue-espai-agrari-de-mataro","event-category-festival"],"acf":{"title_ca":"El M|A|C al Festival 2 ter\u00e7os","title_es":"El M|A|C al Festival 2 ter\u00e7os","title_en":"El M|A|C al Festival 2 ter\u00e7os","desc_ca":"<strong>Festival 2 ter\u00e7os\r\n<\/strong>arts, territori i paisatge\r\n\r\nEl\u00a0Festival 2 Ter\u00e7os\u00a0va n\u00e9ixer l\u2019any 2021 per reivindicar els conreus i boscos i, per tant, el patrimoni agr\u00edcola, forestal i cultural de l\u2019espai agrari de la ciutat, el qual compr\u00e8n dos ter\u00e7os de la superf\u00edcie urbana, origen doncs del seu nom.\r\n\r\nAquesta tercera edici\u00f3 vol consolidar el vincle entre la ciutat i aquest entorn agrari, promoure\u2019n la hist\u00f2ria, la cura i la sostenibilitat amb un projecte cultural que empra\u00a0 \u00a0just l\u2019entorn d\u2019un paisatge que \u00e9s patrimoni.\r\n\r\nEl M|A|C Matar\u00f3 Art Contemporani s\u2019incorpora al Festival enguany amb dues instal\u00b7lacions art\u00edstiques ubicades a l\u2019entorn dels empla\u00e7aments del Festival.\r\n\r\n<strong>Les dones al camp<\/strong>\r\n<strong>Clara Ballesta\r\n<\/strong>15-30.10.23\r\nHort d\u2019en D\u00eddac\r\n\r\n<strong>Clara Ballesta<\/strong>\u00a0ha retratat onze dones pageses, del camp. Els seus dies, les seves mans, les seves pells. Totes elles arrelades a la terra de les Cinc S\u00e8nies, Valldeix i Mata. Totes elles de nissagues familiars que curen i cultiven la terra f\u00e8rtil del costat de casa. Onze retrats que esdevenen la pell dels hivernacles de l\u2019hort, aquelles cases que protegeixen llavors i brots, com ho fan les hores i els temps d\u2019aquestes dones.\r\n\r\n<strong>Clara Ballesta<\/strong>\u00a0(Matar\u00f3, 1994)\r\nLa fotografia, el disseny o el gravat s\u00f3n disciplines que l\u2019artista empra per experimentar i fer de la imatge l\u2019eina per crear imaginaris nous.\r\n@clara_ballesta\r\n<img class=\"alignleft size-full wp-image-6526\" src=\"https:\/\/www.mataroartcontemporani.cat\/wp-content\/uploads\/2023\/10\/2terc%CC%A7os_doneselcamp_claraballesta-1.jpeg\" alt=\"\" width=\"7360\" height=\"4912\" \/>\r\n\r\n<strong>Demi\u00fcrg<\/strong>\r\n<strong>CODA\r\n<\/strong>20-22.10.23\r\nCan Pera (Cinc S\u00e8nies)\r\nAmb la participaci\u00f3 de\u00a0<a href=\"https:\/\/www.txac.cat\/txac\/\">Transversal. Xarxa d\u2019Activitats Culturals<\/a>\r\n\r\nEl col\u00b7lectiu CODA (Computational Design Affairs) anomena escultura atmosf\u00e8rica la seva pe\u00e7a Demi\u00fcrg. Artes\u00e0 en grec, el demi\u00fcrg en la filosofia idealista de Plat\u00f3 \u00e9s un d\u00e9u creador del cosmos i autor de l\u2019univers sensible. El desig per entendre la pr\u00f2pia exist\u00e8ncia no s\u2019ha aturat mai i sempre s\u2019ha revelat com a part necess\u00e0ria i leg\u00edtima de la naturalesa humana. Un objecte demi\u00fargic pren una forma suprematista a partir de partir de la seva geometria. Aquesta pe\u00e7a ens pren l\u2019atenci\u00f3 per\u00f2 no ens permet abastar-la: tot i que la contemplem des de tots els angles, no aconseguim mai una visi\u00f3 completa. Per\u00f2 s\u00ed ens ofereix l\u2019ess\u00e8ncia amb el joc de llums i ombres i la pell transl\u00facida. En la sol\u00b7litud del camp de conreu, s\u2019erigeix com un far que assenyala l\u2019univers sensible d\u2019aquesta terra d\u2019horts i pagesia.\r\n\r\n<strong>CODA<\/strong>\u00a0s\u00f3n\u00a0<strong>Gerard Bertomeu<\/strong>,\u00a0<strong>Enrique Soriano<\/strong>\u00a0i\u00a0<strong>Pep Tornabell<\/strong>.\r\n<a href=\"https:\/\/www.coda-office.com\/\">www.coda-office.com<\/a>\r\n\r\n&nbsp;\r\n\r\n<img class=\"alignleft size-full wp-image-6527\" src=\"https:\/\/www.mataroartcontemporani.cat\/wp-content\/uploads\/2023\/10\/2022_Andrea-y-Enrique_Velvia_566_H.jpg\" alt=\"\" width=\"2027\" height=\"1520\" \/>En col\u00b7laboraci\u00f3 amb\r\n<img class=\"alignleft wp-image-4558\" src=\"https:\/\/www.mataroartcontemporani.cat\/wp-content\/uploads\/2020\/07\/logo-transversal-xarxa-dactivitats-culturals-portada.png\" alt=\"\" width=\"84\" height=\"32\" \/>","desc_es":"","desc_en":"","event_category":481,"event_show_only_own_date":true,"_event_confirmed":true,"_event_public":true,"_event_free":true,"_event_price-min":"","_event_price-max":"","_event_web_ca":"https:\/\/festival2tersos.cat\/","_event_web_es":"","_event_web_en":"","event_contact_email":"","event_apply_email":"","is_online_event":false,"is_art_nou_event":false,"is_bgw_event":false,"date_text":"","register_deadline":null,"altres_organitzadors":null},"abe_event_venue":"Espai Agrari de Matar\u00f3","abe_event_category":"Festival","start":"2023-10-15 11:30:00","end":"2023-10-22 12:30:00","schedule":"once","schedule_meta":"","frequency":1,"all_day":0,"until":"2023-10-15 11:30:00","include":[],"exclude":[],"_links":{"self":[{"href":"https:\/\/graf.cat\/es\/wp-json\/wp\/v2\/events\/33489","targetHints":{"allow":["GET"]}}],"collection":[{"href":"https:\/\/graf.cat\/es\/wp-json\/wp\/v2\/events"}],"about":[{"href":"https:\/\/graf.cat\/es\/wp-json\/wp\/v2\/types\/event"}],"author":[{"embeddable":true,"href":"https:\/\/graf.cat\/es\/wp-json\/wp\/v2\/users\/159"}],"occurrences":[{"embeddable":true,"href":"https:\/\/graf.cat\/es\/wp-json\/wp\/v2\/events\/33489\/occurrences"}],"acf:term":[{"embeddable":true,"taxonomy":"event-category","href":"https:\/\/graf.cat\/es\/wp-json\/wp\/v2\/event-category\/481"}],"wp:featuredmedia":[{"embeddable":true,"href":"https:\/\/graf.cat\/es\/wp-json\/wp\/v2\/media\/33490"}],"wp:attachment":[{"href":"https:\/\/graf.cat\/es\/wp-json\/wp\/v2\/media?parent=33489"}],"wp:term":[{"taxonomy":"event-venue","embeddable":true,"href":"https:\/\/graf.cat\/es\/wp-json\/wp\/v2\/event-venues?post=33489"},{"taxonomy":"event-tag","embeddable":true,"href":"https:\/\/graf.cat\/es\/wp-json\/wp\/v2\/event-tags?post=33489"}],"curies":[{"name":"wp","href":"https:\/\/api.w.org\/{rel}","templated":true}]}}