{"id":37828,"guid":{"rendered":"https:\/\/graf.cat\/?post_type=event&#038;p=37828"},"modified":"2024-04-25T16:51:01","modified_gmt":"2024-04-25T14:51:01","slug":"taller-eines-de-comunicacio-i-professionalitzacio-per-a-artistes","status":"publish","type":"event","link":"https:\/\/graf.cat\/es\/events\/event\/taller-eines-de-comunicacio-i-professionalitzacio-per-a-artistes\/","title":{"rendered":"Eines de comunicaci\u00f3 i professionalitzaci\u00f3 per a artistes amb Joan Morey"},"content":{"rendered":"","protected":false},"excerpt":{"rendered":"","protected":false},"author":174,"featured_media":37829,"template":"","meta":{"_acf_changed":false,"_monsterinsights_skip_tracking":false,"_monsterinsights_sitenote_active":false,"_monsterinsights_sitenote_note":"","_monsterinsights_sitenote_category":0},"event-venues":[696],"event-tags":[],"class_list":["post-37828","event","type-event","status-publish","has-post-thumbnail","hentry","event-venue-lo-pati-centre-dart","event-category-taller"],"acf":{"title_ca":"Eines de comunicaci\u00f3 i professionalitzaci\u00f3 per a artistes amb Joan Morey","title_es":"Herramientas de comunicaci\u00f3n y profesionalizaci\u00f3n para artistas con Joan Morey","title_en":"Communication and Professionalization Tools for Artists by Joan Morey","desc_ca":"Com s'escriu un\u00a0<em>statement<\/em>? Quina funci\u00f3 tenen les convocat\u00f2ries en la traject\u00f2ria art\u00edstica? Com utilitzem les xarxes socials? Qu\u00e8 s\u00f3n les bones pr\u00e0ctiques? Aquestes i altres preguntes tindran resposta en el taller\u00a0<em><strong>Eines de comunicaci<\/strong><\/em><em><strong>\u00f3\u00a0<\/strong><\/em><em><strong>i professionalitzaci<\/strong><\/em><em><strong>\u00f3\u00a0<\/strong><\/em><em><strong>per a artistes 2024<\/strong><\/em>, que se celebrar\u00e0 del\u00a0<strong>6 al 10 de maig 17 a 20<\/strong><strong>.<\/strong><strong>30 h<\/strong><strong>\u00a0a<\/strong><strong>\u00a0Lo Pati<\/strong><strong>\u00a0d\u2019<\/strong><strong>Amposta<\/strong><strong>.<\/strong>\r\n\r\nEl curs est\u00e0 organitzat per la\u00a0<strong>Plataforma Assemble<\/strong><strong>\u00e0<\/strong><strong>ria d'Artistes de Catalunya<\/strong>\u00a0(PAAC) amb la col\u00b7laboraci\u00f3 de Lo Pati i\u00a0<strong>l\u2019Associaci<\/strong><strong>\u00f3 Artsud<\/strong>\u00a0i el finan\u00e7ament del\u00a0<strong>Departament de Cultur<\/strong><strong>a<\/strong>. El taller estar\u00e0 impartit per l\u2019artista i docent\u00a0<strong>Joan Morey<\/strong>\u00a0i vol donar resposta a les necessitats dels artistes que comencen la seua traject\u00f2ria professional i s\u2019adonen que, a banda de tenir coneixement sobre els processos de creaci\u00f3, els calen tamb\u00e9 eines i recursos per a la catalogaci\u00f3, comunicaci\u00f3 o promoci\u00f3 del seu treball. En general aquestes mat\u00e8ries no s'ensenyen en els espais convencionals de formaci\u00f3 art\u00edstica.\r\n\r\nI \u00e9s que l'obra de l'artista, abans i despr\u00e9s d'exhibir-se o comunicar-se p\u00fablicament, passa per diverses fases: formalitzaci\u00f3, catalogaci\u00f3, promoci\u00f3, comercialitzaci\u00f3, preservaci\u00f3, etc\u00e8tera. Per aix\u00f2, cal comprendre en un sentit ampli quines responsabilitats tenen les persones creadores, quines s\u00f3n les infraestructures i tasques dels espais expositius, o comprendre les particularitats de les convocat\u00f2ries a les quals es presenten per a la producci\u00f3 de projectes, premis i beques o resid\u00e8ncies per a artistes. Si l\u2019artista se sap moure en cadascuna d'aquestes situacions, li resultar\u00e0 m\u00e9s f\u00e0cil la professionalitzaci\u00f3 en l'\u00e0mbit de l\u2019art.\r\n\r\nDurant aquest taller s\u2019exposaran exemples, s\u2019analitzaran casos i es plantejaran exercicis pr\u00e0ctics per ampliar o actualitzar els recursos i les aptituds personals. L'objectiu: aconseguir un perfil art\u00edstic professional i aix\u00ed arribar a uns prop\u00f2sits l\u00f2gics com a artistes professionals segons la traject\u00f2ria de cadasc\u00fa. El preu del curs \u00e9s de 50 \u20ac per a persones no s\u00f2cies, gratu\u00eft per a s\u00f2cies de la Plataforma Assemble\u00e0ria d'Artistes de Catalunya (PAAC), de l'Associaci\u00f3 Artsud, per als integrants de l'<em>Irradiador<\/em>\u00a0i per a estudiants menors de trenta anys. El cost per als socis de l'Associaci\u00f3 Artsud sense quota \u00e9s de 40 \u20ac. Inscripcions a\u00a0<u><a href=\"mailto:paac@paac.cat\">paac@paac.cat<\/a><\/u>, amb places limitades.\r\n\r\n<strong>Perfil del docent<\/strong>\r\n\r\n<strong>Joan Morey<\/strong><strong>\u00a0<\/strong>(Mallorca, 1972). Llicenciat i DEA a Belles Arts per la Universitat de Barcelona. Al llarg de la seva carrera professional ha desenvolupat nombrosos projectes i exposicions a museus, centres d'art, institucions i galeries. Ha rebut diversos premis i beques de producci\u00f3 com a l'Acad\u00e8mia d'Espanya a Roma (2014-15). Comagina la seva tasca com a artista i docent, principalment al sector audiovisual i de m\u00e0rqueting art\u00edstic. Organitza i forma part de programes de formaci\u00f3 cont\u00ednua per a artistes (impulsats per la PAAC o altres organitzacions vinculades a l'art contemporani), col\u00b7labora com a expert convidat a diversos m\u00e0sters i postgraus i imparteix monogr\u00e0fics i tallers a universitats, escoles d'art i disseny o plataformes de Lifelong Learning centrada en la faceta professional de l\u2019artista. Com a gestor ha format part de l'equip del programa d'art contemporani Sant Andreu Contemporani (2013, Barcelona) i durant tres edicions consecutives (2010, 2011 i 2012) va ser membre del jurat, coordinador de projectes i seguiment de muntatge expositiu a la convocat\u00f2ria p\u00fablica BCN_Producci\u00f3, La Capella (ICUB, Institut de Cultura de Barcelona).","desc_es":"\u00bfC\u00f3mo se escribe un\u00a0<em>statement<\/em>? \u00bfQu\u00e9 funci\u00f3n tienen las convocatorias en la trayectoria art\u00edstica? \u00bfC\u00f3mo utilizamos las redes sociales? \u00bfQu\u00e9 son las buenas pr\u00e1cticas? Estas y otras preguntas tendr\u00e1n respuesta en el taller\u00a0<strong>Herramientas de comunicaci\u00f3n y profesionalizaci\u00f3<\/strong><strong>n para artistas 2024<\/strong>, que se celebrar\u00e1 del\u00a0<strong>6 al 10 de mayo de 17 a 20.30 h en Lo Pati de Amposta<\/strong>.\r\n\r\nEl curso est\u00e1 organizado por la\u00a0<strong>Plataforma Assemble<\/strong><strong>\u00e0<\/strong><strong>ria d'Artistes de Catalunya<\/strong>\u00a0(PAAC) con la colaboraci\u00f3n de Lo Pati y la\u00a0<strong>As<\/strong><strong>sociaci<\/strong><strong>\u00f3 Artsud<\/strong>\u00a0y el financiamiento del\u00a0<strong>Departament de Cultura<\/strong>. El taller estar\u00e1 impartido por el artista y docente Joan Morey y tiene como objetivo atender las necesidades de los artistas que inician su trayectoria profesional y se dan cuenta de que, adem\u00e1s de tener conocimiento sobre los procesos de creaci\u00f3n, tambi\u00e9n necesitan herramientas y recursos para la catalogaci\u00f3n, comunicaci\u00f3n o promoci\u00f3n de su trabajo. En general, estas materias no se ense\u00f1an en los espacios convencionales de formaci\u00f3n art\u00edstica.\r\n\r\nY es que la obra del artista, antes y despu\u00e9s de exhibirse o comunicarse p\u00fablicamente, pasa por diversas fases: formalizaci\u00f3n, catalogaci\u00f3n, promoci\u00f3n, comercializaci\u00f3n, preservaci\u00f3n, etc\u00e9tera. Por ello, es necesario comprender en un sentido amplio qu\u00e9 responsabilidades tienen las personas creadoras, cu\u00e1les son las infraestructuras y tareas de los espacios expositivos, o comprender las particularidades de las convocatorias a las que se presentan para la producci\u00f3n de proyectos, premios y becas o residencias para artistas. Si el artista sabe manejarse en cada una de estas situaciones, le resultar\u00e1 m\u00e1s f\u00e1cil la profesionalizaci\u00f3n en el \u00e1mbito del arte.\r\n\r\nDurante este taller se pondr\u00e1n ejemplos, se analizar\u00e1n casos y se plantear\u00e1n ejercicios pr\u00e1cticos para ampliar o actualizar los recursos y las aptitudes personales. El objetivo: lograr un perfil art\u00edstico profesional y as\u00ed alcanzar unos prop\u00f3sitos l\u00f3gicos como artistas profesionales seg\u00fan la trayectoria de cada uno. El precio del curso es de 50 \u20ac para personas no socias, gratuito para socias de la\u00a0<strong>Plataforma Assemble<\/strong><strong>\u00e0<\/strong><strong>ria d'Artistes de Catalunya<\/strong>\u00a0(PAAC), de la\u00a0<strong>As<\/strong><strong>sociaci\u00f3\u00a0<\/strong><strong>Artsud<\/strong>, para los integrantes del\u00a0<em>Irradiador<\/em>\u00a0y para estudiantes menores de treinta a\u00f1os. El precio para los socios de la Associaci\u00f3 Artsud sin cuota es de 40 \u20ac. Inscripciones a paac@paac.cat, con plazas limitadas.\r\n\r\n&nbsp;\r\n\r\n<strong>Perfil del docente<\/strong>\r\n\r\n<strong>Joan Morey<\/strong><strong>\u00a0<\/strong>(Mallorca, 1972). Licenciado y DEA en Bellas Artes por la Universidad de Barcelona. A lo largo de su carrera profesional ha desarrollado numerosos proyectos y exposiciones en museos, centros de arte, instituciones y galer\u00edas. Ha recibido diversos premios y becas de producci\u00f3n como la Academia de Espa\u00f1a en Roma (2014-15). Combina su tarea como artista y docente, principalmente en el sector audiovisual y de marketing art\u00edstico. Organiza y forma parte de programas de formaci\u00f3n continua para artistas (impulsados por la PAAC u otras organizaciones vinculadas al arte contempor\u00e1neo), colabora como experto invitado en diversos m\u00e1sters y postgrados e imparte monogr\u00e1ficos y talleres en universidades, escuelas de arte y dise\u00f1o o plataformas de Lifelong Learning centrada en la faceta profesional del artista. Como gestor ha formado parte del equipo del programa de arte contempor\u00e1neo Sant Andreu Contemporani (2013, Barcelona) y durante tres ediciones consecutivas (2010, 2011 y 2012) fue miembro del jurado, coordinador de proyectos y seguimiento de montaje expositivo en la convocatoria p\u00fablica BCN_Producci\u00f3, La Capella (ICUB, Institut de Cultura de Barcelona).","desc_en":"<div class=\"flex-1 overflow-hidden\">\r\n<div class=\"react-scroll-to-bottom--css-rjklc-79elbk h-full\">\r\n<div class=\"react-scroll-to-bottom--css-rjklc-1n7m0yu\">\r\n<div class=\"flex flex-col text-sm pb-9\">\r\n<div class=\"w-full text-token-text-primary\" dir=\"auto\" data-testid=\"conversation-turn-213\">\r\n<div class=\"px-4 py-2 justify-center text-base md:gap-6 m-auto\">\r\n<div class=\"flex flex-1 text-base mx-auto gap-3 juice:gap-4 juice:md:gap-6 md:px-5 lg:px-1 xl:px-5 md:max-w-3xl lg:max-w-[40rem] xl:max-w-[48rem] group final-completion\">\r\n<div class=\"relative flex w-full flex-col agent-turn\">\r\n<div class=\"flex-col gap-1 md:gap-3\">\r\n<div class=\"flex flex-grow flex-col max-w-full\">\r\n<div class=\"min-h-[20px] text-message flex flex-col items-start gap-3 whitespace-pre-wrap break-words [.text-message+&amp;]:mt-5 overflow-x-auto\" dir=\"auto\" data-message-author-role=\"assistant\" data-message-id=\"d2a3963c-eab3-4d3e-ab4e-94a041160806\">\r\n<div class=\"markdown prose w-full break-words dark:prose-invert light\">\r\n\r\n\"How to write a statement? What function do calls for submissions have in an artist's career? How do we use social networks? What are best practices? These and other questions will be answered in the workshop \"Tools for communication and professionalization for artists 2024,\" which will take place from May 6th to 10th, from 5:00 to 8:30 pm at Lo Pati in Amposta.\r\n\r\nThe course is organized by the Plataforma Assemble\u00e0ria d'Artistes de Catalunya (PAAC) in collaboration with Lo Pati and the Associaci\u00f3 Artsud, with funding from the Department of Culture. The workshop will be taught by the artist and teacher Joan Morey and aims to address the needs of artists who are starting their professional careers and realize that, in addition to having knowledge about the creative process, they also need tools and resources for cataloging, communication, or promoting their work. In general, these subjects are not taught in conventional artistic training spaces.\r\n\r\nAnd it is that the artist's work, before and after being exhibited or communicated publicly, goes through various phases: formalization, cataloging, promotion, marketing, preservation, and so on. Therefore, it is necessary to understand broadly what responsibilities creators have, what infrastructures and tasks exhibition spaces have, or to understand the particularities of the calls for submissions for the production of projects, awards and grants, or artist residencies. If the artist knows how to handle each of these situations, professionalization in the field of art will be easier.\r\n\r\nDuring this workshop, examples will be presented, cases will be analyzed, and practical exercises will be proposed to expand or update personal resources and skills. The goal: to achieve a professional artistic profile and thus achieve logical purposes as professional artists according to each one's trajectory. The price of the course is \u20ac50 for non-members, free for members of the Plataforma Assemble\u00e0ria d'Artistes de Catalunya (PAAC), the Associaci\u00f3 Artsud, for members of Irradiador, and for students under thirty years old. The price for members of the Associaci\u00f3 Artsud without a fee is \u20ac40. Registration at <a target=\"_new\">paac@paac.cat<\/a>, with limited places.\r\n\r\n<strong>Teacher's Profile<\/strong>\r\n\r\nJoan Morey (Mallorca, 1972). Bachelor's and DEA in Fine Arts from the University of Barcelona. Throughout his professional career, he has developed numerous projects and exhibitions in museums, art centers, institutions, and galleries. He has received various production awards and grants such as the Spanish Academy in Rome (2014-15). He combines his work as an artist and teacher, mainly in the audiovisual and artistic marketing sectors. He organizes and participates in continuous training programs for artists (driven by PAAC or other organizations linked to contemporary art), collaborates as a guest expert in various master's and postgraduate programs, and teaches monographs and workshops at universities, art and design schools, or platforms for Lifelong Learning focused on the professional facet of the artist. As a manager, he has been part of the team of the contemporary art program Sant Andreu Contemporani (2013, Barcelona), and for three consecutive editions (2010, 2011, and 2012) he was a jury member, project coordinator, and monitoring of exhibition assembly in the public call BCN_Producci\u00f3, La Capella (ICUB, Institut de Cultura de Barcelona).\"\r\n\r\n<\/div>\r\n<\/div>\r\n<\/div>\r\n<\/div>\r\n<\/div>\r\n<\/div>\r\n<\/div>\r\n<\/div>\r\n<\/div>\r\n<\/div>\r\n<\/div>\r\n<\/div>","event_category":235,"event_show_only_own_date":true,"_event_confirmed":true,"_event_public":true,"_event_free":false,"_event_price-min":0,"_event_price-max":50,"_event_web_ca":"https:\/\/www.lopati.cat\/educatives\/tallers\/12-04-2024\/eines-de-comunicacio-i-professionalitzacio-per-a-artistes-2024","_event_web_es":"https:\/\/www.lopati.cat\/educatives\/tallers\/12-04-2024\/eines-de-comunicacio-i-professionalitzacio-per-a-artistes-2024","_event_web_en":"https:\/\/www.lopati.cat\/educatives\/tallers\/12-04-2024\/eines-de-comunicacio-i-professionalitzacio-per-a-artistes-2024","event_contact_email":"paac@paac.cat","event_apply_email":"https:\/\/www.paac.cat\/i\/eines-de-comunicacio-i-professionalitzacio-per-a-artistes\/","is_online_event":false,"is_art_nou_event":false,"is_bgw_event":false,"date_text":"","register_deadline":"20240504","altres_organitzadors":[174]},"abe_event_venue":"Lo Pati Centre d'Art","abe_event_category":"Taller","start":"2024-05-06 17:00:00","end":"2024-05-10 20:30:00","schedule":"once","schedule_meta":"","frequency":1,"all_day":0,"until":"2024-05-06 17:00:00","include":[],"exclude":[],"_links":{"self":[{"href":"https:\/\/graf.cat\/es\/wp-json\/wp\/v2\/events\/37828","targetHints":{"allow":["GET"]}}],"collection":[{"href":"https:\/\/graf.cat\/es\/wp-json\/wp\/v2\/events"}],"about":[{"href":"https:\/\/graf.cat\/es\/wp-json\/wp\/v2\/types\/event"}],"author":[{"embeddable":true,"href":"https:\/\/graf.cat\/es\/wp-json\/wp\/v2\/users\/174"}],"occurrences":[{"embeddable":true,"href":"https:\/\/graf.cat\/es\/wp-json\/wp\/v2\/events\/37828\/occurrences"}],"acf:user":[{"embeddable":true,"href":"https:\/\/graf.cat\/es\/wp-json\/wp\/v2\/users\/174"}],"acf:term":[{"embeddable":true,"taxonomy":"event-category","href":"https:\/\/graf.cat\/es\/wp-json\/wp\/v2\/event-category\/235"}],"wp:featuredmedia":[{"embeddable":true,"href":"https:\/\/graf.cat\/es\/wp-json\/wp\/v2\/media\/37829"}],"wp:attachment":[{"href":"https:\/\/graf.cat\/es\/wp-json\/wp\/v2\/media?parent=37828"}],"wp:term":[{"taxonomy":"event-venue","embeddable":true,"href":"https:\/\/graf.cat\/es\/wp-json\/wp\/v2\/event-venues?post=37828"},{"taxonomy":"event-tag","embeddable":true,"href":"https:\/\/graf.cat\/es\/wp-json\/wp\/v2\/event-tags?post=37828"}],"curies":[{"name":"wp","href":"https:\/\/api.w.org\/{rel}","templated":true}]}}