{"id":38739,"guid":{"rendered":"https:\/\/graf.cat\/?post_type=event&#038;p=38739"},"modified":"2024-05-27T10:56:53","modified_gmt":"2024-05-27T08:56:53","slug":"avui-es-tapies-eugenia-balcells-pilar-bonet","status":"publish","type":"event","link":"https:\/\/graf.cat\/es\/events\/event\/avui-es-tapies-eugenia-balcells-pilar-bonet\/","title":{"rendered":"Avui \u00e9s T\u00e0pies: Eug\u00e8nia Balcells \u2013 Pilar Bonet"},"content":{"rendered":"","protected":false},"excerpt":{"rendered":"","protected":false},"author":8,"featured_media":39399,"template":"","meta":{"_acf_changed":false,"_monsterinsights_skip_tracking":false,"_monsterinsights_sitenote_active":false,"_monsterinsights_sitenote_note":"","_monsterinsights_sitenote_category":0},"event-venues":[],"event-tags":[],"class_list":["post-38739","event","type-event","status-publish","has-post-thumbnail","hentry","event-category-altres"],"acf":{"title_ca":"Avui \u00e9s T\u00e0pies: Eug\u00e8nia Balcells \u2013 Pilar Bonet","title_es":"Avui \u00e9s T\u00e0pies: Ricard Bru y Nana Shimomura","title_en":"Today is T\u00e0pies: Eug\u00e8nia Balcells \u2013 Pilar Bonet","desc_ca":"<a href=\"https:\/\/fundaciotapies.org\/activitat\/cicle-avui-es-tapies\/\"><em>Avui \u00e9s T\u00e0pies<\/em><\/a>\u00a0\u00e9s un cicle de converses intergeneracional i interdisciplinari condu\u00eft i moderat per la periodista cultural Rita Roig (Terrassa, 1997) i organitzat per la Fundaci\u00f3 Antoni T\u00e0pies en el marc de l\u2019Any T\u00e0pies. T\u00e9 la voluntat d\u2019interpretar els textos de l\u2019artista com a punt de partida per parlar sobre problem\u00e0tiques actuals com ara l\u2019ecologisme, l\u2019autodeterminaci\u00f3 dels pobles, la interculturalitat o el comprom\u00eds pol\u00edtic de l\u2019art.\r\n\r\nEl cicle convidar\u00e0 a fer presents les paraules i el pensament de l\u2019artista per mitj\u00e0 de tretze trobades a la Fundaci\u00f3 Antoni T\u00e0pies en qu\u00e8 participaran persones d\u2019\u00e0mbits professionals diversos (cultura, educaci\u00f3, ci\u00e8ncia, pol\u00edtica, medi ambient, salut i ci\u00e8ncies humanes) i de diferents generacions. El conjunt permetr\u00e0 construir un relat polif\u00f2nic que quedar\u00e0 recollit en forma de p\u00f2dcast gr\u00e0cies a la col\u00b7laboraci\u00f3 de Catalunya R\u00e0dio, amb l\u2019objectiu de recuperar i viure el coneixement generat en un altre format i en un altre context.\r\n\r\n<strong>\u00a0<\/strong>\r\n\r\n<strong>Cap\u00edtol 7. Cap a una espiritualitat emancipadora<\/strong>\r\n\r\nEn els seus escrits, Antoni T\u00e0pies parla sovint d\u2019espiritualitat. Davant de la idea que la modernitat acabaria per alliberar-nos de la fe i de les creences religioses, l\u2019artista defensava que el progr\u00e9s espiritual havia d\u2019anar de bracet dels aven\u00e7os cient\u00edfics, tecnol\u00f2gics i pol\u00edtics del moment. En aquest progr\u00e9s, T\u00e0pies creia que els creadors hi jugarien un paper destacat. Tot recuperant una idea de Paul Klee segons la qual l\u2019artista \u00e9s \u201cun intermediari, un transmissor de la naturalesa\u201d, T\u00e0pies al\u00b7legava que als creadors els tocaria ser transmissors d\u2019una espiritualitat que s\u2019adapt\u00e9s als nous temps. En aquesta conversa, Eug\u00e8nia Balcells i Pilar Bonet abordaran el binomi art-espiritualitat, una relaci\u00f3 que ha existit des de l\u2019inici dels temps i que ens ha deixat exemples que demostren com la creaci\u00f3 ha estat una via de transmissi\u00f3 dels sabers del m\u00e9s enll\u00e0 o de coneixement de l\u2019intangible.","desc_es":"<a href=\"https:\/\/fundaciotapies.org\/es\/activitat\/ciclo-hoy-es-tapies\/\"><em>Hoy es T\u00e0pies<\/em><\/a>\u00a0es un ciclo de conversaciones intergeneracional e interdisciplinario conducido y moderado por la periodista cultural Rita Roig (Terrassa, 1997) y organizado por la Fundaci\u00f3 Antoni T\u00e0pies en el marco del A\u00f1o T\u00e0pies. Tiene la voluntad de interpretar los textos del artista como punto de partida para hablar sobre problem\u00e1ticas actuales como el ecologismo, la autodeterminaci\u00f3n de los pueblos, la interculturalidad o el compromiso pol\u00edtico del arte.\r\n\r\nEl ciclo invitar\u00e1 a hacer presentes las palabras y el pensamiento del artista por medio de trece encuentros en la Fundaci\u00f3 Antoni T\u00e0pies en los que participar\u00e1n personas de \u00e1mbitos profesionales diferentes (cultura, educaci\u00f3n, ciencia, pol\u00edtica, medio ambiente, salud y ciencias humanas) y de diferentes generaciones. El conjunto permitir\u00e1 construir un relato polif\u00f3nico que quedar\u00e1 recogido en forma de p\u00f3dcast, gracias a la colaboraci\u00f3n de Catalunya R\u00e0dio, con tal de recuperar y vivir el conocimiento generado en otro formato y en otro contexto.\r\n\r\n<strong>\u00a0<\/strong>\r\n\r\n<strong>Cap\u00edtulo 7. Hacia una espiritualidad emancipadora<\/strong>\r\n\r\nEn sus escritos, Antoni T\u00e0pies habla a menudo de espiritualidad. Frente a la idea de que la modernidad acabar\u00eda por liberarnos de la fe y de las creencias religiosas, el artista defend\u00eda que el progreso espiritual ten\u00eda que ir del brazo de los adelantos cient\u00edficos, tecnol\u00f3gicos y pol\u00edticos del momento. En ese progreso, T\u00e0pies cre\u00eda que los creadores jugar\u00edan un papel destacado. Recuperando una idea de Paul Klee seg\u00fan la cual el artista es \u201cun intermediario, un transmisor de la naturaleza\u201d, T\u00e0pies alegaba que a los creadores les tocar\u00eda ser transmisores de una espiritualidad que se adaptara a los nuevos tiempos. En esta conversaci\u00f3n, Eug\u00e8nia Balcells y Pilar Bonet abordar\u00e1n el binomio arte-espiritualidad, una relaci\u00f3n que ha existido desde el inicio de los tiempos y que nos ha dejado ejemplos que demuestran c\u00f3mo la creaci\u00f3n ha sido una v\u00eda de transmisi\u00f3n de los saberes del m\u00e1s all\u00e1 o de conocimiento de lo intangible.","desc_en":"<em><a href=\"https:\/\/fundaciotapies.org\/en\/series\/today-its-tapies\/\">Today is T\u00e0pies<\/a>\u00a0<\/em>is a series of conversations across generations and disciplines, led and moderated by arts journalist Rita Roig (Terrassa, 1997) and organised by the Fundaci\u00f3 Antoni T\u00e0pies as part of the T\u00e0pies Centenary Year. It sets out to interpret the artist\u2019s texts as a starting point to discuss current issues such as environmentalism, self-determination for peoples, interculturality and the political commitment of art.\r\n\r\nThe series will encourage people to think about the artist\u2019s words and thoughts though thirteen events at the Fundaci\u00f3 Antoni T\u00e0pies involving people from a range of professional backgrounds (arts, education, science, politics, the environment, health and life sciences) and different generations. Altogether it will construct a polyphonic dialogue that will be recorded in podcast form thanks to cooperation with Catalunya R\u00e0dio, in order to recover and experience the knowledge generated in a different format and a different context.\r\n\r\n<strong>\u00a0<\/strong>\r\n\r\n<strong>Chapter 7: Towards an emancipating spirituality<\/strong>\r\n\r\nIn his writing, Antoni T\u00e0pies often talked about spirituality. In the face of the idea that modernity might end up freeing us from faith and religious beliefs, T\u00e0pies argued that spiritual progress had to go hand in hand with the scientific, technological and political advances of the day. T\u00e0pies believed that artists had an important role to play in this progress. Taking up an idea of Paul Klee whereby the artist is \u201can intermediary, a transmitter or nature\u201d, T\u00e0pies argued that the job of artists was to pass on a spirituality suited to modern times. In this conversation, Eug\u00e8nia Balcells and Pilar Bonet will deal with the pairing of art and spirituality, a relationship that has existed since the beginning of time, leaving examples that show how creativity has been a way of passing on knowledge of the beyond, of the intangible.","event_category":191,"event_show_only_own_date":true,"_event_confirmed":true,"_event_public":true,"_event_free":false,"_event_price-min":3,"_event_price-max":"","_event_web_ca":"https:\/\/fundaciotapies.org\/event\/avui-es-tapies-eugenia-balcells-pilar-bonet\/","_event_web_es":"https:\/\/fundaciotapies.org\/es\/event\/hoy-es-tapies-eugenia-balcells-pilar-bonet\/","_event_web_en":"https:\/\/fundaciotapies.org\/en\/event\/today-is-tapies-eugenia-balcells-pilar-bonet\/","event_contact_email":"","event_apply_email":"","is_online_event":false,"is_art_nou_event":false,"is_bgw_event":false,"date_text":"","register_deadline":null,"altres_organitzadors":""},"abe_event_venue":null,"abe_event_category":"Altres","start":"2024-06-25 18:00:00","end":"2024-06-25 19:00:00","schedule":"once","schedule_meta":"","frequency":1,"all_day":0,"until":"2024-06-25 18:00:00","include":[],"exclude":[],"_links":{"self":[{"href":"https:\/\/graf.cat\/es\/wp-json\/wp\/v2\/events\/38739","targetHints":{"allow":["GET"]}}],"collection":[{"href":"https:\/\/graf.cat\/es\/wp-json\/wp\/v2\/events"}],"about":[{"href":"https:\/\/graf.cat\/es\/wp-json\/wp\/v2\/types\/event"}],"author":[{"embeddable":true,"href":"https:\/\/graf.cat\/es\/wp-json\/wp\/v2\/users\/8"}],"occurrences":[{"embeddable":true,"href":"https:\/\/graf.cat\/es\/wp-json\/wp\/v2\/events\/38739\/occurrences"}],"acf:term":[{"embeddable":true,"taxonomy":"event-category","href":"https:\/\/graf.cat\/es\/wp-json\/wp\/v2\/event-category\/191"}],"wp:featuredmedia":[{"embeddable":true,"href":"https:\/\/graf.cat\/es\/wp-json\/wp\/v2\/media\/39399"}],"wp:attachment":[{"href":"https:\/\/graf.cat\/es\/wp-json\/wp\/v2\/media?parent=38739"}],"wp:term":[{"taxonomy":"event-venue","embeddable":true,"href":"https:\/\/graf.cat\/es\/wp-json\/wp\/v2\/event-venues?post=38739"},{"taxonomy":"event-tag","embeddable":true,"href":"https:\/\/graf.cat\/es\/wp-json\/wp\/v2\/event-tags?post=38739"}],"curies":[{"name":"wp","href":"https:\/\/api.w.org\/{rel}","templated":true}]}}