{"id":39196,"guid":{"rendered":"https:\/\/graf.cat\/?post_type=event&#038;p=39196"},"modified":"2024-05-22T12:29:37","modified_gmt":"2024-05-22T10:29:37","slug":"cabayo-taller-per-a-infants-a-carrec-de-personaje-personaje","status":"publish","type":"event","link":"https:\/\/graf.cat\/es\/events\/event\/cabayo-taller-per-a-infants-a-carrec-de-personaje-personaje\/","title":{"rendered":"Cabayo. Taller per a infants a c\u00e0rrec de Personaje Personaje"},"content":{"rendered":"","protected":false},"excerpt":{"rendered":"","protected":false},"author":5,"featured_media":39213,"template":"","meta":{"_acf_changed":false,"_monsterinsights_skip_tracking":false,"_monsterinsights_sitenote_active":false,"_monsterinsights_sitenote_note":"","_monsterinsights_sitenote_category":0},"event-venues":[67],"event-tags":[],"class_list":["post-39196","event","type-event","status-publish","has-post-thumbnail","hentry","event-venue-centre-dart-la-panera","event-category-infantil"],"acf":{"title_ca":"Cabayo. Taller per a infants a c\u00e0rrec de Personaje Personaje","title_es":"Cabayo. Taller para infancias a cargo de Personaje Personaje","title_en":"Cabayo. Taller per a infants a c\u00e0rrec de Personaje Personaje","desc_ca":"Aquest taller, dirigit als infants (de 8 a 12 anys), explora i promou l\u2019autonomia corporal, l\u2019autocura i l\u2019expressi\u00f3 personal m\u00e9s pr\u00f2pia, per mitj\u00e0 del joc, la ficci\u00f3 especulativa i la fantasia \u2014o, com li agrada m\u00e9s anomenar-la a <strong>Personaje Personaje<\/strong>, la ficci\u00f3 radical per a futurs possibles.\r\n\r\n<em>Cabayo<\/em> pren com a punt de partida l\u2019afirmaci\u00f3 seg\u00fcent: quan a un infant li retornem el cos i li fem saber que el seu cos \u00e9s seu, a trav\u00e9s d\u2019aquesta noci\u00f3 d\u2019autonomia estem prevenint una s\u00e8rie de viol\u00e8ncies estrictament lligades entre si: la viol\u00e8ncia intrafamiliar o en la llar, l\u2019ab\u00fas sexual infantil i l\u2019assetjament escolar o\u00a0<em>bullying<\/em>.\r\n\r\nAquest taller \u00e9s un ritual, un joc i un reclam per a la reapropiaci\u00f3 del cos, les seves potencialitats i la seva ag\u00e8ncia. Hi q\u00fcestionem l\u2019hegemonia de la mirada i els miralls, per a aprofundir i recuperar altres formes de percepci\u00f3 de la pr\u00f2pia corporalitat i de la relaci\u00f3 amb unes altres, aix\u00ed com amb el nostre entorn i el que l\u2019habita. Cabayo \u00e9s un exercici implicat i compartit per a recuperar el cos; \u00e9s una activitat sobre el reclam tant de l\u2019espai propi-\u00edntim com de l\u2019espai extern-p\u00fablic.\r\n\r\nAquesta activitat participativa est\u00e0 plantejada des d\u2019una perspectiva anticolonial i l\u00fadica. \u00c9s un territori f\u00e8rtil per a la fantasia i el sensible en el qual es promou l\u2019(acte)compte, la recuperaci\u00f3 de l\u2019autonomia corporal i la relaci\u00f3 intimitat-comunitat per a la prevenci\u00f3 del maltractament infantil i de la viol\u00e8ncia sexual, a partir d\u2019un espai basat en el l\u00fadic i la ficci\u00f3 especulativa com a eines pr\u00e0ctiques.\r\n\r\nAquest taller est\u00e0 concebut per a l\u2019assist\u00e8ncia exclusiva dels infants \u2014sense la pres\u00e8ncia d\u2019adults\u2014, els quals estaran acompanyats per l\u2019equip del Centre d\u2019Art La Panera.","desc_es":"Este taller, dirigido a los ni\u00f1os (de 8 a 12 a\u00f1os), explora y promueve la autonom\u00eda corporal, el autocuidado y la expresi\u00f3n personal m\u00e1s propia, mediante el juego, la ficci\u00f3n especulativa y la fantas\u00eda \u2014o, como le gusta m\u00e1s nombrarla a <strong>Personaje Personaje<\/strong>, la ficci\u00f3n radical para futuros posibles.\r\n\r\n<em>Cabayo<\/em> toma como punto de partida la siguiente afirmaci\u00f3n: cuando a un ni\u00f1o le devolvemos el cuerpo y le hacemos saber que su cuerpo es suyo, a trav\u00e9s de esta noci\u00f3n de autonom\u00eda estamos previniendo una serie de violencias estrictamente ligadas entre s\u00ed: la violencia intrafamiliar o en el hogar, el abuso sexual infantil y el asedio escolar o <em>bullying<\/em>.\r\n\r\nEste taller es un ritual, un juego y un reclamo para la reapropiaci\u00f3n del cuerpo, sus potencialidades y la seva agencia. En \u00e9l cuestionamos la hegemon\u00eda de la mirada y los espejos, para profundizar y recuperar otras formas de percepci\u00f3n de la propia corporalidad y de la relaci\u00f3n amb unes altres, as\u00ed como con nuestro entorno y lo que lo habita. Cabayo es un ejercicio implicado y compartido para recuperar el cuerpo; es una actividad sobre el reclamo tanto del espacio propio-\u00edntimo como del espacio externo-p\u00fablico.\r\n\r\nEsta actividad participativa est\u00e1 planteada desde una perspectiva anticolonial y l\u00fadica. Es un territorio f\u00e9rtil para la fantas\u00eda y lo sensible en el que se promueve el (auto)cuidado, la recuperaci\u00f3n de la autonom\u00eda corporal y la relaci\u00f3n intimidad-comunidad para la prevenci\u00f3n del maltrato infantil y de la violencia sexual, a partir de un espacio basado en lo l\u00fadico y la ficci\u00f3n especulativa como herramientas pr\u00e1cticas.\r\n\r\nEste taller est\u00e1 concebido para la asistencia exclusiva de ni\u00f1os \u2014sin la \u00a0presencia de adultos\u2014, que estar\u00e1n acompa\u00f1ados por el equipo del Centre d\u2019Art La Panera.","desc_en":"This content is not available in English.\r\nYou can consult it in Catalan or Spanish.","event_category":443,"event_show_only_own_date":true,"_event_confirmed":true,"_event_public":true,"_event_free":true,"_event_price-min":"","_event_price-max":"","_event_web_ca":"https:\/\/www.lapanera.cat\/ca\/programacio\/activitats\/cabayo","_event_web_es":"https:\/\/www.lapanera.cat\/es\/programacion\/actividades\/cabayo?set_language=es","_event_web_en":"","event_contact_email":"","event_apply_email":"https:\/\/forms.office.com\/pages\/responsepage.aspx?id=L-HSsRBBfUC05zDjns8wPkeZIKBkeHRMmL6N8aMu2DtUM0UxSDBGTDNRUllNUTgzVlVKSE8zUVlHSi4u","is_online_event":false,"is_art_nou_event":false,"is_bgw_event":false,"date_text":"","register_deadline":null,"altres_organitzadors":""},"abe_event_venue":"Centre d'art la Panera","abe_event_category":"Infantil","start":"2024-05-25 11:30:00","end":"2024-05-25 13:00:00","schedule":"once","schedule_meta":"","frequency":1,"all_day":0,"until":"2024-05-25 11:30:00","include":[],"exclude":[],"_links":{"self":[{"href":"https:\/\/graf.cat\/es\/wp-json\/wp\/v2\/events\/39196","targetHints":{"allow":["GET"]}}],"collection":[{"href":"https:\/\/graf.cat\/es\/wp-json\/wp\/v2\/events"}],"about":[{"href":"https:\/\/graf.cat\/es\/wp-json\/wp\/v2\/types\/event"}],"author":[{"embeddable":true,"href":"https:\/\/graf.cat\/es\/wp-json\/wp\/v2\/users\/5"}],"occurrences":[{"embeddable":true,"href":"https:\/\/graf.cat\/es\/wp-json\/wp\/v2\/events\/39196\/occurrences"}],"acf:term":[{"embeddable":true,"taxonomy":"event-category","href":"https:\/\/graf.cat\/es\/wp-json\/wp\/v2\/event-category\/443"}],"wp:featuredmedia":[{"embeddable":true,"href":"https:\/\/graf.cat\/es\/wp-json\/wp\/v2\/media\/39213"}],"wp:attachment":[{"href":"https:\/\/graf.cat\/es\/wp-json\/wp\/v2\/media?parent=39196"}],"wp:term":[{"taxonomy":"event-venue","embeddable":true,"href":"https:\/\/graf.cat\/es\/wp-json\/wp\/v2\/event-venues?post=39196"},{"taxonomy":"event-tag","embeddable":true,"href":"https:\/\/graf.cat\/es\/wp-json\/wp\/v2\/event-tags?post=39196"}],"curies":[{"name":"wp","href":"https:\/\/api.w.org\/{rel}","templated":true}]}}