{"id":40206,"guid":{"rendered":"https:\/\/graf.cat\/?post_type=event&#038;p=40206"},"modified":"2024-07-01T15:50:27","modified_gmt":"2024-07-01T13:50:27","slug":"lhora-del-pati-2-2-2-2","status":"publish","type":"event","link":"https:\/\/graf.cat\/es\/events\/event\/lhora-del-pati-2-2-2-2\/","title":{"rendered":"L&#8217;hora del pati | Videoart i m\u00fasica"},"content":{"rendered":"","protected":false},"excerpt":{"rendered":"","protected":false},"author":159,"featured_media":40196,"template":"","meta":{"_acf_changed":false,"_monsterinsights_skip_tracking":false,"_monsterinsights_sitenote_active":false,"_monsterinsights_sitenote_note":"","_monsterinsights_sitenote_category":0},"event-venues":[635],"event-tags":[],"class_list":["post-40206","event","type-event","status-publish","has-post-thumbnail","hentry","event-venue-mac-preso","event-category-festival"],"acf":{"title_ca":"L'hora del pati | Videoart i m\u00fasica","title_es":"L'hora del pati","title_en":"L'hora del pati","desc_ca":"<strong>dissabte 20 de juliol<\/strong>\r\n<strong>21.45 h\r\n<\/strong>(obertura de portes: 21 h)\r\n\r\n<strong>Abel Jaramillo\r\nLUCE\r\n<\/strong><strong>Adrian Melis\r\n+ Sorteig gandula solid\u00e0ria\r\n+ AzoOka<\/strong>\r\n\r\n&nbsp;\r\n\r\n<strong>Abel Jaramillo\r\n<\/strong><em>Los fuegos<\/em>, 2023\r\n16\u2019\r\n\r\n<em>Los fuegos<\/em>\u00a0aborda una narraci\u00f3 a trav\u00e9s de diverses escenes que s\u00f3n una i tres pel\u00b7l\u00edcules, imatges que transiten i es repliquen en diferents \u00e8poques i llocs i que es van trenant a trav\u00e9s del foc. Una carta des de la perif\u00e8ria de Par\u00eds que parla sobre la por a un incendi \u00e9s retransmesa per una r\u00e0dio en exili. Hi ha una pulsi\u00f3 per emmagatzemar pel\u00b7l\u00edcules i salvar-les del foc i una imatge sorgeix per accident. Un di\u00e0leg entre dues ciutats: un mot\u00ed en la pres\u00f3 de Badajoz i una s\u00e8rie d\u2019incendis en uns estudis de cinema a Roma. Com un mirall en la hist\u00f2ria, aquell foc que s\u00f3n tots els focs arrasava en els nostres temps una ciutat replicada de Roma en uns estudis de cinema i una pres\u00f3 com a s\u00edmbol d\u2019un m\u00f3n que estava per canviar, que est\u00e0 canviant. Aquelles cendres que ens parlen, com una veu clandestina, sobre la transformaci\u00f3, sobre posar el cos davant un protocol d\u2019incendis. Una cerca per trobar la forma. La forma que t\u00e9 la por al foc, la forma de la por, la forma del foc. La forma de les nits sense dormir. El que podrien ser una, cap i quinze mil pel\u00b7l\u00edcules. Una mirada circular: mirar tots els focs des de tots els punts de vista. Una mirada des de la ficci\u00f3: mirar el mateix foc i pensar que sempre \u00e9s un foc diferent. Vigilar al vigilant i ballar en els terrats. Mirar les formes que queden i les imatges que falten.\r\nPerformance i veu:\u00a0<strong>Alex Paniz<\/strong>\u00a0i\u00a0<strong>Itziar Okariz<\/strong>\u00a0\/ Veu i so:\u00a0<strong>Agust\u00edn Jerez<\/strong>\r\n\r\n<strong>Abel Jaramillo\r\n<\/strong>(Badajoz, 1993)\r\n<a href=\"https:\/\/www.abeljaramillo.es\/\">www.abeljaramillo.es<\/a>\r\n\r\n&nbsp;\r\n\r\n<strong>LUCE (Lucas Oliete)\r\n<\/strong><em>V\u00eddeos Diarios 2021-2022,<\/em>\u00a02021-2022<strong>\r\n<\/strong>13\u201950\u2019\u2019\r\n\r\nLes seq\u00fc\u00e8ncies s\u00f3n espais i llocs que capten l\u2019atenci\u00f3 de l\u2019artista, fragments breus que pretenen registrar i arxivar els seus passejos, en la seva majoria, a la ciutat de Val\u00e8ncia i voltants. Pr\u00e0ctica \u00edntimament lligada al seu proc\u00e9s creatiu, aquests fragments breus es barregen amb algunes narratives m\u00e9s concretes, on existeix una interacci\u00f3 m\u00e9s gran amb l\u2019entorn. La ciutat est\u00e0 en cont\u00ednua transformaci\u00f3 i aquesta documentaci\u00f3 obsessiva pret\u00e9n \u201calentir\u201d el canvi. En acabar el dia,\u00a0 projecta directament les imatges des de la cambra en una idea de repassar i resumir el viscut.\r\n\r\n<strong>LUCE<\/strong>\u00a0(<strong>Lucas Oliete)\r\n<\/strong>(Val\u00e8ncia, 1989)\r\n<a href=\"https:\/\/www.tumblr.com\/luceabc\">www.tumblr.com\/luceabc<\/a>\r\n\r\n&nbsp;\r\n\r\n<strong>Adrian Melis\r\n<\/strong><em>Tales from the mountaintop (Relatos desde la cima),\u00a0<\/em>2019\r\n10\u2019\r\n\r\nProjecte audiovisual col\u00b7laboratiu en el qual participen 30 individus d\u2019origen cub\u00e0 que resideixen a les proximitats de les muntanyes de Sierra Maestra, un lloc hist\u00f2ricament significatiu de la Revoluci\u00f3 Cubana. Aquests habitants, que ara viuen en condicions dif\u00edcils, seran convidats a recrear el paisatge sonor de les gestes revolucion\u00e0ries utilitzant objectes i materials trobats al seu voltant. Aquesta t\u00e8cnica, coneguda com a Foley Art, els permetr\u00e0 imitar sons naturals i accions clau de la revoluci\u00f3. El projecte pret\u00e9n exposar la bretxa entre la ideologia pol\u00edtica passada i la realitat actual de desil\u00b7lusi\u00f3 i decad\u00e8ncia, creant un contrast entre el que es veu i el que s\u2019escolta en un context de valors \u00e8tics i est\u00e8tics desfasats.\u00a0<em>Tales from the mountaintop<\/em>\u00a0situa l\u2019espectador enmig de dues realitats: una social i una pol\u00edtica, representades pels actuals habitants d\u2019un lloc marcat pel frac\u00e0s d\u2019un projecte social.\r\nProjecte encarregat per CIFO Art Foundation. Cortesia de l\u2019artista i ADN Galeria\r\n\r\n<strong>Adrian Melis\r\n<\/strong>(L\u2019Havana, Cuba, 1985)\r\n<a href=\"https:\/\/adrianmelis.com\/\">www.adrianmelis.com<\/a>\r\n\r\n&nbsp;\r\n\r\n<strong>Sorteig de la gandula solid\u00e0ria\r\n<\/strong>Sorteig entre tot el p\u00fablic que hagi comprat n\u00fameros aquest dia d\u2019una de les 9 gandules solid\u00e0ries que han intervingut 9 artistes de manera altru\u00efta. Si us toca, us l\u2019endueu a casa!\r\nPodeu veure els autors i les gandules\u00a0<a href=\"https:\/\/www.mataroartcontemporani.cat\/seccio\/gandules-solidaries-2\/\">aqu\u00ed<\/a>.\r\n\r\n&nbsp;\r\n\r\n<strong>Azo0ka\r\n<\/strong>Andrea Fuentes, coneguda art\u00edsticament com a Azo0ka, \u00e9s una DJ que destaca per la seva capacitat de fusionar House, Techno i Trance, fent de les seves sessions viatges sonors plens de ritmes que captiven l\u2019audi\u00e8ncia, consolidant-la com una figura prometedora en l\u2019escena electr\u00f2nica.\r\n<a href=\"https:\/\/x.com\/azo0ka?lang=bg\">@azo0ka<\/a>","desc_es":"","desc_en":"","event_category":481,"event_show_only_own_date":false,"_event_confirmed":true,"_event_public":true,"_event_free":true,"_event_price-min":"","_event_price-max":"","_event_web_ca":"https:\/\/www.mataroartcontemporani.cat\/posts_activitats\/lhora-del-pati-2\/","_event_web_es":"","_event_web_en":"","event_contact_email":"","event_apply_email":"","is_online_event":false,"is_art_nou_event":false,"is_bgw_event":false,"date_text":"","register_deadline":null,"altres_organitzadors":""},"abe_event_venue":"M|A|C Pres\u00f3","abe_event_category":"Festival","start":"2024-07-20 21:00:00","end":"2024-07-20 23:55:00","schedule":"once","schedule_meta":"","frequency":1,"all_day":0,"until":"2024-07-20 21:00:00","include":[],"exclude":[],"_links":{"self":[{"href":"https:\/\/graf.cat\/es\/wp-json\/wp\/v2\/events\/40206","targetHints":{"allow":["GET"]}}],"collection":[{"href":"https:\/\/graf.cat\/es\/wp-json\/wp\/v2\/events"}],"about":[{"href":"https:\/\/graf.cat\/es\/wp-json\/wp\/v2\/types\/event"}],"author":[{"embeddable":true,"href":"https:\/\/graf.cat\/es\/wp-json\/wp\/v2\/users\/159"}],"occurrences":[{"embeddable":true,"href":"https:\/\/graf.cat\/es\/wp-json\/wp\/v2\/events\/40206\/occurrences"}],"acf:term":[{"embeddable":true,"taxonomy":"event-category","href":"https:\/\/graf.cat\/es\/wp-json\/wp\/v2\/event-category\/481"}],"wp:featuredmedia":[{"embeddable":true,"href":"https:\/\/graf.cat\/es\/wp-json\/wp\/v2\/media\/40196"}],"wp:attachment":[{"href":"https:\/\/graf.cat\/es\/wp-json\/wp\/v2\/media?parent=40206"}],"wp:term":[{"taxonomy":"event-venue","embeddable":true,"href":"https:\/\/graf.cat\/es\/wp-json\/wp\/v2\/event-venues?post=40206"},{"taxonomy":"event-tag","embeddable":true,"href":"https:\/\/graf.cat\/es\/wp-json\/wp\/v2\/event-tags?post=40206"}],"curies":[{"name":"wp","href":"https:\/\/api.w.org\/{rel}","templated":true}]}}