{"id":40209,"guid":{"rendered":"https:\/\/graf.cat\/?post_type=event&#038;p=40209"},"modified":"2024-07-01T16:04:01","modified_gmt":"2024-07-01T14:04:01","slug":"lhora-del-pati-2-2-2-2-2-2-2","status":"publish","type":"event","link":"https:\/\/graf.cat\/es\/events\/event\/lhora-del-pati-2-2-2-2-2-2-2\/","title":{"rendered":"L&#8217;hora del pati | Videoart i m\u00fasica"},"content":{"rendered":"","protected":false},"excerpt":{"rendered":"","protected":false},"author":159,"featured_media":40196,"template":"","meta":{"_acf_changed":false,"_monsterinsights_skip_tracking":false,"_monsterinsights_sitenote_active":false,"_monsterinsights_sitenote_note":"","_monsterinsights_sitenote_category":0},"event-venues":[635],"event-tags":[],"class_list":["post-40209","event","type-event","status-publish","has-post-thumbnail","hentry","event-venue-mac-preso","event-category-festival"],"acf":{"title_ca":"L'hora del pati | Videoart i m\u00fasica","title_es":"L'hora del pati","title_en":"L'hora del pati","desc_ca":"<strong>dissabte 27 de juliol<\/strong>\r\n<strong>23.45 h\r\n<\/strong>(obertura de portes: 22.30 h)\r\n\r\n<strong>Marla Jacarilla\r\nFernando S\u00e1nchez Castillo\r\n<\/strong><strong>Valentina Alvarado\r\nBlanca Gracia\r\n+ Sorteig gandula solid\u00e0ria\r\n+ Klitter<\/strong>\r\n\r\n&nbsp;\r\n\r\n<strong>Marla Jacarilla\r\n<\/strong><em>Gestos pol\u00edticos, pol\u00edticas del gesto<\/em>\u00a0<em>(De la serie: Anotaciones para una eis\u00e9gesis), 2017\r\n<\/em>8\u201922\u2019\u2019\r\n\r\nSi tenim en compte que la comunicaci\u00f3 no verbal representa aproximadament un 80% de tot el que transmetem, podem llavors entendre que tots aquells gestos, ganyotes o posats realitzats per personatges p\u00fablics \u2013i en concret, pol\u00edtics\u2013 captin la nostra atenci\u00f3 i quedin immortalitzats mitjan\u00e7ant una gran quantitat de GIFs que repeteixen aquest moviment constantment fins a transformar-ho en un nou gest que, despullat del seu originari significat i context, esdev\u00e9 imatge viral de connotacions habitualment humor\u00edstiques. Per\u00f2, per qu\u00e8 ens obsessionen tant aquests gestos? Qu\u00e8 ens est\u00e0 comunicant el moviment d\u2019una m\u00e0, la intensitat d\u2019una mirada o una manera de caminar? Pot existir un sentiment d\u2019identificaci\u00f3 en algun d\u2019aquests gestos? O potser es tracta m\u00e9s aviat d\u2019una necessitat de ridiculitzar a l\u2019altre? \u00c9s l\u2019estranyesa un factor important a tenir en compte? Valorem de la mateixa manera els gestos quan pertanyen a personatges de l\u2019esfera p\u00fablica?\r\nM\u00fasica:\u00a0<strong>N\u00e9stor Catal\u00e0<\/strong>\r\n\r\n<strong>Marla Jacarilla\r\n<\/strong>(Alcoi, Alacant, 1980)\r\n<a href=\"http:\/\/www.marlajacarilla.es\/\">www.marlajacarilla.es<\/a>\r\n\r\n&nbsp;\r\n\r\n<strong>Fernando S\u00e1nchez Castillo\r\n<\/strong><em>Pegasus Dance<\/em>, 2007\r\n15\u2019\r\n\r\nEs tracta d\u2019una coreografia realitzada per a camions antidisturbis. Una fantasia en qu\u00e8 s\u2019inverteix la funci\u00f3 d\u2019aquests artefactes fets per a reprimir i controlar les voluntats ciutadanes. Convertits en objectes performatius, aquests vehicles de la policia de Rotterdam ballen i generen uns passos o moviments que els equipessin a ritus ancestrals de dansa o comportaments d\u2019unes certes esp\u00e8cies animals. Penso en festejos d\u2019ocells o peixos. Explorar les potencialitats perform\u00e0tiques i est\u00e8tiques d\u2019aquests objectes enfront de la seva efectivitat policial era el Leitmotiv del projecte.\r\n\r\n<strong>Fernando S\u00e1nchez Castillo\r\n<\/strong>(Madrid, 1970)\r\n<a href=\"https:\/\/fernandosanchezcastillo.com\/\">www.fernandosanchezcastillo.com<\/a>\r\n\r\n&nbsp;\r\n\r\n<strong>Valentina Alvarado Matos\r\n<\/strong><em>Arrojalatierra<\/em>, 2021\r\n13\u201948\u2019\u2019\r\n\r\nSi el cor \u00e9s el m\u00fascul que mai descansa, les mans no estan pas millor com a obreres del cos. Toquen, sostenen, recullen i creen, donen exist\u00e8ncia a les coses. Aquesta pel\u00b7l\u00edcula explora la relaci\u00f3 entre art i treball en la m\u00e9s t\u00e0ctil del quefer. La mat\u00e8ria \u00e9s present tant davant com dins de la cambra. Davant tenim cer\u00e0mica, barrejada i modelada col\u00b7lectivament. A dins tenim pel\u00b7l\u00edcula (cel\u00b7luloide) que recull la llum que prov\u00e9 del m\u00f3n que envolta a A<em>rrojalatierra.<\/em>\u00a0Una pel\u00b7l\u00edcula sobre fer coses que deixen empremta en l\u2019espai i en el temps.\r\nText: Luc\u00eda Salas\r\n\r\n<strong>Valentina Alvarado Matos\r\n<\/strong>(Maracaibo, Vene\u00e7uela, 1986)\r\n<a href=\"https:\/\/www.valentinalvaradomatos.com\/\">www.valentinalvaradomatos.com<\/a>\r\n\r\n&nbsp;\r\n\r\n<strong>Blanca Gracia\r\n<\/strong><em>Antidotum Tarantulae,\u00a0<\/em>2022\r\n8\u201930\u2019\u2019\r\n\r\nVideoinstal\u00b7laci\u00f3 que mostra diferents personatges desfilant com si d\u2019un carnestoltes es tract\u00e9s. El so est\u00e0 fet expressament per a la pe\u00e7a i es basa en una tarantel\u00b7la anomenada<em>\u00a0Antidotum Tarantulae,<\/em>\u00a0la qual se suposava que curava la \u201ccoreomania\u201d que va sorgir en diverses regions d\u2019It\u00e0lia durant l\u2019edat mitjana. Aquest espai est\u00e0 habitat per cossos dissidents i \u00e9ssers antropomorfs decidits a viure expulsats d\u2019una societat opressiva. En aquest bosc m\u00e0gic i irracional, on tot \u00e9s possible, es passeja un etern carnestoltes d\u2019ens dispars que reivindica, entre l\u2019alegria i la por, altres maneres de ser.\r\nM\u00fasica:\u00a0<strong>Diskoan<\/strong>\u00a0\/ Ajudant d\u2019animaci\u00f3:\u00a0<strong>Yu Nishizuka<\/strong>\r\n\r\n<strong>Blanca Gracia\r\n<\/strong>(Madrid, 1989)\r\n<a href=\"https:\/\/blancagracia.com\/\">www.blancagracia.com<\/a>\r\n\r\n&nbsp;\r\n\r\n<strong>Sorteig de la gandula solid\u00e0ria\r\n<\/strong>Sorteig entre tot el p\u00fablic que hagi comprat n\u00fameros aquest dia d\u2019una de les 9 gandules solid\u00e0ries que han intervingut 9 artistes de manera altru\u00efta. Si us toca, us l\u2019endueu a casa!\r\nPodeu veure els autors i les gandules\u00a0<a href=\"https:\/\/www.mataroartcontemporani.cat\/seccio\/gandules-solidaries-2\/\">aqu\u00ed<\/a>.\r\n\r\n&nbsp;\r\n\r\n<strong>Klitter\r\n<\/strong>Klitter \u00e9s un dels molts projectes del productor mataron\u00ed Julio Lavado, membre de la reconeguda formaci\u00f3 de m\u00fasica electr\u00f2nica\u00a0 The Sickbeat. Amb aquest projecte, Lavado explora la vessant m\u00e9s introspectiva de l\u2019electr\u00f2nica, amb ritmes trencats i melodies et\u00e8ries, per\u00f2 sense renunciar a parts m\u00e9s ballables, en un directe en el qual les m\u00e0quines anal\u00f2giques prenen el protagonisme.\r\n@eljulai","desc_es":"","desc_en":"","event_category":481,"event_show_only_own_date":false,"_event_confirmed":true,"_event_public":true,"_event_free":true,"_event_price-min":"","_event_price-max":"","_event_web_ca":"https:\/\/www.mataroartcontemporani.cat\/posts_activitats\/lhora-del-pati-2\/","_event_web_es":"","_event_web_en":"","event_contact_email":"","event_apply_email":"","is_online_event":false,"is_art_nou_event":false,"is_bgw_event":false,"date_text":"","register_deadline":null,"altres_organitzadors":""},"abe_event_venue":"M|A|C Pres\u00f3","abe_event_category":"Festival","start":"2024-07-27 23:30:00","end":"2024-07-27 23:55:00","schedule":"once","schedule_meta":"","frequency":1,"all_day":0,"until":"2024-07-27 23:30:00","include":[],"exclude":[],"_links":{"self":[{"href":"https:\/\/graf.cat\/es\/wp-json\/wp\/v2\/events\/40209","targetHints":{"allow":["GET"]}}],"collection":[{"href":"https:\/\/graf.cat\/es\/wp-json\/wp\/v2\/events"}],"about":[{"href":"https:\/\/graf.cat\/es\/wp-json\/wp\/v2\/types\/event"}],"author":[{"embeddable":true,"href":"https:\/\/graf.cat\/es\/wp-json\/wp\/v2\/users\/159"}],"occurrences":[{"embeddable":true,"href":"https:\/\/graf.cat\/es\/wp-json\/wp\/v2\/events\/40209\/occurrences"}],"acf:term":[{"embeddable":true,"taxonomy":"event-category","href":"https:\/\/graf.cat\/es\/wp-json\/wp\/v2\/event-category\/481"}],"wp:featuredmedia":[{"embeddable":true,"href":"https:\/\/graf.cat\/es\/wp-json\/wp\/v2\/media\/40196"}],"wp:attachment":[{"href":"https:\/\/graf.cat\/es\/wp-json\/wp\/v2\/media?parent=40209"}],"wp:term":[{"taxonomy":"event-venue","embeddable":true,"href":"https:\/\/graf.cat\/es\/wp-json\/wp\/v2\/event-venues?post=40209"},{"taxonomy":"event-tag","embeddable":true,"href":"https:\/\/graf.cat\/es\/wp-json\/wp\/v2\/event-tags?post=40209"}],"curies":[{"name":"wp","href":"https:\/\/api.w.org\/{rel}","templated":true}]}}