{"id":40946,"guid":{"rendered":"https:\/\/graf.cat\/?post_type=event&#038;p=40946"},"modified":"2024-08-30T11:57:43","modified_gmt":"2024-08-30T09:57:43","slug":"les-prostitutees-de-lyon-parlent-lluites-collectives-films-feministes-dels-anys-70-i-80-a-franca","status":"publish","type":"event","link":"https:\/\/graf.cat\/es\/events\/event\/les-prostitutees-de-lyon-parlent-lluites-collectives-films-feministes-dels-anys-70-i-80-a-franca\/","title":{"rendered":"Les prostitut\u00e9es de Lyon parlent. Lluites col\u00b7lectives, films feministes dels anys 70 i 80 a Fran\u00e7a"},"content":{"rendered":"","protected":false},"excerpt":{"rendered":"","protected":false},"author":155,"featured_media":40948,"template":"","meta":{"_acf_changed":false,"_monsterinsights_skip_tracking":false,"_monsterinsights_sitenote_active":false,"_monsterinsights_sitenote_note":"","_monsterinsights_sitenote_category":0},"event-venues":[437],"event-tags":[],"class_list":["post-40946","event","type-event","status-publish","has-post-thumbnail","hentry","event-venue-filmoteca-de-catalunya","event-category-screening"],"acf":{"title_ca":"Les prostitut\u00e9es de Lyon parlent. Lluites col\u00b7lectives, films feministes dels anys 70 i 80 a Fran\u00e7a","title_es":"Les prostitut\u00e9es de Lyon parlent. Lluites col\u00b7lectives, films feministes dels anys 70 i 80 a Fran\u00e7a","title_en":"Les prostitut\u00e9es de Lyon parlent. Lluites col\u00b7lectives, films feministes dels anys 70 i 80 a Fran\u00e7a","desc_ca":"<span style=\"text-decoration: underline\">Programa de la sessi\u00f3:<\/span>\r\n(*Inclour\u00e0 el di\u00e0leg a c\u00e0rrec d\u2019investigadores del grup CINEMA de l'UPF).\r\n\r\n<strong><span class=\"TextRun MacChromeBold SCXW24737302 BCX0\" lang=\"CA-ES\" xml:lang=\"CA-ES\" data-contrast=\"none\"><span class=\"NormalTextRun SCXW24737302 BCX0\">Y\u2019a <\/span><span class=\"NormalTextRun SpellingErrorV2Themed SCXW24737302 BCX0\">qu\u2019\u00e0<\/span><span class=\"NormalTextRun SCXW24737302 BCX0\"> pas <\/span><span class=\"NormalTextRun SpellingErrorV2Themed SCXW24737302 BCX0\">baiser<\/span><\/span><\/strong><span class=\"TextRun SCXW24737302 BCX0\" lang=\"CA-ES\" xml:lang=\"CA-ES\" data-contrast=\"none\"><span class=\"NormalTextRun SCXW24737302 BCX0\"> (<span class=\"LineBreakBlob BlobObject DragDrop SCXW24737302 BCX0\"><span class=\"SCXW24737302 BCX0\">Basta con no follar)\r\n<\/span><\/span><\/span><\/span><span class=\"TextRun SCXW24737302 BCX0\" lang=\"CA-ES\" xml:lang=\"CA-ES\" data-contrast=\"none\"><span class=\"NormalTextRun SCXW24737302 BCX0\">C.<\/span><\/span><span class=\"TextRun SCXW24737302 BCX0\" lang=\"FR-FR\" xml:lang=\"FR-FR\" data-contrast=\"none\"><span class=\"NormalTextRun SpellingErrorV2Themed SCXW24737302 BCX0\">Roussopoulos<\/span><span class=\"NormalTextRun SCXW24737302 BCX0\">, 1973, <\/span><\/span><span class=\"LineBreakBlob BlobObject DragDrop SCXW24737302 BCX0\"><span class=\"SCXW24737302 BCX0\">Fran\u00e7a. 17\u2019.\r\nDocument militant a favor de l\u2019avortament i la contracepci\u00f3 lliure i gratu\u00efta. El film alterna imatges de la primera manifestaci\u00f3 feminista multitudin\u00e0ria a Par\u00eds el 20 de novembre de 1971 i imatges d\u2019un avortament il\u00b7legal practicat segons el m\u00e8tode Karman.<\/span><br class=\"SCXW24737302 BCX0\" \/><\/span>\r\n\r\n<strong><span class=\"TextRun MacChromeBold SCXW24737302 BCX0\" lang=\"CA-ES\" xml:lang=\"CA-ES\" data-contrast=\"none\"><span class=\"NormalTextRun SCXW24737302 BCX0\">Le F.H.A.R.\r\n<\/span><\/span><\/strong><span class=\"TextRun SCXW24737302 BCX0\" lang=\"CA-ES\" xml:lang=\"CA-ES\" data-contrast=\"none\"><span class=\"NormalTextRun SCXW24737302 BCX0\">C.<\/span><\/span><span class=\"TextRun SCXW24737302 BCX0\" lang=\"FR-FR\" xml:lang=\"FR-FR\" data-contrast=\"none\"><span class=\"NormalTextRun SpellingErrorV2Themed SCXW24737302 BCX0\">Roussopoulos<\/span><span class=\"NormalTextRun SCXW24737302 BCX0\">, <\/span><\/span><span class=\"TextRun SCXW24737302 BCX0\" lang=\"CA-ES\" xml:lang=\"CA-ES\" data-contrast=\"none\"><span class=\"NormalTextRun SCXW24737302 BCX0\">1971.<\/span><\/span> Fran\u00e7a, <span class=\"TextRun SCXW24737302 BCX0\" lang=\"CA-ES\" xml:lang=\"CA-ES\" data-contrast=\"none\"><span class=\"NormalTextRun SCXW24737302 BCX0\">26\u2019.\r\n<\/span><\/span><span data-contrast=\"auto\">Aquest film mostra la primera manifestaci\u00f3 p\u00fablica de gais i lesbianes que va tenir lloc a Fran\u00e7a, concretament a Par\u00eds.<\/span><span data-ccp-props=\"{&quot;201341983&quot;:0,&quot;335559739&quot;:160,&quot;335559740&quot;:279}\">\u00a0<\/span><span data-contrast=\"auto\">El 1971, el Front Homosexual d\u2019Acci\u00f3 Revolucion\u00e0ria (FHAR) va participar en la desfilada de l\u20191 de maig. Les imatges enregistrades durant la manifestaci\u00f3 s\u2019intercalen amb fragments d\u2019una reuni\u00f3 en la qual es debaten les q\u00fcestions plantejades pel moviment. El reportatge \u00e9s un document fundacional no solament per a la hist\u00f2ria i la mem\u00f2ria del moviment l\u00e8sbic, gai i <\/span><i><span data-contrast=\"auto\">queer<\/span><\/i><span data-contrast=\"auto\">, sin\u00f3 tamb\u00e9 per a l\u2019aparici\u00f3 d\u2019una pr\u00e0ctica cinematogr\u00e0fica compromesa, de la qual Carole Roussopoulos \u00e9s pionera, que dona la paraula a les persones que filma amb un equip de v\u00eddeo lleuger. <\/span><span data-ccp-props=\"{&quot;201341983&quot;:0,&quot;335559739&quot;:160,&quot;335559740&quot;:279}\">\u00a0<\/span>\r\n\r\n<strong>Les prostitut\u00e9es de Lyon parlent<\/strong> (Las prostitutas de Lion se manifiestan)\r\nC.Roussopoulos, 1975, Fran\u00e7a, 40'.\r\n\r\n<span class=\"TextRun SCXW577170 BCX0\" lang=\"CA-ES\" xml:lang=\"CA-ES\" data-contrast=\"none\"><span class=\"NormalTextRun SCXW577170 BCX0\">E<\/span><span class=\"NormalTextRun SCXW577170 BCX0\">l juny del 1975, les prostitutes de Li\u00f3 van ocupar l\u2019esgl\u00e9sia de Saint-<\/span><span class=\"NormalTextRun SpellingErrorV2Themed SCXW577170 BCX0\">Nizier<\/span><span class=\"NormalTextRun SCXW577170 BCX0\">. Parlen de la seva hist\u00f2ria personal, de les seves condicions de treball, de les seves relacions amb la societat. Denuncien el poder de la policia i dels pol\u00edtics, i expressen les seves reivindicacions.<\/span><\/span><span class=\"EOP SCXW577170 BCX0\" data-ccp-props=\"{&quot;201341983&quot;:0,&quot;335559739&quot;:160,&quot;335559740&quot;:279}\">\u00a0<\/span>\r\n\r\n_\r\n\r\nAquesta sessi\u00f3 forma part del cicle de cinema <a href=\"https:\/\/www.filmoteca.cat\/web\/ca\/film\/maso-et-miso-vont-en-bateau\"><strong><em>Lluites col\u00b7lectives, films feministes dels anys 70 i 80 a Fran\u00e7a<\/em><\/strong><\/a>\u00a0vinculat a l\u2019exposici\u00f3\u00a0<strong>Precursores: feminismes, c\u00e0mera en m\u00e0 i arxiu a l\u2019espatlla<\/strong>, que es pot visitar a l\u2019espai expositiu de la Filmoteca fins al 17 de novembre de 2024.\r\n\r\nEl cicle de cinema, dedicat als v\u00eddeoactivismes dels anys 70 i 80, inclou t\u00edtols realitzat per <em>Les Insoumuses<\/em>, el col\u00b7lectiu feminista format per Delphine Seyrig, Carole Roussopoulos i Ioana Wieder, les quals van escriure un cap\u00edtol cabdal en la hist\u00f2ria del feminisme mitjan\u00e7ant l\u2019\u00fas innovador del v\u00eddeo com a eina de protesta i conscienciaci\u00f3 social.\r\n\r\n&nbsp;","desc_es":"<span style=\"text-decoration: underline\">Programa de la sessi\u00f3:<\/span>\r\n(*Inclour\u00e0 el di\u00e0leg a c\u00e0rrec d\u2019investigadores del grup CINEMA de l'UPF).\r\n\r\n<strong><span class=\"TextRun MacChromeBold SCXW24737302 BCX0\" lang=\"CA-ES\" xml:lang=\"CA-ES\" data-contrast=\"none\"><span class=\"NormalTextRun SCXW24737302 BCX0\">Y\u2019a <\/span><span class=\"NormalTextRun SpellingErrorV2Themed SCXW24737302 BCX0\">qu\u2019\u00e0<\/span><span class=\"NormalTextRun SCXW24737302 BCX0\"> pas <\/span><span class=\"NormalTextRun SpellingErrorV2Themed SCXW24737302 BCX0\">baiser<\/span><\/span><\/strong><span class=\"TextRun SCXW24737302 BCX0\" lang=\"CA-ES\" xml:lang=\"CA-ES\" data-contrast=\"none\"><span class=\"NormalTextRun SCXW24737302 BCX0\"> (<span class=\"LineBreakBlob BlobObject DragDrop SCXW24737302 BCX0\"><span class=\"SCXW24737302 BCX0\">Basta con no follar)\r\n<\/span><\/span><\/span><\/span><span class=\"TextRun SCXW24737302 BCX0\" lang=\"CA-ES\" xml:lang=\"CA-ES\" data-contrast=\"none\"><span class=\"NormalTextRun SCXW24737302 BCX0\">C.<\/span><\/span><span class=\"TextRun SCXW24737302 BCX0\" lang=\"FR-FR\" xml:lang=\"FR-FR\" data-contrast=\"none\"><span class=\"NormalTextRun SpellingErrorV2Themed SCXW24737302 BCX0\">Roussopoulos<\/span><span class=\"NormalTextRun SCXW24737302 BCX0\">, 1973, <\/span><\/span><span class=\"LineBreakBlob BlobObject DragDrop SCXW24737302 BCX0\"><span class=\"SCXW24737302 BCX0\">Fran\u00e7a. 17\u2019.\r\nDocument militant a favor de l\u2019avortament i la contracepci\u00f3 lliure i gratu\u00efta. El film alterna imatges de la primera manifestaci\u00f3 feminista multitudin\u00e0ria a Par\u00eds el 20 de novembre de 1971 i imatges d\u2019un avortament il\u00b7legal practicat segons el m\u00e8tode Karman.<\/span><br class=\"SCXW24737302 BCX0\" \/><\/span>\r\n\r\n<strong><span class=\"TextRun MacChromeBold SCXW24737302 BCX0\" lang=\"CA-ES\" xml:lang=\"CA-ES\" data-contrast=\"none\"><span class=\"NormalTextRun SCXW24737302 BCX0\">Le F.H.A.R.\r\n<\/span><\/span><\/strong><span class=\"TextRun SCXW24737302 BCX0\" lang=\"CA-ES\" xml:lang=\"CA-ES\" data-contrast=\"none\"><span class=\"NormalTextRun SCXW24737302 BCX0\">C.<\/span><\/span><span class=\"TextRun SCXW24737302 BCX0\" lang=\"FR-FR\" xml:lang=\"FR-FR\" data-contrast=\"none\"><span class=\"NormalTextRun SpellingErrorV2Themed SCXW24737302 BCX0\">Roussopoulos<\/span><span class=\"NormalTextRun SCXW24737302 BCX0\">, <\/span><\/span><span class=\"TextRun SCXW24737302 BCX0\" lang=\"CA-ES\" xml:lang=\"CA-ES\" data-contrast=\"none\"><span class=\"NormalTextRun SCXW24737302 BCX0\">1971.<\/span><\/span> Fran\u00e7a, <span class=\"TextRun SCXW24737302 BCX0\" lang=\"CA-ES\" xml:lang=\"CA-ES\" data-contrast=\"none\"><span class=\"NormalTextRun SCXW24737302 BCX0\">26\u2019.\r\n<\/span><\/span><span data-contrast=\"auto\">Aquest film mostra la primera manifestaci\u00f3 p\u00fablica de gais i lesbianes que va tenir lloc a Fran\u00e7a, concretament a Par\u00eds.<\/span><span data-ccp-props=\"{&quot;201341983&quot;:0,&quot;335559739&quot;:160,&quot;335559740&quot;:279}\">\u00a0<\/span><span data-contrast=\"auto\">El 1971, el Front Homosexual d\u2019Acci\u00f3 Revolucion\u00e0ria (FHAR) va participar en la desfilada de l\u20191 de maig. Les imatges enregistrades durant la manifestaci\u00f3 s\u2019intercalen amb fragments d\u2019una reuni\u00f3 en la qual es debaten les q\u00fcestions plantejades pel moviment. El reportatge \u00e9s un document fundacional no solament per a la hist\u00f2ria i la mem\u00f2ria del moviment l\u00e8sbic, gai i <\/span><i><span data-contrast=\"auto\">queer<\/span><\/i><span data-contrast=\"auto\">, sin\u00f3 tamb\u00e9 per a l\u2019aparici\u00f3 d\u2019una pr\u00e0ctica cinematogr\u00e0fica compromesa, de la qual Carole Roussopoulos \u00e9s pionera, que dona la paraula a les persones que filma amb un equip de v\u00eddeo lleuger. <\/span><span data-ccp-props=\"{&quot;201341983&quot;:0,&quot;335559739&quot;:160,&quot;335559740&quot;:279}\">\u00a0<\/span>\r\n\r\n<strong>Les prostitut\u00e9es de Lyon parlent<\/strong> (Las prostitutas de Lion se manifiestan)\r\nC.Roussopoulos, 1975, Fran\u00e7a, 40'.\r\n\r\n<span class=\"TextRun SCXW577170 BCX0\" lang=\"CA-ES\" xml:lang=\"CA-ES\" data-contrast=\"none\"><span class=\"NormalTextRun SCXW577170 BCX0\">E<\/span><span class=\"NormalTextRun SCXW577170 BCX0\">l juny del 1975, les prostitutes de Li\u00f3 van ocupar l\u2019esgl\u00e9sia de Saint-<\/span><span class=\"NormalTextRun SpellingErrorV2Themed SCXW577170 BCX0\">Nizier<\/span><span class=\"NormalTextRun SCXW577170 BCX0\">. Parlen de la seva hist\u00f2ria personal, de les seves condicions de treball, de les seves relacions amb la societat. Denuncien el poder de la policia i dels pol\u00edtics, i expressen les seves reivindicacions.<\/span><\/span><span class=\"EOP SCXW577170 BCX0\" data-ccp-props=\"{&quot;201341983&quot;:0,&quot;335559739&quot;:160,&quot;335559740&quot;:279}\">\u00a0<\/span>\r\n\r\n_\r\n\r\nAquesta sessi\u00f3 forma part del cicle de cinema <a href=\"https:\/\/www.filmoteca.cat\/web\/ca\/film\/maso-et-miso-vont-en-bateau\"><strong><em>Lluites col\u00b7lectives, films feministes dels anys 70 i 80 a Fran\u00e7a<\/em><\/strong><\/a>\u00a0vinculat a l\u2019exposici\u00f3\u00a0<strong>Precursores: feminismes, c\u00e0mera en m\u00e0 i arxiu a l\u2019espatlla<\/strong>, que es pot visitar a l\u2019espai expositiu de la Filmoteca fins al 17 de novembre de 2024.\r\n\r\nEl cicle de cinema, dedicat als v\u00eddeoactivismes dels anys 70 i 80, inclou t\u00edtols realitzat per <em>Les Insoumuses<\/em>, el col\u00b7lectiu feminista format per Delphine Seyrig, Carole Roussopoulos i Ioana Wieder, les quals van escriure un cap\u00edtol cabdal en la hist\u00f2ria del feminisme mitjan\u00e7ant l\u2019\u00fas innovador del v\u00eddeo com a eina de protesta i conscienciaci\u00f3 social.","desc_en":"<span style=\"text-decoration: underline\">Programa de la sessi\u00f3:<\/span>\r\n(*Inclour\u00e0 el di\u00e0leg a c\u00e0rrec d\u2019investigadores del grup CINEMA de l'UPF).\r\n\r\n<strong><span class=\"TextRun MacChromeBold SCXW24737302 BCX0\" lang=\"CA-ES\" xml:lang=\"CA-ES\" data-contrast=\"none\"><span class=\"NormalTextRun SCXW24737302 BCX0\">Y\u2019a <\/span><span class=\"NormalTextRun SpellingErrorV2Themed SCXW24737302 BCX0\">qu\u2019\u00e0<\/span><span class=\"NormalTextRun SCXW24737302 BCX0\"> pas <\/span><span class=\"NormalTextRun SpellingErrorV2Themed SCXW24737302 BCX0\">baiser<\/span><\/span><\/strong><span class=\"TextRun SCXW24737302 BCX0\" lang=\"CA-ES\" xml:lang=\"CA-ES\" data-contrast=\"none\"><span class=\"NormalTextRun SCXW24737302 BCX0\"> (<span class=\"LineBreakBlob BlobObject DragDrop SCXW24737302 BCX0\"><span class=\"SCXW24737302 BCX0\">Basta con no follar)\r\n<\/span><\/span><\/span><\/span><span class=\"TextRun SCXW24737302 BCX0\" lang=\"CA-ES\" xml:lang=\"CA-ES\" data-contrast=\"none\"><span class=\"NormalTextRun SCXW24737302 BCX0\">C.<\/span><\/span><span class=\"TextRun SCXW24737302 BCX0\" lang=\"FR-FR\" xml:lang=\"FR-FR\" data-contrast=\"none\"><span class=\"NormalTextRun SpellingErrorV2Themed SCXW24737302 BCX0\">Roussopoulos<\/span><span class=\"NormalTextRun SCXW24737302 BCX0\">, 1973, <\/span><\/span><span class=\"LineBreakBlob BlobObject DragDrop SCXW24737302 BCX0\"><span class=\"SCXW24737302 BCX0\">Fran\u00e7a. 17\u2019.\r\nDocument militant a favor de l\u2019avortament i la contracepci\u00f3 lliure i gratu\u00efta. El film alterna imatges de la primera manifestaci\u00f3 feminista multitudin\u00e0ria a Par\u00eds el 20 de novembre de 1971 i imatges d\u2019un avortament il\u00b7legal practicat segons el m\u00e8tode Karman.<\/span><br class=\"SCXW24737302 BCX0\" \/><\/span>\r\n\r\n<strong><span class=\"TextRun MacChromeBold SCXW24737302 BCX0\" lang=\"CA-ES\" xml:lang=\"CA-ES\" data-contrast=\"none\"><span class=\"NormalTextRun SCXW24737302 BCX0\">Le F.H.A.R.\r\n<\/span><\/span><\/strong><span class=\"TextRun SCXW24737302 BCX0\" lang=\"CA-ES\" xml:lang=\"CA-ES\" data-contrast=\"none\"><span class=\"NormalTextRun SCXW24737302 BCX0\">C.<\/span><\/span><span class=\"TextRun SCXW24737302 BCX0\" lang=\"FR-FR\" xml:lang=\"FR-FR\" data-contrast=\"none\"><span class=\"NormalTextRun SpellingErrorV2Themed SCXW24737302 BCX0\">Roussopoulos<\/span><span class=\"NormalTextRun SCXW24737302 BCX0\">, <\/span><\/span><span class=\"TextRun SCXW24737302 BCX0\" lang=\"CA-ES\" xml:lang=\"CA-ES\" data-contrast=\"none\"><span class=\"NormalTextRun SCXW24737302 BCX0\">1971.<\/span><\/span> Fran\u00e7a, <span class=\"TextRun SCXW24737302 BCX0\" lang=\"CA-ES\" xml:lang=\"CA-ES\" data-contrast=\"none\"><span class=\"NormalTextRun SCXW24737302 BCX0\">26\u2019.\r\n<\/span><\/span><span data-contrast=\"auto\">Aquest film mostra la primera manifestaci\u00f3 p\u00fablica de gais i lesbianes que va tenir lloc a Fran\u00e7a, concretament a Par\u00eds.<\/span><span data-ccp-props=\"{&quot;201341983&quot;:0,&quot;335559739&quot;:160,&quot;335559740&quot;:279}\">\u00a0<\/span><span data-contrast=\"auto\">El 1971, el Front Homosexual d\u2019Acci\u00f3 Revolucion\u00e0ria (FHAR) va participar en la desfilada de l\u20191 de maig. Les imatges enregistrades durant la manifestaci\u00f3 s\u2019intercalen amb fragments d\u2019una reuni\u00f3 en la qual es debaten les q\u00fcestions plantejades pel moviment. El reportatge \u00e9s un document fundacional no solament per a la hist\u00f2ria i la mem\u00f2ria del moviment l\u00e8sbic, gai i <\/span><i><span data-contrast=\"auto\">queer<\/span><\/i><span data-contrast=\"auto\">, sin\u00f3 tamb\u00e9 per a l\u2019aparici\u00f3 d\u2019una pr\u00e0ctica cinematogr\u00e0fica compromesa, de la qual Carole Roussopoulos \u00e9s pionera, que dona la paraula a les persones que filma amb un equip de v\u00eddeo lleuger. <\/span><span data-ccp-props=\"{&quot;201341983&quot;:0,&quot;335559739&quot;:160,&quot;335559740&quot;:279}\">\u00a0<\/span>\r\n\r\n<strong>Les prostitut\u00e9es de Lyon parlent<\/strong> (Las prostitutas de Lion se manifiestan)\r\nC. Roussopoulos, 1975, Fran\u00e7a, 40'.\r\n\r\n<span class=\"TextRun SCXW577170 BCX0\" lang=\"CA-ES\" xml:lang=\"CA-ES\" data-contrast=\"none\"><span class=\"NormalTextRun SCXW577170 BCX0\">E<\/span><span class=\"NormalTextRun SCXW577170 BCX0\">l juny del 1975, les prostitutes de Li\u00f3 van ocupar l\u2019esgl\u00e9sia de Saint-<\/span><span class=\"NormalTextRun SpellingErrorV2Themed SCXW577170 BCX0\">Nizier<\/span><span class=\"NormalTextRun SCXW577170 BCX0\">. Parlen de la seva hist\u00f2ria personal, de les seves condicions de treball, de les seves relacions amb la societat. Denuncien el poder de la policia i dels pol\u00edtics, i expressen les seves reivindicacions.<\/span><\/span><span class=\"EOP SCXW577170 BCX0\" data-ccp-props=\"{&quot;201341983&quot;:0,&quot;335559739&quot;:160,&quot;335559740&quot;:279}\">\u00a0<\/span>\r\n\r\n_\r\n\r\nAquesta sessi\u00f3 forma part del cicle de cinema <a href=\"https:\/\/www.filmoteca.cat\/web\/ca\/film\/maso-et-miso-vont-en-bateau\"><strong><em>Lluites col\u00b7lectives, films feministes dels anys 70 i 80 a Fran\u00e7a<\/em><\/strong><\/a>\u00a0vinculat a l\u2019exposici\u00f3\u00a0<strong>Precursores: feminismes, c\u00e0mera en m\u00e0 i arxiu a l\u2019espatlla<\/strong>, que es pot visitar a l\u2019espai expositiu de la Filmoteca fins al 17 de novembre de 2024.\r\n\r\nEl cicle de cinema, dedicat als v\u00eddeoactivismes dels anys 70 i 80, inclou t\u00edtols realitzat per <em>Les Insoumuses<\/em>, el col\u00b7lectiu feminista format per Delphine Seyrig, Carole Roussopoulos i Ioana Wieder, les quals van escriure un cap\u00edtol cabdal en la hist\u00f2ria del feminisme mitjan\u00e7ant l\u2019\u00fas innovador del v\u00eddeo com a eina de protesta i conscienciaci\u00f3 social.","event_category":219,"event_show_only_own_date":true,"_event_confirmed":true,"_event_public":true,"_event_free":false,"_event_price-min":3,"_event_price-max":4,"_event_web_ca":"","_event_web_es":"","_event_web_en":"","event_contact_email":"esthervila@gencat.cat","event_apply_email":"","is_online_event":false,"is_art_nou_event":false,"is_bgw_event":false,"date_text":"18 h","register_deadline":null,"altres_organitzadors":""},"abe_event_venue":"Filmoteca de Catalunya","abe_event_category":"Screening","start":"2024-09-12 18:00:00","end":"2024-09-12 20:00:00","schedule":"once","schedule_meta":"","frequency":1,"all_day":0,"until":"2024-09-12 18:00:00","include":[],"exclude":[],"_links":{"self":[{"href":"https:\/\/graf.cat\/es\/wp-json\/wp\/v2\/events\/40946","targetHints":{"allow":["GET"]}}],"collection":[{"href":"https:\/\/graf.cat\/es\/wp-json\/wp\/v2\/events"}],"about":[{"href":"https:\/\/graf.cat\/es\/wp-json\/wp\/v2\/types\/event"}],"author":[{"embeddable":true,"href":"https:\/\/graf.cat\/es\/wp-json\/wp\/v2\/users\/155"}],"occurrences":[{"embeddable":true,"href":"https:\/\/graf.cat\/es\/wp-json\/wp\/v2\/events\/40946\/occurrences"}],"acf:term":[{"embeddable":true,"taxonomy":"event-category","href":"https:\/\/graf.cat\/es\/wp-json\/wp\/v2\/event-category\/219"}],"wp:featuredmedia":[{"embeddable":true,"href":"https:\/\/graf.cat\/es\/wp-json\/wp\/v2\/media\/40948"}],"wp:attachment":[{"href":"https:\/\/graf.cat\/es\/wp-json\/wp\/v2\/media?parent=40946"}],"wp:term":[{"taxonomy":"event-venue","embeddable":true,"href":"https:\/\/graf.cat\/es\/wp-json\/wp\/v2\/event-venues?post=40946"},{"taxonomy":"event-tag","embeddable":true,"href":"https:\/\/graf.cat\/es\/wp-json\/wp\/v2\/event-tags?post=40946"}],"curies":[{"name":"wp","href":"https:\/\/api.w.org\/{rel}","templated":true}]}}