{"id":41564,"guid":{"rendered":"https:\/\/graf.cat\/?post_type=event&#038;p=41564"},"modified":"2024-09-23T18:32:03","modified_gmt":"2024-09-23T16:32:03","slug":"denuncia-y-enunciacion-feminista","status":"publish","type":"event","link":"https:\/\/graf.cat\/es\/events\/event\/denuncia-y-enunciacion-feminista\/","title":{"rendered":"Den\u00fancia i enunciaci\u00f3 feminista"},"content":{"rendered":"","protected":false},"excerpt":{"rendered":"","protected":false},"author":30,"featured_media":41565,"template":"","meta":{"_acf_changed":false,"_monsterinsights_skip_tracking":false,"_monsterinsights_sitenote_active":false,"_monsterinsights_sitenote_note":"","_monsterinsights_sitenote_category":0},"event-venues":[437],"event-tags":[],"class_list":["post-41564","event","type-event","status-publish","has-post-thumbnail","hentry","event-venue-filmoteca-de-catalunya","event-category-screening"],"acf":{"title_ca":"Den\u00fancia i enunciaci\u00f3 feminista","title_es":"Denuncia y enunciaci\u00f3n feminista","title_en":"Denuncia y enunciaci\u00f3n feminista","desc_ca":"<b>Programa de projecci\u00f3 en el marc de l'exposici\u00f3 <a href=\"https:\/\/www.filmoteca.cat\/web\/ca\/exposicio\/precursores-feminismes-camera-en-ma-i-arxiu-lespatlla\"><em>Precursores<\/em><\/a>\r\nFilmoteca de Catalunya (Barcelona)\r\n30 d'octubre 18:00h<\/b>\r\n<div class=\"newspaper col-sm-9\">\r\n\r\nA partir de l'exposici\u00f3 <em>Precursores: feminismes, c\u00e0mera en m\u00e0 i arxiu a l\u2019espatlla<\/em>, Hamaca ofereix un programa de v\u00eddeo experimental feminista de les \u00faltimes d\u00e8cades, audiovisual de vocaci\u00f3 militant que mostra una continuaci\u00f3 de les pr\u00e0ctiques f\u00edlmiques feministes a les mans de realitzadoris del territori catal\u00e0.\r\n\r\nQuan mirem les pel\u00b7l\u00edcules de Les Insoumuses \u00e9s habitual experimentar sentiments oposats davant la sensaci\u00f3 que no hem avan\u00e7at tant per\u00f2 s\u00ed hem canviat moltes coses. En els seus treballs dels anys 70 ja trobem l\u00facids reclams entorn de la major part de les reivindicacions feministes de l'actualitat \u2013reivindicacions que continuen sent ineludibles. No obstant aix\u00f2, el m\u00f3n s\u00ed que \u00e9s diferent ara i els feminismes han anat coordinant diverses estrat\u00e8gies davant els reptes que la vida i la pol\u00edtica articulen a cada moment. El cinema, el v\u00eddeo experimental i la seva exhibici\u00f3 no han cessat com a pr\u00e0ctica militant des dels temps en qu\u00e8 Delphine Seyrig, Carole Roussopoulos i Ioana Wieder van fer les seves pel\u00b7l\u00edcules, per aix\u00f2 en les produccions que es presenten podem trobar una genealogia de refer\u00e8ncies i un tra\u00e7 de com el to, els subjectes pol\u00edtics, l'est\u00e8tica o els temes han anat evolucionant al llarg dels anys.\r\n\r\nPrograma:\r\n<ul>\r\n \t<li><strong><em>Secret Strike Lleida<\/em><\/strong>, de <a href=\"https:\/\/hamacaonline.net\/authors\/alicia-framis\/\">Alicia Framis<\/a> (2005)<\/li>\r\n \t<li><strong><em>Zona Franca<\/em><\/strong>, de <a href=\"https:\/\/hamacaonline.net\/authors\/maria-ruido\/\">Mar\u00eda Ruido<\/a> (2009)<\/li>\r\n \t<li><em><strong>Mi hermana y yo<\/strong><\/em>, de <a href=\"https:\/\/hamacaonline.net\/authors\/virginia-garcia\/\">Virginia Garc\u00eda Del Pino<\/a> (2009)<\/li>\r\n \t<li><em><strong>Introakto<\/strong><\/em>, de <a href=\"https:\/\/hamacaonline.net\/authors\/post-op\/\">POST-OP<\/a> (2006)<\/li>\r\n \t<li><em><strong>Bind<\/strong><\/em>, de <a href=\"https:\/\/hamacaonline.net\/authors\/florencia-aliberti\/\">Florencia Aliberti<\/a> (2015)<\/li>\r\n \t<li><strong><em>Violencia en los medios de comunicaci\u00f3n<\/em><\/strong>, de <a href=\"https:\/\/hamacaonline.net\/authors\/linda-porn\/\">Linda Porn<\/a> (2015)<\/li>\r\n \t<li><em><strong>S\u00edndrome de la desaparici\u00f3n femenina<\/strong><\/em>, de <a href=\"https:\/\/hamacaonline.net\/authors\/lucia-egana\/\">Luc\u00eda Ega\u00f1a Rojas<\/a> (2020)<\/li>\r\n \t<li><em><strong>Ochoeme<\/strong><\/em>, de <a href=\"https:\/\/hamacaonline.net\/authors\/cristina-zhang-yu\/\">Cristina Zhang Yu<\/a> (2019)<\/li>\r\n<\/ul>\r\nEl programa comptar\u00e0 amb una presentaci\u00f3 de la sessi\u00f3 a c\u00e0rrec d'Hamaca.\r\n\r\n<\/div>","desc_es":"<b>Programa de proyecci\u00f3n en el marco de la exposici\u00f3 <a href=\"https:\/\/www.filmoteca.cat\/web\/ca\/exposicio\/precursores-feminismes-camera-en-ma-i-arxiu-lespatlla\"><em>Precursores<\/em><\/a>\r\nFilmoteca de Catalunya (Barcelona)\r\n30 de octubre 18:00h<\/b>\r\n<div class=\"newspaper col-sm-9\">\r\n\r\nA partir de la exposici\u00f3n <em>Precursores: feminismes, c\u00e0mera en m\u00e0 i arxiu a l\u2019espatlla<\/em>, Hamaca ofrece un programa de v\u00eddeo experimental feminista de las \u00faltimas d\u00e9cadas, audiovisual de vocaci\u00f3n militante que muestra una continuaci\u00f3n de las pr\u00e1cticas f\u00edlmicas feministas a manos de realizadorxs del territorio catal\u00e1n.\r\n\r\nCuando miramos las pel\u00edculas de Les Insoumuses es habitual experimentar sentimientos opuestos ante la sensaci\u00f3n de que no hemos avanzado tanto pero de que s\u00ed hemos cambiado muchas cosas. En sus trabajos de los a\u00f1os 70 ya encontramos l\u00facidos reclamos en torno a la mayor parte de las reivindicaciones feministas de la actualidad \u2013reivindicaciones que contin\u00faan siendo ineludibles. Sin embargo, el mundo s\u00ed que es diferente ahora y los feminismos han ido coordinando varias estrategias ante los retos que la vida y la pol\u00edtica han articulado en cada momento. El cine, el v\u00eddeo experimental y su exhibici\u00f3n no han cesado como pr\u00e1ctica militante desde los tiempos en que Delphine Seyrig, Carole Roussopoulos y Ioana Wieder hicieron sus pel\u00edculas, por eso en las producciones que se presentan podemos encontrar una genealog\u00eda de referencias y un trazo de c\u00f3mo el tono, los sujetos pol\u00edticos, la est\u00e9tica o los temas han ido evolucionando a lo largo de los a\u00f1os.\r\n\r\nPrograma:\r\n<ul>\r\n \t<li><strong><em>Secret Strike Lleida<\/em><\/strong>, de <a href=\"https:\/\/hamacaonline.net\/authors\/alicia-framis\/\">Alicia Framis<\/a> (2005)<\/li>\r\n \t<li><strong><em>Zona Franca<\/em><\/strong>, de <a href=\"https:\/\/hamacaonline.net\/authors\/maria-ruido\/\">Mar\u00eda Ruido<\/a> (2009)<\/li>\r\n \t<li><em><strong>Mi hermana y yo<\/strong><\/em>, de <a href=\"https:\/\/hamacaonline.net\/authors\/virginia-garcia\/\">Virginia Garc\u00eda Del Pino<\/a> (2009)<\/li>\r\n \t<li><em><strong>Introakto<\/strong><\/em>, de <a href=\"https:\/\/hamacaonline.net\/authors\/post-op\/\">POST-OP<\/a> (2006)<\/li>\r\n \t<li><em><strong>Bind<\/strong><\/em>, de <a href=\"https:\/\/hamacaonline.net\/authors\/florencia-aliberti\/\">Florencia Aliberti<\/a> (2015)<\/li>\r\n \t<li><strong><em>Violencia en los medios de comunicaci\u00f3n<\/em><\/strong>, de <a href=\"https:\/\/hamacaonline.net\/authors\/linda-porn\/\">Linda Porn<\/a> (2015)<\/li>\r\n \t<li><em><strong>S\u00edndrome de la desaparici\u00f3n femenina<\/strong><\/em>, de <a href=\"https:\/\/hamacaonline.net\/authors\/lucia-egana\/\">Luc\u00eda Ega\u00f1a Rojas<\/a> (2020)<\/li>\r\n \t<li><em><strong>Ochoeme<\/strong><\/em>, de <a href=\"https:\/\/hamacaonline.net\/authors\/cristina-zhang-yu\/\">Cristina Zhang Yu<\/a> (2019)<\/li>\r\n<\/ul>\r\nEl programa contar\u00e1 con una presentaci\u00f3n de la sesi\u00f3n a cargo de Hamaca.\r\n\r\n<\/div>","desc_en":"<b>Programa de proyecci\u00f3n en el marco de la exposici\u00f3 <a href=\"https:\/\/www.filmoteca.cat\/web\/ca\/exposicio\/precursores-feminismes-camera-en-ma-i-arxiu-lespatlla\"><em>Precursores<\/em><\/a>\r\nFilmoteca de Catalunya (Barcelona)\r\n30 de octubre 18:00h<\/b>","event_category":219,"event_show_only_own_date":false,"_event_confirmed":true,"_event_public":true,"_event_free":false,"_event_price-min":0,"_event_price-max":6,"_event_web_ca":"https:\/\/hamacaonline.net\/projects\/denuncia-i-enunciacio-feminista\/","_event_web_es":"https:\/\/hamacaonline.net\/projects\/denuncia-i-enunciacio-feminista\/","_event_web_en":"https:\/\/hamacaonline.net\/projects\/denuncia-i-enunciacio-feminista\/","event_contact_email":"","event_apply_email":"","is_online_event":false,"is_art_nou_event":false,"is_bgw_event":false,"date_text":"30 d'octubre 18:00h","register_deadline":null,"altres_organitzadors":[155]},"abe_event_venue":"Filmoteca de Catalunya","abe_event_category":"Screening","start":"2024-10-30 18:00:00","end":"2024-10-30 20:00:00","schedule":"once","schedule_meta":"","frequency":1,"all_day":0,"until":"2024-10-30 18:00:00","include":[],"exclude":[],"_links":{"self":[{"href":"https:\/\/graf.cat\/es\/wp-json\/wp\/v2\/events\/41564","targetHints":{"allow":["GET"]}}],"collection":[{"href":"https:\/\/graf.cat\/es\/wp-json\/wp\/v2\/events"}],"about":[{"href":"https:\/\/graf.cat\/es\/wp-json\/wp\/v2\/types\/event"}],"author":[{"embeddable":true,"href":"https:\/\/graf.cat\/es\/wp-json\/wp\/v2\/users\/30"}],"occurrences":[{"embeddable":true,"href":"https:\/\/graf.cat\/es\/wp-json\/wp\/v2\/events\/41564\/occurrences"}],"acf:user":[{"embeddable":true,"href":"https:\/\/graf.cat\/es\/wp-json\/wp\/v2\/users\/155"}],"acf:term":[{"embeddable":true,"taxonomy":"event-category","href":"https:\/\/graf.cat\/es\/wp-json\/wp\/v2\/event-category\/219"}],"wp:featuredmedia":[{"embeddable":true,"href":"https:\/\/graf.cat\/es\/wp-json\/wp\/v2\/media\/41565"}],"wp:attachment":[{"href":"https:\/\/graf.cat\/es\/wp-json\/wp\/v2\/media?parent=41564"}],"wp:term":[{"taxonomy":"event-venue","embeddable":true,"href":"https:\/\/graf.cat\/es\/wp-json\/wp\/v2\/event-venues?post=41564"},{"taxonomy":"event-tag","embeddable":true,"href":"https:\/\/graf.cat\/es\/wp-json\/wp\/v2\/event-tags?post=41564"}],"curies":[{"name":"wp","href":"https:\/\/api.w.org\/{rel}","templated":true}]}}