{"id":41891,"guid":{"rendered":"https:\/\/graf.cat\/?post_type=event&#038;p=41891"},"modified":"2024-10-02T10:13:57","modified_gmt":"2024-10-02T08:13:57","slug":"una-ruta-per-la-girona-dels-noranta-amb-isidre-pallas","status":"publish","type":"event","link":"https:\/\/graf.cat\/es\/events\/event\/una-ruta-per-la-girona-dels-noranta-amb-isidre-pallas\/","title":{"rendered":"Una ruta per la Girona dels noranta Amb Isidre Pall\u00e0s"},"content":{"rendered":"","protected":false},"excerpt":{"rendered":"","protected":false},"author":102,"featured_media":41892,"template":"","meta":{"_acf_changed":false,"_monsterinsights_skip_tracking":false,"_monsterinsights_sitenote_active":false,"_monsterinsights_sitenote_note":"","_monsterinsights_sitenote_category":0},"event-venues":[503],"event-tags":[],"class_list":["post-41891","event","type-event","status-publish","has-post-thumbnail","hentry","event-venue-bolit_larambla","event-category-altres"],"acf":{"title_ca":"Una ruta per la Girona dels noranta Amb Isidre Pall\u00e0s","title_es":"Una ruta por la Girona de los noventa Con Isidre Pall\u00e0s.","title_en":"A Tour through the Girona of the Nineties With Isidre Pall\u00e0s.","desc_ca":"sidre Pall\u00e0s no nom\u00e9s \u00e9s un activista de llarg recorregut sin\u00f3 que es tracta d\u2019alg\u00fa que ha viscut, en primera persona, tot all\u00f2 que s\u2019esdev\u00e9 al marge dels relats oficials (des del moviment ocupa fins a la causa palestina). Ens parlar\u00e0 dels seus noranta i de les altres cares de la ciutat que avui tothom coneix o creu con\u00e8ixer.\r\n\r\n\r\nL'itinerari comen\u00e7ar\u00e0 a la sala d'El B\u00f2lit La Rambla i es seguir\u00e0 una ruta pel Barri Vell.\r\n\r\nA cura d': Isidre Pall\u00e0s. Ho organitzen: B\u00f2lit Centre c'Art Contemporani i Museu d'Hist\u00f2ria de Girona. Ajuntament de Girona. Hi col\u00b7laboren: Diputaci\u00f3 de Girona i Departament de Cultura de la Generalitat de Catalunya. Activitat a l'entorn de l'exposici\u00f3 \"Infralocus. Els 90 a Girona, una d\u00e8cada de 20 anys\"","desc_es":"Isidre Pall\u00e0s no solo es un activista de largo recorrido, sino que es alguien que ha vivido en primera persona todo lo que ocurre al margen de los relatos oficiales (desde el movimiento okupa hasta la causa palestina). Nos hablar\u00e1 de sus a\u00f1os noventa y de las otras caras de la ciudad que hoy todos conocen o creen conocer.\r\n\r\nEl itinerario comenzar\u00e1 en la sala de El B\u00f2lit La Rambla y continuar\u00e1 con una ruta por el Barri Vell.\r\n\r\nA cargo de: Isidre Pall\u00e0s. Organizan: B\u00f2lit Centre de Arte Contempor\u00e1neo y Museo de Historia de Girona. Ayuntamiento de Girona. Con la colaboraci\u00f3n de: Diputaci\u00f3n de Girona y Departamento de Cultura de la Generalitat de Catalu\u00f1a. Actividad en torno a la exposici\u00f3n \"Infralocus. Los 90 en Girona, una d\u00e9cada de 20 a\u00f1os.\"","desc_en":"Isidre Pall\u00e0s is not only a long-standing activist but someone who has personally experienced everything happening on the fringes of official narratives (from the squatter movement to the Palestinian cause). He will talk to us about his nineties and the other sides of the city that everyone knows or thinks they know today.\r\n\r\nThe tour will begin at the El B\u00f2lit La Rambla gallery and will continue with a route through the Barri Vell.\r\n\r\nCurated by: Isidre Pall\u00e0s. Organized by: B\u00f2lit Contemporary Art Center and Girona History Museum. Girona City Council. In collaboration with: Girona Provincial Council and the Department of Culture of the Government of Catalonia. Activity related to the exhibition \"Infralocus. The 90s in Girona, a Decade of 20 Years.\"","event_category":191,"event_show_only_own_date":false,"_event_confirmed":true,"_event_public":true,"_event_free":true,"_event_price-min":"","_event_price-max":"","_event_web_ca":"https:\/\/web.girona.cat\/bolit","_event_web_es":"","_event_web_en":"","event_contact_email":"bolit@ajgirona.cat","event_apply_email":"bolit@ajgirona.cat","is_online_event":false,"is_art_nou_event":false,"is_bgw_event":false,"date_text":"","register_deadline":null,"altres_organitzadors":""},"abe_event_venue":"B\u00f2lit_LaRambla","abe_event_category":"Altres","start":"2024-11-23 12:00:00","end":"2024-11-23 13:30:00","schedule":"once","schedule_meta":"","frequency":1,"all_day":0,"until":"2024-11-23 12:00:00","include":[],"exclude":[],"_links":{"self":[{"href":"https:\/\/graf.cat\/es\/wp-json\/wp\/v2\/events\/41891","targetHints":{"allow":["GET"]}}],"collection":[{"href":"https:\/\/graf.cat\/es\/wp-json\/wp\/v2\/events"}],"about":[{"href":"https:\/\/graf.cat\/es\/wp-json\/wp\/v2\/types\/event"}],"author":[{"embeddable":true,"href":"https:\/\/graf.cat\/es\/wp-json\/wp\/v2\/users\/102"}],"occurrences":[{"embeddable":true,"href":"https:\/\/graf.cat\/es\/wp-json\/wp\/v2\/events\/41891\/occurrences"}],"acf:term":[{"embeddable":true,"taxonomy":"event-category","href":"https:\/\/graf.cat\/es\/wp-json\/wp\/v2\/event-category\/191"}],"wp:featuredmedia":[{"embeddable":true,"href":"https:\/\/graf.cat\/es\/wp-json\/wp\/v2\/media\/41892"}],"wp:attachment":[{"href":"https:\/\/graf.cat\/es\/wp-json\/wp\/v2\/media?parent=41891"}],"wp:term":[{"taxonomy":"event-venue","embeddable":true,"href":"https:\/\/graf.cat\/es\/wp-json\/wp\/v2\/event-venues?post=41891"},{"taxonomy":"event-tag","embeddable":true,"href":"https:\/\/graf.cat\/es\/wp-json\/wp\/v2\/event-tags?post=41891"}],"curies":[{"name":"wp","href":"https:\/\/api.w.org\/{rel}","templated":true}]}}