{"id":42472,"guid":{"rendered":"https:\/\/graf.cat\/?post_type=event&#038;p=42472"},"modified":"2024-10-16T17:34:27","modified_gmt":"2024-10-16T15:34:27","slug":"dora-garcia-books-are-the-best-things-publicacions-i-edicions-1992-2024","status":"publish","type":"event","link":"https:\/\/graf.cat\/es\/events\/event\/dora-garcia-books-are-the-best-things-publicacions-i-edicions-1992-2024\/","title":{"rendered":"Dora Garc\u00eda. Books are the best things. Publicacions i edicions 1992 &#8211; 2024"},"content":{"rendered":"","protected":false},"excerpt":{"rendered":"","protected":false},"author":5,"featured_media":42473,"template":"","meta":{"_acf_changed":false,"_monsterinsights_skip_tracking":false,"_monsterinsights_sitenote_active":false,"_monsterinsights_sitenote_note":"","_monsterinsights_sitenote_category":0},"event-venues":[67],"event-tags":[],"class_list":["post-42472","event","type-event","status-publish","has-post-thumbnail","hentry","event-venue-centre-dart-la-panera","event-category-exposicio"],"acf":{"title_ca":"Dora Garc\u00eda. Books are the best things. Publicacions i edicions 1992 - 2024","title_es":"Dora Garc\u00eda. Books are the best things. Publicacions i edicions 1992 - 2024","title_en":"Dora Garc\u00eda. Books are the best things. Publicacions i edicions 1992 - 2024","desc_ca":"<p class=\"mb-0 text-uppercase\">A cura de Frederic Montorn\u00e9s<\/p>\r\n<p class=\"mb-0 mb-6 \">19.10.2024\u00a0\u2014\u00a002.02.2025<\/p>\r\n\r\n<div class=\"mb-6 \">\r\n\r\n<strong>L\u2019espai de la paraula<\/strong>\r\n\r\nLlegir, escriure, interpretar, parlar, escoltar, explicar, conversar, dir, anunciar, repetir\u2026\r\n\r\nQuan la paraula, en qualsevol dels seus usos, \u00e9s la mat\u00e8ria constitutiva de l\u2019obra d\u2019un artista, \u00e9s quan la publicaci\u00f3 esdev\u00e9 el mitj\u00e0 m\u00e9s adequat per apropar-se als fonaments d\u2019una pr\u00e0ctica art\u00edstica principalment de tipus verbal, vinculada al cos i connectada directament a les maneres com ens comuniquem. Entesa com una via de transmissi\u00f3 de coneixement, independent o vinculada a una obra d\u2019art, concebuda o no com a part d\u2019una exposici\u00f3, com a eina indispensable per a la realitzaci\u00f3 d\u2019una acci\u00f3, com a protocol o manual d\u2019instruccions i amb una vida capa\u00e7 de sobrepassar la tirania de tot espai i temps expositiu, la publicaci\u00f3 que concep un artista \u2014qualsevol artista\u2014 no \u00e9s (nom\u00e9s) all\u00f2 que es pot trobar en una llibreria o galeria d\u2019art, o consultar en el marc d\u2019una exposici\u00f3, en un centre de documentaci\u00f3 o en una biblioteca, o escoltar o mirar a trav\u00e9s de qualsevol mitj\u00e0 de reproducci\u00f3 f\u00edsic o digital, sin\u00f3, sobretot, una altra de les seves obres lliurada a la riquesa formal de l\u2019\u00e0mbit editorial, per materialitzar una idea o recollir un proc\u00e9s d\u2019investigaci\u00f3 o recerca que, com \u00e9s habitual, sempre es dilata en el temps i que \u00e9s amb paraules com ha de prendre cos. Si aquesta explicaci\u00f3 est\u00e0 fora de qualsevol dubte davant la producci\u00f3 d\u2019aquells artistes que treballen habitualment amb o a partir del llenguatge, quan l\u2019artista a la qual ens referim \u00e9s Dora Garc\u00eda (Valladolid, 1965) la q\u00fcesti\u00f3 adquireix una dimensi\u00f3 rellevant degut a la varietat d\u2019usos que fa de la paraula i, en conseq\u00fc\u00e8ncia, a la particularitat de cada una de les publicacions on la diposita.\r\n\r\nUna publicaci\u00f3, per a Dora Garc\u00eda, \u00e9s \u2014m\u00e9s que no pas un receptor de paraules o una centrifugadora d\u2019idees, conceptes o reflexions\u2014 la conseq\u00fc\u00e8ncia de considerar que els llibres s\u00f3n la millor de les coses, d\u2019afirmar que si la vida val la pena \u00e9s perqu\u00e8 pots llegir o et llegeixen, de constatar que \u00e9s llegint com sempre s\u2019ha sentit i se sent m\u00e9s feli\u00e7, i de sostenir que l\u2019art i el pensament han de ser quelcom del tot democr\u00e0tic i a l\u2019abast de tothom. D\u2019aqu\u00ed que el seu treball sigui un treball que s\u2019adre\u00e7a a tothom, per b\u00e9 que no tots en s\u00f3n plenament conscients.\r\n\r\nProcedent del llat\u00ed publicare, que significa \u2018fer p\u00fablic\u2019, l\u2019acci\u00f3 de publicar designa, en el seu origen, el fet de portar informaci\u00f3 al coneixement del p\u00fablic. Es tracta d\u2019una acci\u00f3 que s\u2019endega per comunicar alguna cosa, que \u00e9s pensada per alg\u00fa per compartir coneixements, que es mant\u00e9 en moviment per la xarxa de complicitats que crea i que nodreix l\u2019\u00e0nima d\u2019una col\u00b7lectivitat \u2014la comunitat lectora, la dels amants de la paraula i la lectura\u2014 que veu en les publicacions l\u2019\u00fanic reducte per a l\u2019exist\u00e8ncia d\u2019aquelles realitats \u2014potser realitats paral\u00b7leles?\u2014 que a tots ens va b\u00e9 saber que existeixen per tal que la vida ens resulti una mica m\u00e9s amable.\r\n\r\nTitulada \u00abBooks are the best things\u00bb \u2014potser perqu\u00e8 \u00e9s exactament aix\u00f2, el que pensa l\u2019artista\u2014, aquesta exposici\u00f3, concebuda i produ\u00efda especialment per al Centre de Documentaci\u00f3 de La Panera, de Lleida, agrupa prop d\u2019una setantena de publicacions i edicions de Dora Garc\u00eda en diferents materials, formats i presentacions des de 1992 fins a l\u2019actualitat, \u00e9s a dir, des de la seva primera publicaci\u00f3, concebuda a partir de par\u00e0metres creatius i, per tant, com una obra d\u2019art \u2014ens referim a\u00a0<em>Contes choisis<\/em>, publicat en ocasi\u00f3 d\u2019una exposici\u00f3 individual feta a De Appel, Amsterdam (Pa\u00efsos Baixos)\u2014, fins a la reedici\u00f3 id\u00e8ntica d\u2019un p\u00f2ster \u2014<em>What a Fucking Wonderful\u00a0Audience<\/em>, editat per primer cop l\u2019any 2009 arran d\u2019una exposici\u00f3 individual a la Galerie Michel Rein de Par\u00eds, incloent-hi l\u2019entrevista que li va fer Vincent Honor\u00e9, el seu comissari\u2014, la reedici\u00f3 d\u2019una postal pr\u00e0cticament introbable de Dora Garc\u00eda amb una de les seves frases d\u2019or \u2014\u00abEl arte es para todos pero solo una \u00e9lite lo sabe\u00bb\u2014 i l\u2019edici\u00f3 especial d\u2019una samarreta amb una altra de les seves frases d\u2019or, una s\u00e8rie d\u2019obres iniciada l\u2019any 2001, consistent a reproduir amb un material tan preci\u00f3s com l\u2019or frases corrents o de sentit, col\u00b7locant en un mateix nivell, per una banda, el registre intel\u00b7lectual per on sovint circula l\u2019art \u2014en especial, conceptual\u2014 i, per l\u2019altra, la cultura de base, \u00e9s a dir, la vida real.\r\n\r\nDespr\u00e9s de les exposicions que ja va fer al Museu de l\u2019Empord\u00e0 de Figueres i a The Tetley, a Leeds (Regne Unit), \u00abBooks are the best things\u00bb \u00e9s la tercera ocasi\u00f3 en qu\u00e8 es proposa una exposici\u00f3 de Dora Garc\u00eda reunint bona part de les publicacions i edicions produ\u00efdes fins ara i basades en textos propis, en textos d\u2019altres autors, utilitzant textos literaris de refer\u00e8ncia o responent-hi, alterant la l\u00f2gica d\u2019una lectura ortodoxa, seccionant-ne una part, intervenint-hi al damunt, creant un facs\u00edmil, o inserint-se en el si d\u2019una pr\u00e0ctica com la seva, que transita entre la reflexi\u00f3, la ficci\u00f3, l\u2019humor, la performance i aquella il\u00b7lusi\u00f3 de la psique humana que fa que tot sigui possible.\r\n\r\n<strong>Frederic Montorn\u00e9s<\/strong>\r\n\r\n<\/div>","desc_es":"<p class=\"mb-0 text-uppercase\">A cargo de Frederic Montorn\u00e9s<\/p>\r\n<p class=\"mb-0 mb-6 \">19.10.2024\u00a0\u2014\u00a002.02.2025<\/p>\r\n\r\n<div class=\"mb-6 \">\r\n\r\n<strong>El espacio de la palabra<\/strong>\r\n\r\nLeer, escribir, interpretar, hablar, escuchar, explicar, conversar, decir, anunciar, repetir\u2026\r\n\r\nCuando la palabra, en cualquiera de sus usos, es la materia constitutiva de la obra de un artista, es cuando la publicaci\u00f3n se convierte en el medio m\u00e1s adecuado para acercarse a los fundamentos de una pr\u00e1ctica art\u00edstica principalmente de tipo verbal, vinculada al cuerpo y conectada directamente a los modos en que nos comunicamos. Entendida como una v\u00eda de transmisi\u00f3n de conocimiento, independiente o vinculada a una obra de arte, concebida o no como parte de una exposici\u00f3n, como herramienta indispensable para la realizaci\u00f3n de una acci\u00f3n, como protocolo o manual de instrucciones y con una vida capaz de sobrepasar la tiran\u00eda de todo espacio y tiempo expositivo, la publicaci\u00f3n que concibe un artista \u2014cualquier artista\u2014 no es (solo) lo que se puede encontrar en una librer\u00eda o galer\u00eda de arte, o consultar en el marco de una exposici\u00f3n, en un centro de documentaci\u00f3n o una biblioteca, o escuchar o mirar a trav\u00e9s de cualquier medio de reproducci\u00f3n f\u00edsico o digital, sino, sobre todo, otra de sus obras entregada a la riqueza formal del \u00e1mbito editorial, para materializar una idea o recoger un proceso de investigaci\u00f3n que, como es habitual, siempre se dilata en el tiempo y que es con palabras como debe tomar cuerpo. Si esta explicaci\u00f3n est\u00e1 fuera de cualquier duda ante la producci\u00f3n de aquellos artistas que trabajan habitualmente con o a partir del lenguaje, cuando la artista a quien nos referimos es Dora Garc\u00eda (Valladolid, 1965) la cuesti\u00f3n adquiere una dimensi\u00f3n relevante debido a la variedad de usos que da a la palabra y, en consecuencia, la particularidad de cada una de las publicaciones donde la deposita.\r\n\r\nUna publicaci\u00f3n, para Dora Garc\u00eda, es \u2014m\u00e1s que un receptor de palabras o un centrifugador de ideas, conceptos o reflexiones\u2014 la consecuencia de considerar que los libros son la mejor de las cosas, de afirmar que si la vida vale la pena es porque puedes leer o te leen, de constatar que es leyendo como siempre se ha sentido y se siente m\u00e1s feliz, y de sostener que el arte y el pensamiento tienen que ser algo del todo democr\u00e1tico y al alcance de todos. De ah\u00ed que el suyo sea un trabajo que se dirige a todos, aunque no todo el mundo es plenamente consciente de ello.\r\n\r\nProcedente del lat\u00edn publicare, que significa \u2018hacer p\u00fablico\u2019, la acci\u00f3n de publicar designa, en su origen, el hecho de llevar informaci\u00f3n al conocimiento del p\u00fablico. Se trata de una acci\u00f3n que se pone en marcha para comunicar algo, que es pensada por alguien para compartir conocimientos, que se mantiene en movimiento por la red de complicidades que crea y nutre el alma de una colectividad \u2014la comunidad lectora, la de los amantes de la palabra y la lectura\u2014 que ve en las publicaciones el \u00fanico reducto para la existencia de aquellas realidades \u2014\u00bfquiz\u00e1s realidades paralelas?\u2014 que a todos nos va bien saber que existen para que la vida nos resulte un poco m\u00e1s amable.\r\n\r\nTitulada \u00abBooks are the best things\u00bb \u2014quiz\u00e1s porque es exactamente esto, lo que piensa la artista\u2014, esta exposici\u00f3n, concebida y producida especialmente para el Centre de Documentaci\u00f3 de La Panera de Lleida, re\u00fane cerca de setenta publicaciones y ediciones de Dora Garc\u00eda en distintos materiales, formatos y presentaciones desde 1992 hasta la actualidad, es decir, desde su primera publicaci\u00f3n, concebida a partir de par\u00e1metros creativos y, por lo tanto, como una obra de arte \u2014nos referimos a\u00a0<em>Contes choisis<\/em>, publicado en ocasi\u00f3n de una exposici\u00f3n individual llevada a cabo en De Appel, \u00c1msterdam (Pa\u00edses Bajos)\u2014, hasta la reedici\u00f3n id\u00e9ntica de un p\u00f3ster \u2014<em>What a Fucking Wonderful\u00a0Audience<\/em>, editado por primera vez en 2009 a ra\u00edz de una exposici\u00f3n individual en la Galerie Michel Rein de Par\u00eds, incluyendo la entrevista que hizo Vincent Honor\u00e9, su comisario\u2014, la reedici\u00f3n de una postal pr\u00e1cticamente inencontrable de Dora Garc\u00eda con una de sus frases de oro \u2014\u00abEl arte es para todos pero solo una \u00e9lite lo sabe\u00bb\u2014 y la edici\u00f3n especial de una camiseta con otra de sus frases de oro, una serie de obras iniciada en 2001, consistente en reproducir con un material tan precioso como el oro frases corrientes o de sentido, colocando en un mismo nivel, por un lado, el registro intelectual por donde a menudo circula el arte \u2014en especial, conceptual\u2014 y, por otro lado, la cultura de base, o sea, la vida real.\r\n\r\nDespu\u00e9s de las exposiciones que ya hizo en el Museu de l\u2019Empord\u00e0 de Figueres y en The Tetley, en Leeds (Reino Unido), \u00abBooks are the best things\u00bb es la tercera ocasi\u00f3n en la que se propone una exposici\u00f3n de Dora Garc\u00eda reuniendo buena parte de las publicaciones y ediciones producidas hasta el momento y basadas en textos propios, en textos de otros autores, utilizando o respondiendo a textos literarios de referencia, alterando la l\u00f3gica de una lectura ortodoxa, seccionando una parte, interviniendo sobre ella, creando un facs\u00edmil, o insert\u00e1ndose en el seno de una pr\u00e1ctica como la suya, que transita entre la reflexi\u00f3n, la ficci\u00f3n, el humor, la\u00a0<em>performance\u00a0<\/em>y esa ilusi\u00f3n de la psique humana que hace que todo sea posible.\r\n\r\n<strong>Frederic Montorn\u00e9s<\/strong>\r\n\r\n<\/div>","desc_en":"","event_category":103,"event_show_only_own_date":false,"_event_confirmed":true,"_event_public":true,"_event_free":true,"_event_price-min":"","_event_price-max":"","_event_web_ca":"https:\/\/www.lapanera.cat\/es\/programacion\/exposiciones\/dora-garcia-books-are-the-best-things-publicacions-i-edicions-1992-2024","_event_web_es":"https:\/\/www.lapanera.cat\/es\/programacion\/exposiciones\/dora-garcia-books-are-the-best-things-publicacions-i-edicions-1992-2024","_event_web_en":"","event_contact_email":"","event_apply_email":"","is_online_event":false,"is_art_nou_event":false,"is_bgw_event":false,"date_text":"","register_deadline":null,"altres_organitzadors":""},"abe_event_venue":"Centre d'art la Panera","abe_event_category":"Exposici\u00f3","start":"2024-10-19 00:00:00","end":"2025-02-02 23:59:00","schedule":"once","schedule_meta":"","frequency":1,"all_day":1,"until":"2024-10-19 00:00:00","include":[],"exclude":[],"_links":{"self":[{"href":"https:\/\/graf.cat\/es\/wp-json\/wp\/v2\/events\/42472","targetHints":{"allow":["GET"]}}],"collection":[{"href":"https:\/\/graf.cat\/es\/wp-json\/wp\/v2\/events"}],"about":[{"href":"https:\/\/graf.cat\/es\/wp-json\/wp\/v2\/types\/event"}],"author":[{"embeddable":true,"href":"https:\/\/graf.cat\/es\/wp-json\/wp\/v2\/users\/5"}],"occurrences":[{"embeddable":true,"href":"https:\/\/graf.cat\/es\/wp-json\/wp\/v2\/events\/42472\/occurrences"}],"acf:term":[{"embeddable":true,"taxonomy":"event-category","href":"https:\/\/graf.cat\/es\/wp-json\/wp\/v2\/event-category\/103"}],"wp:featuredmedia":[{"embeddable":true,"href":"https:\/\/graf.cat\/es\/wp-json\/wp\/v2\/media\/42473"}],"wp:attachment":[{"href":"https:\/\/graf.cat\/es\/wp-json\/wp\/v2\/media?parent=42472"}],"wp:term":[{"taxonomy":"event-venue","embeddable":true,"href":"https:\/\/graf.cat\/es\/wp-json\/wp\/v2\/event-venues?post=42472"},{"taxonomy":"event-tag","embeddable":true,"href":"https:\/\/graf.cat\/es\/wp-json\/wp\/v2\/event-tags?post=42472"}],"curies":[{"name":"wp","href":"https:\/\/api.w.org\/{rel}","templated":true}]}}