{"id":42531,"guid":{"rendered":"https:\/\/graf.cat\/?post_type=event&#038;p=42531"},"modified":"2024-10-17T10:59:39","modified_gmt":"2024-10-17T08:59:39","slug":"nomes-si-fa-olor-de-terra","status":"publish","type":"event","link":"https:\/\/graf.cat\/es\/events\/event\/nomes-si-fa-olor-de-terra\/","title":{"rendered":"Nom\u00e9s si fa olor de terra"},"content":{"rendered":"","protected":false},"excerpt":{"rendered":"","protected":false},"author":5,"featured_media":42532,"template":"","meta":{"_acf_changed":false,"_monsterinsights_skip_tracking":false,"_monsterinsights_sitenote_active":false,"_monsterinsights_sitenote_note":"","_monsterinsights_sitenote_category":0},"event-venues":[67],"event-tags":[],"class_list":["post-42531","event","type-event","status-publish","has-post-thumbnail","hentry","event-venue-centre-dart-la-panera","event-category-exposicio"],"acf":{"title_ca":"Nom\u00e9s si fa olor de terra","title_es":"Solo si huele a tierra","title_en":"Nom\u00e9s si fa olor de terra","desc_ca":"<p class=\"mb-0 text-uppercase\">A cura de Blanca Arias<\/p>\r\n\r\n<div class=\"mb-6 \">\r\n\r\nEspai 0\r\n\r\nAlicia Ar\u00e9valo,\u00a0Ana\u00efs Florin,\u00a0Anna Irina Russell, Cande L\u00e1zaro,\u00a0Helena Laguna Bastante,\u00a0helena vinent,\u00a0Mar Reykjavik,\u00a0Maria Alcaide,\u00a0Marina Gonz\u00e1lez Guerreiro,\u00a0Marta Galindo,\u00a0Fe\u00f1a Celed\u00f3n P\u00e9rez\u00a0(Muerte a la Norma \/ Monster\u00a0Lab),\u00a0Tau Luna Acosta i\u00a0Yun Ping \u6600\u5e73.\r\n\r\n\u00abLa teoria pot ser una rosada que s\u2019al\u00e7a de la terra i es recull en el n\u00favol de pluja i torna a la terra una vegada i una altra. Per\u00f2 si no fa olor de terra, no \u00e9s bona per la terra.\u00bb\r\n\r\nAdrienne Rich,\u00a0<em>Notes towards a politics of location<\/em>\r\n\r\nDes de la d\u00e8cada dels setanta, un dels compromisos b\u00e0sics de les pr\u00e0ctiques feministes ha estat transformar el cos en un espai per a l\u2019alliberament. Una corporalitat que comen\u00e7a essent individual, capturada en els l\u00edmits del propi cos, per\u00f2 que adquireix ag\u00e8ncia en fer-se col\u00b7lectiva, que creix en paral\u00b7lel al desig d\u2019esdevenir una sola, m\u00faltiple i polif\u00f2nica. Per aix\u00f2, com proposa Adrienne Rich a\u00a0<em>Notes towards a politics of location<\/em>, \u00e9s necessari ubicar el terreny des d\u2019on constru\u00efm la nostra veu: no per a transcendir el cos, sin\u00f3 per a reclamar-lo i responsabilitzar-nos de la nostra proximitat amb el centre o amb la perif\u00e8ria. Aquesta consci\u00e8ncia de la posici\u00f3, entrella\u00e7ada amb la noci\u00f3 de viure en i amb un m\u00f3n ferit \u2014marcat per la viol\u00e8ncia colonial, cisheteropatriarcal i capitalista\u2014, ha doblegat el paradigma antropoc\u00e8ntric que es beneficia de la desvinculaci\u00f3 afectiva i material del cos hum\u00e0 amb el seu entorn i amb la resta de formes de vida. Quin m\u00f3n s\u2019acaba quan invoquem la fi del m\u00f3n? Com podem viure l\u2019apocalipsi amb tendresa? Quines ru\u00efnes imaginem al paisatge del futur?\r\n\r\n&nbsp;\r\n\r\nAtenent a la complexitat de l\u2019entramat de relats que perfilen el cos com a territori, aquesta exposici\u00f3 anhela teixir una xarxa d\u2019artistes joves establertes a l\u2019Estat espanyol que, des de la multiplicitat dels feminismes, ens conviden a imaginar i, potencialment, encarnar\u00a0<em>el que pot un cos<\/em>\u00a0quan entra en relaci\u00f3 amb altres cossos. No nom\u00e9s per a celebrar que existim juntis, connectadis, sin\u00f3 per a especular sobre els significats de ser un cos i habitar el m\u00f3n des d\u2019ell. Aqu\u00ed els feminismes no apareixen com a tem\u00e0tica, sin\u00f3 com a metodologia. El cos no es representa, sin\u00f3 que es presenta: latent, provisional, m\u00f2rbid. Ja sigui esquin\u00e7ant-lo com a superf\u00edcie mapejable, ja sigui hibridant els binarismes i obrint-nos a habitar la frontera, o explorant la possibilitat de convertir-se en paisatge, aquesta cartografia ens presenta la urg\u00e8ncia de q\u00fcestionar la identificaci\u00f3 del subjecte del feminisme amb la natura per tal de reconsiderar la rellev\u00e0ncia del cos com la geografia m\u00e9s propera i sempre marcada per la pol\u00edtica, la narrativa i l\u2019artifici.\r\n\r\n<\/div>","desc_es":"<p class=\"mb-0 text-uppercase\">A cargo de Blanca Arias<\/p>\r\n\r\n<div class=\"mb-6 \">\r\n\r\nESPAI 0\r\n\r\nAlicia Ar\u00e9valo,\u00a0Ana\u00efs Florin,\u00a0Anna Irina Russell, Cande L\u00e1zaro,\u00a0Helena Laguna Bastante,\u00a0helena vinent,\u00a0Mar Reykjavik,\u00a0Maria Alcaide,\u00a0Marina Gonz\u00e1lez Guerreiro,\u00a0Marta Galindo,\u00a0Fe\u00f1a Celed\u00f3n P\u00e9rez\u00a0(Muerte a la Norma \/ Monster\u00a0Lab),\u00a0Tau Luna Acosta y\u00a0Yun Ping \u6600\u5e73.\r\n\r\n\u00abLa teor\u00eda puede ser un roc\u00edo que se levanta de la tierra y se recoge en la nube de lluvia y vuelve a la tierra una y otra vez. Pero si no huele a tierra, no es bueno para la tierra.\u00bb\r\n\r\nAdrienne Rich,\u00a0<em>Notes towards a politics of location<\/em>\r\n\r\nDesde la d\u00e9cada de los setenta, uno de los compromisos b\u00e1sicos de las pr\u00e1cticas feministas ha sido transformar el cuerpo en un espacio para la liberaci\u00f3n. Una corporalidad que empieza siendo individual, capturada en los l\u00edmites del propio cuerpo, pero que cobra agencia al hacerse colectiva, que crece en paralelo al deseo de devenir una sola, m\u00faltiple y polif\u00f3nica . Por eso, como propone Adrienne Rich en\u00a0<em>Notes towards a politics of location<\/em>, es necesario ubicar el terreno desde donde construimos nuestra voz: no para transcender el cuerpo, sino para reclamarlo y responsabilizarnos de nuestra proximidad con el centro o con la periferia. Esta conciencia de la posici\u00f3n, entrelazada con la noci\u00f3n de vivir en y con un mundo herido \u2014marcado por la violencia colonial, cisheteropatriarcal y capitalista\u2014, ha doblado el paradigma antropoc\u00e9ntrico que se beneficia de la desvinculaci\u00f3n afectiva y material del cuerpo humano con su entorno y con el resto de formas de vida. \u00bfQu\u00e9 mundo se acaba cuando invocamos el fin del mundo? \u00bfC\u00f3mo vivir el apocalipsis con ternura? \u00bfQu\u00e9 ruinas imaginamos en el paisaje del futuro?\r\n\r\n&nbsp;\r\n\r\nAtendiendo a la complejidad del entramado de relatos que perfilan el cuerpo como territorio, esta exposici\u00f3n anhela tejer una red de artistas j\u00f3venes establecides en el Estado espa\u00f1ol que, desde la multiplicidad de los feminismos, nos invitan a imaginar y, potencialmente, encarnar\u00a0<em>lo que puede un cuerpo<\/em>\u00a0cuando entra en relaci\u00f3n con otros cuerpos. No solo para celebrar que existimos juntes, conectades, sino para especular sobre los significados de ser un cuerpo y habitar el mundo desde \u00e9l. Aqu\u00ed los feminismos no aparecen como tem\u00e1tica, sino como metodolog\u00eda. El cuerpo no se representa, sino que se presenta: latente, provisional, m\u00f3rbido. Ya sea rasg\u00e1ndolo como superficie mapeable, hibridando los binarismos y abri\u00e9ndonos a habitar la frontera, o explorando la posibilidad de convertirse en paisaje, esta cartograf\u00eda nos presenta la urgencia de cuestionar la identificaci\u00f3n del sujeto del feminismo con la naturaleza para reconsiderar la relevancia del cuerpo como la geograf\u00eda m\u00e1s cercana y siempre atravesada por la pol\u00edtica, la narrativa y el artificio.\r\n\r\n<\/div>","desc_en":"","event_category":103,"event_show_only_own_date":false,"_event_confirmed":true,"_event_public":true,"_event_free":true,"_event_price-min":"","_event_price-max":"","_event_web_ca":"https:\/\/www.lapanera.cat\/ca\/programacio\/exposicions\/nomes-si-fa-olor-de-terra?set_language=ca","_event_web_es":"","_event_web_en":"","event_contact_email":"","event_apply_email":"","is_online_event":false,"is_art_nou_event":false,"is_bgw_event":false,"date_text":"","register_deadline":null,"altres_organitzadors":""},"abe_event_venue":"Centre d'art la Panera","abe_event_category":"Exposici\u00f3","start":"2024-06-15 00:00:00","end":"2025-02-02 23:59:00","schedule":"once","schedule_meta":"","frequency":1,"all_day":1,"until":"2024-06-15 00:00:00","include":[],"exclude":[],"_links":{"self":[{"href":"https:\/\/graf.cat\/es\/wp-json\/wp\/v2\/events\/42531","targetHints":{"allow":["GET"]}}],"collection":[{"href":"https:\/\/graf.cat\/es\/wp-json\/wp\/v2\/events"}],"about":[{"href":"https:\/\/graf.cat\/es\/wp-json\/wp\/v2\/types\/event"}],"author":[{"embeddable":true,"href":"https:\/\/graf.cat\/es\/wp-json\/wp\/v2\/users\/5"}],"occurrences":[{"embeddable":true,"href":"https:\/\/graf.cat\/es\/wp-json\/wp\/v2\/events\/42531\/occurrences"}],"acf:term":[{"embeddable":true,"taxonomy":"event-category","href":"https:\/\/graf.cat\/es\/wp-json\/wp\/v2\/event-category\/103"}],"wp:featuredmedia":[{"embeddable":true,"href":"https:\/\/graf.cat\/es\/wp-json\/wp\/v2\/media\/42532"}],"wp:attachment":[{"href":"https:\/\/graf.cat\/es\/wp-json\/wp\/v2\/media?parent=42531"}],"wp:term":[{"taxonomy":"event-venue","embeddable":true,"href":"https:\/\/graf.cat\/es\/wp-json\/wp\/v2\/event-venues?post=42531"},{"taxonomy":"event-tag","embeddable":true,"href":"https:\/\/graf.cat\/es\/wp-json\/wp\/v2\/event-tags?post=42531"}],"curies":[{"name":"wp","href":"https:\/\/api.w.org\/{rel}","templated":true}]}}