{"id":43751,"guid":{"rendered":"https:\/\/graf.cat\/?post_type=event&#038;p=43751"},"modified":"2024-12-04T12:11:39","modified_gmt":"2024-12-04T10:11:39","slug":"residencies-creatives-eufonic-lo-pati-2025","status":"publish","type":"event","link":"https:\/\/graf.cat\/es\/events\/event\/residencies-creatives-eufonic-lo-pati-2025\/","title":{"rendered":"Convocat\u00f2ria: Resid\u00e8ncies creatives Euf\u00f2nic \/ Lo Pati 2025"},"content":{"rendered":"","protected":false},"excerpt":{"rendered":"","protected":false},"author":174,"featured_media":43752,"template":"","meta":{"_acf_changed":false,"_monsterinsights_skip_tracking":false,"_monsterinsights_sitenote_active":false,"_monsterinsights_sitenote_note":"","_monsterinsights_sitenote_category":0},"event-venues":[],"event-tags":[],"class_list":["post-43751","event","type-event","status-publish","has-post-thumbnail","hentry","event-category-convocatories"],"acf":{"title_ca":"Convocat\u00f2ria: Resid\u00e8ncies creatives Euf\u00f2nic \/ Lo Pati 2025","title_es":"Convocat\u00f3ria: Residencias creativas Euf\u00f2nic \/ Lo Pati 2025","title_en":"Opne Call: Euf\u00f2nic \/ Lo Pati Creative Residencies 2025","desc_ca":"<p class=\"p1\"><span class=\"s1\">El festival <\/span><span class=\"s2\"><b>Euf\u00f2nic i Lo Pati - Centre d'Art Terres de l'Ebre<\/b><\/span><span class=\"s1\">, dos dels pols de creativitat al sud de Catalunya, obren la <\/span><span class=\"s2\"><b>14a convocat\u00f2ria de resid\u00e8ncies creatives 2025<\/b><\/span><span class=\"s1\">, amb l<\/span><span class=\"s3\">\u2019<\/span><span class=\"s1\">objectiu de promoure la creaci\u00f3 experimental en di\u00e0leg amb el paisatge i l'entorn natural de les Terres de l'Ebre. Aquesta resid\u00e8ncia s<\/span><span class=\"s3\">\u2019<\/span><span class=\"s1\">adre\u00e7a a projectes d'art sonor, m\u00fasica i v\u00eddeo experimentals, arts visuals i arts digital-performatives a partir d'un entorn i un context \u00fanic com \u00e9s el Delta de l'Ebre, un territori fr\u00e0gil amb un valor paisatg\u00edstic i sonor inigualable.<\/span><\/p>\r\n<p class=\"p1\"><span class=\"s1\">S<\/span><span class=\"s3\">\u2019<\/span><span class=\"s1\">hi seleccionaran <\/span><span class=\"s2\"><b>dos projectes<\/b><\/span><span class=\"s1\">, individuals o col\u00b7lectius, que treballaran entre 10 i 15 dies<\/span><b> <\/b><span class=\"s1\">entre mar\u00e7 i juny de 2025,<\/span><b> <\/b><span class=\"s1\">en la <\/span><span class=\"s2\"><i>Resid\u00e8ncia d'Artistes Baladre <\/i><\/span><span class=\"s1\">a Balada, que gestiona Lo Pati en ple cor del Delta. Els resultats es presentaran dins de la programaci\u00f3 d'Euf\u00f2nic 2025, que tindr\u00e0 lloc entre el 3 i al 13 de juliol en diverses localitzacions del territori, com Amposta, Tortosa i espais naturals de les Terres de l<\/span><span class=\"s3\">\u2019<\/span><span class=\"s1\">Ebre, estructurat en dos caps de setmana.<\/span><\/p>\r\n<p class=\"p1\"><span class=\"s1\">Els\/les artistes seleccionats\/des rebran, mitjan\u00e7ant factura o minuta corresponents, dues dotacions en concepte d<\/span><span class=\"s3\">\u2019<\/span><span class=\"s1\">honoraris (de recerca, 600\u20ac; i de presentaci\u00f3, 400\u20ac), allotjament, manutenci\u00f3 (fins a 375\u20ac), despeses de viatge (fins a 200\u20ac) i ajuda a la producci\u00f3 art\u00edstica i material. La convocat\u00f2ria estar\u00e0 oberta fins al 8 de gener de 2025.<span class=\"Apple-converted-space\">\u00a0<\/span><\/span><\/p>\r\n<p class=\"p1\"><span class=\"s1\">Per participar-hi \u00e9s imprescindible omplir el <\/span><span class=\"s2\"><b>formulari d<\/b><\/span><span class=\"s3\">\u2019<\/span><span class=\"s2\"><b>inscripci\u00f3 en l\u00ednia<span class=\"Apple-converted-space\">\u00a0a www.lopati.cat.<\/span><\/b><\/span><span class=\"s1\"> A m\u00e9s, caldr\u00e0 que els\/ les artistes envi\u00efn un correu electr\u00f2nic a <a href=\"mailto:info@eufonic.net\"><span class=\"s4\">info@eufonic.net<\/span><\/a> amb un document PDF que inclogui: dades de contacte i breu curr\u00edculum de l<\/span><span class=\"s3\">\u2019<\/span><span class=\"s1\">artista responsable, descripci\u00f3 del projecte amb estat actual, objectius, metodologia i pla de treball, calendari per al qual se sol\u00b7licita la resid\u00e8ncia, possibles formats de formalitzaci\u00f3 i presentaci\u00f3 dels resultats.<\/span><\/p>","desc_es":"<p class=\"p1\"><span class=\"s1\">El festival <\/span><span class=\"s2\"><b>Euf\u00f2nic y Lo Pati - Centre d'Art Terres de l'Ebre<\/b><\/span><span class=\"s1\">, dos de los polos de creatividad del sur de Catalu\u00f1a, abren la <\/span><span class=\"s2\"><b>14\u00aa convocatoria de residencias creativas 2025<\/b><\/span><span class=\"s1\">, con el objetivo de promover la creaci\u00f3n experimental en di\u00e1logo con el paisaje y el entorno natural de las Terres de l'Ebre. Esta residencia est\u00e1 dirigida a proyectos de arte sonoro, m\u00fasica y v\u00eddeo experimentales, artes visuales y artes digital-performativas, basados en un entorno y contexto \u00fanico como es el Delta del Ebro, un territorio fr\u00e1gil con un valor paisaj\u00edstico y sonoro incomparable.<\/span><\/p>\r\n<p class=\"p1\"><span class=\"s1\">Se seleccionar\u00e1n <\/span><span class=\"s2\"><b>dos proyectos<\/b><\/span><span class=\"s1\">, individuales o colectivos, que trabajar\u00e1n entre 10 y 15 d\u00edas entre marzo y junio de 2025, en la residencia de artistas Baladre en Balada, gestionada por Lo Pati en pleno coraz\u00f3n del Delta. Los resultados se presentar\u00e1n dentro de la programaci\u00f3n de Euf\u00f2nic 2025, que tendr\u00e1 lugar entre el 3 y el 13 de julio en diversas localizaciones del territorio, como Amposta, Tortosa y espacios naturales de las Terres de l\u2019Ebre, estructurado en dos fines de semana.<\/span><\/p>\r\n<p class=\"p1\"><span class=\"s1\">Los\/las artistas seleccionados\/as recibir\u00e1n, mediante factura o minuta correspondiente, dos dotaciones en concepto de honorarios (de investigaci\u00f3n, 600 \u20ac; y de presentaci\u00f3n, 400 \u20ac), alojamiento, manutenci\u00f3n (hasta 375 \u20ac), gastos de viaje (hasta 200 \u20ac) y apoyo a la producci\u00f3n art\u00edstica y material. La convocatoria estar\u00e1 abierta hasta el 8 de enero de 2025.<\/span><\/p>\r\n<p class=\"p1\"><span class=\"s1\">Para participar es imprescindible rellenar el <\/span><span class=\"s2\"><b>formulario de inscripci\u00f3n en l\u00ednea<\/b><\/span><span class=\"s1\">\u00a0<strong>en www.lopati.cat.<\/strong> Adem\u00e1s, los\/las artistas deber\u00e1n enviar un correo electr\u00f3nico a info@eufonic.net con un documento PDF que incluya: datos de contacto y breve curr\u00edculum del\/la artista responsable, descripci\u00f3n del proyecto con estado actual, objetivos, metodolog\u00eda y plan de trabajo, calendario para el que se solicita la residencia, posibles formatos de formalizaci\u00f3n y presentaci\u00f3n de los resultados.<\/span><\/p>","desc_en":"The Euf\u00f2nic festival and Lo Pati - Centre d'Art Terres de l'Ebre, two hubs of creativity in southern Catalonia, are launching the 14th call for Creative Residencies 2025. This initiative aims to promote experimental creation in dialogue with the landscape and natural environment of the Terres de l\u2019Ebre. The residency is open to projects in sound art, experimental music and video, visual arts, and digital-performance arts, set in the unique context of the Ebro Delta\u2014a fragile territory with unparalleled scenic and sonic value.\r\n\r\nTwo projects, either individual or collective, will be selected to work for 10 to 15 days between March and June 2025 at the Baladre artist residence in Balada, managed by Lo Pati, located in the heart of the Delta. The results will be showcased as part of the Euf\u00f2nic 2025 program, which will take place from July 3 to 13 across various locations in the region, including Amposta, Tortosa, and natural sites in the Terres de l\u2019Ebre, structured over two weekends.\r\n\r\nSelected artists will receive the following support: Fees (research: \u20ac600; presentation: \u20ac400), Accommodation and meals (up to \u20ac375), Travel expenses (up to \u20ac200). Support for artistic production and materials. The call is open until January 8, 2025.\r\n\r\nTo participate, applicants must complete the online application form in www.lopati.cat. Additionally, artists must email a PDF document to <a href=\"mailto:info@eufonic.net\">info@eufonic.net<\/a> containing: Contact information and a brief r\u00e9sum\u00e9 of the lead artist, A description of the project, including its current status, objectives, methodology, and work plan, The proposed residency timeline, Potential formats for formalizing and presenting the results.","event_category":77,"event_show_only_own_date":false,"_event_confirmed":true,"_event_public":true,"_event_free":true,"_event_price-min":"","_event_price-max":"","_event_web_ca":"https:\/\/www.lopati.cat\/artistes\/convocatories\/03-12-2024\/residencies-eufonic-lo-pati","_event_web_es":"https:\/\/www.lopati.cat\/artistes\/convocatories\/03-12-2024\/residencies-eufonic-lo-pati","_event_web_en":"https:\/\/www.lopati.cat\/artistes\/convocatories\/03-12-2024\/residencies-eufonic-lo-pati","event_contact_email":"comunicacio@lopati.cat","event_apply_email":"","is_online_event":false,"is_art_nou_event":false,"is_bgw_event":false,"date_text":"","register_deadline":null,"altres_organitzadors":[174]},"abe_event_venue":null,"abe_event_category":"Convocat\u00f2ries","start":"2024-12-04 00:00:00","end":"2025-01-08 23:59:00","schedule":"once","schedule_meta":"","frequency":1,"all_day":1,"until":"2024-12-04 00:00:00","include":[],"exclude":[],"_links":{"self":[{"href":"https:\/\/graf.cat\/es\/wp-json\/wp\/v2\/events\/43751","targetHints":{"allow":["GET"]}}],"collection":[{"href":"https:\/\/graf.cat\/es\/wp-json\/wp\/v2\/events"}],"about":[{"href":"https:\/\/graf.cat\/es\/wp-json\/wp\/v2\/types\/event"}],"author":[{"embeddable":true,"href":"https:\/\/graf.cat\/es\/wp-json\/wp\/v2\/users\/174"}],"occurrences":[{"embeddable":true,"href":"https:\/\/graf.cat\/es\/wp-json\/wp\/v2\/events\/43751\/occurrences"}],"acf:user":[{"embeddable":true,"href":"https:\/\/graf.cat\/es\/wp-json\/wp\/v2\/users\/174"}],"acf:term":[{"embeddable":true,"taxonomy":"event-category","href":"https:\/\/graf.cat\/es\/wp-json\/wp\/v2\/event-category\/77"}],"wp:featuredmedia":[{"embeddable":true,"href":"https:\/\/graf.cat\/es\/wp-json\/wp\/v2\/media\/43752"}],"wp:attachment":[{"href":"https:\/\/graf.cat\/es\/wp-json\/wp\/v2\/media?parent=43751"}],"wp:term":[{"taxonomy":"event-venue","embeddable":true,"href":"https:\/\/graf.cat\/es\/wp-json\/wp\/v2\/event-venues?post=43751"},{"taxonomy":"event-tag","embeddable":true,"href":"https:\/\/graf.cat\/es\/wp-json\/wp\/v2\/event-tags?post=43751"}],"curies":[{"name":"wp","href":"https:\/\/api.w.org\/{rel}","templated":true}]}}