{"id":45842,"guid":{"rendered":"https:\/\/graf.cat\/?post_type=event&#038;p=45842"},"modified":"2025-02-28T14:30:30","modified_gmt":"2025-02-28T12:30:30","slug":"beques-barcelona-crea-2025-convocatoria-de-residencia-de-creacio-artistica-arxiu-fotografic-de-barcelona-i-centre-dart-la-capella","status":"publish","type":"event","link":"https:\/\/graf.cat\/es\/events\/event\/beques-barcelona-crea-2025-convocatoria-de-residencia-de-creacio-artistica-arxiu-fotografic-de-barcelona-i-centre-dart-la-capella\/","title":{"rendered":"Beques Barcelona Crea 2025 Convocat\u00f2ria de resid\u00e8ncia de creaci\u00f3 art\u00edstica Arxiu Fotogr\u00e0fic de Barcelona i Centre d\u2019Art La Capella"},"content":{"rendered":"","protected":false},"excerpt":{"rendered":"","protected":false},"author":10,"featured_media":45843,"template":"","meta":{"_acf_changed":false,"_monsterinsights_skip_tracking":false,"_monsterinsights_sitenote_active":false,"_monsterinsights_sitenote_note":"","_monsterinsights_sitenote_category":0},"event-venues":[],"event-tags":[],"class_list":["post-45842","event","type-event","status-publish","has-post-thumbnail","hentry","event-category-convocatories"],"acf":{"title_ca":"Beques Barcelona Crea 2025 Convocat\u00f2ria de resid\u00e8ncia de creaci\u00f3 art\u00edstica Arxiu Fotogr\u00e0fic de Barcelona i Centre d\u2019Art La Capella","title_es":"Becas Barcelona Crea 2025 Convocatoria de residencia de creaci\u00f3n art\u00edstica Archivo Fotogr\u00e1fico de Barcelona y Centro de Arte La Capella","title_en":"Barcelona Crea 2025 Grants Barcelona Crea Call for artistic residency -Arxiu Fotogr\u00e0fic de Barcelona and Centre d'Art La Capella","desc_ca":"<div class=\"field-label\">\r\n<div class=\"title-wrapper\">\r\n<div class=\"field field--name-field-date-page field--type-string field--label-hidden field__item quickedit-field\" data-quickedit-field-id=\"node\/2476\/field_date_page\/ca\/full\"><span style=\"text-decoration: underline\"><strong>Termini de presentaci\u00f3\u00a0 de sol\u00b7licituds: del 27 de febrer al 21 de mar\u00e7 de 2025<\/strong><\/span><\/div>\r\n<\/div>\r\n<\/div>\r\n<div class=\"clearfix text-formatted field field--name-body field--type-text-with-summary field--label-hidden field__item quickedit-field\" data-quickedit-field-id=\"node\/2476\/body\/ca\/full\">\r\n\r\n<strong>En el marc de la convocat\u00f2ria de les Beques Barcelona Crea 2025, l\u2019Arxiu Fotogr\u00e0fic de Barcelona i el Centre d\u2019Art La Capella ofereixen una beca en la modalitat de Creaci\u00f3 en Arts Visuals en format de resid\u00e8ncia de creaci\u00f3 art\u00edstica.<\/strong>\r\n\r\n<strong>Aquesta iniciativa dona continu\u00eftat a l\u2019alian\u00e7a que els dos equipaments van impulsar l\u2019any 2024 amb el pilot de resid\u00e8ncia que va realitzar l\u2019artista Irena Visa a les instal\u00b7lacions de l\u2019Arxiu Fotogr\u00e0fic i que va ser acompanyada curatorialment per La Capella.<\/strong>\r\n\r\nLes Beques Barcelona Crea tenen com a objectiu contribuir a mantenir l\u2019impuls cultural i cient\u00edfic de la ciutat oferint recursos per desenvolupar processos de recerca i innovaci\u00f3 art\u00edstic. S\u00f3n beques destinades a donar suport als processos previs a la producci\u00f3 que acompanyen la creaci\u00f3 de propostes art\u00edstiques (conceptualitzaci\u00f3, gestaci\u00f3, investigaci\u00f3, experimentaci\u00f3, documentaci\u00f3...). Una de les modalitats, de les 16 que s\u2019ofereixen per l\u2019edici\u00f3 2025, la convoca l\u2019Arxiu Fotogr\u00e0fic de Barcelona amb el Centre d\u2019Art La Capella.\r\n\r\nAquesta alian\u00e7a entre els dos equipaments t\u00e9 l\u2019antecedent l\u2019any 2024 amb la resid\u00e8ncia de creaci\u00f3 art\u00edstica d\u2019Irena Visa en la que l\u2019artista va treballar amb els fons i col\u00b7leccions fotogr\u00e0fiques custodiades a les instal\u00b7lacions de l\u2019Arxiu i va tenir l\u2019acompanyament \u00a0curatorial de La Capella.\r\n\r\nLa beca que es convoca a l\u2019edici\u00f3 2025\u00a0<strong>(modalitat B.2) Creaci\u00f3 en Arts Visuals \u2013 Arxiu Fotogr\u00e0fic de Barcelona<\/strong><strong>\u00a0i La Capella<\/strong>,<strong>\u00a0<\/strong>va dirigida a donar suport a propostes de creaci\u00f3 art\u00edstica en l\u2019\u00e0mbit de les Arts Visuals amb una clara especificitat: l\u2019inter\u00e8s central en pr\u00e0ctiques d\u2019arxiu, metodologies de treball a trav\u00e9s de la imatge i la voluntat de fer una resid\u00e8ncia a l\u2019Arxiu Fotogr\u00e0fic de Barcelona, assajant aix\u00ed possibles modes d\u2019analitzar, dinamitzar i rellegir el seu fons fotogr\u00e0fic.\r\n\r\nLa persona candidata seleccionada disposar\u00e0 durant\u00a0 un m\u00e0xim de 7 mesos (de setembre de 2025 a mar\u00e7 de 2026) d\u2019un espai de treball a la seu de l\u2019Arxiu. L\u2019Arxiu Fotogr\u00e0fic de Barcelona posar\u00e0 a disposici\u00f3 de l\u2019artista resident els seus fons i col\u00b7leccions fotogr\u00e0fiques aix\u00ed com el suport del seu equip t\u00e8cnic i La Capella far\u00e0 l\u2019acompanyament curatorial durant tot el per\u00edode.\r\n\r\nEls requisits de participaci\u00f3, el per\u00edode de sol\u00b7licitud i la resta d\u2019informacions pr\u00e0ctiques es poden consultar a la web\u00a0<strong>Beques Barcelona Crea 2025<\/strong>\r\n\r\n<a href=\"https:\/\/www.barcelona.cat\/barcelonacultura\/ca\/suportcultura\/beques-barcelona-crea-2025\">https:\/\/www.barcelona.cat\/barcelonacultura\/ca\/suportcultura\/beques-barcelona-crea-2025<\/a>\r\n\r\n&nbsp;\r\n\r\n<strong>Enlla\u00e7os:<\/strong>\r\n\r\n<strong>Beques Barcelona Crea 2025<\/strong>\r\n\r\n<a href=\"https:\/\/www.barcelona.cat\/barcelonacultura\/ca\/suportcultura\/beques-barcelona-crea-2025\">https:\/\/www.barcelona.cat\/barcelonacultura\/ca\/suportcultura\/beques-barcelona-crea-2025<\/a>\r\n\r\n<strong>Irena Visa<\/strong>\r\n\r\n<a href=\"https:\/\/irenavisa.com\/\">https:\/\/irenavisa.com\/<\/a>\r\n\r\n<strong>Arxiu Fotogr\u00e0fic de Barcelona<\/strong>\r\n\r\n<a href=\"https:\/\/www.lacapella.barcelona\/ca\">https:\/\/ajuntament.barcelona.cat\/arxiumunicipal\/arxiufotografic\/ca<\/a>\r\n\r\n<\/div>","desc_es":"<div class=\"field-label\">\r\n<div class=\"title-wrapper\">\r\n<div class=\"field field--name-field-date-page field--type-string field--label-hidden field__item quickedit-field\" data-quickedit-field-id=\"node\/2476\/field_date_page\/es\/full\"><span style=\"text-decoration: underline\"><strong>Plazo de presentaci\u00f3n de solicitudes: del 27 de febrero al 21 de marzo de 2025<\/strong><\/span><\/div>\r\n<\/div>\r\n<\/div>\r\n<div class=\"clearfix text-formatted field field--name-body field--type-text-with-summary field--label-hidden field__item quickedit-field\" data-quickedit-field-id=\"node\/2476\/body\/es\/full\">\r\n\r\n<strong>En el marco de la convocatoria de las Becas Barcelona Crea 2025, el Archivo Fotogr\u00e1fico de Barcelona y el Centro de Arte La Capella ofrecen una beca en la modalidad de Creaci\u00f3n en Artes Visuales en formato de residencia de creaci\u00f3n art\u00edstica.<\/strong>\r\n\r\n<strong>Esta iniciativa da continuidad a la alianza que ambos equipamientos impulsaron en 2024 con el piloto de residencia que realiz\u00f3 la\u00a0artista Irena Visa en las instalaciones del Archivo Fotogr\u00e1fico y que fue acompa\u00f1ada curatorialmente por La Capella.<\/strong>\r\n\r\nLas Becas Barcelona Crea tienen como objetivo contribuir a mantener el impulso cultural y cient\u00edfico de la ciudad ofreciendo recursos para desarrollar procesos de investigaci\u00f3n e innovaci\u00f3n art\u00edstica. Son becas destinadas a apoyar los procesos previos a la producci\u00f3n que acompa\u00f1an a la creaci\u00f3n de propuestas art\u00edsticas (conceptualizaci\u00f3n, gestaci\u00f3n, investigaci\u00f3n, experimentaci\u00f3n, documentaci\u00f3n...). Una de las modalidades, de las 16 que se ofrecen para la edici\u00f3n 2025, la convoca el Archivo Fotogr\u00e1fico de Barcelona con el Centro de Arte La Capella.\r\n\r\nEsta alianza entre ambos equipamientos tiene el antecedente en 2024 con la residencia de creaci\u00f3n art\u00edstica de Irena Visa en la que el artista trabaj\u00f3 con los fondos y colecciones fotogr\u00e1ficas custodiadas en las instalaciones del Archivo y tuvo el acompa\u00f1amiento \u00a6curatorial de La Capella.\r\n\r\nLa beca que se convoca en la edici\u00f3n 2025 (modalidad B.2) Creaci\u00f3n en Artes Visuales \u2013 Archivo Fotogr\u00e1fico de Barcelona y La Capella, va dirigida a apoyar propuestas de creaci\u00f3n art\u00edstica en el \u00e1mbito de las Artes Visuales con una clara especificidad: el inter\u00e9s central en pr\u00e1cticas de archivo, metodolog\u00edas de trabajo a trav\u00e9s de la imagen y la voluntad de hacer posibles modos de analizar, dinamizar y releer su fondo fotogr\u00e1fico.\r\n\r\nLa persona candidata seleccionada dispondr\u00e1 durante un m\u00e1ximo de 7 meses (de septiembre de 2025 a marzo de 2026) de un espacio de trabajo en la sede del Archivo. El Archivo Fotogr\u00e1fico de Barcelona pondr\u00e1 a disposici\u00f3n del artista residente sus fondos y colecciones fotogr\u00e1ficas as\u00ed como el apoyo de su equipo t\u00e9cnico y La Capella har\u00e1 el acompa\u00f1amiento curatorial durante todo el per\u00edodo.\r\n\r\nLos requisitos de participaci\u00f3n, el per\u00edodo de solicitud y el resto de informaciones pr\u00e1cticas se pueden consultar en la web Beques Barcelona Crea 2025\r\n\r\n<a href=\"https:\/\/www.barcelona.cat\/barcelonacultura\/ca\/suportcultura\/beques-barcelona-crea-2025\">https:\/\/www.barcelona.cat\/barcelonacultura\/ca\/suportcultura\/beques-barcelona-crea-2025<\/a>\r\n\r\n&nbsp;\r\n\r\n<strong>Enlaces:<\/strong>\r\n\r\n<strong>Becas Barcelona Crea 2025<\/strong>\r\n\r\n<a href=\"https:\/\/www.barcelona.cat\/barcelonacultura\/ca\/suportcultura\/beques-barcelona-crea-2025\">https:\/\/www.barcelona.cat\/barcelonacultura\/ca\/suportcultura\/beques-barcelona-crea-2025<\/a>\r\n\r\n<strong>Irena Visa<\/strong>\r\n\r\n<a href=\"https:\/\/irenavisa.com\/\">https:\/\/irenavisa.com\/<\/a>\r\n\r\n<strong>Archivo\u00a0Fotogr\u00e1fico de Barcelona<\/strong>\r\n\r\n<a href=\"https:\/\/www.lacapella.barcelona\/ca\">https:\/\/ajuntament.barcelona.cat\/arxiumunicipal\/arxiufotografic\/es<\/a>\r\n\r\n<\/div>","desc_en":"<div class=\"field-label\">\r\n<div class=\"title-wrapper\">\r\n<div class=\"field field--name-field-date-page field--type-string field--label-hidden field__item quickedit-field\" data-quickedit-field-id=\"node\/2476\/field_date_page\/en\/full\"><strong><span style=\"text-decoration: underline\">Application period: from February 27 to March 21, 2025<\/span><\/strong><\/div>\r\n<\/div>\r\n<\/div>\r\n<div class=\"clearfix text-formatted field field--name-body field--type-text-with-summary field--label-hidden field__item quickedit-field\" data-quickedit-field-id=\"node\/2476\/body\/en\/full\">\r\n\r\n<strong>Within the framework of the Barcelona Crea 2025 Grants call, the Arxiu Fotogr\u00e0fic de Barcelona and the La Capella Art Centre are offering a grant in the Visual Arts Creation category in the form of an artistic creation residency.<\/strong>\r\n\r\n<strong>This initiative continues the alliance that the two facilities promoted in 2024 with the pilot residency carried out by the artist Irena Visa at the Arxiu Fotogr\u00e0fic facilities and supported curatorially by La Capella.<\/strong>\r\n\r\nMore information available in the Catalan and Spanish versions of this website.\r\n\r\nThe participation requirements, the application period and other practical information can be consulted on the Beques Barcelona Crea 2025 website:\r\n\r\n<a href=\"https:\/\/www.barcelona.cat\/barcelonacultura\/ca\/suportcultura\/beques-barcelona-crea-2025\">https:\/\/www.barcelona.cat\/barcelonacultura\/ca\/suportcultura\/beques-barcelona-crea-2025<\/a>\r\n\r\n&nbsp;\r\n\r\n<strong>Links<\/strong>\r\n\r\n<strong>Beques Barcelona Crea 2025<\/strong>\r\n\r\n<a href=\"https:\/\/www.barcelona.cat\/barcelonacultura\/ca\/suportcultura\/beques-barcelona-crea-2025\">https:\/\/www.barcelona.cat\/barcelonacultura\/ca\/suportcultura\/beques-barcelona-crea-2025<\/a>\r\n\r\n<strong>Irena Visa<\/strong>\r\n\r\n<a href=\"https:\/\/irenavisa.com\/\">https:\/\/irenavisa.com\/<\/a>\r\n\r\n<strong>Arxiu Fotogr\u00e0fic de Barcelona<\/strong>\r\n\r\n<a href=\"https:\/\/www.lacapella.barcelona\/ca\">https:\/\/ajuntament.barcelona.cat\/arxiumunicipal\/arxiufotografic\/en<\/a>\r\n\r\n<\/div>","event_category":77,"event_show_only_own_date":false,"_event_confirmed":true,"_event_public":true,"_event_free":true,"_event_price-min":"","_event_price-max":"","_event_web_ca":"https:\/\/www.lacapella.barcelona\/ca\/convocatoria-de-residencia-de-creacio-artistica-arxiu-fotografic-de-barcelona-i-centre-dart-la","_event_web_es":"https:\/\/www.lacapella.barcelona\/es\/convocatoria-de-residencia-de-creacion-artistica-archivo-fotografico-de-barcelona-y-centro-de-arte","_event_web_en":"https:\/\/www.lacapella.barcelona\/en\/barcelona-crea-call-artistic-residency-arxiu-fotografic-de-barcelona-and-centre-dart-la-capella","event_contact_email":"lacapella@bcn.cat","event_apply_email":"","is_online_event":false,"is_art_nou_event":false,"is_bgw_event":false,"date_text":"","register_deadline":null,"altres_organitzadors":""},"abe_event_venue":null,"abe_event_category":"Convocat\u00f2ries","start":"2025-02-27 00:00:00","end":"2025-03-21 23:59:00","schedule":"once","schedule_meta":"","frequency":1,"all_day":1,"until":"2025-02-27 00:00:00","include":[],"exclude":[],"_links":{"self":[{"href":"https:\/\/graf.cat\/es\/wp-json\/wp\/v2\/events\/45842","targetHints":{"allow":["GET"]}}],"collection":[{"href":"https:\/\/graf.cat\/es\/wp-json\/wp\/v2\/events"}],"about":[{"href":"https:\/\/graf.cat\/es\/wp-json\/wp\/v2\/types\/event"}],"author":[{"embeddable":true,"href":"https:\/\/graf.cat\/es\/wp-json\/wp\/v2\/users\/10"}],"occurrences":[{"embeddable":true,"href":"https:\/\/graf.cat\/es\/wp-json\/wp\/v2\/events\/45842\/occurrences"}],"acf:term":[{"embeddable":true,"taxonomy":"event-category","href":"https:\/\/graf.cat\/es\/wp-json\/wp\/v2\/event-category\/77"}],"wp:featuredmedia":[{"embeddable":true,"href":"https:\/\/graf.cat\/es\/wp-json\/wp\/v2\/media\/45843"}],"wp:attachment":[{"href":"https:\/\/graf.cat\/es\/wp-json\/wp\/v2\/media?parent=45842"}],"wp:term":[{"taxonomy":"event-venue","embeddable":true,"href":"https:\/\/graf.cat\/es\/wp-json\/wp\/v2\/event-venues?post=45842"},{"taxonomy":"event-tag","embeddable":true,"href":"https:\/\/graf.cat\/es\/wp-json\/wp\/v2\/event-tags?post=45842"}],"curies":[{"name":"wp","href":"https:\/\/api.w.org\/{rel}","templated":true}]}}