{"id":46200,"guid":{"rendered":"https:\/\/graf.cat\/?post_type=event&#038;p=46200"},"modified":"2025-03-18T11:09:55","modified_gmt":"2025-03-18T09:09:55","slug":"dimarts-de-video-mes-que-amor-per-a-les-dones-23-dagost","status":"publish","type":"event","link":"https:\/\/graf.cat\/es\/events\/event\/dimarts-de-video-mes-que-amor-per-a-les-dones-23-dagost\/","title":{"rendered":"Dimarts de v\u00eddeo \/  M\u00e9s que amor per a les dones. 23 d\u2019agost"},"content":{"rendered":"","protected":false},"excerpt":{"rendered":"","protected":false},"author":19,"featured_media":46201,"template":"","meta":{"_acf_changed":false,"_monsterinsights_skip_tracking":false,"_monsterinsights_sitenote_active":false,"_monsterinsights_sitenote_note":"","_monsterinsights_sitenote_category":0},"event-venues":[560],"event-tags":[],"class_list":["post-46200","event","type-event","status-publish","has-post-thumbnail","hentry","event-venue-santa-monica","event-category-screening"],"acf":{"title_ca":"Dimarts de v\u00eddeo \/  M\u00e9s que amor per a les dones. 23 d\u2019agost","title_es":"Martes de v\u00eddeo \/ M\u00e1s que amor para las mujeres. 23 de agosto","title_en":"Tuesdays of video \/ More than love for women. 23rd August","desc_ca":"A c\u00e0rrec de\u00a0<strong>Dones Visuals<\/strong>\r\n\r\nAmb la participaci\u00f3 del Colectivo Casa 11, format per Mar\u00eda Corri\u00e0s &amp; Aizpea de Atxa\r\n\r\n<em>M\u00e9s que amor per a les dones. 23 d\u2019agost<\/em>\u00a0\u00e9s una pe\u00e7a audiovisual que forma part del projecte m\u00e9s ampli\u00a0<em>Luna en Escorpio<\/em>, una exploraci\u00f3 visual i sonora sobre la mem\u00f2ria, el dol i la intimitat compartida entre dues dones.\r\n\r\nAquesta obra es construeix com una carta visual i sonora, que reflecteix un \u00fanic punt de vista generat a partir d\u2019imatges de la vida quotidiana de les dues autores. La pe\u00e7a vol ser un registre d\u2019experi\u00e8ncies personals, des d\u2019on es tracen camins de reflexi\u00f3 sobre el dol del propi cos, l\u2019abs\u00e8ncia i el paisatge emocional.","desc_es":"<em>M\u00e1s que amor para las mujeres. 23 de agosto<\/em>\u00a0es una pieza audiovisual que forma parte del proyecto m\u00e1s amplio\u00a0<em>Luna en Escorpio<\/em>, una exploraci\u00f3n visual y sonora sobre la memoria, el duelo y la intimidad compartida entre dos mujeres.\r\n\r\nEsta obra se construye como una carta visual y sonora, que refleja un \u00fanico punto de vista generado a partir de im\u00e1genes de la vida cotidiana de las dos autoras. La pieza quiere ser un registro de experiencias personales, desde donde se trazan caminos de reflexi\u00f3n sobre el duelo del propio cuerpo, la ausencia y el paisaje emocional.","desc_en":"By\u00a0<strong>Dones Visuals<\/strong>\r\n\r\nWith the participation of Colectivo Casa 11, formed by Mar\u00eda Corri\u00e0s &amp; Aizpea de Atxa\r\n\r\n<em>More than love for women. 23rd august<\/em>\u00a0is an audiovisual piece that is part of the larger project\u00a0<em>Luna en Escorpio<\/em>, a visual and sound exploration of memory, mourning and intimacy shared between two women.\r\n\r\nThis work is constructed as a visual and sound chart, reflecting a single point of view generated from images of the daily lives of the two authors. The piece aims to be a record of personal experiences, from which paths of reflection on the mourning of one's own body, absence and the emotional landscape are traced.","event_category":219,"event_show_only_own_date":false,"_event_confirmed":true,"_event_public":true,"_event_free":true,"_event_price-min":"","_event_price-max":"","_event_web_ca":"https:\/\/artssantamonica.gencat.cat\/ca\/detall\/Dimarts-de-video-00130","_event_web_es":"https:\/\/artssantamonica.gencat.cat\/es\/detall\/Dimarts-de-video-00130","_event_web_en":"https:\/\/artssantamonica.gencat.cat\/en\/detall\/Dimarts-de-video-00130","event_contact_email":"santamonica@gencat.cat","event_apply_email":"","is_online_event":false,"is_art_nou_event":false,"is_bgw_event":false,"date_text":"","register_deadline":null,"altres_organitzadors":""},"abe_event_venue":"Santa M\u00f2nica","abe_event_category":"Screening","start":"2025-05-06 19:00:00","end":"2025-05-06 20:00:00","schedule":"once","schedule_meta":"","frequency":1,"all_day":0,"until":"2025-05-06 19:00:00","include":[],"exclude":[],"_links":{"self":[{"href":"https:\/\/graf.cat\/es\/wp-json\/wp\/v2\/events\/46200","targetHints":{"allow":["GET"]}}],"collection":[{"href":"https:\/\/graf.cat\/es\/wp-json\/wp\/v2\/events"}],"about":[{"href":"https:\/\/graf.cat\/es\/wp-json\/wp\/v2\/types\/event"}],"author":[{"embeddable":true,"href":"https:\/\/graf.cat\/es\/wp-json\/wp\/v2\/users\/19"}],"occurrences":[{"embeddable":true,"href":"https:\/\/graf.cat\/es\/wp-json\/wp\/v2\/events\/46200\/occurrences"}],"acf:term":[{"embeddable":true,"taxonomy":"event-category","href":"https:\/\/graf.cat\/es\/wp-json\/wp\/v2\/event-category\/219"}],"wp:featuredmedia":[{"embeddable":true,"href":"https:\/\/graf.cat\/es\/wp-json\/wp\/v2\/media\/46201"}],"wp:attachment":[{"href":"https:\/\/graf.cat\/es\/wp-json\/wp\/v2\/media?parent=46200"}],"wp:term":[{"taxonomy":"event-venue","embeddable":true,"href":"https:\/\/graf.cat\/es\/wp-json\/wp\/v2\/event-venues?post=46200"},{"taxonomy":"event-tag","embeddable":true,"href":"https:\/\/graf.cat\/es\/wp-json\/wp\/v2\/event-tags?post=46200"}],"curies":[{"name":"wp","href":"https:\/\/api.w.org\/{rel}","templated":true}]}}