{"id":46208,"guid":{"rendered":"https:\/\/graf.cat\/?post_type=event&#038;p=46208"},"modified":"2025-03-18T11:26:42","modified_gmt":"2025-03-18T09:26:42","slug":"dimarts-de-video-ter-terra-tera-ter","status":"publish","type":"event","link":"https:\/\/graf.cat\/es\/events\/event\/dimarts-de-video-ter-terra-tera-ter\/","title":{"rendered":"Dimarts de v\u00eddeo \/ TER TERRA TERA TER"},"content":{"rendered":"","protected":false},"excerpt":{"rendered":"","protected":false},"author":19,"featured_media":46209,"template":"","meta":{"_acf_changed":false,"_monsterinsights_skip_tracking":false,"_monsterinsights_sitenote_active":false,"_monsterinsights_sitenote_note":"","_monsterinsights_sitenote_category":0},"event-venues":[560],"event-tags":[],"class_list":["post-46208","event","type-event","status-publish","has-post-thumbnail","hentry","event-venue-santa-monica","event-category-screening"],"acf":{"title_ca":"Dimarts de v\u00eddeo \/ TER TERRA TERA TER","title_es":"Martes de v\u00eddeo \/ TER TERRA TERA TER","title_en":"Tuesdays of video \/ TER TERRA TERA TER","desc_ca":"Projecci\u00f3 de\u00a0<strong>Ter Terra Tera Ter<\/strong>, una composici\u00f3 digital resultat d'una investigaci\u00f3 sonopl\u00e0stica de Joana Moher sobre sediment-sentiment, entre mem\u00f2ries aquoses i aliances osm\u00f2tiques transesp\u00e8cie humanes i m\u00e9s-que-humanes del cos-d'aigua el Riu Ter. Recollint material de camp durant un despla\u00e7ament des de Ripoll cap al mar Mediterrani a l'Estartit.\r\n\r\nUn estudi monogr\u00e0fic que entrella\u00e7a l'experimentaci\u00f3 audiovisual amb bioindicadors en el so, i amb la tactilitat a les cromatografies del s\u00f2l, a la microsc\u00f2pia i a les bio materialitats recol\u00b7lectades del metabolisme del riu.\r\n\r\nEl material sonor, en directe, \u00e9s una composici\u00f3 po\u00e8tica inoculada per sediments, dites i cantarelles catalanes regionals (1915-1989) relacionades amb agricultura, aigua, s\u00f2l, aliments, oficis, guerra i amor. Un estudi-collage que fusiona mem\u00f2ries antropof\u00f2niques\u00a0<em>low-fi<\/em>\u00a0i textures de criatures registrades en\u00a0<em>field-recordings<\/em>.\r\n\r\n<em>\u00a0<\/em>Joana Moher \u00e9s artista pl\u00e0stica, soci\u00f2loga i psicopedagoga, origin\u00e0ria de S\u00e3o Pedro de Moel, Portugal i resident en Montcada i Reixac. El seu treball s\u2019ha vist a Barcelona, al festival LEM - Gracia Territori Sonor, Festival Ecoss i MACBA, al B\u00f3lit Centre de Art Contemporani de Girona, al Festival Euf\u00f2nic, Terras de l\u2019Ebre, a Reuni\u00e3o Ap\u00f3crifos Foragidos, Portugal i a Witrshaus Secrets, \u00c0ustria, d\u2019entre altres.\u00a0<strong>Ter terra Tera Ter<\/strong>\u00a0va ser creada al 2024 per al cicle de m\u00fasica experimental VI Generador-Ameba Girona i Presentada a l'Auditori de Banyoles, i a la Universitat de Girona durant les Jornades Internacionals d'Hortes sonores 2024.\r\n\r\nEn aquesta sessi\u00f3 veurem la projecci\u00f3 del v\u00eddeo acompanyada de la composici\u00f3 sonora que Joana Moher realitzar\u00e0 en directe + col\u00b7loqui en qu\u00e8 el p\u00fablic \u00e9s convidat a observar des de microscopi mostres recollides del riu Ter\r\n\r\n&nbsp;","desc_es":"Proyecci\u00f3n de\u00a0<strong><em>Ter Terra Tera Ter<\/em><\/strong>, una composici\u00f3n digital resultado de una investigaci\u00f3n sonopl\u00e1stica de Joana Moher sedimento-sentimiento, entre memorias acuosas y alianzas osm\u00f3ticas transespecie humanas y m\u00e1s-que-humanas del cuerpo-de agua del r\u00edo Ter. Recogiendo material de campo durante un desplazamiento desde Ripoll hacia el mar Mediterr\u00e1neo en l\u2019Estartit.\r\n\r\nUn estudio monogr\u00e1fico que entrelaza la experimentaci\u00f3n audiovisual con bioindicadores en el sonido, y con la tactilidad en las cromatograf\u00edas del suelo, en la microscopia y en las bio materialidades recolectadas del metabolismo del r\u00edo.\r\n\r\nEl material sonoro, en directo, es una composici\u00f3n po\u00e9tica inoculada por sedimentos, dichos y c\u00e1nticos catalanes regionales (1915-1989) relacionados con agricultura, agua, suelo, alimentos, oficios, guerra y amor. Un estudio-collage que fusiona memorias antropof\u00f3nicas\u00a0<em>low-fi<\/em>\u00a0y texturas de criaturas registradas en\u00a0<em>field-recordings<\/em>.\r\n\r\nJoana Moher es artista pl\u00e1stica, soci\u00f3loga y psicopedagoga, originaria de S\u00e3o Pedro de Moel, Portugal y residente en Montcada i Reixac. Su trabajo se ha visto en Barcelona, en el festival LEM - Gracia Territori Sonor, Festival Ecoss y MACBA, el B\u00f2lit Centre d\u2019Art Contemporani de Girona, el Festival Euf\u00f2nic, Terras de l\u2019Ebre, en Reuni\u00e3o Ap\u00f3crifos Foragidos, Portugal y en Witrshaus Secrets, Austria, entre otros.\u00a0<strong><em>Ter terra Tera Ter<\/em><\/strong>\u00a0fue creada en 2024 por el ciclo de m\u00fasica experimental VI Generador-Ameba Girona y presentada en el Auditorio de Banyoles, y en la Universidad de Girona durante las Jornades Internacionals d'Hortes sonores 2024.\r\n\r\nEn esta sesi\u00f3n veremos la proyecci\u00f3n del v\u00eddeo acompa\u00f1ada de la composici\u00f3n sonora que Joana Moher realizar\u00e1 en directo + un coloquio donde el p\u00fablico es invitado a observar desde el microscopio muestras recogidas del r\u00edo Ter.\r\n\r\n&nbsp;","desc_en":"Screening of\u00a0<em>Ter Terra Tera Ter<\/em>, a digital composition resulting from a sonoplastic research by Joana Moher sediment-feeling, between aqueous memories and human and more-than-human trans-species osmotic alliances of the body of water of the river Ter, collecting field material during a journey from Ripoll to the Mediterranean Sea in l'Estartit.\r\n\r\nA monographic study that intertwines audiovisual experimentation with bio-indicators in sound, and with tactility in soil chromatography, microscopy and bio-materialities collected from the river's metabolism.\r\n\r\nThe live sound material is a poetic composition inoculated by sediments, sayings and regional Catalan songs (1915-1989) related to agriculture, water, soil, food, trades, war and love. A collage-study that fuses low-fi anthropophonic memories and creature textures recorded in field-recordings.\r\n\r\nJoana Moher is a visual artist, sociologist and psychopedagogue, originally from S\u00e3o Pedro de Moel, Portugal and resident in Montcada i Reixac. Her work has been seen in Barcelona, at the LEM - Gracia Territori Sonor festival, Festival Ecoss and MACBA, the B\u00f2lit Centre d'Art Contemporani de Girona, the Festival Euf\u00f2nic, Terras de l'Ebre, at Reuni\u00e3o Ap\u00f3crifos Foragidos, Portugal and at Witrshaus Secrets, Austria, among others. Ter terra Tera Ter was created in 2024 by the experimental music cycle VI Generador-Ameba Girona and presented at the Auditorium of Banyoles, and at the University of Girona during the Jornades Internacionals d'Hortes sonores 2024.\r\n\r\nIn this session we will see the projection of the video accompanied by the sound composition that Joana Moher will perform live + a colloquium where the audience is invited to observe from the microscope samples collected from the river Ter.","event_category":219,"event_show_only_own_date":false,"_event_confirmed":true,"_event_public":true,"_event_free":true,"_event_price-min":"","_event_price-max":"","_event_web_ca":"https:\/\/artssantamonica.gencat.cat\/ca\/detall\/Dimarts-de-video-00131","_event_web_es":"https:\/\/artssantamonica.gencat.cat\/es\/detall\/Dimarts-de-video-00131","_event_web_en":"https:\/\/artssantamonica.gencat.cat\/en\/detall\/Dimarts-de-video-00131","event_contact_email":"santamonica@gencat.cat","event_apply_email":"","is_online_event":false,"is_art_nou_event":false,"is_bgw_event":false,"date_text":"","register_deadline":null,"altres_organitzadors":""},"abe_event_venue":"Santa M\u00f2nica","abe_event_category":"Screening","start":"2025-05-13 19:00:00","end":"2025-05-13 20:00:00","schedule":"once","schedule_meta":"","frequency":1,"all_day":0,"until":"2025-05-13 19:00:00","include":[],"exclude":[],"_links":{"self":[{"href":"https:\/\/graf.cat\/es\/wp-json\/wp\/v2\/events\/46208","targetHints":{"allow":["GET"]}}],"collection":[{"href":"https:\/\/graf.cat\/es\/wp-json\/wp\/v2\/events"}],"about":[{"href":"https:\/\/graf.cat\/es\/wp-json\/wp\/v2\/types\/event"}],"author":[{"embeddable":true,"href":"https:\/\/graf.cat\/es\/wp-json\/wp\/v2\/users\/19"}],"occurrences":[{"embeddable":true,"href":"https:\/\/graf.cat\/es\/wp-json\/wp\/v2\/events\/46208\/occurrences"}],"acf:term":[{"embeddable":true,"taxonomy":"event-category","href":"https:\/\/graf.cat\/es\/wp-json\/wp\/v2\/event-category\/219"}],"wp:featuredmedia":[{"embeddable":true,"href":"https:\/\/graf.cat\/es\/wp-json\/wp\/v2\/media\/46209"}],"wp:attachment":[{"href":"https:\/\/graf.cat\/es\/wp-json\/wp\/v2\/media?parent=46208"}],"wp:term":[{"taxonomy":"event-venue","embeddable":true,"href":"https:\/\/graf.cat\/es\/wp-json\/wp\/v2\/event-venues?post=46208"},{"taxonomy":"event-tag","embeddable":true,"href":"https:\/\/graf.cat\/es\/wp-json\/wp\/v2\/event-tags?post=46208"}],"curies":[{"name":"wp","href":"https:\/\/api.w.org\/{rel}","templated":true}]}}